{"id":23581,"date":"2025-06-10T02:23:03","date_gmt":"2025-06-10T02:23:03","guid":{"rendered":"https:\/\/meterny.com\/?post_type=product&#038;p=23581"},"modified":"2025-06-12T12:39:19","modified_gmt":"2025-06-12T12:39:19","slug":"wood-grain-aluminum-baffle-ceiling-for-indoors","status":"publish","type":"product","link":"https:\/\/meterny.com\/es\/producto\/wood-grain-aluminum-baffle-ceiling-for-indoors\/","title":{"rendered":"Techo bafle de aluminio con veta de madera para interiores"},"content":{"rendered":"<div class=\"inner-LOKNYu inner-item-AQrr_W\" data-target-id=\"message-box-target-id\" data-testid=\"union_message\">\n<div class=\"message-block-container-CKPFh2\" data-testid=\"message-block-container\">\n<div class=\"message-box-y4MH8s\" data-testid=\"receive_message\">\n<div class=\"message-box-content-wrapper-fgNGpz\">\n<div class=\"message-content message-box-content-xoCEoU receive-message-box-content-bNaFpa samantha-message-box-content-gWlptz\" data-testid=\"message_content\">\n<div class=\"container-ZYIsnH flow-markdown-body theme-samantha-Nbr9UN\" dir=\"ltr\" data-testid=\"message_text_content\" data-show-indicator=\"false\">\n<div class=\"container-ZYIsnH flow-markdown-body theme-samantha-Nbr9UN\" dir=\"ltr\" data-testid=\"message_text_content\" data-show-indicator=\"false\">\n<div class=\"container-ZYIsnH flow-markdown-body theme-samantha-Nbr9UN\" dir=\"ltr\" data-testid=\"message_text_content\" data-show-indicator=\"false\">\u00a0<span style=\"font-size: 1.7em; font-weight: bold;\">Techo bafle de aluminio con veta de madera para interiores<\/span><\/div>\n<\/div>\n<\/div>\n<div class=\"container-ZYIsnH flow-markdown-body theme-samantha-Nbr9UN\" dir=\"ltr\" data-testid=\"message_text_content\" data-show-indicator=\"false\">\n<div class=\"container-ZYIsnH flow-markdown-body theme-samantha-Nbr9UN\" dir=\"ltr\" data-testid=\"message_text_content\" data-show-indicator=\"false\">\n<div>\n<h3 data-start=\"91\" data-end=\"125\"><\/h3>\n<h3 data-start=\"91\" data-end=\"125\"><strong data-start=\"95\" data-end=\"125\">Productos\u00a0<\/strong><\/h3>\n<p data-start=\"127\" data-end=\"594\">El techo bafle de aluminio Wood Grain para interiores combina una est\u00e9tica natural con unas prestaciones modernas. Con un acabado de madera realista sobre aluminio ligero y resistente a la corrosi\u00f3n, este sistema de techo ofrece calidez sin comprometer la durabilidad. Es ideal para oficinas, vest\u00edbulos, hoteles e interiores comerciales donde el atractivo visual y la estabilidad a largo plazo son esenciales. F\u00e1cil de instalar y mantener, tambi\u00e9n mejora el flujo de aire y el rendimiento ac\u00fastico.<\/p>\n<figure id=\"attachment_23573\" aria-describedby=\"caption-attachment-23573\" style=\"width: 1024px\" class=\"wp-caption alignnone\"><img loading=\"lazy\" decoding=\"async\" class=\"wp-image-23573\" src=\"https:\/\/meterny.com\/wp-content\/uploads\/2025\/06\/Meterny-Aluminum-Baffle-Ceiling-Project-123.webp\" alt=\"Techo bafle de aluminio con veta de madera para interiores\" width=\"1024\" height=\"1024\" srcset=\"https:\/\/meterny.com\/wp-content\/uploads\/2025\/06\/Meterny-Aluminum-Baffle-Ceiling-Project-123.webp 800w, https:\/\/meterny.com\/wp-content\/uploads\/2025\/06\/Meterny-Aluminum-Baffle-Ceiling-Project-123-300x300.webp 300w, https:\/\/meterny.com\/wp-content\/uploads\/2025\/06\/Meterny-Aluminum-Baffle-Ceiling-Project-123-150x150.webp 150w, https:\/\/meterny.com\/wp-content\/uploads\/2025\/06\/Meterny-Aluminum-Baffle-Ceiling-Project-123-768x768.webp 768w, https:\/\/meterny.com\/wp-content\/uploads\/2025\/06\/Meterny-Aluminum-Baffle-Ceiling-Project-123-600x600.webp 600w, https:\/\/meterny.com\/wp-content\/uploads\/2025\/06\/Meterny-Aluminum-Baffle-Ceiling-Project-123-100x100.webp 100w\" sizes=\"auto, (max-width: 1024px) 100vw, 1024px\" \/><figcaption id=\"caption-attachment-23573\" class=\"wp-caption-text\">Aporte calidez y textura a los espacios modernos con soluciones realistas de techos de aluminio con aspecto de madera.<\/figcaption><\/figure>\n<p><span style=\"font-size: 1.5em; font-weight: bold;\">Especificaciones t\u00e9cnicas(1)\u00a0<\/span><\/p>\n<\/div>\n<div class=\"container-ZYIsnH flow-markdown-body theme-samantha-Nbr9UN\" dir=\"ltr\" data-testid=\"message_text_content\" data-show-indicator=\"false\">\n<div class=\"container-ZYIsnH flow-markdown-body theme-samantha-Nbr9UN\" dir=\"ltr\" data-testid=\"message_text_content\" data-show-indicator=\"false\">\n<div>\n<div class=\"auto-hide-last-sibling-br table-container-GhL7Lo\">\n<table style=\"height: 575px;\" width=\"739\">\n<thead>\n<tr>\n<th>Art\u00edculo<\/th>\n<th>Par\u00e1metros<\/th>\n<\/tr>\n<\/thead>\n<tbody>\n<tr>\n<td>Material<\/td>\n<td>Aleaci\u00f3n de aluminio (6063\/T6, etc.)<\/td>\n<\/tr>\n<tr>\n<td>Espesor<\/td>\n<td>Normalmente 2,0 mm - 4,0 mm, personalizable<\/td>\n<\/tr>\n<tr>\n<td>Tasa de perforaci\u00f3n<\/td>\n<td>10% - 50%, ajustable seg\u00fan las necesidades<\/td>\n<\/tr>\n<tr>\n<td>Di\u00e1metro del orificio<\/td>\n<td>3 mm - 20 mm, varias especificaciones disponibles<\/td>\n<\/tr>\n<tr>\n<td>Tratamiento de superficies<\/td>\n<td>PVDF, poli\u00e9ster, anodizado, pintura en polvo, pintura de fluorocarbono, etc.<\/td>\n<\/tr>\n<tr>\n<td>Color<\/td>\n<td>Personalizable seg\u00fan las cartas de colores, los colores m\u00e1s comunes incluyen blanco plateado, gris, negro, dorado, etc.<\/td>\n<\/tr>\n<tr>\n<td>Talla<\/td>\n<td>Los tama\u00f1os convencionales son 1200mm\u00d72400mm, 1500mm\u00d73000mm, etc., tambi\u00e9n se pueden personalizar seg\u00fan las necesidades.<\/td>\n<\/tr>\n<\/tbody>\n<\/table>\n<\/div>\n<\/div>\n<h3>Especificaciones t\u00e9cnicas(2)<\/h3>\n<p>&nbsp;<\/p>\n<table style=\"height: 515px;\" width=\"347\">\n<thead>\n<tr>\n<th><strong>Especificaci\u00f3n<\/strong><\/th>\n<th><strong>Detalles<\/strong><\/th>\n<\/tr>\n<\/thead>\n<tbody>\n<tr>\n<td><strong>Peso<\/strong><\/td>\n<td>2,5-3,5 kg por metro cuadrado (dependiendo del grosor)<\/td>\n<\/tr>\n<tr>\n<td><strong>Opciones de acabado<\/strong><\/td>\n<td>Brillante, Mate, Grano de madera, Cepillado y m\u00e1s<\/td>\n<\/tr>\n<tr>\n<td><strong>Dise\u00f1o<\/strong><\/td>\n<td>Patr\u00f3n floral, dise\u00f1o geom\u00e9trico, dise\u00f1os intrincados, arte abstracto, logotipos de texto, etc.<\/td>\n<\/tr>\n<tr>\n<td><strong>Patrones de perforaci\u00f3n<\/strong><\/td>\n<td>Disponibles modelos circulares, cuadrados, romboidales, hexagonales y otros.<\/td>\n<\/tr>\n<tr>\n<td><strong>Resistencia al fuego<\/strong><\/td>\n<td>A2 Resistencia al fuego (no combustible)<\/td>\n<\/tr>\n<tr>\n<td><strong>Garant\u00eda<\/strong><\/td>\n<td>10-15 a\u00f1os (dependiendo del acabado y la aplicaci\u00f3n)<\/td>\n<\/tr>\n<tr>\n<td><strong>Aplicaciones<\/strong><\/td>\n<td>todos los revestimientos, techos, separadores de ambientes, pantallas decorativas, fachadas, tabiques, vallas, parasoles, decoraci\u00f3n de interiores, etc.<\/td>\n<\/tr>\n<tr>\n<td><strong>Instalaci\u00f3n<\/strong><\/td>\n<td>Fijaci\u00f3n mural (tornillos o tiras adhesivas)\/F\u00e1cil instalaci\u00f3n con varias opciones de montaje (tornillos, soportes, marcos)\/Incluye fijaci\u00f3n directa, sistemas enmarcados o paneles enganchables seg\u00fan la aplicaci\u00f3n<\/td>\n<\/tr>\n<tr>\n<td><strong>Otros servicios<\/strong><\/td>\n<td>Servicios de personalizaci\u00f3n<\/td>\n<\/tr>\n<\/tbody>\n<\/table>\n<\/div>\n<div class=\"container-ZYIsnH flow-markdown-body theme-samantha-Nbr9UN\" dir=\"ltr\" data-testid=\"message_text_content\" data-show-indicator=\"false\">\n<p><strong style=\"font-size: 1.5em;\">Acabados y opciones de personalizaci\u00f3n:<\/strong><\/p>\n<\/div>\n<div class=\"container-ZYIsnH flow-markdown-body theme-samantha-Nbr9UN\" dir=\"ltr\" data-testid=\"message_text_content\" data-show-indicator=\"false\">\n<ul>\n<li><strong>Acabado anodizado:<\/strong> Proporciona un aspecto elegante y met\u00e1lico con mayor protecci\u00f3n contra la corrosi\u00f3n.<\/li>\n<li><strong>Acabado con pintura en polvo:<\/strong> Ofrece una amplia gama de colores con un revestimiento suave y duradero.<\/li>\n<li><strong>Aluminio cepillado:<\/strong> Presenta un elegante acabado mate de aspecto contempor\u00e1neo.<\/li>\n<li><strong>Perforaciones personalizadas:<\/strong> Adapte los tama\u00f1os de los orificios, los patrones y el porcentaje de superficie abierta a sus necesidades espec\u00edficas de dise\u00f1o y funcionalidad.<\/li>\n<\/ul>\n<\/div>\n<\/div>\n<\/div>\n<\/div>\n<\/div>\n<\/div>\n<\/div>\n<\/div>\n<\/div>\n<div class=\"inner-LOKNYu inner-item-AQrr_W\" data-target-id=\"message-box-target-id\" data-testid=\"union_message\">\n<div class=\"message-block-container-CKPFh2\" data-testid=\"message-block-container\">\n<div class=\"message-box-y4MH8s\" data-testid=\"receive_message\">\n<div class=\"message-box-content-wrapper-fgNGpz\">\n<div class=\"message-content message-box-content-xoCEoU receive-message-box-content-bNaFpa samantha-message-box-content-gWlptz\" data-testid=\"message_content\">\n<div class=\"container-ZYIsnH flow-markdown-body theme-samantha-Nbr9UN\" dir=\"ltr\" data-testid=\"message_text_content\" data-show-indicator=\"false\">\n<h2><strong>Galer\u00eda<\/strong><\/h2>\n<p>&nbsp;<\/p>\n<figure id=\"attachment_23572\" aria-describedby=\"caption-attachment-23572\" style=\"width: 1024px\" class=\"wp-caption alignnone\"><img loading=\"lazy\" decoding=\"async\" class=\"wp-image-23572\" src=\"https:\/\/meterny.com\/wp-content\/uploads\/2025\/06\/Meterny-Aluminum-Baffle-Ceiling-Project-122.webp\" alt=\"Techo bafle lineal de aluminio con integraci\u00f3n de iluminaci\u00f3n\" width=\"1024\" height=\"1024\" srcset=\"https:\/\/meterny.com\/wp-content\/uploads\/2025\/06\/Meterny-Aluminum-Baffle-Ceiling-Project-122.webp 800w, https:\/\/meterny.com\/wp-content\/uploads\/2025\/06\/Meterny-Aluminum-Baffle-Ceiling-Project-122-300x300.webp 300w, https:\/\/meterny.com\/wp-content\/uploads\/2025\/06\/Meterny-Aluminum-Baffle-Ceiling-Project-122-150x150.webp 150w, https:\/\/meterny.com\/wp-content\/uploads\/2025\/06\/Meterny-Aluminum-Baffle-Ceiling-Project-122-768x768.webp 768w, https:\/\/meterny.com\/wp-content\/uploads\/2025\/06\/Meterny-Aluminum-Baffle-Ceiling-Project-122-600x600.webp 600w, https:\/\/meterny.com\/wp-content\/uploads\/2025\/06\/Meterny-Aluminum-Baffle-Ceiling-Project-122-100x100.webp 100w\" sizes=\"auto, (max-width: 1024px) 100vw, 1024px\" \/><figcaption id=\"caption-attachment-23572\" class=\"wp-caption-text\">Cree un ambiente interior luminoso y moderno con la iluminaci\u00f3n integrada y el dise\u00f1o lineal del techo.<\/figcaption><\/figure>\n<figure id=\"attachment_23571\" aria-describedby=\"caption-attachment-23571\" style=\"width: 1024px\" class=\"wp-caption alignnone\"><img loading=\"lazy\" decoding=\"async\" class=\"wp-image-23571\" src=\"https:\/\/meterny.com\/wp-content\/uploads\/2025\/06\/Meterny-Aluminum-Baffle-Ceiling-Project-121.webp\" alt=\"Falsos techos de aluminio con focos\" width=\"1024\" height=\"1024\" srcset=\"https:\/\/meterny.com\/wp-content\/uploads\/2025\/06\/Meterny-Aluminum-Baffle-Ceiling-Project-121.webp 800w, https:\/\/meterny.com\/wp-content\/uploads\/2025\/06\/Meterny-Aluminum-Baffle-Ceiling-Project-121-300x300.webp 300w, https:\/\/meterny.com\/wp-content\/uploads\/2025\/06\/Meterny-Aluminum-Baffle-Ceiling-Project-121-150x150.webp 150w, https:\/\/meterny.com\/wp-content\/uploads\/2025\/06\/Meterny-Aluminum-Baffle-Ceiling-Project-121-768x768.webp 768w, https:\/\/meterny.com\/wp-content\/uploads\/2025\/06\/Meterny-Aluminum-Baffle-Ceiling-Project-121-600x600.webp 600w, https:\/\/meterny.com\/wp-content\/uploads\/2025\/06\/Meterny-Aluminum-Baffle-Ceiling-Project-121-100x100.webp 100w\" sizes=\"auto, (max-width: 1024px) 100vw, 1024px\" \/><figcaption id=\"caption-attachment-23571\" class=\"wp-caption-text\">Realce los techos interiores con un elegante sistema de deflectores que integra iluminaci\u00f3n y estilo moderno.<\/figcaption><\/figure>\n<figure id=\"attachment_23160\" aria-describedby=\"caption-attachment-23160\" style=\"width: 1024px\" class=\"wp-caption alignnone\"><img loading=\"lazy\" decoding=\"async\" class=\"wp-image-23160\" src=\"https:\/\/meterny.com\/wp-content\/uploads\/2025\/05\/Meterny-Aluminum-Baffle-Ceiling-Project-86.webp\" alt=\"Paneles ac\u00fasticos de aluminio para techos de pasillos\" width=\"1024\" height=\"1024\" srcset=\"https:\/\/meterny.com\/wp-content\/uploads\/2025\/05\/Meterny-Aluminum-Baffle-Ceiling-Project-86.webp 800w, https:\/\/meterny.com\/wp-content\/uploads\/2025\/05\/Meterny-Aluminum-Baffle-Ceiling-Project-86-300x300.webp 300w, https:\/\/meterny.com\/wp-content\/uploads\/2025\/05\/Meterny-Aluminum-Baffle-Ceiling-Project-86-150x150.webp 150w, https:\/\/meterny.com\/wp-content\/uploads\/2025\/05\/Meterny-Aluminum-Baffle-Ceiling-Project-86-768x768.webp 768w, https:\/\/meterny.com\/wp-content\/uploads\/2025\/05\/Meterny-Aluminum-Baffle-Ceiling-Project-86-600x600.webp 600w, https:\/\/meterny.com\/wp-content\/uploads\/2025\/05\/Meterny-Aluminum-Baffle-Ceiling-Project-86-100x100.webp 100w\" sizes=\"auto, (max-width: 1024px) 100vw, 1024px\" \/><figcaption id=\"caption-attachment-23160\" class=\"wp-caption-text\">Proporcione una experiencia de paso silenciosa y elegante con elegantes techos de aluminio que reducen el ruido y el eco.<\/figcaption><\/figure>\n<\/div>\n<\/div>\n<\/div>\n<\/div>\n<\/div>\n<\/div>\n<h2>V\u00eddeo de f\u00e1brica<\/h2>\n<p>&nbsp;<\/p>\n<p><iframe loading=\"lazy\" title=\"Reproductor de v\u00eddeo YouTube\" src=\"https:\/\/www.youtube.com\/embed\/9McvKo8wDdI?si=7NVrqfh9270yITNb&amp;autoplay=1&amp;mute=1&amp;loop=1&amp;playlist=9McvKo8wDdI\" width=\"1024\" height=\"576\" frameborder=\"0\" allowfullscreen=\"allowfullscreen\" data-mce-fragment=\"1\"><span data-mce-type=\"bookmark\" style=\"display: inline-block; width: 0px; overflow: hidden; line-height: 0;\" class=\"mce_SELRES_start\"><\/span><br \/>\n<\/iframe><\/p>\n<h2><strong>P\u00f3ngase en contacto con nosotros<\/strong>:<\/h2>\n<p>Si est\u00e1 interesado en nuestros Techos Baffle de Aluminio con Grano de Madera para Interiores, no dude en contactarnos para obtener m\u00e1s informaci\u00f3n o una cotizaci\u00f3n sin cargo.<\/p>\n<h3>\ud83d\udcde Whatsapp<strong>:<\/strong> <a href=\"https:\/\/api.whatsapp.com\/send\/?phone=8618566054354&amp;text\" target=\"_blank\" rel=\"noopener\">+86 18566054354<\/a><br \/>\n\ud83d\udce7 <strong>Correo electr\u00f3nico:<\/strong> <a href=\"mailto:damon@meterny.com\">damon@meterny.com<\/a><\/h3>\n<h3><\/h3>\n<h3>M\u00e1quina de f\u00e1brica<\/h3>\n<hr \/>\n<figure id=\"attachment_17138\" aria-describedby=\"caption-attachment-17138\" style=\"width: 1024px\" class=\"wp-caption alignnone\"><img loading=\"lazy\" decoding=\"async\" class=\"wp-image-17138\" src=\"https:\/\/meterny.com\/wp-content\/uploads\/2024\/09\/Hfef82f3530aa4d3db8ebb2939cd54a108.jpg\" alt=\"Flujo de trabajo de la f\u00e1brica de paneles de aluminio Meterny\" width=\"1024\" height=\"1024\" srcset=\"https:\/\/meterny.com\/wp-content\/uploads\/2024\/09\/Hfef82f3530aa4d3db8ebb2939cd54a108.jpg 1200w, https:\/\/meterny.com\/wp-content\/uploads\/2024\/09\/Hfef82f3530aa4d3db8ebb2939cd54a108-300x300.jpg 300w, https:\/\/meterny.com\/wp-content\/uploads\/2024\/09\/Hfef82f3530aa4d3db8ebb2939cd54a108-1024x1024.jpg 1024w, https:\/\/meterny.com\/wp-content\/uploads\/2024\/09\/Hfef82f3530aa4d3db8ebb2939cd54a108-150x150.jpg 150w, https:\/\/meterny.com\/wp-content\/uploads\/2024\/09\/Hfef82f3530aa4d3db8ebb2939cd54a108-768x768.jpg 768w, https:\/\/meterny.com\/wp-content\/uploads\/2024\/09\/Hfef82f3530aa4d3db8ebb2939cd54a108-600x600.jpg 600w, https:\/\/meterny.com\/wp-content\/uploads\/2024\/09\/Hfef82f3530aa4d3db8ebb2939cd54a108-100x100.jpg 100w\" sizes=\"auto, (max-width: 1024px) 100vw, 1024px\" \/><figcaption id=\"caption-attachment-17138\" class=\"wp-caption-text\">Trabajadores de la f\u00e1brica de paneles de aluminio Meterny en acci\u00f3n: Del corte al revestimiento.<\/figcaption><\/figure>\n<h3>Gu\u00eda de instalaci\u00f3n<\/h3>\n<p>Instalaci\u00f3n del techo m\u00f3vil de aluminio METERNY(Wood Grain) para interiores<span style=\"font-size: 16px;\">)los paneles de aluminio es sencillo, y proporcionamos instrucciones de instalaci\u00f3n detalladas para garantizar que su proyecto se complete de forma eficiente. He aqu\u00ed un esquema b\u00e1sico del proceso de instalaci\u00f3n:<\/span><\/p>\n<ol>\n<li><strong>Preparar la superficie<\/strong><br \/>\nAseg\u00farese de que la superficie a la que se va a adherir el Techo M\u00f3vil de Aluminio con Vetas de Madera para Interiores est\u00e9 limpia, plana y seca. Debe corregirse cualquier irregularidad de la superficie para garantizar la correcta adhesi\u00f3n y alineaci\u00f3n de los paneles.<\/li>\n<li><strong>Instalar el marco<\/strong><br \/>\nUtilice una estructura met\u00e1lica adecuada para soportar los paneles. La estructura debe alinearse seg\u00fan las medidas especificadas en el dise\u00f1o.<\/li>\n<li><strong>Fijaci\u00f3n de paneles<\/strong><br \/>\nEl techo bafle de aluminio de grano de madera para interiores puede instalarse con clips, tornillos o remaches. El m\u00e9todo de fijaci\u00f3n depender\u00e1 del tipo de panel y de los requisitos espec\u00edficos de su proyecto. Aseg\u00farese de que todos los plafones de aluminio de grano de madera para interiores est\u00e9n bien sujetos para evitar que se muevan.<\/li>\n<li><strong>Comprobaciones finales<\/strong><br \/>\nDespu\u00e9s de la instalaci\u00f3n, realice una inspecci\u00f3n final para asegurarse de que todos los techos de aluminio de grano de madera para interiores est\u00e1n correctamente alineados y firmemente sujetos. Limpie el techo de aluminio de grano de madera para interiores para eliminar cualquier resto de la instalaci\u00f3n.<\/li>\n<\/ol>\n<p>Si desea instrucciones m\u00e1s detalladas o un servicio de instalaci\u00f3n profesional, p\u00f3ngase en contacto con nosotros.<\/p>\n<p><img loading=\"lazy\" decoding=\"async\" class=\"wp-image-17137\" src=\"https:\/\/meterny.com\/wp-content\/uploads\/2024\/09\/Hd60cc4e1bad449eb8405a223ef59338e2.jpg\" alt=\"Paneles de aluminio personalizados a la espera de su acabado\" width=\"1024\" height=\"1024\" srcset=\"https:\/\/meterny.com\/wp-content\/uploads\/2024\/09\/Hd60cc4e1bad449eb8405a223ef59338e2.jpg 1200w, https:\/\/meterny.com\/wp-content\/uploads\/2024\/09\/Hd60cc4e1bad449eb8405a223ef59338e2-300x300.jpg 300w, https:\/\/meterny.com\/wp-content\/uploads\/2024\/09\/Hd60cc4e1bad449eb8405a223ef59338e2-1024x1024.jpg 1024w, https:\/\/meterny.com\/wp-content\/uploads\/2024\/09\/Hd60cc4e1bad449eb8405a223ef59338e2-150x150.jpg 150w, https:\/\/meterny.com\/wp-content\/uploads\/2024\/09\/Hd60cc4e1bad449eb8405a223ef59338e2-768x768.jpg 768w, https:\/\/meterny.com\/wp-content\/uploads\/2024\/09\/Hd60cc4e1bad449eb8405a223ef59338e2-600x600.jpg 600w, https:\/\/meterny.com\/wp-content\/uploads\/2024\/09\/Hd60cc4e1bad449eb8405a223ef59338e2-100x100.jpg 100w\" sizes=\"auto, (max-width: 1024px) 100vw, 1024px\" \/><\/p>\n<div class=\"container-ncFTrL\">\n<div class=\"item-KOa3z_\">\n<div class=\"container-rBgb6B chrome70-container\">\n<div class=\"inner-LOKNYu inner-item-AQrr_W\" data-target-id=\"message-box-target-id\" data-testid=\"union_message\">\n<div class=\"message-block-container-CKPFh2\" data-testid=\"message-block-container\">\n<div class=\"message-box-y4MH8s\" data-testid=\"receive_message\">\n<div class=\"message-box-content-wrapper-fgNGpz\">\n<div class=\"message-content message-box-content-xoCEoU receive-message-box-content-bNaFpa samantha-message-box-content-gWlptz\" data-testid=\"message_content\">\n<div class=\"inner-LOKNYu inner-item-AQrr_W\" data-target-id=\"message-box-target-id\" data-testid=\"union_message\">\n<div class=\"message-block-container-CKPFh2\" data-testid=\"message-block-container\">\n<div class=\"message-box-y4MH8s\" data-testid=\"receive_message\">\n<div class=\"message-box-content-wrapper-fgNGpz\">\n<div class=\"message-content message-box-content-xoCEoU receive-message-box-content-bNaFpa samantha-message-box-content-gWlptz\" data-testid=\"message_content\">\n<div class=\"container-ZYIsnH flow-markdown-body theme-samantha-Nbr9UN\" dir=\"ltr\" data-testid=\"message_text_content\" data-show-indicator=\"false\">\n<div class=\"container-ZYIsnH flow-markdown-body theme-samantha-Nbr9UN\" dir=\"ltr\" data-testid=\"message_text_content\" data-show-indicator=\"false\">\n<h3><strong>Servicios de personalizaci\u00f3n<\/strong><\/h3>\n<p id=\"\">Ofrecemos servicios integrales de personalizaci\u00f3n, que incluyen, entre otros, el dise\u00f1o de patrones, ajustes de tama\u00f1o y combinaci\u00f3n de colores, para satisfacer sus necesidades decorativas \u00fanicas. Simplemente proporcione su concepto creativo, y nuestro equipo de dise\u00f1o profesional har\u00e1 a medida un techo de bafle de aluminio de grano de madera para interiores exclusivamente para usted.<\/p>\n<\/div>\n<\/div>\n<\/div>\n<\/div>\n<\/div>\n<\/div>\n<h3 dir=\"ltr\" data-testid=\"message_text_content\" data-show-indicator=\"false\">Proceso de pedido<\/h3>\n<p>&nbsp;<\/p>\n<\/div>\n<div class=\"inner-LOKNYu inner-item-AQrr_W\" data-target-id=\"message-box-target-id\" data-testid=\"union_message\">\n<div class=\"message-block-container-CKPFh2\" data-testid=\"message-block-container\">\n<div class=\"message-box-y4MH8s\" data-testid=\"receive_message\">\n<div class=\"message-box-content-wrapper-fgNGpz\">\n<div class=\"message-content message-box-content-xoCEoU receive-message-box-content-bNaFpa samantha-message-box-content-gWlptz\" data-testid=\"message_content\">\n<div class=\"container-ZYIsnH flow-markdown-body theme-samantha-Nbr9UN\" dir=\"ltr\" data-testid=\"message_text_content\" data-show-indicator=\"false\">\n<ol>\n<li><strong>Consultar necesidades<\/strong>: P\u00f3ngase en contacto con nosotros para indicarnos sus requisitos espec\u00edficos y necesidades de personalizaci\u00f3n.<\/li>\n<li><strong>Confirmaci\u00f3n de presupuesto<\/strong>: Le facilitaremos un presupuesto detallado y un plazo de entrega en funci\u00f3n de sus necesidades.<\/li>\n<li><strong>Firma del contrato<\/strong>: Despu\u00e9s de que ambas partes confirmen el presupuesto y el plazo de entrega, se firma un contrato formal.<\/li>\n<li><strong>Producci\u00f3n y transformaci\u00f3n<\/strong>: La producci\u00f3n y la transformaci\u00f3n se llevan a cabo de acuerdo con los requisitos del contrato.<\/li>\n<li><strong>Inspecci\u00f3n de calidad<\/strong>: Inspecci\u00f3n rigurosa de la calidad de los productos acabados para garantizar el cumplimiento de las normas.<\/li>\n<li><strong>Embalaje y env\u00edo<\/strong>: Embalaje profesional para garantizar la seguridad del producto durante el transporte.<\/li>\n<li><strong>Servicio posventa<\/strong>: Proporcionar un servicio posventa completo para resolver sus dudas.<\/li>\n<\/ol>\n<\/div>\n<div class=\"container-ZYIsnH flow-markdown-body theme-samantha-Nbr9UN\" dir=\"ltr\" data-testid=\"message_text_content\" data-show-indicator=\"false\">\n<div>\n<h3 class=\"header-vfC6AV auto-hide-last-sibling-br\">Producci\u00f3n y envasado<\/h3>\n<ul class=\"auto-hide-last-sibling-br\">\n<li><strong>Proceso de producci\u00f3n<\/strong>: Se adoptan avanzadas tecnolog\u00edas de estampaci\u00f3n y grabado CNC, soldadura y grabado por l\u00e1ser, as\u00ed como procesos de plegado, laminado y rectificado para garantizar la precisi\u00f3n y calidad del producto.<\/li>\n<li><strong>M\u00e9todos de envasado<\/strong>:\n<ul class=\"auto-hide-last-sibling-br\">\n<li><strong>Protecci\u00f3n b\u00e1sica<\/strong>: Aplique una capa protectora sobre la superficie decorativa de la placa de aluminio y a\u00f1ada una capa de pl\u00e1stico de burbujas.<\/li>\n<li><strong>Embalaje de la marca de la empresa<\/strong>: La superficie decorativa de la placa de aluminio lleva una pel\u00edcula con el logotipo de la empresa, y luego se protege con pl\u00e1stico de burbujas.<\/li>\n<li><strong>Envases a medida<\/strong>: El logotipo exclusivo del cliente puede imprimirse en la l\u00e1mina y luego protegerse con pl\u00e1stico de burbujas.<\/li>\n<li><strong>Protecci\u00f3n reforzada<\/strong>: La superficie decorativa lleva un revestimiento protector, y en las esquinas del plato se a\u00f1aden cantoneras azules, y el conjunto se envuelve con pl\u00e1stico de burbujas.<\/li>\n<li><strong>Envasado seguro y de alta calidad<\/strong>: La superficie decorativa lleva una pel\u00edcula, las esquinas del plato tienen cantoneras azules y, tras envolverlo con pl\u00e1stico de burbujas, se coloca en una caja de madera laminada resistente.<\/li>\n<\/ul>\n<\/li>\n<\/ul>\n<div>\n<h3 class=\"header-vfC6AV auto-hide-last-sibling-br\">Certificaci\u00f3n y servicio<\/h3>\n<ul class=\"auto-hide-last-sibling-br\">\n<li><strong>Certificaci\u00f3n<\/strong>\uff1aEl producto ha superado certificaciones internacionales como CE, SGS e ISO 9001, cumpliendo las normas de calidad y medioambientales pertinentes.<\/li>\n<li><strong>Servicio<\/strong>\uff1aProporcionamos servicios completos de preventa, venta y posventa, que incluyen la consulta sobre el producto, la elaboraci\u00f3n del plan de dise\u00f1o, la orientaci\u00f3n para la instalaci\u00f3n y el mantenimiento posventa para garantizar que los clientes puedan utilizar el producto sin problemas.<\/li>\n<\/ul>\n<\/div>\n<h3 class=\"header-vfC6AV auto-hide-last-sibling-br\">Servicio posventa<\/h3>\n<ul class=\"auto-hide-last-sibling-br\">\n<li><strong>Periodo de garant\u00eda<\/strong>: Ofrecemos una garant\u00eda de calidad de [10] a\u00f1os. Durante el per\u00edodo de garant\u00eda, si hay alg\u00fan problema de calidad con los productos, proporcionaremos servicios gratuitos de reparaci\u00f3n o sustituci\u00f3n.<\/li>\n<li><strong>Asistencia t\u00e9cnica<\/strong>: Proporcionar asesoramiento y apoyo t\u00e9cnico profesional a los clientes, ayud\u00e1ndoles a resolver los problemas que surjan durante la instalaci\u00f3n y el uso de los productos.<\/li>\n<li><strong>Seguimiento peri\u00f3dico<\/strong>: Realizar un seguimiento regular de los clientes para comprender el uso de los productos, recoger sus opiniones y sugerencias y mejorar continuamente nuestros productos y servicios.<\/li>\n<\/ul>\n<\/div>\n<\/div>\n<\/div>\n<\/div>\n<\/div>\n<\/div>\n<\/div>\n<h2 class=\"header-vfC6AV auto-hide-last-sibling-br\">Preguntas m\u00e1s frecuentes (FAQ)<\/h2>\n<p>&nbsp;<\/p>\n<h5 class=\"ace-line\" dir=\"auto\" data-node=\"true\"><span data-leaf=\"true\"><span class=\"lb\">P 1:\u00bfSe decolora f\u00e1cilmente el techo de aluminio de grano de madera para interiores?<\/span><\/span><\/h5>\n<div dir=\"auto\" data-node=\"true\"><\/div>\n<div class=\"ace-line\" dir=\"auto\" data-node=\"true\"><span data-leaf=\"true\"><span class=\"lb\">A 1: Con un uso normal, es poco probable que se decolore. La superficie emplea <\/span><\/span><span data-leaf=\"true\"><span class=\"lb\">tecnolog\u00eda de transferencia t\u00e9rmica de vetas de madera<\/span><\/span><span data-leaf=\"true\"><span class=\"lb\"> o <\/span><\/span><span data-leaf=\"true\"><span class=\"lb\">pel\u00edcula de grano de madera recubierta de fluorocarbono<\/span><\/span><span data-leaf=\"true\"><span class=\"lb\">, que ofrece una excelente resistencia a la intemperie y protecci\u00f3n contra los rayos UV frente a la exposici\u00f3n diaria a la luz y los cambios ambientales en interiores. Sin embargo, evitar la luz solar directa prolongada y el contacto con limpiadores altamente corrosivos puede preservar a\u00fan m\u00e1s el color.<\/span><\/span><span data-string=\"true\" data-enter=\"true\" data-leaf=\"true\">\u200b<\/span><\/div>\n<div class=\"ace-line heading-h3\" dir=\"auto\" data-node=\"true\"><span data-string=\"true\" data-enter=\"true\" data-leaf=\"true\">\u200b<\/span><\/div>\n<h5 class=\"ace-line\" dir=\"auto\" data-node=\"true\"><span data-leaf=\"true\"><span class=\"lb\">P 2:\u00bfQu\u00e9 estilos de decoraci\u00f3n de interiores se adaptan mejor a este techo deflector de aluminio de grano de madera para interiores?<\/span><\/span><\/h5>\n<div dir=\"auto\" data-node=\"true\"><\/div>\n<div class=\"ace-line\" dir=\"auto\" data-node=\"true\"><span data-leaf=\"true\"><span class=\"lb\">A 2:Complementa varios estilos, entre ellos <\/span><\/span><span data-leaf=\"true\"><span class=\"lb\">Escandinavos, japoneses y neochinos<\/span><\/span><span data-leaf=\"true\"><span class=\"lb\"> est\u00e9tica. En el dise\u00f1o escandinavo, las vetas claras de la madera realzan una sensaci\u00f3n natural y acogedora; el estilo japon\u00e9s combina bien con las vetas claras del nogal para crear un ambiente sereno; la decoraci\u00f3n neochina se beneficia de las vetas marrones oscuras, que resaltan la elegancia y la estabilidad.<\/span><\/span><span data-string=\"true\" data-enter=\"true\" data-leaf=\"true\">\u200b<\/span><\/div>\n<h5 class=\"ace-line heading-h3\" dir=\"auto\" data-node=\"true\"><span data-string=\"true\" data-enter=\"true\" data-leaf=\"true\">\u200b<\/span><\/h5>\n<h5 class=\"ace-line\" dir=\"auto\" data-node=\"true\"><span data-leaf=\"true\"><span class=\"lb\">P 3:\u00bfC\u00f3mo puedo evitar que se raye la superficie con vetas de madera durante la limpieza diaria?<\/span><\/span><\/h5>\n<div dir=\"auto\" data-node=\"true\"><\/div>\n<div class=\"ace-line\" dir=\"auto\" data-node=\"true\"><span data-leaf=\"true\"><span class=\"lb\">A 3:Utilizar un <\/span><\/span><span data-leaf=\"true\"><span class=\"lb\">pa\u00f1o suave y seco o plumero<\/span><\/span><span data-leaf=\"true\"><span class=\"lb\"> para quitar el polvo. Para las manchas, limpie suavemente con un <\/span><\/span><span data-leaf=\"true\"><span class=\"lb\">pa\u00f1o suave ligeramente humedecido y detergente neutro<\/span><\/span><span data-leaf=\"true\"><span class=\"lb\">. Evite los utensilios abrasivos, como estropajos de acero o cepillos duros. Tras la limpieza, seque r\u00e1pidamente la superficie para evitar manchas de agua.<\/span><\/span><span data-string=\"true\" data-enter=\"true\" data-leaf=\"true\">\u200b<\/span><\/div>\n<div class=\"ace-line heading-h3\" dir=\"auto\" data-node=\"true\"><span data-string=\"true\" data-enter=\"true\" data-leaf=\"true\">\u200b<\/span><\/div>\n<h5 class=\"ace-line\" dir=\"auto\" data-node=\"true\"><span data-leaf=\"true\"><span class=\"lb\">P 4:\u00bfLa instalaci\u00f3n de este techo deflector de aluminio de grano de madera para interiores har\u00e1 que un espacio peque\u00f1o parezca a\u00fan m\u00e1s peque\u00f1o?<\/span><\/span><\/h5>\n<div dir=\"auto\" data-node=\"true\"><\/div>\n<div class=\"ace-line\" dir=\"auto\" data-node=\"true\"><span data-leaf=\"true\"><span class=\"lb\">A 4:No. El dise\u00f1o abierto del techo deflector de aluminio con veta de madera no obstruye la vista. Optar por <\/span><\/span><span data-leaf=\"true\"><span class=\"lb\">tiras estrechas<\/span><\/span><span data-leaf=\"true\"><span class=\"lb\"> o <\/span><\/span><span data-leaf=\"true\"><span class=\"lb\">grano de madera claro<\/span><\/span><span data-leaf=\"true\"><span class=\"lb\"> puede realzar visualmente la altura del techo. Si se combina con iluminaci\u00f3n oculta, suaviza el l\u00edmite del techo y hace que los espacios peque\u00f1os parezcan m\u00e1s amplios.<\/span><\/span><span data-string=\"true\" data-enter=\"true\" data-leaf=\"true\">\u200b<\/span><\/div>\n<div class=\"ace-line heading-h3\" dir=\"auto\" data-node=\"true\"><span data-string=\"true\" data-enter=\"true\" data-leaf=\"true\">\u200b<\/span><\/div>\n<h5 class=\"ace-line\" dir=\"auto\" data-node=\"true\"><span data-leaf=\"true\"><span class=\"lb\">P 5:\u00bfC\u00f3mo puedo garantizar una orientaci\u00f3n uniforme de las vetas de la madera durante la instalaci\u00f3n?<\/span><\/span><\/h5>\n<div dir=\"auto\" data-node=\"true\"><\/div>\n<div class=\"ace-line\" dir=\"auto\" data-node=\"true\"><span data-leaf=\"true\"><span class=\"lb\">A 5:Antes de la instalaci\u00f3n, <\/span><\/span><span data-leaf=\"true\"><span class=\"lb\">planificar la orientaci\u00f3n de las vetas de la madera<\/span><\/span><span data-leaf=\"true\"><span class=\"lb\">-alin\u00e9elo a lo largo del eje m\u00e1s largo de la habitaci\u00f3n o del flujo de tr\u00e1fico principal para conseguir un aspecto cohesionado. Al instalar cada deflector, compruebe dos veces la direcci\u00f3n de la veta y f\u00edjelo con precisi\u00f3n en las ranuras de la quilla para evitar desalineaciones.<\/span><\/span><\/div>\n<\/div>\n<\/div>\n<div class=\"message-box-content-wrapper-fgNGpz\">\n<div><\/div>\n<\/div>\n<\/div>\n<\/div>\n<\/div>\n<\/div>\n<\/div>\n<\/div>\n<h2><strong>\u00bfPor qu\u00e9 elegir techos deflectores de aluminio con veteado de madera para interiores?<\/strong><span data-string=\"true\" data-enter=\"true\" data-leaf=\"true\">\u200b<\/span><\/h2>\n<p>&nbsp;<\/p>\n<p data-start=\"101\" data-end=\"290\"><strong data-start=\"101\" data-end=\"138\">1.Aspecto de madera natural, sin mantenimiento<\/strong><br data-start=\"138\" data-end=\"141\" \/>Consigue el aspecto c\u00e1lido y elegante de la madera aut\u00e9ntica sin riesgo de que se deforme, decolore o pudra.<\/p>\n<p data-start=\"300\" data-end=\"511\"><strong data-start=\"300\" data-end=\"346\">2.Estructura de aluminio duradera y ligera<\/strong><br data-start=\"346\" data-end=\"349\" \/>Fabricado en aluminio resistente a la corrosi\u00f3n, garantiza una larga vida \u00fatil sin dejar de ser ligero y f\u00e1cil de instalar.<\/p>\n<p data-start=\"521\" data-end=\"714\"><strong data-start=\"521\" data-end=\"551\">3.Ideal para interiores modernos<\/strong><br data-start=\"551\" data-end=\"554\" \/>Combina la belleza natural con un dise\u00f1o de techo contempor\u00e1neo, perfecto para oficinas, hoteles e interiores comerciales.<\/p>\n<div class=\"message-box-y4MH8s\" data-testid=\"receive_message\">\n<div class=\"message-box-content-wrapper-fgNGpz\">\n<h2>Contacto<\/h2>\n<\/div>\n<\/div>\n<div class=\"paragraph\">Para obtener m\u00e1s informaci\u00f3n o realizar un pedido, p\u00f3ngase en contacto con nuestro equipo de atenci\u00f3n al cliente. Estamos aqu\u00ed para ayudarle a transformar su visi\u00f3n arquitect\u00f3nica en realidad con nuestro techo bafle de aluminio de grano de madera para interiores.<\/div>\n<div><\/div>\n<div>\n<h3>\ud83d\udcde Whatsapp<strong>:<\/strong> <a href=\"https:\/\/api.whatsapp.com\/send\/?phone=8618566054354&amp;text\" target=\"_blank\" rel=\"noopener\">+86 18566054354<\/a><br \/>\n\ud83d\udce7 <strong>Correo electr\u00f3nico:<\/strong> <a href=\"mailto:damon@meterny.com\">damon@meterny.com<\/a><\/h3>\n<\/div>","protected":false},"excerpt":{"rendered":"<p>Aporte calidez natural al interior con nuestro techo bafle de aluminio con grano de madera. Ligero, duradero y resistente a la humedad, imita la madera real al tiempo que ofrece un rendimiento moderno. Ideal para centros comerciales, oficinas y hogares que buscan elegancia con un mantenimiento m\u00ednimo.<\/p>","protected":false},"featured_media":23573,"comment_status":"open","ping_status":"closed","template":"","meta":{"_uag_custom_page_level_css":"","site-sidebar-layout":"default","site-content-layout":"","ast-site-content-layout":"default","site-content-style":"default","site-sidebar-style":"default","ast-global-header-display":"","ast-banner-title-visibility":"","ast-main-header-display":"","ast-hfb-above-header-display":"","ast-hfb-below-header-display":"","ast-hfb-mobile-header-display":"","site-post-title":"","ast-breadcrumbs-content":"","ast-featured-img":"","footer-sml-layout":"","theme-transparent-header-meta":"default","adv-header-id-meta":"","stick-header-meta":"default","header-above-stick-meta":"","header-main-stick-meta":"","header-below-stick-meta":"","astra-migrate-meta-layouts":"set","ast-page-background-enabled":"default","ast-page-background-meta":{"desktop":{"background-color":"var(--ast-global-color-4)","background-image":"","background-repeat":"repeat","background-position":"center center","background-size":"auto","background-attachment":"scroll","background-type":"","background-media":"","overlay-type":"","overlay-color":"","overlay-opacity":"","overlay-gradient":""},"tablet":{"background-color":"","background-image":"","background-repeat":"repeat","background-position":"center center","background-size":"auto","background-attachment":"scroll","background-type":"","background-media":"","overlay-type":"","overlay-color":"","overlay-opacity":"","overlay-gradient":""},"mobile":{"background-color":"","background-image":"","background-repeat":"repeat","background-position":"center center","background-size":"auto","background-attachment":"scroll","background-type":"","background-media":"","overlay-type":"","overlay-color":"","overlay-opacity":"","overlay-gradient":""}},"ast-content-background-meta":{"desktop":{"background-color":"var(--ast-global-color-5)","background-image":"","background-repeat":"repeat","background-position":"center center","background-size":"auto","background-attachment":"scroll","background-type":"","background-media":"","overlay-type":"","overlay-color":"","overlay-opacity":"","overlay-gradient":""},"tablet":{"background-color":"var(--ast-global-color-5)","background-image":"","background-repeat":"repeat","background-position":"center center","background-size":"auto","background-attachment":"scroll","background-type":"","background-media":"","overlay-type":"","overlay-color":"","overlay-opacity":"","overlay-gradient":""},"mobile":{"background-color":"var(--ast-global-color-5)","background-image":"","background-repeat":"repeat","background-position":"center center","background-size":"auto","background-attachment":"scroll","background-type":"","background-media":"","overlay-type":"","overlay-color":"","overlay-opacity":"","overlay-gradient":""}}},"product_brand":[],"product_cat":[224],"product_tag":[2032,2030,2033,1609,2031],"class_list":{"0":"post-23581","1":"product","2":"type-product","3":"status-publish","4":"has-post-thumbnail","6":"product_cat-aluminum-baffle-ceiling","7":"product_tag-aluminum-ceiling-planks-with-natural-wood-texture","8":"product_tag-indoor-wood-grain-aluminum-baffle-ceiling-panels","9":"product_tag-interior-design-ceiling-solution-wood-grain-aluminum","10":"product_tag-lightweight-aluminum-ceiling-with-wood-finish","11":"product_tag-modern-decorative-aluminum-baffle-ceiling-system","12":"desktop-align-center","13":"tablet-align-left","14":"mobile-align-left","15":"ast-product-gallery-layout-horizontal-slider","16":"ast-product-single-variable","17":"ast-product-tabs-layout-vertical","19":"first","20":"instock","21":"shipping-taxable","22":"product-type-variable"},"uagb_featured_image_src":{"full":["https:\/\/meterny.com\/wp-content\/uploads\/2025\/06\/Meterny-Aluminum-Baffle-Ceiling-Project-123.webp",800,800,false],"thumbnail":["https:\/\/meterny.com\/wp-content\/uploads\/2025\/06\/Meterny-Aluminum-Baffle-Ceiling-Project-123-150x150.webp",150,150,true],"medium":["https:\/\/meterny.com\/wp-content\/uploads\/2025\/06\/Meterny-Aluminum-Baffle-Ceiling-Project-123-300x300.webp",300,300,true],"medium_large":["https:\/\/meterny.com\/wp-content\/uploads\/2025\/06\/Meterny-Aluminum-Baffle-Ceiling-Project-123-768x768.webp",768,768,true],"large":["https:\/\/meterny.com\/wp-content\/uploads\/2025\/06\/Meterny-Aluminum-Baffle-Ceiling-Project-123.webp",800,800,false],"1536x1536":["https:\/\/meterny.com\/wp-content\/uploads\/2025\/06\/Meterny-Aluminum-Baffle-Ceiling-Project-123.webp",800,800,false],"2048x2048":["https:\/\/meterny.com\/wp-content\/uploads\/2025\/06\/Meterny-Aluminum-Baffle-Ceiling-Project-123.webp",800,800,false],"trp-custom-language-flag":["https:\/\/meterny.com\/wp-content\/uploads\/2025\/06\/Meterny-Aluminum-Baffle-Ceiling-Project-123-12x12.webp",12,12,true],"woocommerce_thumbnail":["https:\/\/meterny.com\/wp-content\/uploads\/2025\/06\/Meterny-Aluminum-Baffle-Ceiling-Project-123-300x300.webp",300,300,true],"woocommerce_single":["https:\/\/meterny.com\/wp-content\/uploads\/2025\/06\/Meterny-Aluminum-Baffle-Ceiling-Project-123-600x600.webp",600,600,true],"woocommerce_gallery_thumbnail":["https:\/\/meterny.com\/wp-content\/uploads\/2025\/06\/Meterny-Aluminum-Baffle-Ceiling-Project-123-100x100.webp",100,100,true]},"uagb_author_info":{"display_name":"meterny","author_link":"https:\/\/meterny.com\/es\/author\/"},"uagb_comment_info":0,"uagb_excerpt":"Bring natural warmth indoors with our Wood Grain Aluminum Baffle Ceiling. Lightweight, durable, and moisture-resistant, it mimics real wood while offering modern performance. Ideal for malls, offices, and homes seeking elegance with minimal upkeep.","_links":{"self":[{"href":"https:\/\/meterny.com\/es\/wp-json\/wp\/v2\/product\/23581","targetHints":{"allow":["GET"]}}],"collection":[{"href":"https:\/\/meterny.com\/es\/wp-json\/wp\/v2\/product"}],"about":[{"href":"https:\/\/meterny.com\/es\/wp-json\/wp\/v2\/types\/product"}],"replies":[{"embeddable":true,"href":"https:\/\/meterny.com\/es\/wp-json\/wp\/v2\/comments?post=23581"}],"wp:featuredmedia":[{"embeddable":true,"href":"https:\/\/meterny.com\/es\/wp-json\/wp\/v2\/media\/23573"}],"wp:attachment":[{"href":"https:\/\/meterny.com\/es\/wp-json\/wp\/v2\/media?parent=23581"}],"wp:term":[{"taxonomy":"product_brand","embeddable":true,"href":"https:\/\/meterny.com\/es\/wp-json\/wp\/v2\/product_brand?post=23581"},{"taxonomy":"product_cat","embeddable":true,"href":"https:\/\/meterny.com\/es\/wp-json\/wp\/v2\/product_cat?post=23581"},{"taxonomy":"product_tag","embeddable":true,"href":"https:\/\/meterny.com\/es\/wp-json\/wp\/v2\/product_tag?post=23581"}],"curies":[{"name":"wp","href":"https:\/\/api.w.org\/{rel}","templated":true}]}}