{"id":22183,"date":"2025-03-13T06:25:20","date_gmt":"2025-03-13T06:25:20","guid":{"rendered":"https:\/\/meterny.com\/?post_type=product&#038;p=22183"},"modified":"2025-05-24T02:17:41","modified_gmt":"2025-05-24T02:17:41","slug":"commercial-shopping-mall-perforated-ceiling","status":"publish","type":"product","link":"https:\/\/meterny.com\/fr\/produit\/commercial-shopping-mall-perforated-ceiling\/","title":{"rendered":"Plafond perfor\u00e9 pour centre commercial"},"content":{"rendered":"<div class=\"inner-LOKNYu inner-item-AQrr_W\" data-target-id=\"message-box-target-id\" data-testid=\"union_message\">\n<div class=\"message-block-container-CKPFh2\" data-testid=\"message-block-container\">\n<div class=\"message-box-y4MH8s\" data-testid=\"receive_message\">\n<div class=\"message-box-content-wrapper-fgNGpz\">\n<div dir=\"auto\" data-node=\"true\">\n<div class=\"ace-line ol-idn0ybuWH0 list-div\" dir=\"auto\" data-node=\"true\">\n<div dir=\"auto\" data-node=\"true\">\n<div class=\"ace-line ol-idtG1GXTTs list-div\" dir=\"auto\" data-node=\"true\">\n<h2>Plafond perfor\u00e9 pour centre commercial<\/h2>\n<p>&nbsp;<\/p>\n<\/div>\n<h3 class=\"ace-line\" dir=\"auto\" data-node=\"true\"><span data-leaf=\"true\"><span class=\"lb\">Aper\u00e7u du produit<\/span><\/span><span data-string=\"true\" data-enter=\"true\" data-leaf=\"true\">\u200b<\/span><\/h3>\n<div class=\"ace-line\" dir=\"auto\" data-node=\"true\"><span data-leaf=\"true\"><span class=\"lb\">Le plafond perfor\u00e9 pour les centres commerciaux est m\u00e9ticuleusement con\u00e7u pour les espaces complexes et tr\u00e8s fr\u00e9quent\u00e9s des centres commerciaux. Les centres commerciaux rassemblent de nombreux magasins avec un flux important de personnes, et les exigences en mati\u00e8re d'environnement int\u00e9rieur sont strictes. Ce plafond perfor\u00e9 combine un design innovant et des mat\u00e9riaux de haute qualit\u00e9. Gr\u00e2ce \u00e0 sa structure perfor\u00e9e unique, il s'engage \u00e0 fournir une solution de haut niveau pour les centres commerciaux qui allie esth\u00e9tique, praticit\u00e9 et fonctionnalit\u00e9. Il peut non seulement am\u00e9liorer l'effet acoustique spatial, mais aussi optimiser la ventilation et l'\u00e9clairage.\u00a0<\/span><\/span><\/div>\n<div dir=\"auto\" data-node=\"true\"><\/div>\n<div dir=\"auto\" data-node=\"true\"><img loading=\"lazy\" decoding=\"async\" class=\"alignnone wp-image-22086\" style=\"font-style: inherit; font-weight: 600;\" src=\"https:\/\/meterny.com\/wp-content\/uploads\/2025\/03\/Meterny-Aluminum-Clip-in-Ceiling-Project-21.png\" alt=\"Plafond perfor\u00e9 pour centre commercial\" width=\"1024\" height=\"1024\" srcset=\"https:\/\/meterny.com\/wp-content\/uploads\/2025\/03\/Meterny-Aluminum-Clip-in-Ceiling-Project-21.png 800w, https:\/\/meterny.com\/wp-content\/uploads\/2025\/03\/Meterny-Aluminum-Clip-in-Ceiling-Project-21-300x300.png 300w, https:\/\/meterny.com\/wp-content\/uploads\/2025\/03\/Meterny-Aluminum-Clip-in-Ceiling-Project-21-150x150.png 150w, https:\/\/meterny.com\/wp-content\/uploads\/2025\/03\/Meterny-Aluminum-Clip-in-Ceiling-Project-21-768x768.png 768w, https:\/\/meterny.com\/wp-content\/uploads\/2025\/03\/Meterny-Aluminum-Clip-in-Ceiling-Project-21-600x600.png 600w, https:\/\/meterny.com\/wp-content\/uploads\/2025\/03\/Meterny-Aluminum-Clip-in-Ceiling-Project-21-100x100.png 100w\" sizes=\"auto, (max-width: 1024px) 100vw, 1024px\" \/><\/div>\n<div dir=\"auto\" data-node=\"true\">\n<div class=\"ace-line\" dir=\"auto\" data-node=\"true\">Am\u00e9liorez votre centre commercial avec nos plafonds perfor\u00e9s \u00e9l\u00e9gants.<\/div>\n<h3 class=\"ace-line heading-h2\" dir=\"auto\" data-node=\"true\"><span data-string=\"true\" data-leaf=\"true\">Application du produit<\/span><span data-string=\"true\" data-enter=\"true\" data-leaf=\"true\">\u200b<\/span><\/h3>\n<div class=\"ace-line ol-idIwS1ANe7 list-div list-start-number1\" dir=\"auto\" data-node=\"true\">\n<ol class=\"list-number1 r-list r-list-number\" start=\"1\" data-origin-start=\"1\" data-start=\"1\">\n<li data-start=\"1\"><span data-string=\"true\" data-leaf=\"true\">Espaces publics des centres commerciaux<\/span><span data-string=\"true\" data-leaf=\"true\">: Dans les espaces publics tels que les couloirs et les atriums des centres commerciaux, le plafond perfor\u00e9 joue un r\u00f4le cl\u00e9. Sa conception perfor\u00e9e permet d'absorber efficacement les bruits ambiants, de r\u00e9duire le bruit g\u00e9n\u00e9r\u00e9 par les personnes qui marchent et parlent, et de cr\u00e9er un espace public calme et confortable. <\/span><span data-string=\"true\" data-enter=\"true\" data-leaf=\"true\">\u200b<\/span><\/li>\n<\/ol>\n<\/div>\n<div class=\"ace-line ol-idEbZfNwBW list-div\" dir=\"auto\" data-node=\"true\">\n<ol class=\"list-number1 r-list r-list-number\" start=\"2\" data-origin-start=\"2\" data-start=\"2\">\n<li data-start=\"2\"><span data-string=\"true\" data-leaf=\"true\">Espaces int\u00e9rieurs des magasins<\/span><span data-string=\"true\" data-leaf=\"true\">: Diff\u00e9rents types de magasins peuvent choisir des plafonds perfor\u00e9s en fonction de leur propre style. Les magasins de v\u00eatements de mode peuvent choisir des plafonds perfor\u00e9s avec des formes et des couleurs modernes pour renforcer l'atmosph\u00e8re de mode du magasin ; les restaurants peuvent utiliser des plafonds perfor\u00e9s pour am\u00e9liorer l'environnement acoustique, r\u00e9duire l'interf\u00e9rence des conversations des convives, et en m\u00eame temps optimiser la ventilation pour \u00e9vacuer rapidement les odeurs de cuisson et la chaleur. <\/span><span data-string=\"true\" data-enter=\"true\" data-leaf=\"true\">\u200b<\/span><\/li>\n<\/ol>\n<\/div>\n<div class=\"ace-line ol-idkYvMh10R list-div\" dir=\"auto\" data-node=\"true\">\n<ol class=\"list-number1 r-list r-list-number\" start=\"3\" data-origin-start=\"3\" data-start=\"3\">\n<li data-start=\"3\"><span data-string=\"true\" data-leaf=\"true\">Espaces de divertissement<\/span><span data-string=\"true\" data-leaf=\"true\">: Les lieux de divertissement tels que les cin\u00e9mas et les salles de jeux ont des exigences extr\u00eamement \u00e9lev\u00e9es en mati\u00e8re d'effets acoustiques. Gr\u00e2ce \u00e0 une disposition perfor\u00e9e sp\u00e9ciale et \u00e0 des mat\u00e9riaux absorbant le son, le plafond perfor\u00e9 peut r\u00e9duire efficacement la r\u00e9flexion et l'\u00e9cho du son, offrant ainsi une exp\u00e9rience audiovisuelle claire aux spectateurs et aux joueurs. A<\/span><span data-string=\"true\" data-enter=\"true\" data-leaf=\"true\">\u200b<\/span><\/li>\n<\/ol>\n<\/div>\n<div class=\"ace-line ol-idNZk569cS list-div\" dir=\"auto\" data-node=\"true\">\n<ol class=\"list-number1 r-list r-list-number\" start=\"4\" data-origin-start=\"4\" data-start=\"4\">\n<li data-start=\"4\"><span data-string=\"true\" data-leaf=\"true\">Les aires de restauration<\/span><span data-string=\"true\" data-leaf=\"true\">: Les aires de restauration accueillent un grand nombre de personnes, et les probl\u00e8mes tels que les odeurs et le bruit sont plus importants. La fonction de ventilation du plafond perfor\u00e9 permet de disperser rapidement les fum\u00e9es et les odeurs de cuisson et de maintenir l'air frais. Ses caract\u00e9ristiques d'absorption du son peuvent \u00e9galement r\u00e9duire efficacement le bruit des conversations des convives et des collisions de vaisselle, cr\u00e9ant ainsi un environnement de restauration relativement calme.\u00a0<\/span><\/li>\n<\/ol>\n<\/div>\n<\/div>\n<div class=\"ace-line ol-idtG1GXTTs list-div\" dir=\"auto\" data-node=\"true\">\n<p><span style=\"font-size: 1.5em; font-weight: bold;\">Sp\u00e9cifications techniques(1)<\/span><\/p>\n<\/div>\n<\/div>\n<\/div>\n<\/div>\n<\/div>\n<\/div>\n<\/div>\n<\/div>\n<div class=\"inner-LOKNYu inner-item-AQrr_W\" data-target-id=\"message-box-target-id\" data-testid=\"union_message\">\n<div class=\"message-block-container-CKPFh2\" data-testid=\"message-block-container\">\n<div class=\"message-box-y4MH8s\" data-testid=\"receive_message\">\n<div class=\"message-box-content-wrapper-fgNGpz\">\n<div class=\"message-content message-box-content-xoCEoU receive-message-box-content-bNaFpa samantha-message-box-content-gWlptz\" data-testid=\"message_content\">\n<div class=\"container-ZYIsnH flow-markdown-body theme-samantha-Nbr9UN\" dir=\"ltr\" data-testid=\"message_text_content\" data-show-indicator=\"false\">\n<div class=\"container-ZYIsnH flow-markdown-body theme-samantha-Nbr9UN\" dir=\"ltr\" data-testid=\"message_text_content\" data-show-indicator=\"false\">\n<div class=\"container-ZYIsnH flow-markdown-body theme-samantha-Nbr9UN\" dir=\"ltr\" data-testid=\"message_text_content\" data-show-indicator=\"false\">\n<div class=\"container-ZYIsnH flow-markdown-body theme-samantha-Nbr9UN\" dir=\"ltr\" data-testid=\"message_text_content\" data-show-indicator=\"false\">\n<div>\n<div class=\"auto-hide-last-sibling-br table-container-GhL7Lo\">\n<table style=\"height: 575px;\" width=\"739\">\n<thead>\n<tr>\n<th>Objet<\/th>\n<th>Param\u00e8tres<\/th>\n<\/tr>\n<\/thead>\n<tbody>\n<tr>\n<td>Mat\u00e9riau<\/td>\n<td>Alliage d'aluminium (6063\/T6, etc.)<\/td>\n<\/tr>\n<tr>\n<td>\u00c9paisseur<\/td>\n<td>G\u00e9n\u00e9ralement 2,0 mm - 4,0 mm, personnalisable<\/td>\n<\/tr>\n<tr>\n<td>Taux de perforation<\/td>\n<td>10% - 50%, r\u00e9glable selon les besoins<\/td>\n<\/tr>\n<tr>\n<td>Diam\u00e8tre du trou<\/td>\n<td>3mm - 20mm, diff\u00e9rentes sp\u00e9cifications disponibles<\/td>\n<\/tr>\n<tr>\n<td>Traitement de surface<\/td>\n<td>PVDF, polyester, anodisation, rev\u00eatement en poudre, peinture au fluorocarbone, etc.<\/td>\n<\/tr>\n<tr>\n<td>Couleur<\/td>\n<td>Personnalisable en fonction des cartes de couleurs, les couleurs courantes sont le blanc argent\u00e9, le gris, le noir, l'or, etc.<\/td>\n<\/tr>\n<tr>\n<td>Taille<\/td>\n<td>Les tailles conventionnelles sont 1200mm\u00d72400mm, 1500mm\u00d73000mm, etc., et peuvent \u00e9galement \u00eatre personnalis\u00e9es selon les besoins.<\/td>\n<\/tr>\n<\/tbody>\n<\/table>\n<\/div>\n<\/div>\n<h3>Sp\u00e9cifications techniques(2)<\/h3>\n<p>&nbsp;<\/p>\n<table style=\"height: 515px;\" width=\"347\">\n<thead>\n<tr>\n<th><strong>Sp\u00e9cifications<\/strong><\/th>\n<th><strong>D\u00e9tails<\/strong><\/th>\n<\/tr>\n<\/thead>\n<tbody>\n<tr>\n<td><strong>Poids<\/strong><\/td>\n<td>2,5-3,5 kg par m\u00e8tre carr\u00e9 (en fonction de l'\u00e9paisseur)<\/td>\n<\/tr>\n<tr>\n<td><strong>Options de finition<\/strong><\/td>\n<td>Brillant, mat, grain de bois, bross\u00e9, etc.<\/td>\n<\/tr>\n<tr>\n<td><strong>Conception<\/strong><\/td>\n<td>Motifs floraux, motifs g\u00e9om\u00e9triques, motifs complexes, art abstrait, logos textuels, etc.<\/td>\n<\/tr>\n<tr>\n<td><strong>Mod\u00e8les de perforation<\/strong><\/td>\n<td>Des motifs circulaires, carr\u00e9s, diamant\u00e9s, hexagonaux et autres sont disponibles.<\/td>\n<\/tr>\n<tr>\n<td><strong>R\u00e9sistance au feu<\/strong><\/td>\n<td>A2 Classement au feu (incombustible)<\/td>\n<\/tr>\n<tr>\n<td><strong>Garantie<\/strong><\/td>\n<td>10-15 ans (en fonction de la finition et de l'application)<\/td>\n<\/tr>\n<tr>\n<td><strong>Applications<\/strong><\/td>\n<td>tous les rev\u00eatements, plafonds, s\u00e9parateurs de pi\u00e8ces, \u00e9crans d\u00e9coratifs, fa\u00e7ades, cloisons, cl\u00f4tures, brise-soleil, d\u00e9coration int\u00e9rieure, etc.<\/td>\n<\/tr>\n<tr>\n<td><strong>Installation<\/strong><\/td>\n<td>Montage mural (vis ou bandes adh\u00e9sives)\/Installation facile gr\u00e2ce \u00e0 diverses options de montage (vis, supports, cadres)\/Comprend la fixation directe, les syst\u00e8mes \u00e0 cadre ou les panneaux d'accrochage en fonction de l'application<\/td>\n<\/tr>\n<tr>\n<td><strong>Autres services<\/strong><\/td>\n<td>Services de personnalisation<\/td>\n<\/tr>\n<\/tbody>\n<\/table>\n<\/div>\n<div class=\"container-ZYIsnH flow-markdown-body theme-samantha-Nbr9UN\" dir=\"ltr\" data-testid=\"message_text_content\" data-show-indicator=\"false\">\n<p><strong style=\"font-size: 1.5em;\">Finitions et options de personnalisation :<\/strong><\/p>\n<\/div>\n<div class=\"container-ZYIsnH flow-markdown-body theme-samantha-Nbr9UN\" dir=\"ltr\" data-testid=\"message_text_content\" data-show-indicator=\"false\">\n<ul>\n<li><strong>Anodis\u00e9 Finition :<\/strong> Offre un aspect m\u00e9tallique \u00e9l\u00e9gant et une protection accrue contre la corrosion.<\/li>\n<li><strong>Finition par poudrage :<\/strong> Offre une large gamme d'options de couleurs avec un rev\u00eatement lisse et durable.<\/li>\n<li><strong>Aluminium bross\u00e9 :<\/strong> Finition mate \u00e9l\u00e9gante pour un aspect contemporain.<\/li>\n<li><strong>Perforations personnalis\u00e9es :<\/strong> Adaptez la taille des trous, les motifs et le pourcentage de surface ouverte \u00e0 vos besoins sp\u00e9cifiques en mati\u00e8re de design et de fonctionnalit\u00e9.<\/li>\n<\/ul>\n<\/div>\n<\/div>\n<\/div>\n<\/div>\n<\/div>\n<\/div>\n<\/div>\n<\/div>\n<\/div>\n<div class=\"inner-LOKNYu inner-item-AQrr_W\" data-target-id=\"message-box-target-id\" data-testid=\"union_message\">\n<div class=\"message-block-container-CKPFh2\" data-testid=\"message-block-container\">\n<div class=\"message-box-y4MH8s\" data-testid=\"receive_message\">\n<div class=\"message-box-content-wrapper-fgNGpz\">\n<h3 class=\"message-content message-box-content-xoCEoU receive-message-box-content-bNaFpa samantha-message-box-content-gWlptz\" data-testid=\"message_content\">Plus de designs<\/h3>\n<p>&nbsp;<\/p>\n<p>&nbsp;<\/p>\n<figure id=\"attachment_17270\" aria-describedby=\"caption-attachment-17270\" style=\"width: 1024px\" class=\"wp-caption alignnone\"><img loading=\"lazy\" decoding=\"async\" class=\"wp-image-17270\" src=\"https:\/\/meterny.com\/wp-content\/uploads\/2024\/07\/\u4e0b\u8f7d-19.jpg\" alt=\"Une vari\u00e9t\u00e9 de panneaux de plafond \u00e0 clipser en aluminium\" width=\"1024\" height=\"1024\" srcset=\"https:\/\/meterny.com\/wp-content\/uploads\/2024\/07\/\u4e0b\u8f7d-19.jpg 1200w, https:\/\/meterny.com\/wp-content\/uploads\/2024\/07\/\u4e0b\u8f7d-19-300x300.jpg 300w, https:\/\/meterny.com\/wp-content\/uploads\/2024\/07\/\u4e0b\u8f7d-19-1024x1024.jpg 1024w, https:\/\/meterny.com\/wp-content\/uploads\/2024\/07\/\u4e0b\u8f7d-19-150x150.jpg 150w, https:\/\/meterny.com\/wp-content\/uploads\/2024\/07\/\u4e0b\u8f7d-19-768x768.jpg 768w, https:\/\/meterny.com\/wp-content\/uploads\/2024\/07\/\u4e0b\u8f7d-19-600x600.jpg 600w, https:\/\/meterny.com\/wp-content\/uploads\/2024\/07\/\u4e0b\u8f7d-19-100x100.jpg 100w\" sizes=\"auto, (max-width: 1024px) 100vw, 1024px\" \/><figcaption id=\"caption-attachment-17270\" class=\"wp-caption-text\">Une vari\u00e9t\u00e9 de panneaux de plafond \u00e0 clipser en aluminium, pr\u00e9sentant divers styles pour des int\u00e9rieurs polyvalents.<\/figcaption><\/figure>\n<\/div>\n<\/div>\n<\/div>\n<\/div>\n<div class=\"inner-LOKNYu inner-item-AQrr_W\" data-target-id=\"message-box-target-id\" data-testid=\"union_message\">\n<div class=\"message-block-container-CKPFh2\" data-testid=\"message-block-container\">\n<div class=\"message-box-y4MH8s\" data-testid=\"receive_message\">\n<h3 class=\"message-box-content-wrapper-fgNGpz\"><strong>Galerie<\/strong><\/h3>\n<div class=\"mceTemp\"><\/div>\n<figure id=\"attachment_22073\" aria-describedby=\"caption-attachment-22073\" style=\"width: 1024px\" class=\"wp-caption alignnone\"><img loading=\"lazy\" decoding=\"async\" class=\"wp-image-22073\" src=\"https:\/\/meterny.com\/wp-content\/uploads\/2025\/03\/Meterny-Aluminum-Clip-in-Ceiling-Panel-11.jpg\" alt=\"Panneau l\u00e9ger en aluminium perfor\u00e9 \u00e0 clipser\" width=\"1024\" height=\"1024\" srcset=\"https:\/\/meterny.com\/wp-content\/uploads\/2025\/03\/Meterny-Aluminum-Clip-in-Ceiling-Panel-11.jpg 800w, https:\/\/meterny.com\/wp-content\/uploads\/2025\/03\/Meterny-Aluminum-Clip-in-Ceiling-Panel-11-300x300.jpg 300w, https:\/\/meterny.com\/wp-content\/uploads\/2025\/03\/Meterny-Aluminum-Clip-in-Ceiling-Panel-11-150x150.jpg 150w, https:\/\/meterny.com\/wp-content\/uploads\/2025\/03\/Meterny-Aluminum-Clip-in-Ceiling-Panel-11-768x768.jpg 768w, https:\/\/meterny.com\/wp-content\/uploads\/2025\/03\/Meterny-Aluminum-Clip-in-Ceiling-Panel-11-600x600.jpg 600w, https:\/\/meterny.com\/wp-content\/uploads\/2025\/03\/Meterny-Aluminum-Clip-in-Ceiling-Panel-11-100x100.jpg 100w\" sizes=\"auto, (max-width: 1024px) 100vw, 1024px\" \/><figcaption id=\"caption-attachment-22073\" class=\"wp-caption-text\">Panneau l\u00e9ger en aluminium perfor\u00e9 \u00e0 clipser - \u00c9l\u00e9gance sans effort, installation sans effort.<\/figcaption><\/figure>\n<figure id=\"attachment_22085\" aria-describedby=\"caption-attachment-22085\" style=\"width: 1024px\" class=\"wp-caption alignnone\"><img loading=\"lazy\" decoding=\"async\" class=\"wp-image-22085\" src=\"https:\/\/meterny.com\/wp-content\/uploads\/2025\/03\/Meterny-Aluminum-Clip-in-Ceiling-Project-20.png\" alt=\"Grand magasin Plafond perfor\u00e9 \u00e0 clipser en aluminium\" width=\"1024\" height=\"1024\" srcset=\"https:\/\/meterny.com\/wp-content\/uploads\/2025\/03\/Meterny-Aluminum-Clip-in-Ceiling-Project-20.png 800w, https:\/\/meterny.com\/wp-content\/uploads\/2025\/03\/Meterny-Aluminum-Clip-in-Ceiling-Project-20-300x300.png 300w, https:\/\/meterny.com\/wp-content\/uploads\/2025\/03\/Meterny-Aluminum-Clip-in-Ceiling-Project-20-150x150.png 150w, https:\/\/meterny.com\/wp-content\/uploads\/2025\/03\/Meterny-Aluminum-Clip-in-Ceiling-Project-20-768x768.png 768w, https:\/\/meterny.com\/wp-content\/uploads\/2025\/03\/Meterny-Aluminum-Clip-in-Ceiling-Project-20-600x600.png 600w, https:\/\/meterny.com\/wp-content\/uploads\/2025\/03\/Meterny-Aluminum-Clip-in-Ceiling-Project-20-100x100.png 100w\" sizes=\"auto, (max-width: 1024px) 100vw, 1024px\" \/><figcaption id=\"caption-attachment-22085\" class=\"wp-caption-text\">Rehaussez le style de votre grand magasin avec notre plafond perfor\u00e9 \u00e0 clipser en aluminium.<\/figcaption><\/figure>\n<figure id=\"attachment_22095\" aria-describedby=\"caption-attachment-22095\" style=\"width: 1024px\" class=\"wp-caption alignnone\"><img loading=\"lazy\" decoding=\"async\" class=\"wp-image-22095\" src=\"https:\/\/meterny.com\/wp-content\/uploads\/2025\/03\/Meterny-Aluminum-Clip-in-Ceiling-Project-30.png\" alt=\"Clip m\u00e9tallique suspendu de qualit\u00e9 m\u00e9dicale dans le plafond\" width=\"1024\" height=\"1024\" srcset=\"https:\/\/meterny.com\/wp-content\/uploads\/2025\/03\/Meterny-Aluminum-Clip-in-Ceiling-Project-30.png 800w, https:\/\/meterny.com\/wp-content\/uploads\/2025\/03\/Meterny-Aluminum-Clip-in-Ceiling-Project-30-300x300.png 300w, https:\/\/meterny.com\/wp-content\/uploads\/2025\/03\/Meterny-Aluminum-Clip-in-Ceiling-Project-30-150x150.png 150w, https:\/\/meterny.com\/wp-content\/uploads\/2025\/03\/Meterny-Aluminum-Clip-in-Ceiling-Project-30-768x768.png 768w, https:\/\/meterny.com\/wp-content\/uploads\/2025\/03\/Meterny-Aluminum-Clip-in-Ceiling-Project-30-600x600.png 600w, https:\/\/meterny.com\/wp-content\/uploads\/2025\/03\/Meterny-Aluminum-Clip-in-Ceiling-Project-30-100x100.png 100w\" sizes=\"auto, (max-width: 1024px) 100vw, 1024px\" \/><figcaption id=\"caption-attachment-22095\" class=\"wp-caption-text\">Plafond m\u00e9tallique suspendu \u00e0 clipser de qualit\u00e9 m\u00e9dicale : Le choix id\u00e9al pour les \u00e9tablissements de sant\u00e9.<\/figcaption><\/figure>\n<\/div>\n<\/div>\n<\/div>\n<h3>Si vous voulez en savoir plus, cliquez sur ce lien vers youtube :<a href=\"https:\/\/youtu.be\/BaQqH_erAYM\" target=\"_blank\" rel=\"noopener\">https:\/\/youtu.be\/BaQqH_erAYM<\/a><\/h3>\n<p>&nbsp;<\/p>\n<h3><strong>Nous contacter<\/strong>:<\/h3>\n<p>Si vous \u00eates int\u00e9ress\u00e9 par notre plafond perfor\u00e9 pour centres commerciaux, n'h\u00e9sitez pas \u00e0 nous contacter pour plus d'informations ou un devis gratuit !<\/p>\n<h3>\ud83d\udcde Whatsapp<strong>:<\/strong> <a href=\"https:\/\/api.whatsapp.com\/send\/?phone=8618566054354&amp;text\" target=\"_blank\" rel=\"noopener\">+86 18566054354<\/a><br \/>\n\ud83d\udce7 <strong>Courriel :<\/strong> <a href=\"mailto:damon@meterny.com\">damon@meterny.com<\/a><\/h3>\n<h3><\/h3>\n<h3>Machine d'usine<\/h3>\n<hr \/>\n<figure id=\"attachment_17138\" aria-describedby=\"caption-attachment-17138\" style=\"width: 1024px\" class=\"wp-caption alignnone\"><img loading=\"lazy\" decoding=\"async\" class=\"wp-image-17138\" src=\"https:\/\/meterny.com\/wp-content\/uploads\/2024\/09\/Hfef82f3530aa4d3db8ebb2939cd54a108.jpg\" alt=\"Flux de travail de l&#039;usine de panneaux d&#039;aluminium Meterny\" width=\"1024\" height=\"1024\" srcset=\"https:\/\/meterny.com\/wp-content\/uploads\/2024\/09\/Hfef82f3530aa4d3db8ebb2939cd54a108.jpg 1200w, https:\/\/meterny.com\/wp-content\/uploads\/2024\/09\/Hfef82f3530aa4d3db8ebb2939cd54a108-300x300.jpg 300w, https:\/\/meterny.com\/wp-content\/uploads\/2024\/09\/Hfef82f3530aa4d3db8ebb2939cd54a108-1024x1024.jpg 1024w, https:\/\/meterny.com\/wp-content\/uploads\/2024\/09\/Hfef82f3530aa4d3db8ebb2939cd54a108-150x150.jpg 150w, https:\/\/meterny.com\/wp-content\/uploads\/2024\/09\/Hfef82f3530aa4d3db8ebb2939cd54a108-768x768.jpg 768w, https:\/\/meterny.com\/wp-content\/uploads\/2024\/09\/Hfef82f3530aa4d3db8ebb2939cd54a108-600x600.jpg 600w, https:\/\/meterny.com\/wp-content\/uploads\/2024\/09\/Hfef82f3530aa4d3db8ebb2939cd54a108-100x100.jpg 100w\" sizes=\"auto, (max-width: 1024px) 100vw, 1024px\" \/><figcaption id=\"caption-attachment-17138\" class=\"wp-caption-text\">Les ouvriers de l'usine de panneaux d'aluminium Meterny en action : De la d\u00e9coupe au rev\u00eatement.<\/figcaption><\/figure>\n<h3>Guide d'installation<\/h3>\n<p>Installation du plafond perfor\u00e9 METERNY (centre commercial)<span style=\"font-size: 16px;\">)des panneaux en aluminium est simple et nous fournissons des instructions d'installation d\u00e9taill\u00e9es pour garantir l'efficacit\u00e9 de votre projet. Voici un aper\u00e7u du processus d'installation :<\/span><\/p>\n<ol>\n<li><strong>Pr\u00e9paration de la surface<\/strong><br \/>\nAssurez-vous que la surface sur laquelle le plafond perfor\u00e9 du centre commercial sera fix\u00e9 est propre, plane et s\u00e8che. Toute irr\u00e9gularit\u00e9 de la surface doit \u00eatre corrig\u00e9e pour garantir une bonne adh\u00e9rence et un bon alignement du plafond perfor\u00e9 du centre commercial.<\/li>\n<li><strong>Installer le Framework\u3002<\/strong><br \/>\nUtilisez une ossature m\u00e9tallique appropri\u00e9e pour soutenir le plafond perfor\u00e9 du centre commercial. L'ossature doit \u00eatre align\u00e9e conform\u00e9ment aux mesures sp\u00e9cifi\u00e9es dans le projet.<\/li>\n<li><strong>Fixation du panneau<\/strong><br \/>\nLe plafond perfor\u00e9 pour centres commerciaux peut \u00eatre install\u00e9 \u00e0 l'aide de clips, de vis ou de rivets. La m\u00e9thode de fixation d\u00e9pend du type de panneau et des exigences sp\u00e9cifiques de votre projet. Veillez \u00e0 ce que tous les panneaux soient solidement fix\u00e9s afin d'\u00e9viter tout mouvement.<\/li>\n<li><strong>Contr\u00f4les finaux<\/strong><br \/>\nApr\u00e8s l'installation, proc\u00e9dez \u00e0 une inspection finale pour vous assurer que tous les plafonds perfor\u00e9s des centres commerciaux sont correctement align\u00e9s et solidement fix\u00e9s. Nettoyez les plafonds perfor\u00e9s des centres commerciaux afin d'\u00e9liminer tout d\u00e9bris d'installation.<\/li>\n<\/ol>\n<p>Pour des instructions plus d\u00e9taill\u00e9es ou des services d'installation professionnels, veuillez nous contacter.<\/p>\n<p><img loading=\"lazy\" decoding=\"async\" class=\"wp-image-17137\" src=\"https:\/\/meterny.com\/wp-content\/uploads\/2024\/09\/Hd60cc4e1bad449eb8405a223ef59338e2.jpg\" alt=\"Panneaux d&#039;aluminium sur mesure en attente de finition\" width=\"1024\" height=\"1024\" srcset=\"https:\/\/meterny.com\/wp-content\/uploads\/2024\/09\/Hd60cc4e1bad449eb8405a223ef59338e2.jpg 1200w, https:\/\/meterny.com\/wp-content\/uploads\/2024\/09\/Hd60cc4e1bad449eb8405a223ef59338e2-300x300.jpg 300w, https:\/\/meterny.com\/wp-content\/uploads\/2024\/09\/Hd60cc4e1bad449eb8405a223ef59338e2-1024x1024.jpg 1024w, https:\/\/meterny.com\/wp-content\/uploads\/2024\/09\/Hd60cc4e1bad449eb8405a223ef59338e2-150x150.jpg 150w, https:\/\/meterny.com\/wp-content\/uploads\/2024\/09\/Hd60cc4e1bad449eb8405a223ef59338e2-768x768.jpg 768w, https:\/\/meterny.com\/wp-content\/uploads\/2024\/09\/Hd60cc4e1bad449eb8405a223ef59338e2-600x600.jpg 600w, https:\/\/meterny.com\/wp-content\/uploads\/2024\/09\/Hd60cc4e1bad449eb8405a223ef59338e2-100x100.jpg 100w\" sizes=\"auto, (max-width: 1024px) 100vw, 1024px\" \/><\/p>\n<div class=\"container-ncFTrL\">\n<div class=\"item-KOa3z_\">\n<div class=\"container-rBgb6B chrome70-container\">\n<div class=\"inner-LOKNYu inner-item-AQrr_W\" data-target-id=\"message-box-target-id\" data-testid=\"union_message\">\n<div class=\"message-block-container-CKPFh2\" data-testid=\"message-block-container\">\n<div class=\"message-box-y4MH8s\" data-testid=\"receive_message\">\n<div class=\"message-box-content-wrapper-fgNGpz\">\n<div class=\"message-content message-box-content-xoCEoU receive-message-box-content-bNaFpa samantha-message-box-content-gWlptz\" data-testid=\"message_content\">\n<div class=\"inner-LOKNYu inner-item-AQrr_W\" data-target-id=\"message-box-target-id\" data-testid=\"union_message\">\n<div class=\"message-block-container-CKPFh2\" data-testid=\"message-block-container\">\n<div class=\"message-box-y4MH8s\" data-testid=\"receive_message\">\n<div class=\"message-box-content-wrapper-fgNGpz\">\n<div class=\"message-content message-box-content-xoCEoU receive-message-box-content-bNaFpa samantha-message-box-content-gWlptz\" data-testid=\"message_content\">\n<div class=\"container-ZYIsnH flow-markdown-body theme-samantha-Nbr9UN\" dir=\"ltr\" data-testid=\"message_text_content\" data-show-indicator=\"false\">\n<div class=\"container-ZYIsnH flow-markdown-body theme-samantha-Nbr9UN\" dir=\"ltr\" data-testid=\"message_text_content\" data-show-indicator=\"false\">\n<h3><strong>Services de personnalisation<\/strong><\/h3>\n<p id=\"\">Nous offrons des services de personnalisation complets, y compris, mais sans s'y limiter, la conception de motifs, l'ajustement des tailles et la correspondance des couleurs, afin de r\u00e9pondre \u00e0 vos besoins d\u00e9coratifs uniques. Il vous suffit de nous faire part de votre concept cr\u00e9atif, et notre \u00e9quipe de concepteurs professionnels fabriquera un plafond perfor\u00e9 pour centre commercial exclusivement pour vous.<\/p>\n<\/div>\n<\/div>\n<\/div>\n<\/div>\n<\/div>\n<\/div>\n<h3 dir=\"ltr\" data-testid=\"message_text_content\" data-show-indicator=\"false\">Processus de commande<\/h3>\n<p>&nbsp;<\/p>\n<\/div>\n<div class=\"inner-LOKNYu inner-item-AQrr_W\" data-target-id=\"message-box-target-id\" data-testid=\"union_message\">\n<div class=\"message-block-container-CKPFh2\" data-testid=\"message-block-container\">\n<div class=\"message-box-y4MH8s\" data-testid=\"receive_message\">\n<div class=\"message-box-content-wrapper-fgNGpz\">\n<div class=\"message-content message-box-content-xoCEoU receive-message-box-content-bNaFpa samantha-message-box-content-gWlptz\" data-testid=\"message_content\">\n<div class=\"container-ZYIsnH flow-markdown-body theme-samantha-Nbr9UN\" dir=\"ltr\" data-testid=\"message_text_content\" data-show-indicator=\"false\">\n<ol>\n<li><strong>Demande de renseignements<\/strong>: Contactez-nous pour nous faire part de vos exigences sp\u00e9cifiques et de vos besoins de personnalisation.<\/li>\n<li><strong>Confirmation du devis<\/strong>: Nous vous fournirons un devis d\u00e9taill\u00e9 et un d\u00e9lai de livraison en fonction de vos besoins.<\/li>\n<li><strong>Signature du contrat<\/strong>: Une fois que les deux parties ont confirm\u00e9 le devis et le d\u00e9lai de livraison, un contrat officiel est sign\u00e9.<\/li>\n<li><strong>Production et transformation<\/strong>: La production et la transformation sont effectu\u00e9es conform\u00e9ment aux exigences du contrat.<\/li>\n<li><strong>Inspection de la qualit\u00e9<\/strong>: Inspection rigoureuse de la qualit\u00e9 des produits finis pour s'assurer de leur conformit\u00e9 aux normes.<\/li>\n<li><strong>Emballage et exp\u00e9dition<\/strong>: Emballage professionnel pour garantir la s\u00e9curit\u00e9 du produit pendant le transport.<\/li>\n<li><strong>Service apr\u00e8s-vente<\/strong>: Fournir un service apr\u00e8s-vente complet pour r\u00e9pondre \u00e0 vos pr\u00e9occupations.<\/li>\n<\/ol>\n<\/div>\n<div class=\"container-ZYIsnH flow-markdown-body theme-samantha-Nbr9UN\" dir=\"ltr\" data-testid=\"message_text_content\" data-show-indicator=\"false\">\n<div>\n<h3 class=\"header-vfC6AV auto-hide-last-sibling-br\">Production et conditionnement<\/h3>\n<ul class=\"auto-hide-last-sibling-br\">\n<li><strong>Processus de production<\/strong>: Des technologies avanc\u00e9es d'estampage et de gravure CNC, des technologies de soudage et de gravure au laser, ainsi que des processus de pliage, de laminage et de meulage sont adopt\u00e9s pour garantir la pr\u00e9cision et la qualit\u00e9 des produits.<\/li>\n<li><strong>M\u00e9thodes d'emballage<\/strong>:\n<ul class=\"auto-hide-last-sibling-br\">\n<li><strong>Protection de base<\/strong>: Appliquer une couche protectrice sur la surface d\u00e9corative du plafond \u00e0 clipser en aluminium standard du Moyen-Orient et ajouter une couche de papier bulle.<\/li>\n<li><strong>Emballage de la marque de l'entreprise<\/strong>: La surface d\u00e9corative de la plaque d'aluminium est recouverte d'un film portant le logo de l'entreprise, puis prot\u00e9g\u00e9e par du papier bulle.<\/li>\n<li><strong>Emballage sur mesure<\/strong>: Le logo unique du client peut \u00eatre imprim\u00e9 sur le film, puis prot\u00e9g\u00e9 par du papier bulle.<\/li>\n<li><strong>Protection renforc\u00e9e<\/strong>: La surface d\u00e9corative est recouverte d'une couche protectrice, des corni\u00e8res bleues sont ajout\u00e9es aux coins de la plaque et le tout est emball\u00e9 dans du papier bulle.<\/li>\n<li><strong>Un emballage s\u00fbr et de haute qualit\u00e9<\/strong>: La surface d\u00e9corative est recouverte d'un film, les coins de la plaque sont dot\u00e9s de protections bleues, et apr\u00e8s avoir \u00e9t\u00e9 emball\u00e9e avec du papier bulle, elle est plac\u00e9e dans une bo\u00eete en bois stratifi\u00e9e durable.<\/li>\n<\/ul>\n<\/li>\n<\/ul>\n<div>\n<h3 class=\"header-vfC6AV auto-hide-last-sibling-br\">Certification et service<\/h3>\n<ul class=\"auto-hide-last-sibling-br\">\n<li><strong>Certification<\/strong>\uff1aLe produit a obtenu les certifications internationales CE, SGS et ISO 9001 et r\u00e9pond aux normes de qualit\u00e9 et d'environnement en vigueur.<\/li>\n<li><strong>Service<\/strong>\uff1aNous fournissons des services complets avant, pendant et apr\u00e8s la vente, y compris la consultation sur les produits, la fourniture de plans de conception, l'orientation de l'installation et la maintenance apr\u00e8s-vente afin de garantir que les clients peuvent utiliser le produit sans probl\u00e8me.<\/li>\n<\/ul>\n<\/div>\n<h3 class=\"header-vfC6AV auto-hide-last-sibling-br\">Service apr\u00e8s-vente<\/h3>\n<ul class=\"auto-hide-last-sibling-br\">\n<li><strong>P\u00e9riode de garantie<\/strong>: Nous offrons une garantie de qualit\u00e9 de [10] ans. Pendant la p\u00e9riode de garantie, en cas de probl\u00e8me de qualit\u00e9 des produits, nous fournirons des services de r\u00e9paration ou de remplacement gratuits.<\/li>\n<li><strong>Support technique<\/strong>: Fournir une consultation et une assistance techniques professionnelles aux clients, en les aidant \u00e0 r\u00e9soudre les probl\u00e8mes rencontr\u00e9s lors de l'installation et de l'utilisation des produits.<\/li>\n<li><strong>Suivi r\u00e9gulier<\/strong>: Suivre r\u00e9guli\u00e8rement les clients pour comprendre l'utilisation des produits, recueillir leurs avis et suggestions, et am\u00e9liorer continuellement nos produits et services.<\/li>\n<\/ul>\n<\/div>\n<\/div>\n<\/div>\n<\/div>\n<\/div>\n<\/div>\n<\/div>\n<h2 class=\"header-vfC6AV auto-hide-last-sibling-br\" style=\"font-style: normal;\">Foire aux questions (FAQ)<\/h2>\n<p><span style=\"font-size: 16px;\">\u200b<\/span><\/p>\n<div class=\"ace-line ol-id5OQk07HR list-div list-start-number1\" dir=\"auto\" data-node=\"true\">\n<h5 class=\"ace-line\" dir=\"auto\" data-node=\"true\"><span data-leaf=\"true\"><span class=\"lb\">Q : Si un centre commercial a des exigences de conception uniques, le plafond perfor\u00e9 peut-il \u00eatre personnalis\u00e9, et quel est le cycle approximatif de personnalisation ?<\/span><\/span><\/h5>\n<div class=\"ace-line\" dir=\"auto\" data-node=\"true\"><span data-string=\"true\" data-enter=\"true\" data-leaf=\"true\">\u200b<\/span><\/div>\n<div class=\"ace-line\" dir=\"auto\" data-node=\"true\"><span data-leaf=\"true\"><span class=\"lb\">R : La personnalisation est tout \u00e0 fait possible. Nous sommes bien conscients que chaque centre commercial a son propre style et son propre plan, c'est pourquoi nous offrons des services de personnalisation complets. Que vous souhaitiez changer la couleur du plafond perfor\u00e9 pour centre commercial afin de l'harmoniser avec la d\u00e9coration g\u00e9n\u00e9rale, concevoir des textures exclusives pour ajouter une touche unique, ajuster le motif de perforation pour r\u00e9pondre \u00e0 des besoins sp\u00e9cifiques en mati\u00e8re d'acoustique ou de ventilation, ou m\u00eame modifier la taille pour l'adapter \u00e0 des espaces irr\u00e9guliers, nous pouvons le faire. Le cycle de personnalisation est g\u00e9n\u00e9ralement d'environ [2] semaines apr\u00e8s confirmation des d\u00e9tails de la commande. <\/span><\/span><span data-string=\"true\" data-enter=\"true\" data-leaf=\"true\">\u200b<\/span><\/div>\n<div class=\"ace-line heading-h3\" dir=\"auto\" data-node=\"true\"><span data-string=\"true\" data-enter=\"true\" data-leaf=\"true\">\u200b<\/span><\/div>\n<h5 class=\"ace-line\" dir=\"auto\" data-node=\"true\"><span data-leaf=\"true\"><span class=\"lb\">Q : Outre les centres commerciaux, quels sont les autres lieux commerciaux qui conviennent \u00e0 ce plafond perfor\u00e9 ?<\/span><\/span><\/h5>\n<div class=\"ace-line\" dir=\"auto\" data-node=\"true\"><span data-string=\"true\" data-enter=\"true\" data-leaf=\"true\">\u200b<\/span><\/div>\n<div class=\"ace-line\" dir=\"auto\" data-node=\"true\"><span data-leaf=\"true\"><span class=\"lb\">R : Les sc\u00e9narios d'application de ce plafond perfor\u00e9 pour centres commerciaux sont tr\u00e8s vastes. Dans le hall d'entr\u00e9e d'un immeuble de bureaux, ses excellentes performances acoustiques permettent de r\u00e9duire efficacement le bruit des pas et des conversations des personnes qui vont et viennent, cr\u00e9ant ainsi un environnement calme et professionnel. En m\u00eame temps, les diverses options de conception peuvent am\u00e9liorer consid\u00e9rablement l'esth\u00e9tique spatiale du hall d'entr\u00e9e, d\u00e9montrant ainsi l'image haut de gamme de l'immeuble de bureaux.<\/span><\/span><span data-string=\"true\" data-enter=\"true\" data-leaf=\"true\">\u200b<\/span><\/div>\n<div class=\"ace-line heading-h3\" dir=\"auto\" data-node=\"true\"><\/div>\n<h5 class=\"ace-line\" dir=\"auto\" data-node=\"true\"><span data-leaf=\"true\"><span class=\"lb\">Q : Comment maintenir la couleur et le lustre de la surface du plafond perfor\u00e9 du centre commercial apr\u00e8s une utilisation \u00e0 long terme ?<\/span><\/span><span data-string=\"true\" data-enter=\"true\" data-leaf=\"true\">\u200b<\/span><\/h5>\n<div class=\"ace-line\" dir=\"auto\" data-node=\"true\"><span data-leaf=\"true\"><span class=\"lb\">R : Le plafond perfor\u00e9 du centre commercial adopte des proc\u00e9d\u00e9s de traitement de surface avanc\u00e9s tels que la pulv\u00e9risation de fluorocarbone et l'anodisation. Ces proc\u00e9d\u00e9s permettent de cr\u00e9er un film protecteur extr\u00eamement solide sur la surface du plafond. Ce film protecteur est comme une barri\u00e8re solide qui peut r\u00e9sister efficacement \u00e0 l'invasion de divers facteurs au cours de l'utilisation quotidienne, notamment l'usure caus\u00e9e par le nettoyage et l'essuyage fr\u00e9quents, l'oxydation caus\u00e9e par l'oxyg\u00e8ne et l'humidit\u00e9 de l'air, et la d\u00e9coloration caus\u00e9e par la lumi\u00e8re.<\/span><\/span><span data-string=\"true\" data-enter=\"true\" data-leaf=\"true\">\u200b<\/span><\/div>\n<div class=\"ace-line heading-h3\" dir=\"auto\" data-node=\"true\"><span data-string=\"true\" data-enter=\"true\" data-leaf=\"true\">\u200b<\/span><\/div>\n<h5 class=\"ace-line\" dir=\"auto\" data-node=\"true\"><span data-leaf=\"true\"><span class=\"lb\">Q : Quelles sont les mesures et les normes sp\u00e9cifiques du plafond perfor\u00e9 en mati\u00e8re de s\u00e9curit\u00e9 incendie ?<\/span><\/span><\/h5>\n<div class=\"ace-line\" dir=\"auto\" data-node=\"true\"><span data-string=\"true\" data-enter=\"true\" data-leaf=\"true\">\u200b<\/span><\/div>\n<div class=\"ace-line\" dir=\"auto\" data-node=\"true\"><span data-leaf=\"true\"><span class=\"lb\">R : La s\u00e9curit\u00e9 est la priorit\u00e9 absolue dans la conception de nos produits. Les mat\u00e9riaux m\u00e9talliques s\u00e9lectionn\u00e9s pour nos plafonds perfor\u00e9s pour centres commerciaux ont par nature des propri\u00e9t\u00e9s non combustibles, ce qui \u00e9limine les risques d'incendie \u00e0 la source. De plus, les mat\u00e9riaux de traitement de surface ont \u00e9galement \u00e9t\u00e9 soigneusement s\u00e9lectionn\u00e9s et poss\u00e8dent d'excellentes propri\u00e9t\u00e9s ignifuges. En cas d'incendie, ils n'alimenteront pas le feu comme certains mat\u00e9riaux ordinaires, mais peuvent ralentir efficacement la propagation du feu.<\/span><\/span><\/div>\n<h5 class=\"ace-line heading-h3\" dir=\"auto\" data-node=\"true\"><span data-string=\"true\" data-enter=\"true\" data-leaf=\"true\">\u200b<\/span><\/h5>\n<h5 class=\"ace-line\" dir=\"auto\" data-node=\"true\"><span data-leaf=\"true\"><span class=\"lb\">Q : Comment coordonner l'installation du plafond perfor\u00e9 avec le syst\u00e8me d'extinction automatique d'incendie, et cela affectera-t-il l'effet de l'extinction automatique ?<\/span><\/span><span data-string=\"true\" data-enter=\"true\" data-leaf=\"true\">\u200b<\/span><\/h5>\n<div class=\"ace-line\" dir=\"auto\" data-node=\"true\"><span data-leaf=\"true\"><span class=\"lb\">R : Au cours du processus d'installation, notre \u00e9quipe professionnelle \u00e9tablira un plan scientifique et raisonnable pour le plafond perfor\u00e9 du centre commercial sur la base de la disposition d\u00e9taill\u00e9e du syst\u00e8me d'extinction automatique d'incendie. Pour la position des t\u00eates d'arrosage, des op\u00e9rations pr\u00e9cises et d\u00e9taill\u00e9es d'ouverture des trous seront effectu\u00e9es sur les panneaux du plafond perfor\u00e9 du centre commercial afin de s'assurer que les t\u00eates d'arrosage peuvent fonctionner correctement et n'auront pas d'impact n\u00e9gatif sur la couverture et l'effet des arroseurs. <\/span><\/span><span data-string=\"true\" data-enter=\"true\" data-leaf=\"true\">\u200b<\/span><\/div>\n<div dir=\"auto\" data-node=\"true\"><\/div>\n<\/div>\n<\/div>\n<\/div>\n<\/div>\n<\/div>\n<div class=\"message-block-container-CKPFh2\" data-testid=\"message-block-container\">\n<div class=\"message-box-y4MH8s\" data-testid=\"receive_message\">\n<div class=\"message-box-content-wrapper-fgNGpz\">\n<div class=\"message-content message-box-content-xoCEoU receive-message-box-content-bNaFpa samantha-message-box-content-gWlptz\" data-testid=\"message_content\">\n<div class=\"ace-line ol-idaXhy6tDJ list-div list-start-number1\" dir=\"auto\" data-node=\"true\">\n<div class=\"ace-line\" dir=\"auto\" data-node=\"true\"><\/div>\n<\/div>\n<\/div>\n<\/div>\n<\/div>\n<\/div>\n<\/div>\n<\/div>\n<\/div>\n<\/div>\n<h2><strong>Pourquoi choisir le plafond perfor\u00e9 pour centre commercial ?<\/strong><span data-string=\"true\" data-enter=\"true\" data-leaf=\"true\">\u200b<\/span><span data-string=\"true\" data-enter=\"true\" data-leaf=\"true\">\u200b<\/span>\u200b<\/h2>\n<div class=\"ace-line ol-idYkVlqDG3 list-div\" dir=\"auto\" data-node=\"true\">\n<div class=\"ace-line ol-idINzRDatm list-div list-start-number1\" dir=\"auto\" data-node=\"true\">\n<ol class=\"list-number1 r-list r-list-number\" start=\"1\" data-origin-start=\"1\" data-start=\"1\">\n<li data-start=\"1\"><span data-leaf=\"true\"><span class=\"lb\">Excellente performance acoustique<\/span><\/span><span data-leaf=\"true\"><span class=\"lb\">: Les perforations uniform\u00e9ment r\u00e9parties sur la surface, combin\u00e9es \u00e0 des mat\u00e9riaux internes absorbant le son, tels que le coton et le feutre absorbant le son, peuvent absorber efficacement les sons de diff\u00e9rentes fr\u00e9quences, r\u00e9duisant consid\u00e9rablement la r\u00e9flexion et la r\u00e9verb\u00e9ration du bruit. Selon des tests professionnels, il peut r\u00e9duire le bruit de [20-30] d\u00e9cibels, cr\u00e9ant un environnement acoustique calme et confortable pour les centres commerciaux et am\u00e9liorant l'exp\u00e9rience d'achat des clients.<\/span><\/span><span data-string=\"true\" data-enter=\"true\" data-leaf=\"true\">\u200b<\/span><\/li>\n<\/ol>\n<\/div>\n<div class=\"ace-line ol-idasR1WTwY list-div\" dir=\"auto\" data-node=\"true\">\n<ol class=\"list-number1 r-list r-list-number\" start=\"2\" data-origin-start=\"2\" data-start=\"2\">\n<li data-start=\"2\"><span data-leaf=\"true\"><span class=\"lb\">Ventilation et dissipation de la chaleur optimis\u00e9es<\/span><\/span><span data-leaf=\"true\"><span class=\"lb\">: La conception perfor\u00e9e forme un canal de ventilation naturelle, favorisant la convection de l'air et am\u00e9liorant efficacement la situation de la ventilation int\u00e9rieure. Par temps chaud ou dans les zones dens\u00e9ment peupl\u00e9es, il permet d'\u00e9vacuer rapidement l'air vici\u00e9, de r\u00e9duire la temp\u00e9rature int\u00e9rieure et de diminuer la consommation d'\u00e9nergie li\u00e9e \u00e0 la climatisation. Dans le m\u00eame temps, le plafond perfor\u00e9 peut aider les luminaires, les \u00e9quipements de ventilation, etc. install\u00e9s au plafond \u00e0 mieux dissiper la chaleur et \u00e0 prolonger la dur\u00e9e de vie de l'\u00e9quipement.<\/span><\/span><span data-string=\"true\" data-enter=\"true\" data-leaf=\"true\">\u200b<\/span><\/li>\n<\/ol>\n<\/div>\n<div class=\"ace-line ol-idXZLYSzEa list-div\" dir=\"auto\" data-node=\"true\">\n<ol class=\"list-number1 r-list r-list-number\" start=\"3\" data-origin-start=\"3\" data-start=\"3\">\n<li data-start=\"3\"><span data-leaf=\"true\"><span class=\"lb\">Conception diversifi\u00e9e et esth\u00e9tique<\/span><\/span><span data-leaf=\"true\"><span class=\"lb\">: Le plafond perfor\u00e9 pour centres commerciaux offre un vaste choix de couleurs, dont le blanc classique, le gris, le noir, ainsi que diverses couleurs neutres et caract\u00e9ristiques qui correspondent au style de d\u00e9coration du centre commercial. En termes de textures, il existe de fines textures de fil m\u00e9tallique, des textures imitant la pierre, des textures imitant le grain du bois, etc. <\/span><\/span><span data-leaf=\"true\"><span class=\"lb\">En ce qui concerne les formes, outre les plaques plates conventionnelles, il existe \u00e9galement des plaques sp\u00e9ciales avec des motifs concaves et convexes en trois dimensions et des motifs g\u00e9om\u00e9triques, qui r\u00e9pondent aux besoins de d\u00e9coration personnalis\u00e9s des diff\u00e9rents espaces et magasins et am\u00e9liorent la beaut\u00e9 g\u00e9n\u00e9rale du centre commercial.<\/span><\/span><span data-string=\"true\" data-enter=\"true\" data-leaf=\"true\">\u200b<\/span><\/li>\n<\/ol>\n<\/div>\n<div class=\"ace-line ol-idNtjZ6eMB list-div\" dir=\"auto\" data-node=\"true\">\n<ol class=\"list-number1 r-list r-list-number\" start=\"4\" data-origin-start=\"4\" data-start=\"4\">\n<li data-start=\"4\"><span data-leaf=\"true\"><span class=\"lb\">Installation et maintenance ais\u00e9es<\/span><\/span><span data-leaf=\"true\"><span class=\"lb\">: Le plafond perfor\u00e9 pour centre commercial adopte une conception standardis\u00e9e et le processus d'installation est simple et rapide. Les installateurs peuvent facilement fixer les panneaux du plafond perfor\u00e9 du centre commercial en place gr\u00e2ce au syst\u00e8me de quilles de soutien sans avoir besoin d'outils complexes ou de comp\u00e9tences professionnelles, ce qui raccourcit consid\u00e9rablement le temps d'installation. L'entretien quotidien est \u00e9galement tr\u00e8s pratique. La surface m\u00e9tallique est lisse et n'absorbe pas facilement la poussi\u00e8re et les taches. <\/span><\/span><span data-string=\"true\" data-enter=\"true\" data-leaf=\"true\">\u200b<\/span><\/li>\n<\/ol>\n<\/div>\n<div class=\"ace-line ol-idUfeQT6VC list-div\" dir=\"auto\" data-node=\"true\">\n<ol class=\"list-number1 r-list r-list-number\" start=\"5\" data-origin-start=\"5\" data-start=\"5\">\n<li data-start=\"5\"><span data-leaf=\"true\"><span class=\"lb\">Robuste et durable<\/span><\/span><span data-leaf=\"true\"><span class=\"lb\">: Des mat\u00e9riaux m\u00e9talliques de haute qualit\u00e9, tels que l'alliage d'aluminium et la t\u00f4le d'acier galvanis\u00e9e, sont s\u00e9lectionn\u00e9s et soumis \u00e0 une inspection stricte de la qualit\u00e9 et \u00e0 des processus de traitement de surface tels que l'anodisation et la pulv\u00e9risation \u00e9lectrostatique. Cela leur conf\u00e8re une grande solidit\u00e9 et une excellente r\u00e9sistance \u00e0 la corrosion. Il peut r\u00e9sister efficacement aux activit\u00e9s humaines fr\u00e9quentes, aux op\u00e9rations de nettoyage et aux \u00e9ventuelles collisions et frictions dans les centres commerciaux. Il n'est pas facile \u00e0 d\u00e9former, \u00e0 rouiller ou \u00e0 endommager, il a une longue dur\u00e9e de vie et r\u00e9duit les co\u00fbts de remplacement et d'entretien.<\/span><\/span><span data-string=\"true\" data-enter=\"true\" data-leaf=\"true\">\u200b<\/span><\/li>\n<\/ol>\n<\/div>\n<div class=\"ace-line ol-idzk0YBzlW list-div\" dir=\"auto\" data-node=\"true\"><\/div>\n<\/div>\n<div class=\"message-box-y4MH8s\" data-testid=\"receive_message\">\n<div class=\"message-box-content-wrapper-fgNGpz\">\n<h2>Contact US<\/h2>\n<\/div>\n<\/div>\n<div class=\"paragraph\">Pour plus d'informations ou pour passer une commande, veuillez contacter notre service client\u00e8le. Nous sommes l\u00e0 pour vous aider \u00e0 transformer votre vision architecturale en r\u00e9alit\u00e9 gr\u00e2ce \u00e0 nos plafonds perfor\u00e9s pour centres commerciaux.<\/div>\n<div><\/div>\n<div>\n<h3>\ud83d\udcde Whatsapp<strong>:<\/strong> <a href=\"https:\/\/api.whatsapp.com\/send\/?phone=8618566054354&amp;text\" target=\"_blank\" rel=\"noopener\">+86 18566054354<\/a><br \/>\n\ud83d\udce7 <strong>Courriel :<\/strong> <a href=\"mailto:damon@meterny.com\">damon@meterny.com<\/a><\/h3>\n<\/div>","protected":false},"excerpt":{"rendered":"<p id=\"\">Nous vous pr\u00e9sentons notre plafond perfor\u00e9 pour centres commerciaux, une solution de plafond haut de gamme con\u00e7ue sp\u00e9cialement pour l'environnement anim\u00e9 des centres commerciaux. Ce plafond comporte des panneaux en aluminium de haute qualit\u00e9 avec des perforations pr\u00e9cises, cr\u00e9ant un aspect moderne et esth\u00e9tique qui am\u00e9liore l'ambiance g\u00e9n\u00e9rale de tout espace commercial. Les perforations n'ajoutent pas seulement une touche de sophistication, elles ont aussi des fonctions, comme l'am\u00e9lioration de l'acoustique et une meilleure circulation de l'air.<\/p>\n<p id=\"\">Notre plafond perfor\u00e9 adopte un syst\u00e8me d'installation par clipsage, qui garantit un processus d'installation rapide et sans probl\u00e8me. Cela permet de gagner du temps et de r\u00e9duire les co\u00fbts de main-d'\u0153uvre, ce qui en fait un choix id\u00e9al pour les r\u00e9novations de centres commerciaux ou les nouvelles constructions. En outre, l'aluminium utilis\u00e9 est l\u00e9ger mais durable, capable de r\u00e9sister \u00e0 l'usure quotidienne d'un centre commercial tr\u00e8s fr\u00e9quent\u00e9. Le plafond est \u00e9galement facile \u00e0 nettoyer et \u00e0 entretenir, ce qui lui permet de conserver son aspect impeccable pendant de nombreuses ann\u00e9es.<\/p>\n<p id=\"\">Nous proposons un large \u00e9ventail d'options de personnalisation pour nos plafonds perfor\u00e9s pour centres commerciaux, notamment diff\u00e9rentes couleurs, finitions et motifs de perforation. Cela vous permet d'adapter le plafond au style et au th\u00e8me uniques de votre centre commercial. Que vous souhaitiez cr\u00e9er une atmosph\u00e8re \u00e9l\u00e9gante et moderne ou plus traditionnelle et \u00e9l\u00e9gante, notre plafond peut \u00eatre adapt\u00e9 \u00e0 vos besoins. Il convient parfaitement aux diff\u00e9rentes zones d'un centre commercial, telles que les halls d'entr\u00e9e, les couloirs, les aires de restauration et les espaces de vente, offrant ainsi une solution de plafond coh\u00e9rente et visuellement attrayante pour l'ensemble de votre espace commercial.<\/p>","protected":false},"featured_media":22086,"comment_status":"open","ping_status":"closed","template":"","meta":{"_uag_custom_page_level_css":"","site-sidebar-layout":"default","site-content-layout":"","ast-site-content-layout":"default","site-content-style":"default","site-sidebar-style":"default","ast-global-header-display":"","ast-banner-title-visibility":"","ast-main-header-display":"","ast-hfb-above-header-display":"","ast-hfb-below-header-display":"","ast-hfb-mobile-header-display":"","site-post-title":"","ast-breadcrumbs-content":"","ast-featured-img":"","footer-sml-layout":"","theme-transparent-header-meta":"default","adv-header-id-meta":"","stick-header-meta":"default","header-above-stick-meta":"","header-main-stick-meta":"","header-below-stick-meta":"","astra-migrate-meta-layouts":"set","ast-page-background-enabled":"default","ast-page-background-meta":{"desktop":{"background-color":"var(--ast-global-color-4)","background-image":"","background-repeat":"repeat","background-position":"center center","background-size":"auto","background-attachment":"scroll","background-type":"","background-media":"","overlay-type":"","overlay-color":"","overlay-opacity":"","overlay-gradient":""},"tablet":{"background-color":"","background-image":"","background-repeat":"repeat","background-position":"center center","background-size":"auto","background-attachment":"scroll","background-type":"","background-media":"","overlay-type":"","overlay-color":"","overlay-opacity":"","overlay-gradient":""},"mobile":{"background-color":"","background-image":"","background-repeat":"repeat","background-position":"center center","background-size":"auto","background-attachment":"scroll","background-type":"","background-media":"","overlay-type":"","overlay-color":"","overlay-opacity":"","overlay-gradient":""}},"ast-content-background-meta":{"desktop":{"background-color":"var(--ast-global-color-5)","background-image":"","background-repeat":"repeat","background-position":"center center","background-size":"auto","background-attachment":"scroll","background-type":"","background-media":"","overlay-type":"","overlay-color":"","overlay-opacity":"","overlay-gradient":""},"tablet":{"background-color":"var(--ast-global-color-5)","background-image":"","background-repeat":"repeat","background-position":"center center","background-size":"auto","background-attachment":"scroll","background-type":"","background-media":"","overlay-type":"","overlay-color":"","overlay-opacity":"","overlay-gradient":""},"mobile":{"background-color":"var(--ast-global-color-5)","background-image":"","background-repeat":"repeat","background-position":"center center","background-size":"auto","background-attachment":"scroll","background-type":"","background-media":"","overlay-type":"","overlay-color":"","overlay-opacity":"","overlay-gradient":""}}},"product_brand":[],"product_cat":[227],"product_tag":[958,954,956,957,955],"class_list":{"0":"post-22183","1":"product","2":"type-product","3":"status-publish","4":"has-post-thumbnail","6":"product_cat-aluminum-buckle-plate","7":"product_tag-commercial-aluminum-clip-in-ceiling-system","8":"product_tag-durable-perforated-ceiling-for-commercial-buildings","9":"product_tag-high-quality-clip-in-ceiling-panels-for-commercial-use","10":"product_tag-perforated-metal-aluminum-clip-in-ceiling-panel","11":"product_tag-ventilated-aluminum-clip-in-ceiling-panels","12":"desktop-align-center","13":"tablet-align-left","14":"mobile-align-left","15":"ast-product-gallery-layout-horizontal-slider","16":"ast-product-tabs-layout-vertical","18":"first","19":"instock","20":"shipping-taxable","21":"product-type-simple"},"uagb_featured_image_src":{"full":["https:\/\/meterny.com\/wp-content\/uploads\/2025\/03\/Meterny-Aluminum-Clip-in-Ceiling-Project-21.png",800,800,false],"thumbnail":["https:\/\/meterny.com\/wp-content\/uploads\/2025\/03\/Meterny-Aluminum-Clip-in-Ceiling-Project-21-150x150.png",150,150,true],"medium":["https:\/\/meterny.com\/wp-content\/uploads\/2025\/03\/Meterny-Aluminum-Clip-in-Ceiling-Project-21-300x300.png",300,300,true],"medium_large":["https:\/\/meterny.com\/wp-content\/uploads\/2025\/03\/Meterny-Aluminum-Clip-in-Ceiling-Project-21-768x768.png",768,768,true],"large":["https:\/\/meterny.com\/wp-content\/uploads\/2025\/03\/Meterny-Aluminum-Clip-in-Ceiling-Project-21.png",800,800,false],"1536x1536":["https:\/\/meterny.com\/wp-content\/uploads\/2025\/03\/Meterny-Aluminum-Clip-in-Ceiling-Project-21.png",800,800,false],"2048x2048":["https:\/\/meterny.com\/wp-content\/uploads\/2025\/03\/Meterny-Aluminum-Clip-in-Ceiling-Project-21.png",800,800,false],"trp-custom-language-flag":["https:\/\/meterny.com\/wp-content\/uploads\/2025\/03\/Meterny-Aluminum-Clip-in-Ceiling-Project-21-12x12.png",12,12,true],"woocommerce_thumbnail":["https:\/\/meterny.com\/wp-content\/uploads\/2025\/03\/Meterny-Aluminum-Clip-in-Ceiling-Project-21-300x300.png",300,300,true],"woocommerce_single":["https:\/\/meterny.com\/wp-content\/uploads\/2025\/03\/Meterny-Aluminum-Clip-in-Ceiling-Project-21-600x600.png",600,600,true],"woocommerce_gallery_thumbnail":["https:\/\/meterny.com\/wp-content\/uploads\/2025\/03\/Meterny-Aluminum-Clip-in-Ceiling-Project-21-100x100.png",100,100,true]},"uagb_author_info":{"display_name":"meterny","author_link":"https:\/\/meterny.com\/fr\/author\/"},"uagb_comment_info":0,"uagb_excerpt":"Introducing our Commercial Shopping Mall Perforated Ceiling, a premium ceiling solution designed specifically for the bustling environment of shopping malls. This ceiling features high-quality aluminum panels with precise perforations, creating a modern and aesthetically pleasing look that enhances the overall ambiance of any commercial space. The perforations not only add a touch of sophistication but\u2026","_links":{"self":[{"href":"https:\/\/meterny.com\/fr\/wp-json\/wp\/v2\/product\/22183","targetHints":{"allow":["GET"]}}],"collection":[{"href":"https:\/\/meterny.com\/fr\/wp-json\/wp\/v2\/product"}],"about":[{"href":"https:\/\/meterny.com\/fr\/wp-json\/wp\/v2\/types\/product"}],"replies":[{"embeddable":true,"href":"https:\/\/meterny.com\/fr\/wp-json\/wp\/v2\/comments?post=22183"}],"wp:featuredmedia":[{"embeddable":true,"href":"https:\/\/meterny.com\/fr\/wp-json\/wp\/v2\/media\/22086"}],"wp:attachment":[{"href":"https:\/\/meterny.com\/fr\/wp-json\/wp\/v2\/media?parent=22183"}],"wp:term":[{"taxonomy":"product_brand","embeddable":true,"href":"https:\/\/meterny.com\/fr\/wp-json\/wp\/v2\/product_brand?post=22183"},{"taxonomy":"product_cat","embeddable":true,"href":"https:\/\/meterny.com\/fr\/wp-json\/wp\/v2\/product_cat?post=22183"},{"taxonomy":"product_tag","embeddable":true,"href":"https:\/\/meterny.com\/fr\/wp-json\/wp\/v2\/product_tag?post=22183"}],"curies":[{"name":"wp","href":"https:\/\/api.w.org\/{rel}","templated":true}]}}