{"id":22215,"date":"2025-03-15T05:55:16","date_gmt":"2025-03-15T05:55:16","guid":{"rendered":"https:\/\/meterny.com\/?post_type=product&#038;p=22215"},"modified":"2025-03-15T12:31:09","modified_gmt":"2025-03-15T12:31:09","slug":"ventilated-aluminum-ceiling-with-perforations","status":"publish","type":"product","link":"https:\/\/meterny.com\/fr\/produit\/ventilated-aluminum-ceiling-with-perforations\/","title":{"rendered":"Plafond ventil\u00e9 en aluminium avec perforations"},"content":{"rendered":"<div class=\"inner-LOKNYu inner-item-AQrr_W\" data-target-id=\"message-box-target-id\" data-testid=\"union_message\">\n<div class=\"message-block-container-CKPFh2\" data-testid=\"message-block-container\">\n<div class=\"message-box-y4MH8s\" data-testid=\"receive_message\">\n<div class=\"message-box-content-wrapper-fgNGpz\">\n<div dir=\"auto\" data-node=\"true\">\n<div class=\"ace-line ol-idn0ybuWH0 list-div\" dir=\"auto\" data-node=\"true\">\n<div dir=\"auto\" data-node=\"true\">\n<div class=\"ace-line ol-idtG1GXTTs list-div\" dir=\"auto\" data-node=\"true\">\n<h2 class=\"ace-line ol-idXDw3kCvu list-div\" dir=\"auto\" data-node=\"true\"><strong>Plafond ventil\u00e9 en aluminium avec perforations<\/strong><\/h2>\n<p>&nbsp;<\/p>\n<div class=\"ace-line ol-idiZhfjdQA list-div\" dir=\"auto\" data-node=\"true\">\n<h3 class=\"ace-line heading-h2\" dir=\"auto\" data-node=\"true\"><span data-leaf=\"true\"><span class=\"lb\">Aper\u00e7u du produit<\/span><\/span><span data-string=\"true\" data-enter=\"true\" data-leaf=\"true\">\u200b<\/span><\/h3>\n<div class=\"ace-line\" dir=\"auto\" data-node=\"true\"><span data-leaf=\"true\"><span class=\"lb\">Le plafond ventil\u00e9 en aluminium avec perforations est un produit de d\u00e9coration architecturale haut de gamme qui combine un design innovant et d'excellentes performances. Il est sp\u00e9cialement con\u00e7u pour les lieux o\u00f9 les exigences en mati\u00e8re de qualit\u00e9 de l'environnement int\u00e9rieur sont strictes, tels que les espaces commerciaux, les bureaux et les installations publiques. Ce plafond est fabriqu\u00e9 \u00e0 partir d'un alliage d'aluminium de haute qualit\u00e9, associ\u00e9 \u00e0 une technologie de perforation pr\u00e9cise et \u00e0 une conception unique de la structure de ventilation. Il s'engage \u00e0 fournir aux utilisateurs une solution haut de gamme qui int\u00e8gre de multiples avantages tels qu'une ventilation efficace, de bonnes performances acoustiques, un aspect esth\u00e9tique, ainsi qu'une robustesse et une durabilit\u00e9.<\/span><\/span><\/div>\n<div dir=\"auto\" data-node=\"true\"><\/div>\n<div dir=\"auto\" data-node=\"true\">\n<figure id=\"attachment_22080\" aria-describedby=\"caption-attachment-22080\" style=\"width: 1024px\" class=\"wp-caption alignnone\"><img loading=\"lazy\" decoding=\"async\" class=\"wp-image-22080\" src=\"https:\/\/meterny.com\/wp-content\/uploads\/2025\/03\/Meterny-Aluminum-Clip-in-Ceiling-Panel-17.png\" alt=\"Plafond ventil\u00e9 en aluminium avec perforations\" width=\"1024\" height=\"1024\" srcset=\"https:\/\/meterny.com\/wp-content\/uploads\/2025\/03\/Meterny-Aluminum-Clip-in-Ceiling-Panel-17.png 800w, https:\/\/meterny.com\/wp-content\/uploads\/2025\/03\/Meterny-Aluminum-Clip-in-Ceiling-Panel-17-300x300.png 300w, https:\/\/meterny.com\/wp-content\/uploads\/2025\/03\/Meterny-Aluminum-Clip-in-Ceiling-Panel-17-150x150.png 150w, https:\/\/meterny.com\/wp-content\/uploads\/2025\/03\/Meterny-Aluminum-Clip-in-Ceiling-Panel-17-768x768.png 768w, https:\/\/meterny.com\/wp-content\/uploads\/2025\/03\/Meterny-Aluminum-Clip-in-Ceiling-Panel-17-600x600.png 600w, https:\/\/meterny.com\/wp-content\/uploads\/2025\/03\/Meterny-Aluminum-Clip-in-Ceiling-Panel-17-100x100.png 100w\" sizes=\"auto, (max-width: 1024px) 100vw, 1024px\" \/><figcaption id=\"caption-attachment-22080\" class=\"wp-caption-text\">Clip ventil\u00e9 en aluminium dans le plafond avec perforations - Air frais, style moderne.<\/figcaption><\/figure>\n<\/div>\n<\/div>\n<h3 class=\"ace-line heading-h2\" dir=\"auto\" data-node=\"true\"><span data-leaf=\"true\"><span class=\"lb\">Application du produit<\/span><\/span><span data-string=\"true\" data-enter=\"true\" data-leaf=\"true\">\u200b<\/span><\/h3>\n<div class=\"ace-line ol-idYj3H7qzG list-div list-start-number1\" dir=\"auto\" data-node=\"true\">\n<ol class=\"list-number1 r-list r-list-number\" start=\"1\" data-origin-start=\"1\" data-start=\"1\">\n<li data-start=\"1\"><span data-leaf=\"true\"><span class=\"lb\">Espaces commerciaux<\/span><\/span><span data-leaf=\"true\"><span class=\"lb\">: Dans les lieux commerciaux tels que les centres commerciaux, les supermarch\u00e9s et les magasins sp\u00e9cialis\u00e9s, le plafond ventil\u00e9 en aluminium avec perforations peut am\u00e9liorer efficacement la qualit\u00e9 de l'air int\u00e9rieur, disperser les odeurs et les sensations d'\u00e9touffement g\u00e9n\u00e9r\u00e9es par une foule dense, et cr\u00e9er un environnement d'achat confortable pour les clients. <\/span><\/span><span data-string=\"true\" data-enter=\"true\" data-leaf=\"true\">\u200b<\/span><\/li>\n<\/ol>\n<\/div>\n<div class=\"ace-line ol-idTVJvjfqx list-div\" dir=\"auto\" data-node=\"true\">\n<ol class=\"list-number1 r-list r-list-number\" start=\"2\" data-origin-start=\"2\" data-start=\"2\">\n<li data-start=\"2\"><span data-leaf=\"true\"><span class=\"lb\">Zones de bureaux<\/span><\/span><span data-leaf=\"true\"><span class=\"lb\">: Les espaces de travail tels que les bureaux et les immeubles de bureaux n\u00e9cessitent un environnement de travail silencieux, confortable et \u00e0 l'air frais. Le plafond ventil\u00e9 en aluminium avec perforations permet d'\u00e9vacuer efficacement les gaz d'\u00e9chappement g\u00e9n\u00e9r\u00e9s par le travail du personnel et le fonctionnement des \u00e9quipements dans la pi\u00e8ce, de maintenir l'air frais et d'am\u00e9liorer l'efficacit\u00e9 du travail des employ\u00e9s. <\/span><\/span><span data-string=\"true\" data-enter=\"true\" data-leaf=\"true\">\u200b<\/span><\/li>\n<\/ol>\n<\/div>\n<div class=\"ace-line ol-idAFVhYjkh list-div\" dir=\"auto\" data-node=\"true\">\n<ol class=\"list-number1 r-list r-list-number\" start=\"3\" data-origin-start=\"3\" data-start=\"3\">\n<li data-start=\"3\"><span data-leaf=\"true\"><span class=\"lb\">Installations publiques<\/span><\/span><span data-leaf=\"true\"><span class=\"lb\">: Le plafond ventil\u00e9 en aluminium avec perforations a \u00e9galement un large \u00e9ventail d'applications dans les installations publiques telles que les \u00e9coles, les h\u00f4pitaux, les biblioth\u00e8ques et les stades. Dans les salles de classe, il permet d'assurer une bonne circulation de l'air et une atmosph\u00e8re d'enseignement calme pour les \u00e9l\u00e8ves et les enseignants ; dans les services hospitaliers, il contribue \u00e0 maintenir la circulation de l'air, \u00e0 r\u00e9duire la prolif\u00e9ration des bact\u00e9ries et \u00e0 favoriser le r\u00e9tablissement des patients.<\/span><\/span><span data-string=\"true\" data-enter=\"true\" data-leaf=\"true\">\u200b<\/span><\/li>\n<\/ol>\n<\/div>\n<div class=\"ace-line ol-idlqLnKoKD list-div\" dir=\"auto\" data-node=\"true\">\n<ol class=\"list-number1 r-list r-list-number\" start=\"4\" data-origin-start=\"4\" data-start=\"4\">\n<li data-start=\"4\"><span data-leaf=\"true\"><span class=\"lb\">Usines industrielles<\/span><\/span><span data-leaf=\"true\"><span class=\"lb\">: Dans les usines industrielles, la chaleur, les gaz d'\u00e9chappement et le bruit g\u00e9n\u00e9r\u00e9s par le fonctionnement des \u00e9quipements posent g\u00e9n\u00e9ralement des probl\u00e8mes. Le plafond ventil\u00e9 en aluminium avec perforations peut rapidement \u00e9vacuer les gaz d'\u00e9chappement et la chaleur gr\u00e2ce \u00e0 sa fonction de ventilation efficace, am\u00e9liorant ainsi l'environnement de travail dans l'usine. <\/span><\/span><span data-string=\"true\" data-enter=\"true\" data-leaf=\"true\">\u200b<\/span><\/li>\n<\/ol>\n<\/div>\n<p><span style=\"font-size: 1.5em; font-weight: bold;\">Sp\u00e9cifications techniques(1)<\/span><\/p>\n<\/div>\n<\/div>\n<\/div>\n<\/div>\n<\/div>\n<\/div>\n<\/div>\n<\/div>\n<div class=\"inner-LOKNYu inner-item-AQrr_W\" data-target-id=\"message-box-target-id\" data-testid=\"union_message\">\n<div class=\"message-block-container-CKPFh2\" data-testid=\"message-block-container\">\n<div class=\"message-box-y4MH8s\" data-testid=\"receive_message\">\n<div class=\"message-box-content-wrapper-fgNGpz\">\n<div class=\"message-content message-box-content-xoCEoU receive-message-box-content-bNaFpa samantha-message-box-content-gWlptz\" data-testid=\"message_content\">\n<div class=\"container-ZYIsnH flow-markdown-body theme-samantha-Nbr9UN\" dir=\"ltr\" data-testid=\"message_text_content\" data-show-indicator=\"false\">\n<div class=\"container-ZYIsnH flow-markdown-body theme-samantha-Nbr9UN\" dir=\"ltr\" data-testid=\"message_text_content\" data-show-indicator=\"false\">\n<div class=\"container-ZYIsnH flow-markdown-body theme-samantha-Nbr9UN\" dir=\"ltr\" data-testid=\"message_text_content\" data-show-indicator=\"false\">\n<div class=\"container-ZYIsnH flow-markdown-body theme-samantha-Nbr9UN\" dir=\"ltr\" data-testid=\"message_text_content\" data-show-indicator=\"false\">\n<div>\n<div class=\"auto-hide-last-sibling-br table-container-GhL7Lo\">\n<table style=\"height: 575px;\" width=\"739\">\n<thead>\n<tr>\n<th>Objet<\/th>\n<th>Param\u00e8tres<\/th>\n<\/tr>\n<\/thead>\n<tbody>\n<tr>\n<td>Mat\u00e9riau<\/td>\n<td>Alliage d'aluminium (6063\/T6, etc.)<\/td>\n<\/tr>\n<tr>\n<td>\u00c9paisseur<\/td>\n<td>G\u00e9n\u00e9ralement 2,0 mm - 4,0 mm, personnalisable<\/td>\n<\/tr>\n<tr>\n<td>Taux de perforation<\/td>\n<td>10% - 50%, r\u00e9glable selon les besoins<\/td>\n<\/tr>\n<tr>\n<td>Diam\u00e8tre du trou<\/td>\n<td>3mm - 20mm, diff\u00e9rentes sp\u00e9cifications disponibles<\/td>\n<\/tr>\n<tr>\n<td>Traitement de surface<\/td>\n<td>PVDF, polyester, anodisation, rev\u00eatement en poudre, peinture au fluorocarbone, etc.<\/td>\n<\/tr>\n<tr>\n<td>Couleur<\/td>\n<td>Personnalisable en fonction des cartes de couleurs, les couleurs courantes sont le blanc argent\u00e9, le gris, le noir, l'or, etc.<\/td>\n<\/tr>\n<tr>\n<td>Taille<\/td>\n<td>Les tailles conventionnelles sont 1200mm\u00d72400mm, 1500mm\u00d73000mm, etc., et peuvent \u00e9galement \u00eatre personnalis\u00e9es selon les besoins.<\/td>\n<\/tr>\n<\/tbody>\n<\/table>\n<\/div>\n<\/div>\n<h3>Sp\u00e9cifications techniques(2)<\/h3>\n<p>&nbsp;<\/p>\n<table style=\"height: 515px;\" width=\"347\">\n<thead>\n<tr>\n<th><strong>Sp\u00e9cifications<\/strong><\/th>\n<th><strong>D\u00e9tails<\/strong><\/th>\n<\/tr>\n<\/thead>\n<tbody>\n<tr>\n<td><strong>Poids<\/strong><\/td>\n<td>2,5-3,5 kg par m\u00e8tre carr\u00e9 (en fonction de l'\u00e9paisseur)<\/td>\n<\/tr>\n<tr>\n<td><strong>Options de finition<\/strong><\/td>\n<td>Brillant, mat, grain de bois, bross\u00e9, etc.<\/td>\n<\/tr>\n<tr>\n<td><strong>Conception<\/strong><\/td>\n<td>Motifs floraux, motifs g\u00e9om\u00e9triques, motifs complexes, art abstrait, logos textuels, etc.<\/td>\n<\/tr>\n<tr>\n<td><strong>Mod\u00e8les de perforation<\/strong><\/td>\n<td>Des motifs circulaires, carr\u00e9s, diamant\u00e9s, hexagonaux et autres sont disponibles.<\/td>\n<\/tr>\n<tr>\n<td><strong>R\u00e9sistance au feu<\/strong><\/td>\n<td>A2 Classement au feu (incombustible)<\/td>\n<\/tr>\n<tr>\n<td><strong>Garantie<\/strong><\/td>\n<td>10-15 ans (en fonction de la finition et de l'application)<\/td>\n<\/tr>\n<tr>\n<td><strong>Applications<\/strong><\/td>\n<td>tous les rev\u00eatements, plafonds, s\u00e9parateurs de pi\u00e8ces, \u00e9crans d\u00e9coratifs, fa\u00e7ades, cloisons, cl\u00f4tures, brise-soleil, d\u00e9coration int\u00e9rieure, etc.<\/td>\n<\/tr>\n<tr>\n<td><strong>Installation<\/strong><\/td>\n<td>Montage mural (vis ou bandes adh\u00e9sives)\/Installation facile gr\u00e2ce \u00e0 diverses options de montage (vis, supports, cadres)\/Comprend la fixation directe, les syst\u00e8mes \u00e0 cadre ou les panneaux d'accrochage en fonction de l'application<\/td>\n<\/tr>\n<tr>\n<td><strong>Autres services<\/strong><\/td>\n<td>Services de personnalisation<\/td>\n<\/tr>\n<\/tbody>\n<\/table>\n<\/div>\n<div class=\"container-ZYIsnH flow-markdown-body theme-samantha-Nbr9UN\" dir=\"ltr\" data-testid=\"message_text_content\" data-show-indicator=\"false\">\n<p><strong style=\"font-size: 1.5em;\">Finitions et options de personnalisation :<\/strong><\/p>\n<\/div>\n<div class=\"container-ZYIsnH flow-markdown-body theme-samantha-Nbr9UN\" dir=\"ltr\" data-testid=\"message_text_content\" data-show-indicator=\"false\">\n<ul>\n<li><strong>Anodis\u00e9 Finition :<\/strong> Offre un aspect m\u00e9tallique \u00e9l\u00e9gant et une protection accrue contre la corrosion.<\/li>\n<li><strong>Finition par poudrage :<\/strong> Offre une large gamme d'options de couleurs avec un rev\u00eatement lisse et durable.<\/li>\n<li><strong>Aluminium bross\u00e9 :<\/strong> Finition mate \u00e9l\u00e9gante pour un aspect contemporain.<\/li>\n<li><strong>Perforations personnalis\u00e9es :<\/strong> Adaptez la taille des trous, les motifs et le pourcentage de surface ouverte \u00e0 vos besoins sp\u00e9cifiques en mati\u00e8re de design et de fonctionnalit\u00e9.<\/li>\n<\/ul>\n<\/div>\n<\/div>\n<\/div>\n<\/div>\n<\/div>\n<\/div>\n<\/div>\n<\/div>\n<\/div>\n<div class=\"inner-LOKNYu inner-item-AQrr_W\" data-target-id=\"message-box-target-id\" data-testid=\"union_message\">\n<div class=\"message-block-container-CKPFh2\" data-testid=\"message-block-container\">\n<div class=\"message-box-y4MH8s\" data-testid=\"receive_message\">\n<div class=\"message-box-content-wrapper-fgNGpz\">\n<h3 class=\"message-content message-box-content-xoCEoU receive-message-box-content-bNaFpa samantha-message-box-content-gWlptz\" data-testid=\"message_content\">Plus de designs<\/h3>\n<p>&nbsp;<\/p>\n<p>&nbsp;<\/p>\n<figure id=\"attachment_17270\" aria-describedby=\"caption-attachment-17270\" style=\"width: 1024px\" class=\"wp-caption alignnone\"><img loading=\"lazy\" decoding=\"async\" class=\"wp-image-17270\" src=\"https:\/\/meterny.com\/wp-content\/uploads\/2024\/07\/\u4e0b\u8f7d-19.jpg\" alt=\"Une vari\u00e9t\u00e9 de panneaux de plafond \u00e0 clipser en aluminium\" width=\"1024\" height=\"1024\" srcset=\"https:\/\/meterny.com\/wp-content\/uploads\/2024\/07\/\u4e0b\u8f7d-19.jpg 1200w, https:\/\/meterny.com\/wp-content\/uploads\/2024\/07\/\u4e0b\u8f7d-19-300x300.jpg 300w, https:\/\/meterny.com\/wp-content\/uploads\/2024\/07\/\u4e0b\u8f7d-19-1024x1024.jpg 1024w, https:\/\/meterny.com\/wp-content\/uploads\/2024\/07\/\u4e0b\u8f7d-19-150x150.jpg 150w, https:\/\/meterny.com\/wp-content\/uploads\/2024\/07\/\u4e0b\u8f7d-19-768x768.jpg 768w, https:\/\/meterny.com\/wp-content\/uploads\/2024\/07\/\u4e0b\u8f7d-19-600x600.jpg 600w, https:\/\/meterny.com\/wp-content\/uploads\/2024\/07\/\u4e0b\u8f7d-19-100x100.jpg 100w\" sizes=\"auto, (max-width: 1024px) 100vw, 1024px\" \/><figcaption id=\"caption-attachment-17270\" class=\"wp-caption-text\">Une vari\u00e9t\u00e9 de panneaux de plafond \u00e0 clipser en aluminium, pr\u00e9sentant divers styles pour des int\u00e9rieurs polyvalents.<\/figcaption><\/figure>\n<\/div>\n<\/div>\n<\/div>\n<\/div>\n<div class=\"inner-LOKNYu inner-item-AQrr_W\" data-target-id=\"message-box-target-id\" data-testid=\"union_message\">\n<div class=\"message-block-container-CKPFh2\" data-testid=\"message-block-container\">\n<div class=\"message-box-y4MH8s\" data-testid=\"receive_message\">\n<h3 class=\"message-box-content-wrapper-fgNGpz\"><strong>Galerie<\/strong><\/h3>\n<div class=\"mceTemp\"><\/div>\n<figure id=\"attachment_22079\" aria-describedby=\"caption-attachment-22079\" style=\"width: 1024px\" class=\"wp-caption alignnone\"><img loading=\"lazy\" decoding=\"async\" class=\"wp-image-22079\" src=\"https:\/\/meterny.com\/wp-content\/uploads\/2025\/03\/Meterny-Aluminum-Clip-in-Ceiling-Panel-16.jpg\" alt=\"Clip dans le plafond en aluminium perfor\u00e9\" width=\"1024\" height=\"1024\" srcset=\"https:\/\/meterny.com\/wp-content\/uploads\/2025\/03\/Meterny-Aluminum-Clip-in-Ceiling-Panel-16.jpg 800w, https:\/\/meterny.com\/wp-content\/uploads\/2025\/03\/Meterny-Aluminum-Clip-in-Ceiling-Panel-16-300x300.jpg 300w, https:\/\/meterny.com\/wp-content\/uploads\/2025\/03\/Meterny-Aluminum-Clip-in-Ceiling-Panel-16-150x150.jpg 150w, https:\/\/meterny.com\/wp-content\/uploads\/2025\/03\/Meterny-Aluminum-Clip-in-Ceiling-Panel-16-768x768.jpg 768w, https:\/\/meterny.com\/wp-content\/uploads\/2025\/03\/Meterny-Aluminum-Clip-in-Ceiling-Panel-16-600x600.jpg 600w, https:\/\/meterny.com\/wp-content\/uploads\/2025\/03\/Meterny-Aluminum-Clip-in-Ceiling-Panel-16-100x100.jpg 100w\" sizes=\"auto, (max-width: 1024px) 100vw, 1024px\" \/><figcaption id=\"caption-attachment-22079\" class=\"wp-caption-text\">Plafond \u00e0 clipser en aluminium perfor\u00e9 - \u00c9l\u00e9gance sans effort et ventilation efficace.<\/figcaption><\/figure>\n<figure id=\"attachment_22089\" aria-describedby=\"caption-attachment-22089\" style=\"width: 1024px\" class=\"wp-caption alignnone\"><img loading=\"lazy\" decoding=\"async\" class=\"wp-image-22089\" src=\"https:\/\/meterny.com\/wp-content\/uploads\/2025\/03\/Meterny-Aluminum-Clip-in-Ceiling-Project-24.png\" alt=\"Plafond \u00e0 clipser m\u00e9tallique acoustique pour salle de r\u00e9ception\" width=\"1024\" height=\"1024\" srcset=\"https:\/\/meterny.com\/wp-content\/uploads\/2025\/03\/Meterny-Aluminum-Clip-in-Ceiling-Project-24.png 800w, https:\/\/meterny.com\/wp-content\/uploads\/2025\/03\/Meterny-Aluminum-Clip-in-Ceiling-Project-24-300x300.png 300w, https:\/\/meterny.com\/wp-content\/uploads\/2025\/03\/Meterny-Aluminum-Clip-in-Ceiling-Project-24-150x150.png 150w, https:\/\/meterny.com\/wp-content\/uploads\/2025\/03\/Meterny-Aluminum-Clip-in-Ceiling-Project-24-768x768.png 768w, https:\/\/meterny.com\/wp-content\/uploads\/2025\/03\/Meterny-Aluminum-Clip-in-Ceiling-Project-24-600x600.png 600w, https:\/\/meterny.com\/wp-content\/uploads\/2025\/03\/Meterny-Aluminum-Clip-in-Ceiling-Project-24-100x100.png 100w\" sizes=\"auto, (max-width: 1024px) 100vw, 1024px\" \/><figcaption id=\"caption-attachment-22089\" class=\"wp-caption-text\">Harmonie de la salle de r\u00e9ception : Plafond Acoustique M\u00e9tallique \u00e0 Clips.<\/figcaption><\/figure>\n<figure id=\"attachment_17254\" aria-describedby=\"caption-attachment-17254\" style=\"width: 1024px\" class=\"wp-caption alignnone\"><img loading=\"lazy\" decoding=\"async\" class=\"wp-image-17254\" src=\"https:\/\/meterny.com\/wp-content\/uploads\/2024\/07\/5-181ZHU.png\" alt=\"Plafonds suspendus modernes \u00e0 clipser en aluminium\" width=\"1024\" height=\"1024\" srcset=\"https:\/\/meterny.com\/wp-content\/uploads\/2024\/07\/5-181ZHU.png 800w, https:\/\/meterny.com\/wp-content\/uploads\/2024\/07\/5-181ZHU-300x300.png 300w, https:\/\/meterny.com\/wp-content\/uploads\/2024\/07\/5-181ZHU-150x150.png 150w, https:\/\/meterny.com\/wp-content\/uploads\/2024\/07\/5-181ZHU-768x768.png 768w, https:\/\/meterny.com\/wp-content\/uploads\/2024\/07\/5-181ZHU-600x600.png 600w, https:\/\/meterny.com\/wp-content\/uploads\/2024\/07\/5-181ZHU-100x100.png 100w\" sizes=\"auto, (max-width: 1024px) 100vw, 1024px\" \/><figcaption id=\"caption-attachment-17254\" class=\"wp-caption-text\">Plafond \u00e0 clipser en aluminium durable, con\u00e7u pour les int\u00e9rieurs \u00e0 haute performance.<\/figcaption><\/figure>\n<\/div>\n<\/div>\n<\/div>\n<h3>Si vous voulez en savoir plus, cliquez sur ce lien vers youtube :<a href=\"https:\/\/youtu.be\/NWIqctyYzLg\" target=\"_blank\" rel=\"noopener\">https:\/\/youtu.be\/NWIqctyYzLg<\/a><\/h3>\n<p>&nbsp;<\/p>\n<h3><strong>Nous contacter<\/strong>:<\/h3>\n<p>Si vous \u00eates int\u00e9ress\u00e9 par nos plafonds ventil\u00e9s en aluminium avec perforations, n'h\u00e9sitez pas \u00e0 nous contacter pour plus d'informations ou un devis gratuit !<\/p>\n<h3>\ud83d\udcde Whatsapp<strong>:<\/strong> <a href=\"https:\/\/api.whatsapp.com\/send\/?phone=8618566054354&amp;text\" target=\"_blank\" rel=\"noopener\">+86 18566054354<\/a><br \/>\n\ud83d\udce7 <strong>Courriel :<\/strong> <a href=\"mailto:damon@meterny.com\">damon@meterny.com<\/a><\/h3>\n<h3><\/h3>\n<h3>Machine d'usine<\/h3>\n<hr \/>\n<figure id=\"attachment_17138\" aria-describedby=\"caption-attachment-17138\" style=\"width: 1024px\" class=\"wp-caption alignnone\"><img loading=\"lazy\" decoding=\"async\" class=\"wp-image-17138\" src=\"https:\/\/meterny.com\/wp-content\/uploads\/2024\/09\/Hfef82f3530aa4d3db8ebb2939cd54a108.jpg\" alt=\"Flux de travail de l&#039;usine de panneaux d&#039;aluminium Meterny\" width=\"1024\" height=\"1024\" srcset=\"https:\/\/meterny.com\/wp-content\/uploads\/2024\/09\/Hfef82f3530aa4d3db8ebb2939cd54a108.jpg 1200w, https:\/\/meterny.com\/wp-content\/uploads\/2024\/09\/Hfef82f3530aa4d3db8ebb2939cd54a108-300x300.jpg 300w, https:\/\/meterny.com\/wp-content\/uploads\/2024\/09\/Hfef82f3530aa4d3db8ebb2939cd54a108-1024x1024.jpg 1024w, https:\/\/meterny.com\/wp-content\/uploads\/2024\/09\/Hfef82f3530aa4d3db8ebb2939cd54a108-150x150.jpg 150w, https:\/\/meterny.com\/wp-content\/uploads\/2024\/09\/Hfef82f3530aa4d3db8ebb2939cd54a108-768x768.jpg 768w, https:\/\/meterny.com\/wp-content\/uploads\/2024\/09\/Hfef82f3530aa4d3db8ebb2939cd54a108-600x600.jpg 600w, https:\/\/meterny.com\/wp-content\/uploads\/2024\/09\/Hfef82f3530aa4d3db8ebb2939cd54a108-100x100.jpg 100w\" sizes=\"auto, (max-width: 1024px) 100vw, 1024px\" \/><figcaption id=\"caption-attachment-17138\" class=\"wp-caption-text\">Les ouvriers de l'usine de panneaux d'aluminium Meterny en action : De la d\u00e9coupe au rev\u00eatement.<\/figcaption><\/figure>\n<h3>Guide d'installation<\/h3>\n<p>Installation du plafond ventil\u00e9 en aluminium avec perforations de METERNY<span style=\"font-size: 16px;\">)des panneaux en aluminium est simple et nous fournissons des instructions d'installation d\u00e9taill\u00e9es pour garantir l'efficacit\u00e9 de votre projet. Voici un aper\u00e7u du processus d'installation :<\/span><\/p>\n<ol>\n<li><strong>Pr\u00e9paration de la surface<\/strong><br \/>\nS'assurer que la surface sur laquelle le plafond ventil\u00e9 en aluminium avec perforations sera fix\u00e9 est propre, plane et s\u00e8che. Toute irr\u00e9gularit\u00e9 de la surface doit \u00eatre corrig\u00e9e afin de garantir une bonne adh\u00e9rence et un bon alignement du plafond ventil\u00e9 en aluminium avec perforations.<\/li>\n<li><strong>Installer le Framework\u3002<\/strong><br \/>\nUtiliser une ossature m\u00e9tallique appropri\u00e9e pour soutenir le plafond ventil\u00e9 en aluminium avec perforations. L'ossature doit \u00eatre align\u00e9e conform\u00e9ment aux mesures sp\u00e9cifi\u00e9es dans le projet.<\/li>\n<li><strong>Fixation du panneau<\/strong><br \/>\nLe plafond ventil\u00e9 en aluminium avec perforations peut \u00eatre install\u00e9 \u00e0 l'aide de clips, de vis ou de rivets. La m\u00e9thode de fixation d\u00e9pend du type de panneau et des exigences sp\u00e9cifiques de votre projet. Veillez \u00e0 ce que tous les panneaux soient solidement fix\u00e9s afin d'\u00e9viter tout mouvement.<\/li>\n<li><strong>Contr\u00f4les finaux<\/strong><br \/>\nApr\u00e8s l'installation, proc\u00e9der \u00e0 une inspection finale pour s'assurer que tous les plafonds ventil\u00e9s en aluminium avec perforations sont correctement align\u00e9s et solidement fix\u00e9s. Nettoyer le plafond ventil\u00e9 en aluminium avec perforations pour \u00e9liminer tout d\u00e9bris d'installation.<\/li>\n<\/ol>\n<p>Pour des instructions plus d\u00e9taill\u00e9es ou des services d'installation professionnels, veuillez nous contacter.<\/p>\n<p><img loading=\"lazy\" decoding=\"async\" class=\"wp-image-17137\" src=\"https:\/\/meterny.com\/wp-content\/uploads\/2024\/09\/Hd60cc4e1bad449eb8405a223ef59338e2.jpg\" alt=\"Panneaux d&#039;aluminium sur mesure en attente de finition\" width=\"1024\" height=\"1024\" srcset=\"https:\/\/meterny.com\/wp-content\/uploads\/2024\/09\/Hd60cc4e1bad449eb8405a223ef59338e2.jpg 1200w, https:\/\/meterny.com\/wp-content\/uploads\/2024\/09\/Hd60cc4e1bad449eb8405a223ef59338e2-300x300.jpg 300w, https:\/\/meterny.com\/wp-content\/uploads\/2024\/09\/Hd60cc4e1bad449eb8405a223ef59338e2-1024x1024.jpg 1024w, https:\/\/meterny.com\/wp-content\/uploads\/2024\/09\/Hd60cc4e1bad449eb8405a223ef59338e2-150x150.jpg 150w, https:\/\/meterny.com\/wp-content\/uploads\/2024\/09\/Hd60cc4e1bad449eb8405a223ef59338e2-768x768.jpg 768w, https:\/\/meterny.com\/wp-content\/uploads\/2024\/09\/Hd60cc4e1bad449eb8405a223ef59338e2-600x600.jpg 600w, https:\/\/meterny.com\/wp-content\/uploads\/2024\/09\/Hd60cc4e1bad449eb8405a223ef59338e2-100x100.jpg 100w\" sizes=\"auto, (max-width: 1024px) 100vw, 1024px\" \/><\/p>\n<div class=\"container-ncFTrL\">\n<div class=\"item-KOa3z_\">\n<div class=\"container-rBgb6B chrome70-container\">\n<div class=\"inner-LOKNYu inner-item-AQrr_W\" data-target-id=\"message-box-target-id\" data-testid=\"union_message\">\n<div class=\"message-block-container-CKPFh2\" data-testid=\"message-block-container\">\n<div class=\"message-box-y4MH8s\" data-testid=\"receive_message\">\n<div class=\"message-box-content-wrapper-fgNGpz\">\n<div class=\"message-content message-box-content-xoCEoU receive-message-box-content-bNaFpa samantha-message-box-content-gWlptz\" data-testid=\"message_content\">\n<div class=\"inner-LOKNYu inner-item-AQrr_W\" data-target-id=\"message-box-target-id\" data-testid=\"union_message\">\n<div class=\"message-block-container-CKPFh2\" data-testid=\"message-block-container\">\n<div class=\"message-box-y4MH8s\" data-testid=\"receive_message\">\n<div class=\"message-box-content-wrapper-fgNGpz\">\n<div class=\"message-content message-box-content-xoCEoU receive-message-box-content-bNaFpa samantha-message-box-content-gWlptz\" data-testid=\"message_content\">\n<div class=\"container-ZYIsnH flow-markdown-body theme-samantha-Nbr9UN\" dir=\"ltr\" data-testid=\"message_text_content\" data-show-indicator=\"false\">\n<div class=\"container-ZYIsnH flow-markdown-body theme-samantha-Nbr9UN\" dir=\"ltr\" data-testid=\"message_text_content\" data-show-indicator=\"false\">\n<h3><strong>Services de personnalisation<\/strong><\/h3>\n<p id=\"\">Nous offrons des services de personnalisation complets, y compris, mais sans s'y limiter, la conception de motifs, l'ajustement des tailles et la correspondance des couleurs, afin de r\u00e9pondre \u00e0 vos besoins uniques en mati\u00e8re de d\u00e9coration. Il vous suffit de nous faire part de votre concept cr\u00e9atif et notre \u00e9quipe de concepteurs professionnels fabriquera un plafond ventil\u00e9 en aluminium avec perforations exclusivement pour vous.<\/p>\n<\/div>\n<\/div>\n<\/div>\n<\/div>\n<\/div>\n<\/div>\n<h3 dir=\"ltr\" data-testid=\"message_text_content\" data-show-indicator=\"false\">Processus de commande<\/h3>\n<p>&nbsp;<\/p>\n<\/div>\n<div class=\"inner-LOKNYu inner-item-AQrr_W\" data-target-id=\"message-box-target-id\" data-testid=\"union_message\">\n<div class=\"message-block-container-CKPFh2\" data-testid=\"message-block-container\">\n<div class=\"message-box-y4MH8s\" data-testid=\"receive_message\">\n<div class=\"message-box-content-wrapper-fgNGpz\">\n<div class=\"message-content message-box-content-xoCEoU receive-message-box-content-bNaFpa samantha-message-box-content-gWlptz\" data-testid=\"message_content\">\n<div class=\"container-ZYIsnH flow-markdown-body theme-samantha-Nbr9UN\" dir=\"ltr\" data-testid=\"message_text_content\" data-show-indicator=\"false\">\n<ol>\n<li><strong>Demande de renseignements<\/strong>: Contactez-nous pour nous faire part de vos exigences sp\u00e9cifiques et de vos besoins de personnalisation.<\/li>\n<li><strong>Confirmation du devis<\/strong>: Nous vous fournirons un devis d\u00e9taill\u00e9 et un d\u00e9lai de livraison en fonction de vos besoins.<\/li>\n<li><strong>Signature du contrat<\/strong>: Une fois que les deux parties ont confirm\u00e9 le devis et le d\u00e9lai de livraison, un contrat officiel est sign\u00e9.<\/li>\n<li><strong>Production et transformation<\/strong>: La production et la transformation sont effectu\u00e9es conform\u00e9ment aux exigences du contrat.<\/li>\n<li><strong>Inspection de la qualit\u00e9<\/strong>: Inspection rigoureuse de la qualit\u00e9 des produits finis pour s'assurer de leur conformit\u00e9 aux normes.<\/li>\n<li><strong>Emballage et exp\u00e9dition<\/strong>: Emballage professionnel pour garantir la s\u00e9curit\u00e9 du produit pendant le transport.<\/li>\n<li><strong>Service apr\u00e8s-vente<\/strong>: Fournir un service apr\u00e8s-vente complet pour r\u00e9pondre \u00e0 vos pr\u00e9occupations.<\/li>\n<\/ol>\n<\/div>\n<div class=\"container-ZYIsnH flow-markdown-body theme-samantha-Nbr9UN\" dir=\"ltr\" data-testid=\"message_text_content\" data-show-indicator=\"false\">\n<div>\n<h3 class=\"header-vfC6AV auto-hide-last-sibling-br\">Production et conditionnement<\/h3>\n<ul class=\"auto-hide-last-sibling-br\">\n<li><strong>Processus de production<\/strong>: Des technologies avanc\u00e9es d'estampage et de gravure CNC, des technologies de soudage et de gravure au laser, ainsi que des processus de pliage, de laminage et de meulage sont adopt\u00e9s pour garantir la pr\u00e9cision et la qualit\u00e9 des produits.<\/li>\n<li><strong>M\u00e9thodes d'emballage<\/strong>:\n<ul class=\"auto-hide-last-sibling-br\">\n<li><strong>Protection de base<\/strong>: Appliquer une couche protectrice sur la surface d\u00e9corative du plafond \u00e0 clipser en aluminium standard du Moyen-Orient et ajouter une couche de papier bulle.<\/li>\n<li><strong>Emballage de la marque de l'entreprise<\/strong>: La surface d\u00e9corative de la plaque d'aluminium est recouverte d'un film portant le logo de l'entreprise, puis prot\u00e9g\u00e9e par du papier bulle.<\/li>\n<li><strong>Emballage sur mesure<\/strong>: Le logo unique du client peut \u00eatre imprim\u00e9 sur le film, puis prot\u00e9g\u00e9 par du papier bulle.<\/li>\n<li><strong>Protection renforc\u00e9e<\/strong>: La surface d\u00e9corative est recouverte d'une couche protectrice, des corni\u00e8res bleues sont ajout\u00e9es aux coins de la plaque et le tout est emball\u00e9 dans du papier bulle.<\/li>\n<li><strong>Un emballage s\u00fbr et de haute qualit\u00e9<\/strong>: La surface d\u00e9corative est recouverte d'un film, les coins de la plaque sont dot\u00e9s de protections bleues, et apr\u00e8s avoir \u00e9t\u00e9 emball\u00e9e avec du papier bulle, elle est plac\u00e9e dans une bo\u00eete en bois stratifi\u00e9e durable.<\/li>\n<\/ul>\n<\/li>\n<\/ul>\n<div>\n<h3 class=\"header-vfC6AV auto-hide-last-sibling-br\">Certification et service<\/h3>\n<ul class=\"auto-hide-last-sibling-br\">\n<li><strong>Certification<\/strong>\uff1aLe produit a obtenu les certifications internationales CE, SGS et ISO 9001 et r\u00e9pond aux normes de qualit\u00e9 et d'environnement en vigueur.<\/li>\n<li><strong>Service<\/strong>\uff1aNous fournissons des services complets avant, pendant et apr\u00e8s la vente, y compris la consultation sur les produits, la fourniture de plans de conception, l'orientation de l'installation et la maintenance apr\u00e8s-vente afin de garantir que les clients peuvent utiliser le produit sans probl\u00e8me.<\/li>\n<\/ul>\n<\/div>\n<h3 class=\"header-vfC6AV auto-hide-last-sibling-br\">Service apr\u00e8s-vente<\/h3>\n<ul class=\"auto-hide-last-sibling-br\">\n<li><strong>P\u00e9riode de garantie<\/strong>: Nous offrons une garantie de qualit\u00e9 de [10] ans. Pendant la p\u00e9riode de garantie, en cas de probl\u00e8me de qualit\u00e9 des produits, nous fournirons des services de r\u00e9paration ou de remplacement gratuits.<\/li>\n<li><strong>Support technique<\/strong>: Fournir une consultation et une assistance techniques professionnelles aux clients, en les aidant \u00e0 r\u00e9soudre les probl\u00e8mes rencontr\u00e9s lors de l'installation et de l'utilisation des produits.<\/li>\n<li><strong>Suivi r\u00e9gulier<\/strong>: Suivre r\u00e9guli\u00e8rement les clients pour comprendre l'utilisation des produits, recueillir leurs avis et suggestions, et am\u00e9liorer continuellement nos produits et services.<\/li>\n<\/ul>\n<\/div>\n<\/div>\n<\/div>\n<\/div>\n<\/div>\n<\/div>\n<\/div>\n<h2 class=\"header-vfC6AV auto-hide-last-sibling-br\" style=\"font-style: normal;\">Foire aux questions (FAQ)<\/h2>\n<h5><\/h5>\n<h5 class=\"auto-hide-last-sibling-br paragraph-qzbcQC paragraph-element br-paragraph-space\"><strong>Q : Quels sont les facteurs qui influencent l'effet de ventilation du plafond ventil\u00e9 en aluminium avec perforations ?<\/strong><\/h5>\n<div class=\"auto-hide-last-sibling-br paragraph-qzbcQC paragraph-element br-paragraph-space\"><br class=\"container-eLPxqH wrapper-wt12I4 undefined\" \/>R : L'effet de ventilation est principalement influenc\u00e9 par le taux de perforation, la disposition des perforations et l'organisation du flux d'air dans l'espace. Le taux de perforation correspond \u00e0 la proportion de la surface perfor\u00e9e du plafond par rapport \u00e0 la surface totale. En g\u00e9n\u00e9ral, plus le taux de perforation est \u00e9lev\u00e9, plus le volume de ventilation est important. Une disposition raisonnable des perforations peut faciliter la circulation de l'air. Par exemple, un r\u00e9seau r\u00e9gulier de perforations est plus propice \u00e0 une ventilation uniforme que des perforations al\u00e9atoires.<\/div>\n<h5><\/h5>\n<h5 class=\"auto-hide-last-sibling-br paragraph-qzbcQC paragraph-element br-paragraph-space\"><strong>Q : Dois-je modifier le syst\u00e8me de ventilation existant lors de l'installation du plafond ventil\u00e9 en aluminium avec perforations ?<\/strong><\/h5>\n<div class=\"auto-hide-last-sibling-br paragraph-qzbcQC paragraph-element br-paragraph-space\"><br class=\"container-eLPxqH wrapper-wt12I4 undefined\" \/>R : Dans la plupart des cas, il n'est pas n\u00e9cessaire de proc\u00e9der \u00e0 des travaux de r\u00e9novation \u00e0 grande \u00e9chelle. Notre plafond ventil\u00e9 en aluminium avec perforations est con\u00e7u pour \u00eatre compatible avec diff\u00e9rents syst\u00e8mes de ventilation. Pour la ventilation naturelle, la conception des perforations peut directement am\u00e9liorer l'efficacit\u00e9 de l'\u00e9change d'air. Si l'espace est d\u00e9j\u00e0 \u00e9quip\u00e9 d'un syst\u00e8me de ventilation m\u00e9canique, les perforations du plafond peuvent contribuer \u00e0 la ventilation, en rendant la distribution de l'air plus uniforme. Toutefois, avant l'installation, nous proc\u00e9derons \u00e0 une inspection sur place.<\/div>\n<h5><\/h5>\n<h5 class=\"auto-hide-last-sibling-br paragraph-qzbcQC paragraph-element br-paragraph-space\"><strong>Q : Apr\u00e8s une utilisation prolong\u00e9e, les perforations du plafond seront-elles obstru\u00e9es par la poussi\u00e8re, ce qui affectera la ventilation et les performances acoustiques ?<\/strong><\/h5>\n<div class=\"auto-hide-last-sibling-br paragraph-qzbcQC paragraph-element br-paragraph-space\"><br class=\"container-eLPxqH wrapper-wt12I4 undefined\" \/>R : La probabilit\u00e9 que cela se produise est tr\u00e8s faible. La surface du plafond en aluminium est lisse et la poussi\u00e8re n'y adh\u00e8re pas facilement. De plus, lors de l'utilisation quotidienne, le flux d'air dans la pi\u00e8ce emporte la majeure partie de la poussi\u00e8re, ce qui r\u00e9duit son accumulation au niveau des perforations. M\u00eame s'il y a une petite accumulation de poussi\u00e8re, un simple nettoyage r\u00e9gulier peut r\u00e9soudre le probl\u00e8me.<\/div>\n<h5><\/h5>\n<h5 class=\"auto-hide-last-sibling-br paragraph-qzbcQC paragraph-element br-paragraph-space\"><strong>Q : Puis-je personnaliser le motif des perforations et la couleur du plafond ventil\u00e9 en aluminium avec perforations ?<\/strong><\/h5>\n<div class=\"auto-hide-last-sibling-br paragraph-qzbcQC paragraph-element br-paragraph-space\"><br class=\"container-eLPxqH wrapper-wt12I4 undefined\" \/>R : Certainement. Nous offrons une large gamme de services de personnalisation pour r\u00e9pondre \u00e0 vos besoins. En ce qui concerne les motifs de perforation, qu'il s'agisse d'un simple motif g\u00e9om\u00e9trique, comme une combinaison de carr\u00e9s, de cercles et de diamants, ou d'une forme artistique complexe, comme un logo d'entreprise ou un motif de texture unique, il est possible de les r\u00e9aliser gr\u00e2ce \u00e0 des techniques de traitement avanc\u00e9es.<\/div>\n<div><\/div>\n<div class=\"auto-hide-last-sibling-br paragraph-qzbcQC paragraph-element br-paragraph-space\">En termes de couleurs, il est possible de personnaliser les syst\u00e8mes de couleurs m\u00e9talliques classiques, tels que le blanc argent\u00e9, le gris brillant et le bronze, ainsi que diverses couleurs populaires, telles que le bleu clair, le vert clair et le beige. Il vous suffit de fournir des dessins ou des \u00e9chantillons de couleurs, et notre \u00e9quipe professionnelle peut transformer vos id\u00e9es en produits de plafond de haute qualit\u00e9.<\/div>\n<div><\/div>\n<h5 class=\"auto-hide-last-sibling-br paragraph-qzbcQC paragraph-element br-paragraph-space\"><strong>Q : Qu'en est-il de la r\u00e9sistance au feu du plafond ventil\u00e9 en aluminium avec perforations ?<\/strong><\/h5>\n<div class=\"auto-hide-last-sibling-br paragraph-qzbcQC paragraph-element br-paragraph-space\"><br class=\"container-eLPxqH wrapper-wt12I4 undefined\" \/>R : Le mat\u00e9riau en alliage d'aluminium utilis\u00e9 dans le plafond ventil\u00e9 en aluminium avec perforations est intrins\u00e8quement incombustible et r\u00e9pond \u00e0 des normes strictes en mati\u00e8re de s\u00e9curit\u00e9 incendie. En cas d'incendie, le plafond n'alimente pas le feu et peut en retarder efficacement la propagation. De plus, apr\u00e8s un traitement de surface sp\u00e9cial, ses performances en mati\u00e8re de r\u00e9sistance au feu sont encore am\u00e9lior\u00e9es. Par exemple, la couche de fluorocarbone pulv\u00e9ris\u00e9e sur la surface am\u00e9liore non seulement la r\u00e9sistance \u00e0 la corrosion du plafond, mais a \u00e9galement un certain effet ignifuge.<\/div>\n<\/div>\n<\/div>\n<\/div>\n<\/div>\n<\/div>\n<\/div>\n<\/div>\n<\/div>\n<h2><\/h2>\n<h2><strong>Pourquoi choisir un plafond ventil\u00e9 en aluminium avec perforations ?<\/strong><\/h2>\n<p>&nbsp;<\/p>\n<div class=\"ace-line ol-idpmI9CCmk list-div list-start-number1\" dir=\"auto\" data-node=\"true\">\n<p><span data-leaf=\"true\"><span class=\"lb\">1. Fonction de ventilation efficace<\/span><\/span><span data-leaf=\"true\"><span class=\"lb\">: La surface du plafond est uniform\u00e9ment r\u00e9partie gr\u00e2ce \u00e0 des perforations soigneusement con\u00e7ues. Ces perforations coop\u00e8rent avec les canaux de ventilation internes uniques pour former un r\u00e9seau de circulation d'air efficace. Dans des conditions de ventilation naturelle, il peut promouvoir efficacement l'\u00e9change d'air entre l'int\u00e9rieur et l'ext\u00e9rieur, \u00e9vacuer rapidement l'air vici\u00e9 et sale, et introduire de l'air frais naturel. <\/span><\/span><span data-string=\"true\" data-enter=\"true\" data-leaf=\"true\">\u200b<\/span><\/p>\n<\/div>\n<div class=\"ace-line ol-idApmgnRHe list-div\" dir=\"auto\" data-node=\"true\">\n<p><span data-leaf=\"true\"><span class=\"lb\">2. excellentes performances acoustiques<\/span><\/span><span data-leaf=\"true\"><span class=\"lb\">: La conception des perforations n'est pas seulement propice \u00e0 la ventilation, elle a aussi un effet significatif sur l'am\u00e9lioration de l'environnement acoustique. Lorsque les ondes sonores se propagent \u00e0 la surface du plafond, les perforations peuvent absorber et disperser efficacement les ondes sonores de diff\u00e9rentes fr\u00e9quences, r\u00e9duisant ainsi la r\u00e9flexion et la r\u00e9verb\u00e9ration du son. Des mat\u00e9riaux absorbant le son, tels que le coton ou le feutre absorbant le son, peuvent \u00eatre plac\u00e9s \u00e0 l'int\u00e9rieur pour am\u00e9liorer encore l'effet d'absorption du son. <\/span><\/span><span data-string=\"true\" data-enter=\"true\" data-leaf=\"true\">\u200b<\/span><\/p>\n<\/div>\n<div class=\"ace-line ol-ideiNHYnDY list-div\" dir=\"auto\" data-node=\"true\">\n<p><span data-leaf=\"true\"><span class=\"lb\">3. conception diversifi\u00e9e et esth\u00e9tique<\/span><\/span><span data-leaf=\"true\"><span class=\"lb\">: Il offre une grande vari\u00e9t\u00e9 d'options de couleurs, couvrant les syst\u00e8mes de couleurs m\u00e9talliques classiques tels que l'argent, le gris et l'or, ainsi que diverses couleurs neutres \u00e0 la mode et des couleurs personnalis\u00e9es, qui peuvent \u00eatre assorties en fonction des styles de d\u00e9coration et des exigences en mati\u00e8re d'atmosph\u00e8re des diff\u00e9rents lieux. <\/span><\/span><span data-string=\"true\" data-enter=\"true\" data-leaf=\"true\">\u200b<\/span><\/p>\n<\/div>\n<div class=\"ace-line ol-idluBTYQhS list-div\" dir=\"auto\" data-node=\"true\">\n<p><span data-leaf=\"true\"><span class=\"lb\">4.Durabilit\u00e9 et r\u00e9sistance \u00e0 la corrosion<\/span><\/span><span data-leaf=\"true\"><span class=\"lb\">: Des mat\u00e9riaux en alliage d'aluminium \u00e0 haute r\u00e9sistance sont s\u00e9lectionn\u00e9s et soumis \u00e0 un contr\u00f4le de qualit\u00e9 strict et \u00e0 des processus de traitement de surface avanc\u00e9s tels que l'anodisation et la pulv\u00e9risation de fluorocarbone. Cela leur conf\u00e8re une excellente r\u00e9sistance et une grande duret\u00e9, ce qui leur permet de r\u00e9sister efficacement aux collisions, aux frictions et aux rayures lors d'une utilisation quotidienne et de ne pas se d\u00e9former facilement. <\/span><\/span><span data-string=\"true\" data-enter=\"true\" data-leaf=\"true\">\u200b<\/span><\/p>\n<\/div>\n<div class=\"ace-line ol-idkiQZjtq2 list-div\" dir=\"auto\" data-node=\"true\">\n<p><span data-leaf=\"true\"><span class=\"lb\">5. installation et entretien faciles<\/span><\/span><span data-leaf=\"true\"><span class=\"lb\">: Il adopte une conception standardis\u00e9e et une structure modulaire, et le processus d'installation est simple et rapide. Les panneaux de plafond peuvent \u00eatre facilement fix\u00e9s gr\u00e2ce au syst\u00e8me de quilles de soutien sans n\u00e9cessiter d'outils complexes ou de comp\u00e9tences professionnelles, ce qui r\u00e9duit consid\u00e9rablement le temps d'installation et les co\u00fbts de construction. L'entretien quotidien est \u00e9galement tr\u00e8s pratique.\u00a0<\/span><\/span><\/p>\n<\/div>\n<div class=\"message-box-y4MH8s\" data-testid=\"receive_message\">\n<div class=\"message-box-content-wrapper-fgNGpz\">\n<h2>Contact US<\/h2>\n<\/div>\n<\/div>\n<div class=\"paragraph\">Pour plus d'informations ou pour passer une commande, veuillez contacter notre service client\u00e8le. Nous sommes l\u00e0 pour vous aider \u00e0 transformer votre vision architecturale en r\u00e9alit\u00e9 gr\u00e2ce \u00e0 notre plafond ventil\u00e9 en aluminium avec perforations.<\/div>\n<div><\/div>\n<div>\n<h3>\ud83d\udcde Whatsapp<strong>:<\/strong> <a href=\"https:\/\/api.whatsapp.com\/send\/?phone=8618566054354&amp;text\" target=\"_blank\" rel=\"noopener\">+86 18566054354<\/a><br \/>\n\ud83d\udce7 <strong>Courriel :<\/strong> <a href=\"mailto:damon@meterny.com\">damon@meterny.com<\/a><\/h3>\n<\/div>","protected":false},"excerpt":{"rendered":"<p id=\"\">Notre plafond ventil\u00e9 en aluminium avec perforations offre une esth\u00e9tique \u00e9l\u00e9gante et moderne pour tout espace int\u00e9rieur, alliant fonctionnalit\u00e9 et design \u00e9l\u00e9gant. Fabriqu\u00e9 en aluminium de haute qualit\u00e9, ce syst\u00e8me de plafond garantit durabilit\u00e9 et long\u00e9vit\u00e9, r\u00e9sistant aux rigueurs d'une utilisation quotidienne tout en conservant un aspect impeccable. Les perforations n'ajoutent pas seulement une texture visuelle unique, mais ont \u00e9galement une fonction pratique en am\u00e9liorant la circulation de l'air, cr\u00e9ant ainsi un environnement plus confortable et plus respirable.<\/p>\n<p id=\"\">Con\u00e7u dans un souci de polyvalence, ce plafond ventil\u00e9 peut \u00eatre adapt\u00e9 \u00e0 divers besoins architecturaux et d\u00e9coratifs. Les perforations peuvent \u00eatre personnalis\u00e9es en termes de taille, de forme et de motif, ce qui offre des possibilit\u00e9s de conception infinies qui peuvent compl\u00e9ter n'importe quel d\u00e9cor int\u00e9rieur. Que vous cherchiez \u00e0 am\u00e9liorer l'ambiance d'un espace commercial, d'une zone r\u00e9sidentielle ou d'une installation institutionnelle, notre plafond en aluminium perfor\u00e9 constitue une solution sophistiqu\u00e9e qui r\u00e9pond \u00e0 la fois aux exigences esth\u00e9tiques et fonctionnelles.<\/p>\n<p id=\"\">Outre son attrait esth\u00e9tique et ses avantages en mati\u00e8re de ventilation, notre plafond ventil\u00e9 en aluminium avec perforations est \u00e9galement facile \u00e0 installer et \u00e0 entretenir. Le mat\u00e9riau l\u00e9ger facilite une installation rapide et sans faille, minimisant ainsi les temps d'arr\u00eat et les perturbations pendant le processus d'installation. De plus, la surface durable du plafond r\u00e9siste \u00e0 la salet\u00e9, ce qui le rend facile \u00e0 nettoyer et \u00e0 entretenir, et lui permet de conserver sa beaut\u00e9 et sa fonctionnalit\u00e9 au fil du temps. Gr\u00e2ce \u00e0 sa combinaison de style, de performance et de facilit\u00e9 d'utilisation, notre plafond ventil\u00e9 en aluminium avec perforations est le choix id\u00e9al pour tout projet cherchant \u00e0 rehausser son design int\u00e9rieur tout en am\u00e9liorant le flux d'air.<\/p>","protected":false},"featured_media":22080,"comment_status":"open","ping_status":"closed","template":"","meta":{"_uag_custom_page_level_css":"","site-sidebar-layout":"default","site-content-layout":"","ast-site-content-layout":"default","site-content-style":"default","site-sidebar-style":"default","ast-global-header-display":"","ast-banner-title-visibility":"","ast-main-header-display":"","ast-hfb-above-header-display":"","ast-hfb-below-header-display":"","ast-hfb-mobile-header-display":"","site-post-title":"","ast-breadcrumbs-content":"","ast-featured-img":"","footer-sml-layout":"","theme-transparent-header-meta":"default","adv-header-id-meta":"","stick-header-meta":"default","header-above-stick-meta":"","header-main-stick-meta":"","header-below-stick-meta":"","astra-migrate-meta-layouts":"set","ast-page-background-enabled":"default","ast-page-background-meta":{"desktop":{"background-color":"var(--ast-global-color-4)","background-image":"","background-repeat":"repeat","background-position":"center center","background-size":"auto","background-attachment":"scroll","background-type":"","background-media":"","overlay-type":"","overlay-color":"","overlay-opacity":"","overlay-gradient":""},"tablet":{"background-color":"","background-image":"","background-repeat":"repeat","background-position":"center center","background-size":"auto","background-attachment":"scroll","background-type":"","background-media":"","overlay-type":"","overlay-color":"","overlay-opacity":"","overlay-gradient":""},"mobile":{"background-color":"","background-image":"","background-repeat":"repeat","background-position":"center center","background-size":"auto","background-attachment":"scroll","background-type":"","background-media":"","overlay-type":"","overlay-color":"","overlay-opacity":"","overlay-gradient":""}},"ast-content-background-meta":{"desktop":{"background-color":"var(--ast-global-color-5)","background-image":"","background-repeat":"repeat","background-position":"center center","background-size":"auto","background-attachment":"scroll","background-type":"","background-media":"","overlay-type":"","overlay-color":"","overlay-opacity":"","overlay-gradient":""},"tablet":{"background-color":"var(--ast-global-color-5)","background-image":"","background-repeat":"repeat","background-position":"center center","background-size":"auto","background-attachment":"scroll","background-type":"","background-media":"","overlay-type":"","overlay-color":"","overlay-opacity":"","overlay-gradient":""},"mobile":{"background-color":"var(--ast-global-color-5)","background-image":"","background-repeat":"repeat","background-position":"center center","background-size":"auto","background-attachment":"scroll","background-type":"","background-media":"","overlay-type":"","overlay-color":"","overlay-opacity":"","overlay-gradient":""}}},"product_brand":[],"product_cat":[227],"product_tag":[970,972,973,969,971],"class_list":{"0":"post-22215","1":"product","2":"type-product","3":"status-publish","4":"has-post-thumbnail","6":"product_cat-aluminum-buckle-plate","7":"product_tag-acoustic-and-ventilated-clip-in-ceiling-panels","8":"product_tag-airflow-optimized-metal-ceiling","9":"product_tag-aluminum-metal-perforated-clip-in-ceiling-system","10":"product_tag-breathable-perforated-metal-ceiling-design","11":"product_tag-custom-clip-in-metal-ceiling-panels-for-airflow-optimization","12":"desktop-align-center","13":"tablet-align-left","14":"mobile-align-left","15":"ast-product-gallery-layout-horizontal-slider","16":"ast-product-tabs-layout-vertical","18":"first","19":"instock","20":"shipping-taxable","21":"product-type-simple"},"uagb_featured_image_src":{"full":["https:\/\/meterny.com\/wp-content\/uploads\/2025\/03\/Meterny-Aluminum-Clip-in-Ceiling-Panel-17.png",800,800,false],"thumbnail":["https:\/\/meterny.com\/wp-content\/uploads\/2025\/03\/Meterny-Aluminum-Clip-in-Ceiling-Panel-17-150x150.png",150,150,true],"medium":["https:\/\/meterny.com\/wp-content\/uploads\/2025\/03\/Meterny-Aluminum-Clip-in-Ceiling-Panel-17-300x300.png",300,300,true],"medium_large":["https:\/\/meterny.com\/wp-content\/uploads\/2025\/03\/Meterny-Aluminum-Clip-in-Ceiling-Panel-17-768x768.png",768,768,true],"large":["https:\/\/meterny.com\/wp-content\/uploads\/2025\/03\/Meterny-Aluminum-Clip-in-Ceiling-Panel-17.png",800,800,false],"1536x1536":["https:\/\/meterny.com\/wp-content\/uploads\/2025\/03\/Meterny-Aluminum-Clip-in-Ceiling-Panel-17.png",800,800,false],"2048x2048":["https:\/\/meterny.com\/wp-content\/uploads\/2025\/03\/Meterny-Aluminum-Clip-in-Ceiling-Panel-17.png",800,800,false],"trp-custom-language-flag":["https:\/\/meterny.com\/wp-content\/uploads\/2025\/03\/Meterny-Aluminum-Clip-in-Ceiling-Panel-17-12x12.png",12,12,true],"woocommerce_thumbnail":["https:\/\/meterny.com\/wp-content\/uploads\/2025\/03\/Meterny-Aluminum-Clip-in-Ceiling-Panel-17-300x300.png",300,300,true],"woocommerce_single":["https:\/\/meterny.com\/wp-content\/uploads\/2025\/03\/Meterny-Aluminum-Clip-in-Ceiling-Panel-17-600x600.png",600,600,true],"woocommerce_gallery_thumbnail":["https:\/\/meterny.com\/wp-content\/uploads\/2025\/03\/Meterny-Aluminum-Clip-in-Ceiling-Panel-17-100x100.png",100,100,true]},"uagb_author_info":{"display_name":"meterny","author_link":"https:\/\/meterny.com\/fr\/author\/"},"uagb_comment_info":0,"uagb_excerpt":"Our Ventilated Aluminum Ceiling with Perforations offers a sleek and modern aesthetic for any interior space, blending functionality with stylish design. Crafted from high-quality aluminum, this ceiling system ensures durability and longevity, withstanding the rigors of daily use while maintaining a pristine appearance. The perforations not only add a unique visual texture but also serve\u2026","_links":{"self":[{"href":"https:\/\/meterny.com\/fr\/wp-json\/wp\/v2\/product\/22215","targetHints":{"allow":["GET"]}}],"collection":[{"href":"https:\/\/meterny.com\/fr\/wp-json\/wp\/v2\/product"}],"about":[{"href":"https:\/\/meterny.com\/fr\/wp-json\/wp\/v2\/types\/product"}],"replies":[{"embeddable":true,"href":"https:\/\/meterny.com\/fr\/wp-json\/wp\/v2\/comments?post=22215"}],"wp:featuredmedia":[{"embeddable":true,"href":"https:\/\/meterny.com\/fr\/wp-json\/wp\/v2\/media\/22080"}],"wp:attachment":[{"href":"https:\/\/meterny.com\/fr\/wp-json\/wp\/v2\/media?parent=22215"}],"wp:term":[{"taxonomy":"product_brand","embeddable":true,"href":"https:\/\/meterny.com\/fr\/wp-json\/wp\/v2\/product_brand?post=22215"},{"taxonomy":"product_cat","embeddable":true,"href":"https:\/\/meterny.com\/fr\/wp-json\/wp\/v2\/product_cat?post=22215"},{"taxonomy":"product_tag","embeddable":true,"href":"https:\/\/meterny.com\/fr\/wp-json\/wp\/v2\/product_tag?post=22215"}],"curies":[{"name":"wp","href":"https:\/\/api.w.org\/{rel}","templated":true}]}}