{"id":23326,"date":"2025-05-22T13:22:08","date_gmt":"2025-05-22T13:22:08","guid":{"rendered":"https:\/\/meterny.com\/?post_type=product&#038;p=23326"},"modified":"2025-05-24T03:26:16","modified_gmt":"2025-05-24T03:26:16","slug":"aluminum-tree-shape-column-with-radial-ceiling","status":"publish","type":"product","link":"https:\/\/meterny.com\/fr\/produit\/aluminum-tree-shape-column-with-radial-ceiling\/","title":{"rendered":"Colonne en aluminium en forme d'arbre avec plafond radial"},"content":{"rendered":"<div class=\"inner-LOKNYu inner-item-AQrr_W\" data-target-id=\"message-box-target-id\" data-testid=\"union_message\">\n<div class=\"message-block-container-CKPFh2\" data-testid=\"message-block-container\">\n<div class=\"message-box-y4MH8s\" data-testid=\"receive_message\">\n<div class=\"message-box-content-wrapper-fgNGpz\">\n<h2 data-testid=\"message_content\">Colonne en aluminium en forme d'arbre avec plafond radial<\/h2>\n<h3 data-start=\"80\" data-end=\"107\"><\/h3>\n<h3 class=\"\" data-start=\"80\" data-end=\"107\">Aper\u00e7u du produit<\/h3>\n<p class=\"\" data-start=\"108\" data-end=\"648\">La colonne en aluminium en forme d'arbre avec plafond radial est un \u00e9l\u00e9ment architectural innovant qui associe un design inspir\u00e9 de la nature \u00e0 une ing\u00e9nierie fonctionnelle. Fabriqu\u00e9e en aluminium l\u00e9ger et r\u00e9sistant \u00e0 la corrosion, cette colonne pr\u00e9sente une structure arborescente qui soutient un plafond radial. Id\u00e9ale pour cr\u00e9er des points focaux frappants dans les int\u00e9rieurs commerciaux et r\u00e9sidentiels modernes, elle allie l'attrait esth\u00e9tique \u00e0 l'int\u00e9grit\u00e9 structurelle.<\/p>\n<figure id=\"attachment_20101\" aria-describedby=\"caption-attachment-20101\" style=\"width: 1024px\" class=\"wp-caption alignnone\"><img loading=\"lazy\" decoding=\"async\" class=\"wp-image-20101\" src=\"https:\/\/meterny.com\/wp-content\/uploads\/2024\/12\/mmexport1733234001761.jpg\" alt=\"Colonne en aluminium en forme d&#039;arbre avec plafond radial\" width=\"1024\" height=\"1024\" srcset=\"https:\/\/meterny.com\/wp-content\/uploads\/2024\/12\/mmexport1733234001761.jpg 800w, https:\/\/meterny.com\/wp-content\/uploads\/2024\/12\/mmexport1733234001761-300x300.jpg 300w, https:\/\/meterny.com\/wp-content\/uploads\/2024\/12\/mmexport1733234001761-150x150.jpg 150w, https:\/\/meterny.com\/wp-content\/uploads\/2024\/12\/mmexport1733234001761-768x768.jpg 768w, https:\/\/meterny.com\/wp-content\/uploads\/2024\/12\/mmexport1733234001761-600x600.jpg 600w, https:\/\/meterny.com\/wp-content\/uploads\/2024\/12\/mmexport1733234001761-100x100.jpg 100w\" sizes=\"auto, (max-width: 1024px) 100vw, 1024px\" \/><figcaption id=\"caption-attachment-20101\" class=\"wp-caption-text\">Une pi\u00e8ce ma\u00eetresse embl\u00e9matique qui allie l'inspiration naturelle \u00e0 la brillance architecturale.<\/figcaption><\/figure>\n<p><span style=\"font-size: 1.5em; font-weight: bold;\">Sp\u00e9cifications techniques(1)<\/span><\/p>\n<\/div>\n<div class=\"message-box-content-wrapper-fgNGpz\">\n<div class=\"message-content message-box-content-xoCEoU receive-message-box-content-bNaFpa samantha-message-box-content-gWlptz\" data-testid=\"message_content\">\n<div class=\"container-ZYIsnH flow-markdown-body theme-samantha-Nbr9UN\" dir=\"ltr\" data-testid=\"message_text_content\" data-show-indicator=\"false\">\n<div class=\"container-ZYIsnH flow-markdown-body theme-samantha-Nbr9UN\" dir=\"ltr\" data-testid=\"message_text_content\" data-show-indicator=\"false\">\n<div class=\"container-ZYIsnH flow-markdown-body theme-samantha-Nbr9UN\" dir=\"ltr\" data-testid=\"message_text_content\" data-show-indicator=\"false\">\n<div class=\"container-ZYIsnH flow-markdown-body theme-samantha-Nbr9UN\" dir=\"ltr\" data-testid=\"message_text_content\" data-show-indicator=\"false\">\n<div>\n<div class=\"auto-hide-last-sibling-br table-container-GhL7Lo\">\n<table style=\"height: 575px;\" width=\"739\">\n<thead>\n<tr>\n<th>Objet<\/th>\n<th>Param\u00e8tres<\/th>\n<\/tr>\n<\/thead>\n<tbody>\n<tr>\n<td>Mat\u00e9riau<\/td>\n<td>Alliage d'aluminium (6063\/T6, etc.)<\/td>\n<\/tr>\n<tr>\n<td>\u00c9paisseur<\/td>\n<td>G\u00e9n\u00e9ralement 2,0 mm - 4,0 mm, personnalisable<\/td>\n<\/tr>\n<tr>\n<td>Taux de perforation<\/td>\n<td>10% - 50%, r\u00e9glable selon les besoins<\/td>\n<\/tr>\n<tr>\n<td>Diam\u00e8tre du trou<\/td>\n<td>3mm - 20mm, diff\u00e9rentes sp\u00e9cifications disponibles<\/td>\n<\/tr>\n<tr>\n<td>Traitement de surface<\/td>\n<td>PVDF, polyester, anodisation, rev\u00eatement en poudre, peinture au fluorocarbone, etc.<\/td>\n<\/tr>\n<tr>\n<td>Couleur<\/td>\n<td>Personnalisable en fonction des cartes de couleurs, les couleurs courantes sont le blanc argent\u00e9, le gris, le noir, l'or, etc.<\/td>\n<\/tr>\n<tr>\n<td>Taille<\/td>\n<td>Les tailles conventionnelles sont 1200mm\u00d72400mm, 1500mm\u00d73000mm, etc., et peuvent \u00e9galement \u00eatre personnalis\u00e9es selon les besoins.<\/td>\n<\/tr>\n<\/tbody>\n<\/table>\n<\/div>\n<\/div>\n<h3>Sp\u00e9cifications techniques(2)<\/h3>\n<p>&nbsp;<\/p>\n<table style=\"height: 515px;\" width=\"347\">\n<thead>\n<tr>\n<th><strong>Sp\u00e9cifications<\/strong><\/th>\n<th><strong>D\u00e9tails<\/strong><\/th>\n<\/tr>\n<\/thead>\n<tbody>\n<tr>\n<td><strong>Poids<\/strong><\/td>\n<td>2,5-3,5 kg par m\u00e8tre carr\u00e9 (en fonction de l'\u00e9paisseur)<\/td>\n<\/tr>\n<tr>\n<td><strong>Options de finition<\/strong><\/td>\n<td>Brillant, mat, grain de bois, bross\u00e9, etc.<\/td>\n<\/tr>\n<tr>\n<td><strong>Conception<\/strong><\/td>\n<td>Motifs floraux, motifs g\u00e9om\u00e9triques, motifs complexes, art abstrait, logos textuels, etc.<\/td>\n<\/tr>\n<tr>\n<td><strong>Mod\u00e8les de perforation<\/strong><\/td>\n<td>Des motifs circulaires, carr\u00e9s, diamant\u00e9s, hexagonaux et autres sont disponibles.<\/td>\n<\/tr>\n<tr>\n<td><strong>R\u00e9sistance au feu<\/strong><\/td>\n<td>A2 Classement au feu (incombustible)<\/td>\n<\/tr>\n<tr>\n<td><strong>Garantie<\/strong><\/td>\n<td>10-15 ans (en fonction de la finition et de l'application)<\/td>\n<\/tr>\n<tr>\n<td><strong>Applications<\/strong><\/td>\n<td>tous les rev\u00eatements, plafonds, s\u00e9parateurs de pi\u00e8ces, \u00e9crans d\u00e9coratifs, fa\u00e7ades, cloisons, cl\u00f4tures, brise-soleil, d\u00e9coration int\u00e9rieure, etc.<\/td>\n<\/tr>\n<tr>\n<td><strong>Installation<\/strong><\/td>\n<td>Montage mural (vis ou bandes adh\u00e9sives)\/Installation facile gr\u00e2ce \u00e0 diverses options de montage (vis, supports, cadres)\/Comprend la fixation directe, les syst\u00e8mes \u00e0 cadre ou les panneaux d'accrochage en fonction de l'application<\/td>\n<\/tr>\n<tr>\n<td><strong>Autres services<\/strong><\/td>\n<td>Services de personnalisation<\/td>\n<\/tr>\n<\/tbody>\n<\/table>\n<\/div>\n<div class=\"container-ZYIsnH flow-markdown-body theme-samantha-Nbr9UN\" dir=\"ltr\" data-testid=\"message_text_content\" data-show-indicator=\"false\">\n<p><strong style=\"font-size: 1.5em;\">Finitions et options de personnalisation :<\/strong><\/p>\n<\/div>\n<div class=\"container-ZYIsnH flow-markdown-body theme-samantha-Nbr9UN\" dir=\"ltr\" data-testid=\"message_text_content\" data-show-indicator=\"false\">\n<ul>\n<li><strong>Anodis\u00e9 Finition :<\/strong> Offre un aspect m\u00e9tallique \u00e9l\u00e9gant et une protection accrue contre la corrosion.<\/li>\n<li><strong>Finition par poudrage :<\/strong> Offre une large gamme d'options de couleurs avec un rev\u00eatement lisse et durable.<\/li>\n<li><strong>Aluminium bross\u00e9 :<\/strong> Finition mate \u00e9l\u00e9gante pour un aspect contemporain.<\/li>\n<li><strong>Perforations personnalis\u00e9es :<\/strong> Adaptez la taille des trous, les motifs et le pourcentage de surface ouverte \u00e0 vos besoins sp\u00e9cifiques en mati\u00e8re de design et de fonctionnalit\u00e9.<\/li>\n<\/ul>\n<\/div>\n<\/div>\n<\/div>\n<\/div>\n<\/div>\n<\/div>\n<\/div>\n<\/div>\n<\/div>\n<div class=\"inner-LOKNYu inner-item-AQrr_W\" data-target-id=\"message-box-target-id\" data-testid=\"union_message\">\n<div class=\"message-block-container-CKPFh2\" data-testid=\"message-block-container\">\n<div class=\"message-box-y4MH8s\" data-testid=\"receive_message\">\n<div class=\"message-box-content-wrapper-fgNGpz\">\n<div class=\"message-content message-box-content-xoCEoU receive-message-box-content-bNaFpa samantha-message-box-content-gWlptz\" data-testid=\"message_content\">\n<div class=\"container-ZYIsnH flow-markdown-body theme-samantha-Nbr9UN\" dir=\"ltr\" data-testid=\"message_text_content\" data-show-indicator=\"false\">\n<h2><strong>Galerie<\/strong><\/h2>\n<p>&nbsp;<\/p>\n<figure id=\"attachment_23284\" aria-describedby=\"caption-attachment-23284\" style=\"width: 1024px\" class=\"wp-caption alignnone\"><img loading=\"lazy\" decoding=\"async\" class=\"wp-image-23284\" src=\"https:\/\/meterny.com\/wp-content\/uploads\/2025\/05\/Meterny-Customizable-Aluminum-Ceiling-Project-28-1.webp\" alt=\"Pilier structurel en forme d&#039;arbre Colonne en aluminium\" width=\"1024\" height=\"1024\" srcset=\"https:\/\/meterny.com\/wp-content\/uploads\/2025\/05\/Meterny-Customizable-Aluminum-Ceiling-Project-28-1.webp 800w, https:\/\/meterny.com\/wp-content\/uploads\/2025\/05\/Meterny-Customizable-Aluminum-Ceiling-Project-28-1-300x300.webp 300w, https:\/\/meterny.com\/wp-content\/uploads\/2025\/05\/Meterny-Customizable-Aluminum-Ceiling-Project-28-1-150x150.webp 150w, https:\/\/meterny.com\/wp-content\/uploads\/2025\/05\/Meterny-Customizable-Aluminum-Ceiling-Project-28-1-768x768.webp 768w, https:\/\/meterny.com\/wp-content\/uploads\/2025\/05\/Meterny-Customizable-Aluminum-Ceiling-Project-28-1-600x600.webp 600w, https:\/\/meterny.com\/wp-content\/uploads\/2025\/05\/Meterny-Customizable-Aluminum-Ceiling-Project-28-1-100x100.webp 100w\" sizes=\"auto, (max-width: 1024px) 100vw, 1024px\" \/><figcaption id=\"caption-attachment-23284\" class=\"wp-caption-text\">Un centre de table sculptural qui allie forme et fonction avec un design saisissant de flux vertical.<\/figcaption><\/figure>\n<figure id=\"attachment_20106\" aria-describedby=\"caption-attachment-20106\" style=\"width: 1024px\" class=\"wp-caption alignnone\"><img loading=\"lazy\" decoding=\"async\" class=\"wp-image-20106\" src=\"https:\/\/meterny.com\/wp-content\/uploads\/2024\/12\/mmexport1733234012450.jpg\" alt=\"Montants \u00e9clair\u00e9s en aluminium en forme d&#039;arbre\" width=\"1024\" height=\"1024\" srcset=\"https:\/\/meterny.com\/wp-content\/uploads\/2024\/12\/mmexport1733234012450.jpg 800w, https:\/\/meterny.com\/wp-content\/uploads\/2024\/12\/mmexport1733234012450-300x300.jpg 300w, https:\/\/meterny.com\/wp-content\/uploads\/2024\/12\/mmexport1733234012450-150x150.jpg 150w, https:\/\/meterny.com\/wp-content\/uploads\/2024\/12\/mmexport1733234012450-768x768.jpg 768w, https:\/\/meterny.com\/wp-content\/uploads\/2024\/12\/mmexport1733234012450-600x600.jpg 600w, https:\/\/meterny.com\/wp-content\/uploads\/2024\/12\/mmexport1733234012450-100x100.jpg 100w\" sizes=\"auto, (max-width: 1024px) 100vw, 1024px\" \/><figcaption id=\"caption-attachment-20106\" class=\"wp-caption-text\">Un pilier unique inspir\u00e9 par la nature, fabriqu\u00e9 en aluminium et dot\u00e9 d'une illumination int\u00e9gr\u00e9e pour \u00e9clairer n'importe quel espace.<\/figcaption><\/figure>\n<figure id=\"attachment_20107\" aria-describedby=\"caption-attachment-20107\" style=\"width: 1024px\" class=\"wp-caption alignnone\"><img loading=\"lazy\" decoding=\"async\" class=\"wp-image-20107\" src=\"https:\/\/meterny.com\/wp-content\/uploads\/2024\/12\/mmexport1733234014074.jpg\" alt=\"Colonne d&#039;arbre sculpturale en aluminium avec lumi\u00e8res\" width=\"1024\" height=\"1024\" srcset=\"https:\/\/meterny.com\/wp-content\/uploads\/2024\/12\/mmexport1733234014074.jpg 800w, https:\/\/meterny.com\/wp-content\/uploads\/2024\/12\/mmexport1733234014074-300x300.jpg 300w, https:\/\/meterny.com\/wp-content\/uploads\/2024\/12\/mmexport1733234014074-150x150.jpg 150w, https:\/\/meterny.com\/wp-content\/uploads\/2024\/12\/mmexport1733234014074-768x768.jpg 768w, https:\/\/meterny.com\/wp-content\/uploads\/2024\/12\/mmexport1733234014074-600x600.jpg 600w, https:\/\/meterny.com\/wp-content\/uploads\/2024\/12\/mmexport1733234014074-100x100.jpg 100w\" sizes=\"auto, (max-width: 1024px) 100vw, 1024px\" \/><figcaption id=\"caption-attachment-20107\" class=\"wp-caption-text\">Une \u00e9tonnante colonne d'arbre en aluminium avec \u00e9clairage int\u00e9gr\u00e9, alliant l'art et la fonction de mani\u00e8re transparente.<\/figcaption><\/figure>\n<h3>Vid\u00e9o de l'usine<\/h3>\n<p>&nbsp;<\/p>\n<p><iframe loading=\"lazy\" title=\"Lecteur vid\u00e9o YouTube\" src=\"https:\/\/www.youtube.com\/embed\/9McvKo8wDdI?si=7NVrqfh9270yITNb&amp;autoplay=1&amp;mute=1&amp;loop=1&amp;playlist=9McvKo8wDdI\" width=\"1024\" height=\"576\" frameborder=\"0\" allowfullscreen=\"allowfullscreen\"><span data-mce-type=\"bookmark\" style=\"display: inline-block; width: 0px; overflow: hidden; line-height: 0;\" class=\"mce_SELRES_start\"><\/span><br \/>\n<\/iframe><\/p>\n<\/div>\n<\/div>\n<\/div>\n<\/div>\n<\/div>\n<\/div>\n<h2><strong>Nous contacter<\/strong>:<\/h2>\n<p>Si vous \u00eates int\u00e9ress\u00e9 par notre colonne en aluminium en forme d'arbre avec plafond radial, n'h\u00e9sitez pas \u00e0 nous contacter pour plus d'informations ou un devis gratuit !<\/p>\n<h3>\ud83d\udcde Whatsapp<strong>:<\/strong> <a href=\"https:\/\/api.whatsapp.com\/send\/?phone=8618566054354&amp;text\" target=\"_blank\" rel=\"noopener\">+86 18566054354<\/a><br \/>\n\ud83d\udce7 <strong>Courriel :<\/strong> <a href=\"mailto:damon@meterny.com\">damon@meterny.com<\/a><\/h3>\n<h3><\/h3>\n<h3>Machine d'usine<\/h3>\n<hr \/>\n<figure id=\"attachment_17138\" aria-describedby=\"caption-attachment-17138\" style=\"width: 1024px\" class=\"wp-caption alignnone\"><img loading=\"lazy\" decoding=\"async\" class=\"wp-image-17138\" src=\"https:\/\/meterny.com\/wp-content\/uploads\/2024\/09\/Hfef82f3530aa4d3db8ebb2939cd54a108.jpg\" alt=\"Flux de travail de l&#039;usine de panneaux d&#039;aluminium Meterny\" width=\"1024\" height=\"1024\" srcset=\"https:\/\/meterny.com\/wp-content\/uploads\/2024\/09\/Hfef82f3530aa4d3db8ebb2939cd54a108.jpg 1200w, https:\/\/meterny.com\/wp-content\/uploads\/2024\/09\/Hfef82f3530aa4d3db8ebb2939cd54a108-300x300.jpg 300w, https:\/\/meterny.com\/wp-content\/uploads\/2024\/09\/Hfef82f3530aa4d3db8ebb2939cd54a108-1024x1024.jpg 1024w, https:\/\/meterny.com\/wp-content\/uploads\/2024\/09\/Hfef82f3530aa4d3db8ebb2939cd54a108-150x150.jpg 150w, https:\/\/meterny.com\/wp-content\/uploads\/2024\/09\/Hfef82f3530aa4d3db8ebb2939cd54a108-768x768.jpg 768w, https:\/\/meterny.com\/wp-content\/uploads\/2024\/09\/Hfef82f3530aa4d3db8ebb2939cd54a108-600x600.jpg 600w, https:\/\/meterny.com\/wp-content\/uploads\/2024\/09\/Hfef82f3530aa4d3db8ebb2939cd54a108-100x100.jpg 100w\" sizes=\"auto, (max-width: 1024px) 100vw, 1024px\" \/><figcaption id=\"caption-attachment-17138\" class=\"wp-caption-text\">Les ouvriers de l'usine de panneaux d'aluminium Meterny en action : De la d\u00e9coupe au rev\u00eatement.<\/figcaption><\/figure>\n<h3>Guide d'installation<\/h3>\n<p>Installation de la colonne en forme d'arbre en aluminium de METERNY avec plafond radial<span style=\"font-size: 16px;\">)des panneaux en aluminium est simple et nous fournissons des instructions d'installation d\u00e9taill\u00e9es pour garantir l'efficacit\u00e9 de votre projet. Voici un aper\u00e7u du processus d'installation :<\/span><\/p>\n<ol>\n<li><strong>Pr\u00e9paration de la surface<\/strong><br \/>\nS'assurer que la surface sur laquelle la colonne en aluminium en forme d'arbre avec plafond radial sera fix\u00e9e est propre, plane et s\u00e8che. Toute irr\u00e9gularit\u00e9 de la surface doit \u00eatre corrig\u00e9e pour garantir une bonne adh\u00e9rence et un bon alignement de la colonne en aluminium en forme d'arbre avec plafond radial.<\/li>\n<li><strong>Installer le cadre de travail<\/strong><br \/>\nUtiliser une armature m\u00e9tallique appropri\u00e9e pour soutenir la colonne en aluminium en forme d'arbre avec plafond radial. L'armature doit \u00eatre align\u00e9e selon les mesures sp\u00e9cifi\u00e9es dans le dessin.<\/li>\n<li><strong>Fixation du panneau<\/strong><br \/>\nLa colonne arborescente en aluminium avec plafond radial peut \u00eatre install\u00e9e \u00e0 l'aide de clips, de vis ou de rivets. La m\u00e9thode de fixation d\u00e9pend du type de panneau et des exigences sp\u00e9cifiques de votre projet. Veillez \u00e0 ce que toutes les colonnes en aluminium en forme d'arbre avec plafond radial soient solidement fix\u00e9es afin d'\u00e9viter tout mouvement.<\/li>\n<li><strong>Contr\u00f4les finaux<\/strong><br \/>\nApr\u00e8s l'installation, proc\u00e9der \u00e0 une inspection finale pour s'assurer que toutes les colonnes en aluminium en forme d'arbre avec plafond radial sont correctement align\u00e9es et solidement fix\u00e9es. Nettoyer la colonne en aluminium en forme d'arbre avec plafond radial pour enlever tout d\u00e9bris d'installation.<\/li>\n<\/ol>\n<p>Pour des instructions plus d\u00e9taill\u00e9es ou des services d'installation professionnels, veuillez nous contacter.<\/p>\n<p><img loading=\"lazy\" decoding=\"async\" class=\"wp-image-17137\" src=\"https:\/\/meterny.com\/wp-content\/uploads\/2024\/09\/Hd60cc4e1bad449eb8405a223ef59338e2.jpg\" alt=\"Panneaux d&#039;aluminium sur mesure en attente de finition\" width=\"1024\" height=\"1024\" srcset=\"https:\/\/meterny.com\/wp-content\/uploads\/2024\/09\/Hd60cc4e1bad449eb8405a223ef59338e2.jpg 1200w, https:\/\/meterny.com\/wp-content\/uploads\/2024\/09\/Hd60cc4e1bad449eb8405a223ef59338e2-300x300.jpg 300w, https:\/\/meterny.com\/wp-content\/uploads\/2024\/09\/Hd60cc4e1bad449eb8405a223ef59338e2-1024x1024.jpg 1024w, https:\/\/meterny.com\/wp-content\/uploads\/2024\/09\/Hd60cc4e1bad449eb8405a223ef59338e2-150x150.jpg 150w, https:\/\/meterny.com\/wp-content\/uploads\/2024\/09\/Hd60cc4e1bad449eb8405a223ef59338e2-768x768.jpg 768w, https:\/\/meterny.com\/wp-content\/uploads\/2024\/09\/Hd60cc4e1bad449eb8405a223ef59338e2-600x600.jpg 600w, https:\/\/meterny.com\/wp-content\/uploads\/2024\/09\/Hd60cc4e1bad449eb8405a223ef59338e2-100x100.jpg 100w\" sizes=\"auto, (max-width: 1024px) 100vw, 1024px\" \/><\/p>\n<div class=\"container-ncFTrL\">\n<div class=\"item-KOa3z_\">\n<div class=\"container-rBgb6B chrome70-container\">\n<div class=\"inner-LOKNYu inner-item-AQrr_W\" data-target-id=\"message-box-target-id\" data-testid=\"union_message\">\n<div class=\"message-block-container-CKPFh2\" data-testid=\"message-block-container\">\n<div class=\"message-box-y4MH8s\" data-testid=\"receive_message\">\n<div class=\"message-box-content-wrapper-fgNGpz\">\n<div class=\"message-content message-box-content-xoCEoU receive-message-box-content-bNaFpa samantha-message-box-content-gWlptz\" data-testid=\"message_content\">\n<div class=\"inner-LOKNYu inner-item-AQrr_W\" data-target-id=\"message-box-target-id\" data-testid=\"union_message\">\n<div class=\"message-block-container-CKPFh2\" data-testid=\"message-block-container\">\n<div class=\"message-box-y4MH8s\" data-testid=\"receive_message\">\n<div class=\"message-box-content-wrapper-fgNGpz\">\n<div class=\"message-content message-box-content-xoCEoU receive-message-box-content-bNaFpa samantha-message-box-content-gWlptz\" data-testid=\"message_content\">\n<div class=\"container-ZYIsnH flow-markdown-body theme-samantha-Nbr9UN\" dir=\"ltr\" data-testid=\"message_text_content\" data-show-indicator=\"false\">\n<div class=\"container-ZYIsnH flow-markdown-body theme-samantha-Nbr9UN\" dir=\"ltr\" data-testid=\"message_text_content\" data-show-indicator=\"false\">\n<h3><strong>Services de personnalisation<\/strong><\/h3>\n<p id=\"\">Nous offrons des services de personnalisation complets, y compris, mais sans s'y limiter, la conception de motifs, l'ajustement des tailles et la correspondance des couleurs, afin de r\u00e9pondre \u00e0 vos besoins uniques en mati\u00e8re de d\u00e9coration. Il vous suffit de nous faire part de votre concept cr\u00e9atif et notre \u00e9quipe de designers professionnels fabriquera une colonne en aluminium en forme d'arbre avec plafond radial exclusivement pour vous.<\/p>\n<\/div>\n<\/div>\n<\/div>\n<\/div>\n<\/div>\n<\/div>\n<h3 dir=\"ltr\" data-testid=\"message_text_content\" data-show-indicator=\"false\">Processus de commande<\/h3>\n<p>&nbsp;<\/p>\n<\/div>\n<div class=\"inner-LOKNYu inner-item-AQrr_W\" data-target-id=\"message-box-target-id\" data-testid=\"union_message\">\n<div class=\"message-block-container-CKPFh2\" data-testid=\"message-block-container\">\n<div class=\"message-box-y4MH8s\" data-testid=\"receive_message\">\n<div class=\"message-box-content-wrapper-fgNGpz\">\n<div class=\"message-content message-box-content-xoCEoU receive-message-box-content-bNaFpa samantha-message-box-content-gWlptz\" data-testid=\"message_content\">\n<div class=\"container-ZYIsnH flow-markdown-body theme-samantha-Nbr9UN\" dir=\"ltr\" data-testid=\"message_text_content\" data-show-indicator=\"false\">\n<ol>\n<li><strong>Demande de renseignements<\/strong>: Contactez-nous pour nous faire part de vos exigences sp\u00e9cifiques et de vos besoins de personnalisation.<\/li>\n<li><strong>Confirmation du devis<\/strong>: Nous vous fournirons un devis d\u00e9taill\u00e9 et un d\u00e9lai de livraison en fonction de vos besoins.<\/li>\n<li><strong>Signature du contrat<\/strong>: Une fois que les deux parties ont confirm\u00e9 le devis et le d\u00e9lai de livraison, un contrat officiel est sign\u00e9.<\/li>\n<li><strong>Production et transformation<\/strong>: La production et la transformation sont effectu\u00e9es conform\u00e9ment aux exigences du contrat.<\/li>\n<li><strong>Inspection de la qualit\u00e9<\/strong>: Inspection rigoureuse de la qualit\u00e9 des produits finis pour s'assurer de leur conformit\u00e9 aux normes.<\/li>\n<li><strong>Emballage et exp\u00e9dition<\/strong>: Emballage professionnel pour garantir la s\u00e9curit\u00e9 du produit pendant le transport.<\/li>\n<li><strong>Service apr\u00e8s-vente<\/strong>: Fournir un service apr\u00e8s-vente complet pour r\u00e9pondre \u00e0 vos pr\u00e9occupations.<\/li>\n<\/ol>\n<\/div>\n<div class=\"container-ZYIsnH flow-markdown-body theme-samantha-Nbr9UN\" dir=\"ltr\" data-testid=\"message_text_content\" data-show-indicator=\"false\">\n<div>\n<h3 class=\"header-vfC6AV auto-hide-last-sibling-br\">Production et conditionnement<\/h3>\n<ul class=\"auto-hide-last-sibling-br\">\n<li><strong>Processus de production<\/strong>: Des technologies avanc\u00e9es d'estampage et de gravure CNC, des technologies de soudage et de gravure au laser, ainsi que des processus de pliage, de laminage et de meulage sont adopt\u00e9s pour garantir la pr\u00e9cision et la qualit\u00e9 des produits.<\/li>\n<li><strong>M\u00e9thodes d'emballage<\/strong>:\n<ul class=\"auto-hide-last-sibling-br\">\n<li><strong>Protection de base<\/strong>: Appliquer une couche de protection sur la surface d\u00e9corative de la plaque d'aluminium et ajouter une couche de papier bulle.<\/li>\n<li><strong>Emballage de la marque de l'entreprise<\/strong>: La surface d\u00e9corative de la plaque d'aluminium est recouverte d'un film portant le logo de l'entreprise, puis prot\u00e9g\u00e9e par du papier bulle.<\/li>\n<li><strong>Emballage sur mesure<\/strong>: Le logo unique du client peut \u00eatre imprim\u00e9 sur le film, puis prot\u00e9g\u00e9 par du papier bulle.<\/li>\n<li><strong>Protection renforc\u00e9e<\/strong>: La surface d\u00e9corative est recouverte d'une couche protectrice, des corni\u00e8res bleues sont ajout\u00e9es aux coins de la plaque et le tout est emball\u00e9 dans du papier bulle.<\/li>\n<li><strong>Un emballage s\u00fbr et de haute qualit\u00e9<\/strong>: La surface d\u00e9corative est recouverte d'un film, les coins de la plaque sont dot\u00e9s de protections bleues, et apr\u00e8s avoir \u00e9t\u00e9 emball\u00e9e avec du papier bulle, elle est plac\u00e9e dans une bo\u00eete en bois stratifi\u00e9e durable.<\/li>\n<\/ul>\n<\/li>\n<\/ul>\n<div>\n<h3 class=\"header-vfC6AV auto-hide-last-sibling-br\">Certification et service<\/h3>\n<ul class=\"auto-hide-last-sibling-br\">\n<li><strong>Certification<\/strong>\uff1aLe produit a obtenu les certifications internationales CE, SGS et ISO 9001 et r\u00e9pond aux normes de qualit\u00e9 et d'environnement en vigueur.<\/li>\n<li><strong>Service<\/strong>\uff1aNous fournissons des services complets avant, pendant et apr\u00e8s la vente, y compris la consultation sur les produits, la fourniture de plans de conception, l'orientation de l'installation et la maintenance apr\u00e8s-vente afin de garantir que les clients peuvent utiliser le produit sans probl\u00e8me.<\/li>\n<\/ul>\n<\/div>\n<h3 class=\"header-vfC6AV auto-hide-last-sibling-br\">Service apr\u00e8s-vente<\/h3>\n<ul class=\"auto-hide-last-sibling-br\">\n<li><strong>P\u00e9riode de garantie<\/strong>: Nous offrons une garantie de qualit\u00e9 de [10] ans. Pendant la p\u00e9riode de garantie, en cas de probl\u00e8me de qualit\u00e9 des produits, nous fournirons des services de r\u00e9paration ou de remplacement gratuits.<\/li>\n<li><strong>Support technique<\/strong>: Fournir une consultation et une assistance techniques professionnelles aux clients, en les aidant \u00e0 r\u00e9soudre les probl\u00e8mes rencontr\u00e9s lors de l'installation et de l'utilisation des produits.<\/li>\n<li><strong>Suivi r\u00e9gulier<\/strong>: Suivre r\u00e9guli\u00e8rement les clients pour comprendre l'utilisation des produits, recueillir leurs avis et suggestions, et am\u00e9liorer continuellement nos produits et services.<\/li>\n<\/ul>\n<\/div>\n<\/div>\n<\/div>\n<\/div>\n<\/div>\n<\/div>\n<\/div>\n<h2 class=\"header-vfC6AV auto-hide-last-sibling-br\" style=\"font-style: normal;\">Foire aux questions (FAQ)<\/h2>\n<div><\/div>\n<h5 class=\"auto-hide-last-sibling-br paragraph-fz9qvc paragraph-element br-paragraph-space\">Q 1 : Comment le plafond radial s'int\u00e8gre-t-il structurellement \u00e0 la colonne en forme d'arbre ?<\/h5>\n<\/div>\n<\/div>\n<div><\/div>\n<div><span style=\"font-size: 16px;\">A 1:La colonne arborescente en aluminium avec plafond radial est con\u00e7ue pour r\u00e9partir uniform\u00e9ment les charges gr\u00e2ce \u00e0 un r\u00e9seau de poutres en aluminium rayonnant \u00e0 partir de la colonne centrale. Les branches de la colonne en forme d'arbre agissent comme des n\u0153uds de support primaires, chaque \"branche\" \u00e9tant align\u00e9e sur la grille structurelle du plafond radial. Cela cr\u00e9e un syst\u00e8me synergique o\u00f9 la forme organique de la colonne compl\u00e8te la pr\u00e9cision g\u00e9om\u00e9trique du plafond, assurant la stabilit\u00e9 tout en maintenant l'harmonie visuelle.<\/span><\/div>\n<div class=\"message-box-content-wrapper-fgNGpz\">\n<div class=\"message-content message-box-content-xoCEoU receive-message-box-content-bNaFpa samantha-message-box-content-gWlptz\" data-testid=\"message_content\">\n<h5><\/h5>\n<h5 class=\"auto-hide-last-sibling-br paragraph-fz9qvc paragraph-element br-paragraph-space\">Q 2 : Le syst\u00e8me d'\u00e9clairage du plafond radial peut-il \u00eatre personnalis\u00e9 en fonction des diff\u00e9rents besoins d'ambiance ?<\/h5>\n<\/div>\n<div><\/div>\n<div class=\"message-content message-box-content-xoCEoU receive-message-box-content-bNaFpa samantha-message-box-content-gWlptz\" data-testid=\"message_content\">\n<div class=\"auto-hide-last-sibling-br paragraph-fz9qvc paragraph-element br-paragraph-space\">R 2:Oui, le syst\u00e8me d'\u00e9clairage est enti\u00e8rement personnalisable. Les bandes de LED int\u00e9gr\u00e9es dans les faisceaux radiaux peuvent \u00eatre programm\u00e9es pour \u00e9mettre des changements de couleur dynamiques, des effets de gradation ou m\u00eame des spectacles lumineux synchronis\u00e9s. Les branches de la colonne en forme d'arbre peuvent \u00e9galement incorporer un \u00e9clairage d'accentuation ou des luminaires suspendus, permettant un \u00e9clairage en couches qui met en valeur les caract\u00e9ristiques architecturales tout en s'adaptant \u00e0 divers \u00e9v\u00e9nements ou ambiances.<\/div>\n<h5><\/h5>\n<h5 class=\"auto-hide-last-sibling-br paragraph-fz9qvc paragraph-element br-paragraph-space\">Q 3 : Quels sont les mat\u00e9riaux utilis\u00e9s dans le plafond radial pour garantir la durabilit\u00e9 et l'esth\u00e9tique ?<\/h5>\n<div><\/div>\n<div class=\"auto-hide-last-sibling-br paragraph-fz9qvc paragraph-element br-paragraph-space\">A 3:La colonne arborescente en aluminium avec plafond radial utilise un alliage d'aluminium de haute qualit\u00e9 pour ses composants structurels, ce qui lui conf\u00e8re une r\u00e9sistance \u00e0 la corrosion et une l\u00e9g\u00e8ret\u00e9 durable. Les panneaux de plafond sont souvent constitu\u00e9s de t\u00f4les d'aluminium perfor\u00e9es ou de mat\u00e9riaux composites aux propri\u00e9t\u00e9s acoustiques, ce qui am\u00e9liore \u00e0 la fois l'esth\u00e9tique et la fonctionnalit\u00e9. Les traitements de surface tels que le rev\u00eatement en poudre ou l'anodisation permettent de personnaliser les couleurs tout en prot\u00e9geant contre l'usure.<\/div>\n<h5 class=\"auto-hide-last-sibling-br paragraph-fz9qvc paragraph-element br-paragraph-space\"><br class=\"container-at6D_3 wrapper-iJdwc2 undefined\" \/>Q 4 : Comment la conception prend-elle en compte les syst\u00e8mes de chauffage, de ventilation et de climatisation (HVAC) ou d'autres syst\u00e8mes de construction ?<\/h5>\n<div class=\"auto-hide-last-sibling-br paragraph-fz9qvc paragraph-element br-paragraph-space\"><\/div>\n<div class=\"auto-hide-last-sibling-br paragraph-fz9qvc paragraph-element br-paragraph-space\">A 4:La structure modulaire de la colonne arborescente en aluminium avec plafond radial permet d'int\u00e9grer facilement les conduits de chauffage, de ventilation et de climatisation, les syst\u00e8mes d'arrosage et le c\u00e2blage. Les espaces vides dans les poutres radiales et les branches creuses de la colonne en forme d'arbre fournissent des voies cach\u00e9es pour les utilit\u00e9s, minimisant ainsi l'encombrement visuel. Les panneaux d'acc\u00e8s au plafond facilitent la maintenance, garantissant que les syst\u00e8mes restent accessibles sans compromettre la conception architecturale.<\/div>\n<div class=\"auto-hide-last-sibling-br paragraph-fz9qvc paragraph-element br-paragraph-space\"><\/div>\n<h5 class=\"auto-hide-last-sibling-br paragraph-fz9qvc paragraph-element br-paragraph-space\">Q 5 : Le processus d'installation est-il complexe et quel est le d\u00e9lai habituel ?<\/h5>\n<div><\/div>\n<div class=\"auto-hide-last-sibling-br paragraph-fz9qvc paragraph-element br-paragraph-space\">A 5:Bien que la conception semble complexe, la pr\u00e9fabrication des composants simplifie l'installation. Une \u00e9quipe de sp\u00e9cialistes r\u00e9alise g\u00e9n\u00e9ralement le processus en 2 \u00e0 4 semaines, en fonction de l'\u00e9chelle. La colonne en forme d'arbre est assembl\u00e9e en premier, suivie des modules radiaux du plafond, qui sont boulonn\u00e9s en place. La coordination avec les autres corps de m\u00e9tier (\u00e9lectricit\u00e9, chauffage, ventilation et climatisation) est pr\u00e9vue pour minimiser les retards.<\/div>\n<div><\/div>\n<\/div>\n<\/div>\n<\/div>\n<\/div>\n<\/div>\n<\/div>\n<\/div>\n<\/div>\n<div class=\"container-ncFTrL\">\n<div class=\"item-KOa3z_\">\n<div class=\"container-rBgb6B chrome70-container\">\n<div class=\"inner-LOKNYu inner-item-AQrr_W\" data-target-id=\"message-box-target-id\" data-testid=\"union_message\">\n<div class=\"message-block-container-CKPFh2\" data-testid=\"message-block-container\">\n<div class=\"message-box-y4MH8s\" data-testid=\"receive_message\">\n<div class=\"message-box-content-wrapper-fgNGpz\">\n<div class=\"message-content message-box-content-xoCEoU receive-message-box-content-bNaFpa samantha-message-box-content-gWlptz\" data-testid=\"message_content\">\n<h4><span style=\"font-size: 1.2em; font-weight: bold;\">Pourquoi choisir la colonne en aluminium en forme d'arbre avec plafond radial ?<\/span><\/h4>\n<p>&nbsp;<\/p>\n<ul data-start=\"683\" data-end=\"1095\">\n<li class=\"\" data-start=\"683\" data-end=\"739\">\n<p class=\"\" data-start=\"685\" data-end=\"739\"><strong data-start=\"685\" data-end=\"719\">Motif de ramification inspir\u00e9 d'un arbre<\/strong><\/p>\n<\/li>\n<li class=\"\" data-start=\"740\" data-end=\"797\">\n<p class=\"\" data-start=\"742\" data-end=\"797\"><strong data-start=\"742\" data-end=\"772\">Int\u00e9gration du plafond radial<\/strong><\/p>\n<\/li>\n<li class=\"\" data-start=\"798\" data-end=\"874\">\n<p class=\"\" data-start=\"800\" data-end=\"874\"><strong data-start=\"800\" data-end=\"849\">Construction l\u00e9g\u00e8re et durable en aluminium<\/strong><\/p>\n<\/li>\n<li class=\"\" data-start=\"875\" data-end=\"940\">\n<p class=\"\" data-start=\"877\" data-end=\"940\"><strong data-start=\"877\" data-end=\"919\">R\u00e9sistance \u00e0 la corrosion pour une utilisation \u00e0 long terme<\/strong><\/p>\n<\/li>\n<li class=\"\" data-start=\"941\" data-end=\"1026\">\n<p class=\"\" data-start=\"943\" data-end=\"1026\"><strong data-start=\"943\" data-end=\"1005\">Application polyvalente dans les espaces commerciaux et r\u00e9sidentiels<\/strong><\/p>\n<\/li>\n<li class=\"\" data-start=\"1027\" data-end=\"1095\">\n<p class=\"\" data-start=\"1029\" data-end=\"1095\"><strong data-start=\"1029\" data-end=\"1069\">Dimensions et finitions personnalisables<\/strong><\/p>\n<\/li>\n<\/ul>\n<p><span style=\"font-size: 1.7em; font-weight: bold;\">Contact US<\/span><\/p>\n<\/div>\n<\/div>\n<\/div>\n<\/div>\n<\/div>\n<\/div>\n<\/div>\n<\/div>\n<div class=\"paragraph\">\n<p>Pour plus d'informations ou pour passer une commande, veuillez contacter notre service client\u00e8le. Nous sommes l\u00e0 pour vous aider \u00e0 transformer votre vision architecturale en r\u00e9alit\u00e9 avec notre colonne en aluminium en forme d'arbre avec plafond radial.<\/p>\n<\/div>\n<div>\n<h3>\ud83d\udcde Whatsapp<strong>:<\/strong> <a href=\"https:\/\/api.whatsapp.com\/send\/?phone=8618566054354&amp;text\" target=\"_blank\" rel=\"noopener\">+86 18566054354<\/a><br \/>\n\ud83d\udce7 <strong>Courriel :<\/strong> <a href=\"mailto:damon@meterny.com\">damon@meterny.com<\/a><\/h3>\n<\/div>","protected":false},"excerpt":{"rendered":"<p>Cette colonne en aluminium en forme d'arbre s'int\u00e8gre parfaitement \u00e0 un plafond radial, cr\u00e9ant un m\u00e9lange harmonieux de structure inspir\u00e9e de la nature et d'architecture moderne. L\u00e9g\u00e8re mais solide, elle rehausse les int\u00e9rieurs en offrant \u00e0 la fois un support \u00e9l\u00e9gant et une pi\u00e8ce ma\u00eetresse dynamique.<\/p>","protected":false},"featured_media":20101,"comment_status":"open","ping_status":"closed","template":"","meta":{"_uag_custom_page_level_css":"","site-sidebar-layout":"default","site-content-layout":"","ast-site-content-layout":"default","site-content-style":"default","site-sidebar-style":"default","ast-global-header-display":"","ast-banner-title-visibility":"","ast-main-header-display":"","ast-hfb-above-header-display":"","ast-hfb-below-header-display":"","ast-hfb-mobile-header-display":"","site-post-title":"","ast-breadcrumbs-content":"","ast-featured-img":"","footer-sml-layout":"","theme-transparent-header-meta":"default","adv-header-id-meta":"","stick-header-meta":"default","header-above-stick-meta":"","header-main-stick-meta":"","header-below-stick-meta":"","astra-migrate-meta-layouts":"set","ast-page-background-enabled":"default","ast-page-background-meta":{"desktop":{"background-color":"var(--ast-global-color-4)","background-image":"","background-repeat":"repeat","background-position":"center center","background-size":"auto","background-attachment":"scroll","background-type":"","background-media":"","overlay-type":"","overlay-color":"","overlay-opacity":"","overlay-gradient":""},"tablet":{"background-color":"","background-image":"","background-repeat":"repeat","background-position":"center center","background-size":"auto","background-attachment":"scroll","background-type":"","background-media":"","overlay-type":"","overlay-color":"","overlay-opacity":"","overlay-gradient":""},"mobile":{"background-color":"","background-image":"","background-repeat":"repeat","background-position":"center center","background-size":"auto","background-attachment":"scroll","background-type":"","background-media":"","overlay-type":"","overlay-color":"","overlay-opacity":"","overlay-gradient":""}},"ast-content-background-meta":{"desktop":{"background-color":"var(--ast-global-color-5)","background-image":"","background-repeat":"repeat","background-position":"center center","background-size":"auto","background-attachment":"scroll","background-type":"","background-media":"","overlay-type":"","overlay-color":"","overlay-opacity":"","overlay-gradient":""},"tablet":{"background-color":"var(--ast-global-color-5)","background-image":"","background-repeat":"repeat","background-position":"center center","background-size":"auto","background-attachment":"scroll","background-type":"","background-media":"","overlay-type":"","overlay-color":"","overlay-opacity":"","overlay-gradient":""},"mobile":{"background-color":"var(--ast-global-color-5)","background-image":"","background-repeat":"repeat","background-position":"center center","background-size":"auto","background-attachment":"scroll","background-type":"","background-media":"","overlay-type":"","overlay-color":"","overlay-opacity":"","overlay-gradient":""}}},"product_brand":[],"product_cat":[224],"product_tag":[1836,1835,1833,1834,1832],"class_list":{"0":"post-23326","1":"product","2":"type-product","3":"status-publish","4":"has-post-thumbnail","6":"product_cat-aluminum-baffle-ceiling","7":"product_tag-aluminum-tree-shape-column-with-integrated-radial-ceiling-design","8":"product_tag-biomimetic-aluminum-column-with-radial-canopy-ceiling-design","9":"product_tag-custom-aluminum-column-with-organic-branching-and-ceiling-connection","10":"product_tag-lightweight-aluminum-tree-pillar-with-radial-ceiling-structure","11":"product_tag-tree-inspired-aluminum-structural-support-with-radial-ceiling-application","12":"desktop-align-center","13":"tablet-align-left","14":"mobile-align-left","15":"ast-product-gallery-layout-horizontal-slider","16":"ast-product-single-variable","17":"ast-product-tabs-layout-vertical","19":"first","20":"instock","21":"shipping-taxable","22":"product-type-variable"},"uagb_featured_image_src":{"full":["https:\/\/meterny.com\/wp-content\/uploads\/2024\/12\/mmexport1733234001761.jpg",800,800,false],"thumbnail":["https:\/\/meterny.com\/wp-content\/uploads\/2024\/12\/mmexport1733234001761-150x150.jpg",150,150,true],"medium":["https:\/\/meterny.com\/wp-content\/uploads\/2024\/12\/mmexport1733234001761-300x300.jpg",300,300,true],"medium_large":["https:\/\/meterny.com\/wp-content\/uploads\/2024\/12\/mmexport1733234001761-768x768.jpg",768,768,true],"large":["https:\/\/meterny.com\/wp-content\/uploads\/2024\/12\/mmexport1733234001761.jpg",800,800,false],"1536x1536":["https:\/\/meterny.com\/wp-content\/uploads\/2024\/12\/mmexport1733234001761.jpg",800,800,false],"2048x2048":["https:\/\/meterny.com\/wp-content\/uploads\/2024\/12\/mmexport1733234001761.jpg",800,800,false],"trp-custom-language-flag":["https:\/\/meterny.com\/wp-content\/uploads\/2024\/12\/mmexport1733234001761.jpg",12,12,false],"woocommerce_thumbnail":["https:\/\/meterny.com\/wp-content\/uploads\/2024\/12\/mmexport1733234001761-300x300.jpg",300,300,true],"woocommerce_single":["https:\/\/meterny.com\/wp-content\/uploads\/2024\/12\/mmexport1733234001761-600x600.jpg",600,600,true],"woocommerce_gallery_thumbnail":["https:\/\/meterny.com\/wp-content\/uploads\/2024\/12\/mmexport1733234001761-100x100.jpg",100,100,true]},"uagb_author_info":{"display_name":"meterny","author_link":"https:\/\/meterny.com\/fr\/author\/"},"uagb_comment_info":0,"uagb_excerpt":"This aluminum tree shape column seamlessly integrates with a radial ceiling design, creating a harmonious blend of nature-inspired structure and modern architecture. Lightweight yet strong, it enhances interiors by offering both elegant support and a dynamic visual centerpiece.","_links":{"self":[{"href":"https:\/\/meterny.com\/fr\/wp-json\/wp\/v2\/product\/23326","targetHints":{"allow":["GET"]}}],"collection":[{"href":"https:\/\/meterny.com\/fr\/wp-json\/wp\/v2\/product"}],"about":[{"href":"https:\/\/meterny.com\/fr\/wp-json\/wp\/v2\/types\/product"}],"replies":[{"embeddable":true,"href":"https:\/\/meterny.com\/fr\/wp-json\/wp\/v2\/comments?post=23326"}],"wp:featuredmedia":[{"embeddable":true,"href":"https:\/\/meterny.com\/fr\/wp-json\/wp\/v2\/media\/20101"}],"wp:attachment":[{"href":"https:\/\/meterny.com\/fr\/wp-json\/wp\/v2\/media?parent=23326"}],"wp:term":[{"taxonomy":"product_brand","embeddable":true,"href":"https:\/\/meterny.com\/fr\/wp-json\/wp\/v2\/product_brand?post=23326"},{"taxonomy":"product_cat","embeddable":true,"href":"https:\/\/meterny.com\/fr\/wp-json\/wp\/v2\/product_cat?post=23326"},{"taxonomy":"product_tag","embeddable":true,"href":"https:\/\/meterny.com\/fr\/wp-json\/wp\/v2\/product_tag?post=23326"}],"curies":[{"name":"wp","href":"https:\/\/api.w.org\/{rel}","templated":true}]}}