{"id":23581,"date":"2025-06-10T02:23:03","date_gmt":"2025-06-10T02:23:03","guid":{"rendered":"https:\/\/meterny.com\/?post_type=product&#038;p=23581"},"modified":"2025-06-12T12:39:19","modified_gmt":"2025-06-12T12:39:19","slug":"wood-grain-aluminum-baffle-ceiling-for-indoors","status":"publish","type":"product","link":"https:\/\/meterny.com\/fr\/produit\/wood-grain-aluminum-baffle-ceiling-for-indoors\/","title":{"rendered":"Plafond \u00e0 baffles en aluminium grain de bois pour l'int\u00e9rieur"},"content":{"rendered":"<div class=\"inner-LOKNYu inner-item-AQrr_W\" data-target-id=\"message-box-target-id\" data-testid=\"union_message\">\n<div class=\"message-block-container-CKPFh2\" data-testid=\"message-block-container\">\n<div class=\"message-box-y4MH8s\" data-testid=\"receive_message\">\n<div class=\"message-box-content-wrapper-fgNGpz\">\n<div class=\"message-content message-box-content-xoCEoU receive-message-box-content-bNaFpa samantha-message-box-content-gWlptz\" data-testid=\"message_content\">\n<div class=\"container-ZYIsnH flow-markdown-body theme-samantha-Nbr9UN\" dir=\"ltr\" data-testid=\"message_text_content\" data-show-indicator=\"false\">\n<div class=\"container-ZYIsnH flow-markdown-body theme-samantha-Nbr9UN\" dir=\"ltr\" data-testid=\"message_text_content\" data-show-indicator=\"false\">\n<div class=\"container-ZYIsnH flow-markdown-body theme-samantha-Nbr9UN\" dir=\"ltr\" data-testid=\"message_text_content\" data-show-indicator=\"false\">\u00a0<span style=\"font-size: 1.7em; font-weight: bold;\">Plafond \u00e0 baffles en aluminium grain de bois pour l'int\u00e9rieur<\/span><\/div>\n<\/div>\n<\/div>\n<div class=\"container-ZYIsnH flow-markdown-body theme-samantha-Nbr9UN\" dir=\"ltr\" data-testid=\"message_text_content\" data-show-indicator=\"false\">\n<div class=\"container-ZYIsnH flow-markdown-body theme-samantha-Nbr9UN\" dir=\"ltr\" data-testid=\"message_text_content\" data-show-indicator=\"false\">\n<div>\n<h3 data-start=\"91\" data-end=\"125\"><\/h3>\n<h3 data-start=\"91\" data-end=\"125\"><strong data-start=\"95\" data-end=\"125\">Aper\u00e7u du produit\u00a0<\/strong><\/h3>\n<p data-start=\"127\" data-end=\"594\">Le plafond \u00e0 chicanes en aluminium grain de bois pour l'int\u00e9rieur allie l'esth\u00e9tique naturelle \u00e0 la performance moderne. Dot\u00e9 d'une finition bois r\u00e9aliste sur un aluminium l\u00e9ger et r\u00e9sistant \u00e0 la corrosion, ce syst\u00e8me de plafond offre de la chaleur sans compromettre la durabilit\u00e9. Il est id\u00e9al pour les bureaux, les halls d'entr\u00e9e, les h\u00f4tels et les int\u00e9rieurs commerciaux o\u00f9 l'attrait visuel et la stabilit\u00e9 \u00e0 long terme sont essentiels. Facile \u00e0 installer et \u00e0 entretenir, il am\u00e9liore \u00e9galement la circulation de l'air et les performances acoustiques.<\/p>\n<figure id=\"attachment_23573\" aria-describedby=\"caption-attachment-23573\" style=\"width: 1024px\" class=\"wp-caption alignnone\"><img loading=\"lazy\" decoding=\"async\" class=\"wp-image-23573\" src=\"https:\/\/meterny.com\/wp-content\/uploads\/2025\/06\/Meterny-Aluminum-Baffle-Ceiling-Project-123.webp\" alt=\"Plafond \u00e0 baffles en aluminium grain de bois pour l&#039;int\u00e9rieur\" width=\"1024\" height=\"1024\" srcset=\"https:\/\/meterny.com\/wp-content\/uploads\/2025\/06\/Meterny-Aluminum-Baffle-Ceiling-Project-123.webp 800w, https:\/\/meterny.com\/wp-content\/uploads\/2025\/06\/Meterny-Aluminum-Baffle-Ceiling-Project-123-300x300.webp 300w, https:\/\/meterny.com\/wp-content\/uploads\/2025\/06\/Meterny-Aluminum-Baffle-Ceiling-Project-123-150x150.webp 150w, https:\/\/meterny.com\/wp-content\/uploads\/2025\/06\/Meterny-Aluminum-Baffle-Ceiling-Project-123-768x768.webp 768w, https:\/\/meterny.com\/wp-content\/uploads\/2025\/06\/Meterny-Aluminum-Baffle-Ceiling-Project-123-600x600.webp 600w, https:\/\/meterny.com\/wp-content\/uploads\/2025\/06\/Meterny-Aluminum-Baffle-Ceiling-Project-123-100x100.webp 100w\" sizes=\"auto, (max-width: 1024px) 100vw, 1024px\" \/><figcaption id=\"caption-attachment-23573\" class=\"wp-caption-text\">Apportez de la chaleur et de la texture aux espaces modernes gr\u00e2ce \u00e0 des solutions de plafonds r\u00e9alistes en aluminium d'aspect bois.<\/figcaption><\/figure>\n<p><span style=\"font-size: 1.5em; font-weight: bold;\">Sp\u00e9cifications techniques(1)\u00a0<\/span><\/p>\n<\/div>\n<div class=\"container-ZYIsnH flow-markdown-body theme-samantha-Nbr9UN\" dir=\"ltr\" data-testid=\"message_text_content\" data-show-indicator=\"false\">\n<div class=\"container-ZYIsnH flow-markdown-body theme-samantha-Nbr9UN\" dir=\"ltr\" data-testid=\"message_text_content\" data-show-indicator=\"false\">\n<div>\n<div class=\"auto-hide-last-sibling-br table-container-GhL7Lo\">\n<table style=\"height: 575px;\" width=\"739\">\n<thead>\n<tr>\n<th>Objet<\/th>\n<th>Param\u00e8tres<\/th>\n<\/tr>\n<\/thead>\n<tbody>\n<tr>\n<td>Mat\u00e9riau<\/td>\n<td>Alliage d'aluminium (6063\/T6, etc.)<\/td>\n<\/tr>\n<tr>\n<td>\u00c9paisseur<\/td>\n<td>G\u00e9n\u00e9ralement 2,0 mm - 4,0 mm, personnalisable<\/td>\n<\/tr>\n<tr>\n<td>Taux de perforation<\/td>\n<td>10% - 50%, r\u00e9glable selon les besoins<\/td>\n<\/tr>\n<tr>\n<td>Diam\u00e8tre du trou<\/td>\n<td>3mm - 20mm, diff\u00e9rentes sp\u00e9cifications disponibles<\/td>\n<\/tr>\n<tr>\n<td>Traitement de surface<\/td>\n<td>PVDF, polyester, anodisation, rev\u00eatement en poudre, peinture au fluorocarbone, etc.<\/td>\n<\/tr>\n<tr>\n<td>Couleur<\/td>\n<td>Personnalisable en fonction des cartes de couleurs, les couleurs courantes sont le blanc argent\u00e9, le gris, le noir, l'or, etc.<\/td>\n<\/tr>\n<tr>\n<td>Taille<\/td>\n<td>Les tailles conventionnelles sont 1200mm\u00d72400mm, 1500mm\u00d73000mm, etc., et peuvent \u00e9galement \u00eatre personnalis\u00e9es selon les besoins.<\/td>\n<\/tr>\n<\/tbody>\n<\/table>\n<\/div>\n<\/div>\n<h3>Sp\u00e9cifications techniques(2)<\/h3>\n<p>&nbsp;<\/p>\n<table style=\"height: 515px;\" width=\"347\">\n<thead>\n<tr>\n<th><strong>Sp\u00e9cifications<\/strong><\/th>\n<th><strong>D\u00e9tails<\/strong><\/th>\n<\/tr>\n<\/thead>\n<tbody>\n<tr>\n<td><strong>Poids<\/strong><\/td>\n<td>2,5-3,5 kg par m\u00e8tre carr\u00e9 (en fonction de l'\u00e9paisseur)<\/td>\n<\/tr>\n<tr>\n<td><strong>Options de finition<\/strong><\/td>\n<td>Brillant, mat, grain de bois, bross\u00e9, etc.<\/td>\n<\/tr>\n<tr>\n<td><strong>Conception<\/strong><\/td>\n<td>Motifs floraux, motifs g\u00e9om\u00e9triques, motifs complexes, art abstrait, logos textuels, etc.<\/td>\n<\/tr>\n<tr>\n<td><strong>Mod\u00e8les de perforation<\/strong><\/td>\n<td>Des motifs circulaires, carr\u00e9s, diamant\u00e9s, hexagonaux et autres sont disponibles.<\/td>\n<\/tr>\n<tr>\n<td><strong>R\u00e9sistance au feu<\/strong><\/td>\n<td>A2 Classement au feu (incombustible)<\/td>\n<\/tr>\n<tr>\n<td><strong>Garantie<\/strong><\/td>\n<td>10-15 ans (en fonction de la finition et de l'application)<\/td>\n<\/tr>\n<tr>\n<td><strong>Applications<\/strong><\/td>\n<td>tous les rev\u00eatements, plafonds, s\u00e9parateurs de pi\u00e8ces, \u00e9crans d\u00e9coratifs, fa\u00e7ades, cloisons, cl\u00f4tures, brise-soleil, d\u00e9coration int\u00e9rieure, etc.<\/td>\n<\/tr>\n<tr>\n<td><strong>Installation<\/strong><\/td>\n<td>Montage mural (vis ou bandes adh\u00e9sives)\/Installation facile gr\u00e2ce \u00e0 diverses options de montage (vis, supports, cadres)\/Comprend la fixation directe, les syst\u00e8mes \u00e0 cadre ou les panneaux d'accrochage en fonction de l'application<\/td>\n<\/tr>\n<tr>\n<td><strong>Autres services<\/strong><\/td>\n<td>Services de personnalisation<\/td>\n<\/tr>\n<\/tbody>\n<\/table>\n<\/div>\n<div class=\"container-ZYIsnH flow-markdown-body theme-samantha-Nbr9UN\" dir=\"ltr\" data-testid=\"message_text_content\" data-show-indicator=\"false\">\n<p><strong style=\"font-size: 1.5em;\">Finitions et options de personnalisation :<\/strong><\/p>\n<\/div>\n<div class=\"container-ZYIsnH flow-markdown-body theme-samantha-Nbr9UN\" dir=\"ltr\" data-testid=\"message_text_content\" data-show-indicator=\"false\">\n<ul>\n<li><strong>Anodis\u00e9 Finition :<\/strong> Offre un aspect m\u00e9tallique \u00e9l\u00e9gant et une protection accrue contre la corrosion.<\/li>\n<li><strong>Finition par poudrage :<\/strong> Offre une large gamme d'options de couleurs avec un rev\u00eatement lisse et durable.<\/li>\n<li><strong>Aluminium bross\u00e9 :<\/strong> Finition mate \u00e9l\u00e9gante pour un aspect contemporain.<\/li>\n<li><strong>Perforations personnalis\u00e9es :<\/strong> Adaptez la taille des trous, les motifs et le pourcentage de surface ouverte \u00e0 vos besoins sp\u00e9cifiques en mati\u00e8re de design et de fonctionnalit\u00e9.<\/li>\n<\/ul>\n<\/div>\n<\/div>\n<\/div>\n<\/div>\n<\/div>\n<\/div>\n<\/div>\n<\/div>\n<\/div>\n<div class=\"inner-LOKNYu inner-item-AQrr_W\" data-target-id=\"message-box-target-id\" data-testid=\"union_message\">\n<div class=\"message-block-container-CKPFh2\" data-testid=\"message-block-container\">\n<div class=\"message-box-y4MH8s\" data-testid=\"receive_message\">\n<div class=\"message-box-content-wrapper-fgNGpz\">\n<div class=\"message-content message-box-content-xoCEoU receive-message-box-content-bNaFpa samantha-message-box-content-gWlptz\" data-testid=\"message_content\">\n<div class=\"container-ZYIsnH flow-markdown-body theme-samantha-Nbr9UN\" dir=\"ltr\" data-testid=\"message_text_content\" data-show-indicator=\"false\">\n<h2><strong>Galerie<\/strong><\/h2>\n<p>&nbsp;<\/p>\n<figure id=\"attachment_23572\" aria-describedby=\"caption-attachment-23572\" style=\"width: 1024px\" class=\"wp-caption alignnone\"><img loading=\"lazy\" decoding=\"async\" class=\"wp-image-23572\" src=\"https:\/\/meterny.com\/wp-content\/uploads\/2025\/06\/Meterny-Aluminum-Baffle-Ceiling-Project-122.webp\" alt=\"Plafond lin\u00e9aire en aluminium avec int\u00e9gration de l&#039;\u00e9clairage\" width=\"1024\" height=\"1024\" srcset=\"https:\/\/meterny.com\/wp-content\/uploads\/2025\/06\/Meterny-Aluminum-Baffle-Ceiling-Project-122.webp 800w, https:\/\/meterny.com\/wp-content\/uploads\/2025\/06\/Meterny-Aluminum-Baffle-Ceiling-Project-122-300x300.webp 300w, https:\/\/meterny.com\/wp-content\/uploads\/2025\/06\/Meterny-Aluminum-Baffle-Ceiling-Project-122-150x150.webp 150w, https:\/\/meterny.com\/wp-content\/uploads\/2025\/06\/Meterny-Aluminum-Baffle-Ceiling-Project-122-768x768.webp 768w, https:\/\/meterny.com\/wp-content\/uploads\/2025\/06\/Meterny-Aluminum-Baffle-Ceiling-Project-122-600x600.webp 600w, https:\/\/meterny.com\/wp-content\/uploads\/2025\/06\/Meterny-Aluminum-Baffle-Ceiling-Project-122-100x100.webp 100w\" sizes=\"auto, (max-width: 1024px) 100vw, 1024px\" \/><figcaption id=\"caption-attachment-23572\" class=\"wp-caption-text\">Cr\u00e9ez une atmosph\u00e8re int\u00e9rieure lumineuse et moderne gr\u00e2ce \u00e0 l'\u00e9clairage int\u00e9gr\u00e9 et au design lin\u00e9aire du plafond.<\/figcaption><\/figure>\n<figure id=\"attachment_23571\" aria-describedby=\"caption-attachment-23571\" style=\"width: 1024px\" class=\"wp-caption alignnone\"><img loading=\"lazy\" decoding=\"async\" class=\"wp-image-23571\" src=\"https:\/\/meterny.com\/wp-content\/uploads\/2025\/06\/Meterny-Aluminum-Baffle-Ceiling-Project-121.webp\" alt=\"Plafond suspendu \u00e0 baffles en aluminium avec spots\" width=\"1024\" height=\"1024\" srcset=\"https:\/\/meterny.com\/wp-content\/uploads\/2025\/06\/Meterny-Aluminum-Baffle-Ceiling-Project-121.webp 800w, https:\/\/meterny.com\/wp-content\/uploads\/2025\/06\/Meterny-Aluminum-Baffle-Ceiling-Project-121-300x300.webp 300w, https:\/\/meterny.com\/wp-content\/uploads\/2025\/06\/Meterny-Aluminum-Baffle-Ceiling-Project-121-150x150.webp 150w, https:\/\/meterny.com\/wp-content\/uploads\/2025\/06\/Meterny-Aluminum-Baffle-Ceiling-Project-121-768x768.webp 768w, https:\/\/meterny.com\/wp-content\/uploads\/2025\/06\/Meterny-Aluminum-Baffle-Ceiling-Project-121-600x600.webp 600w, https:\/\/meterny.com\/wp-content\/uploads\/2025\/06\/Meterny-Aluminum-Baffle-Ceiling-Project-121-100x100.webp 100w\" sizes=\"auto, (max-width: 1024px) 100vw, 1024px\" \/><figcaption id=\"caption-attachment-23571\" class=\"wp-caption-text\">Am\u00e9liorez les plafonds int\u00e9rieurs avec un syst\u00e8me de d\u00e9flecteur \u00e9l\u00e9gant qui int\u00e8gre l'\u00e9clairage et le style moderne.<\/figcaption><\/figure>\n<figure id=\"attachment_23160\" aria-describedby=\"caption-attachment-23160\" style=\"width: 1024px\" class=\"wp-caption alignnone\"><img loading=\"lazy\" decoding=\"async\" class=\"wp-image-23160\" src=\"https:\/\/meterny.com\/wp-content\/uploads\/2025\/05\/Meterny-Aluminum-Baffle-Ceiling-Project-86.webp\" alt=\"Panneaux de plafond acoustiques en aluminium pour les couloirs\" width=\"1024\" height=\"1024\" srcset=\"https:\/\/meterny.com\/wp-content\/uploads\/2025\/05\/Meterny-Aluminum-Baffle-Ceiling-Project-86.webp 800w, https:\/\/meterny.com\/wp-content\/uploads\/2025\/05\/Meterny-Aluminum-Baffle-Ceiling-Project-86-300x300.webp 300w, https:\/\/meterny.com\/wp-content\/uploads\/2025\/05\/Meterny-Aluminum-Baffle-Ceiling-Project-86-150x150.webp 150w, https:\/\/meterny.com\/wp-content\/uploads\/2025\/05\/Meterny-Aluminum-Baffle-Ceiling-Project-86-768x768.webp 768w, https:\/\/meterny.com\/wp-content\/uploads\/2025\/05\/Meterny-Aluminum-Baffle-Ceiling-Project-86-600x600.webp 600w, https:\/\/meterny.com\/wp-content\/uploads\/2025\/05\/Meterny-Aluminum-Baffle-Ceiling-Project-86-100x100.webp 100w\" sizes=\"auto, (max-width: 1024px) 100vw, 1024px\" \/><figcaption id=\"caption-attachment-23160\" class=\"wp-caption-text\">Les plafonds \u00e9l\u00e9gants en aluminium r\u00e9duisent le bruit et l'\u00e9cho, ce qui permet de cr\u00e9er des passages silencieux et \u00e9l\u00e9gants.<\/figcaption><\/figure>\n<\/div>\n<\/div>\n<\/div>\n<\/div>\n<\/div>\n<\/div>\n<h2>Vid\u00e9o de l'usine<\/h2>\n<p>&nbsp;<\/p>\n<p><iframe loading=\"lazy\" title=\"Lecteur vid\u00e9o YouTube\" src=\"https:\/\/www.youtube.com\/embed\/9McvKo8wDdI?si=7NVrqfh9270yITNb&amp;autoplay=1&amp;mute=1&amp;loop=1&amp;playlist=9McvKo8wDdI\" width=\"1024\" height=\"576\" frameborder=\"0\" allowfullscreen=\"allowfullscreen\" data-mce-fragment=\"1\"><span data-mce-type=\"bookmark\" style=\"display: inline-block; width: 0px; overflow: hidden; line-height: 0;\" class=\"mce_SELRES_start\"><\/span><br \/>\n<\/iframe><\/p>\n<h2><strong>Nous contacter<\/strong>:<\/h2>\n<p>Si vous \u00eates int\u00e9ress\u00e9 par notre Plafond Baffle en Aluminium Grain de Bois pour l'Int\u00e9rieur, n'h\u00e9sitez pas \u00e0 nous contacter pour plus d'informations ou un devis gratuit !<\/p>\n<h3>\ud83d\udcde Whatsapp<strong>:<\/strong> <a href=\"https:\/\/api.whatsapp.com\/send\/?phone=8618566054354&amp;text\" target=\"_blank\" rel=\"noopener\">+86 18566054354<\/a><br \/>\n\ud83d\udce7 <strong>Courriel :<\/strong> <a href=\"mailto:damon@meterny.com\">damon@meterny.com<\/a><\/h3>\n<h3><\/h3>\n<h3>Machine d'usine<\/h3>\n<hr \/>\n<figure id=\"attachment_17138\" aria-describedby=\"caption-attachment-17138\" style=\"width: 1024px\" class=\"wp-caption alignnone\"><img loading=\"lazy\" decoding=\"async\" class=\"wp-image-17138\" src=\"https:\/\/meterny.com\/wp-content\/uploads\/2024\/09\/Hfef82f3530aa4d3db8ebb2939cd54a108.jpg\" alt=\"Flux de travail de l&#039;usine de panneaux d&#039;aluminium Meterny\" width=\"1024\" height=\"1024\" srcset=\"https:\/\/meterny.com\/wp-content\/uploads\/2024\/09\/Hfef82f3530aa4d3db8ebb2939cd54a108.jpg 1200w, https:\/\/meterny.com\/wp-content\/uploads\/2024\/09\/Hfef82f3530aa4d3db8ebb2939cd54a108-300x300.jpg 300w, https:\/\/meterny.com\/wp-content\/uploads\/2024\/09\/Hfef82f3530aa4d3db8ebb2939cd54a108-1024x1024.jpg 1024w, https:\/\/meterny.com\/wp-content\/uploads\/2024\/09\/Hfef82f3530aa4d3db8ebb2939cd54a108-150x150.jpg 150w, https:\/\/meterny.com\/wp-content\/uploads\/2024\/09\/Hfef82f3530aa4d3db8ebb2939cd54a108-768x768.jpg 768w, https:\/\/meterny.com\/wp-content\/uploads\/2024\/09\/Hfef82f3530aa4d3db8ebb2939cd54a108-600x600.jpg 600w, https:\/\/meterny.com\/wp-content\/uploads\/2024\/09\/Hfef82f3530aa4d3db8ebb2939cd54a108-100x100.jpg 100w\" sizes=\"auto, (max-width: 1024px) 100vw, 1024px\" \/><figcaption id=\"caption-attachment-17138\" class=\"wp-caption-text\">Les ouvriers de l'usine de panneaux d'aluminium Meterny en action : De la d\u00e9coupe au rev\u00eatement.<\/figcaption><\/figure>\n<h3>Guide d'installation<\/h3>\n<p>Installation du plafond \u00e0 baffles en aluminium \u00e0 grain de bois de METERNY pour l'int\u00e9rieur<span style=\"font-size: 16px;\">)des panneaux en aluminium est simple et nous fournissons des instructions d'installation d\u00e9taill\u00e9es pour garantir l'efficacit\u00e9 de votre projet. Voici un aper\u00e7u du processus d'installation :<\/span><\/p>\n<ol>\n<li><strong>Pr\u00e9paration de la surface<\/strong><br \/>\nVeillez \u00e0 ce que la surface sur laquelle le plafond \u00e0 chicanes en aluminium et grain de bois pour l'int\u00e9rieur sera fix\u00e9 soit propre, plane et s\u00e8che. Toute irr\u00e9gularit\u00e9 de la surface doit \u00eatre corrig\u00e9e pour garantir une bonne adh\u00e9rence et un bon alignement des panneaux.<\/li>\n<li><strong>Installer le cadre de travail<\/strong><br \/>\nUtilisez un cadre m\u00e9tallique appropri\u00e9 pour soutenir les panneaux. L'ossature doit \u00eatre align\u00e9e selon les mesures sp\u00e9cifi\u00e9es dans le projet.<\/li>\n<li><strong>Fixation du panneau<\/strong><br \/>\nLes plafonds baffles en aluminium grain de bois pour l'int\u00e9rieur peuvent \u00eatre install\u00e9s \u00e0 l'aide de clips, de vis ou de rivets. La m\u00e9thode de fixation d\u00e9pend du type de panneau et des exigences sp\u00e9cifiques de votre projet. Veillez \u00e0 ce que tous les plafonds \u00e0 chicanes en aluminium Wood Grain pour l'int\u00e9rieur soient solidement fix\u00e9s pour \u00e9viter qu'ils ne bougent.<\/li>\n<li><strong>Contr\u00f4les finaux<\/strong><br \/>\nApr\u00e8s l'installation, proc\u00e9dez \u00e0 une inspection finale pour vous assurer que tous les plafonds \u00e0 chicanes en aluminium Wood Grain pour l'int\u00e9rieur sont correctement align\u00e9s et solidement fix\u00e9s. Nettoyez le plafond \u00e0 chicanes en aluminium Wood Grain pour l'int\u00e9rieur afin d'\u00e9liminer tous les d\u00e9bris de l'installation.<\/li>\n<\/ol>\n<p>Pour des instructions plus d\u00e9taill\u00e9es ou des services d'installation professionnels, veuillez nous contacter.<\/p>\n<p><img loading=\"lazy\" decoding=\"async\" class=\"wp-image-17137\" src=\"https:\/\/meterny.com\/wp-content\/uploads\/2024\/09\/Hd60cc4e1bad449eb8405a223ef59338e2.jpg\" alt=\"Panneaux d&#039;aluminium sur mesure en attente de finition\" width=\"1024\" height=\"1024\" srcset=\"https:\/\/meterny.com\/wp-content\/uploads\/2024\/09\/Hd60cc4e1bad449eb8405a223ef59338e2.jpg 1200w, https:\/\/meterny.com\/wp-content\/uploads\/2024\/09\/Hd60cc4e1bad449eb8405a223ef59338e2-300x300.jpg 300w, https:\/\/meterny.com\/wp-content\/uploads\/2024\/09\/Hd60cc4e1bad449eb8405a223ef59338e2-1024x1024.jpg 1024w, https:\/\/meterny.com\/wp-content\/uploads\/2024\/09\/Hd60cc4e1bad449eb8405a223ef59338e2-150x150.jpg 150w, https:\/\/meterny.com\/wp-content\/uploads\/2024\/09\/Hd60cc4e1bad449eb8405a223ef59338e2-768x768.jpg 768w, https:\/\/meterny.com\/wp-content\/uploads\/2024\/09\/Hd60cc4e1bad449eb8405a223ef59338e2-600x600.jpg 600w, https:\/\/meterny.com\/wp-content\/uploads\/2024\/09\/Hd60cc4e1bad449eb8405a223ef59338e2-100x100.jpg 100w\" sizes=\"auto, (max-width: 1024px) 100vw, 1024px\" \/><\/p>\n<div class=\"container-ncFTrL\">\n<div class=\"item-KOa3z_\">\n<div class=\"container-rBgb6B chrome70-container\">\n<div class=\"inner-LOKNYu inner-item-AQrr_W\" data-target-id=\"message-box-target-id\" data-testid=\"union_message\">\n<div class=\"message-block-container-CKPFh2\" data-testid=\"message-block-container\">\n<div class=\"message-box-y4MH8s\" data-testid=\"receive_message\">\n<div class=\"message-box-content-wrapper-fgNGpz\">\n<div class=\"message-content message-box-content-xoCEoU receive-message-box-content-bNaFpa samantha-message-box-content-gWlptz\" data-testid=\"message_content\">\n<div class=\"inner-LOKNYu inner-item-AQrr_W\" data-target-id=\"message-box-target-id\" data-testid=\"union_message\">\n<div class=\"message-block-container-CKPFh2\" data-testid=\"message-block-container\">\n<div class=\"message-box-y4MH8s\" data-testid=\"receive_message\">\n<div class=\"message-box-content-wrapper-fgNGpz\">\n<div class=\"message-content message-box-content-xoCEoU receive-message-box-content-bNaFpa samantha-message-box-content-gWlptz\" data-testid=\"message_content\">\n<div class=\"container-ZYIsnH flow-markdown-body theme-samantha-Nbr9UN\" dir=\"ltr\" data-testid=\"message_text_content\" data-show-indicator=\"false\">\n<div class=\"container-ZYIsnH flow-markdown-body theme-samantha-Nbr9UN\" dir=\"ltr\" data-testid=\"message_text_content\" data-show-indicator=\"false\">\n<h3><strong>Services de personnalisation<\/strong><\/h3>\n<p id=\"\">Nous offrons des services de personnalisation complets, y compris, mais sans s'y limiter, la conception de motifs, l'ajustement des tailles et la correspondance des couleurs, afin de r\u00e9pondre \u00e0 vos besoins d\u00e9coratifs uniques. Il vous suffit de nous faire part de votre concept cr\u00e9atif et notre \u00e9quipe de concepteurs professionnels fabriquera un plafond \u00e0 chicanes en aluminium et grain de bois pour l'int\u00e9rieur, exclusivement pour vous.<\/p>\n<\/div>\n<\/div>\n<\/div>\n<\/div>\n<\/div>\n<\/div>\n<h3 dir=\"ltr\" data-testid=\"message_text_content\" data-show-indicator=\"false\">Processus de commande<\/h3>\n<p>&nbsp;<\/p>\n<\/div>\n<div class=\"inner-LOKNYu inner-item-AQrr_W\" data-target-id=\"message-box-target-id\" data-testid=\"union_message\">\n<div class=\"message-block-container-CKPFh2\" data-testid=\"message-block-container\">\n<div class=\"message-box-y4MH8s\" data-testid=\"receive_message\">\n<div class=\"message-box-content-wrapper-fgNGpz\">\n<div class=\"message-content message-box-content-xoCEoU receive-message-box-content-bNaFpa samantha-message-box-content-gWlptz\" data-testid=\"message_content\">\n<div class=\"container-ZYIsnH flow-markdown-body theme-samantha-Nbr9UN\" dir=\"ltr\" data-testid=\"message_text_content\" data-show-indicator=\"false\">\n<ol>\n<li><strong>Demande de renseignements<\/strong>: Contactez-nous pour nous faire part de vos exigences sp\u00e9cifiques et de vos besoins de personnalisation.<\/li>\n<li><strong>Confirmation du devis<\/strong>: Nous vous fournirons un devis d\u00e9taill\u00e9 et un d\u00e9lai de livraison en fonction de vos besoins.<\/li>\n<li><strong>Signature du contrat<\/strong>: Une fois que les deux parties ont confirm\u00e9 le devis et le d\u00e9lai de livraison, un contrat officiel est sign\u00e9.<\/li>\n<li><strong>Production et transformation<\/strong>: La production et la transformation sont effectu\u00e9es conform\u00e9ment aux exigences du contrat.<\/li>\n<li><strong>Inspection de la qualit\u00e9<\/strong>: Inspection rigoureuse de la qualit\u00e9 des produits finis pour s'assurer de leur conformit\u00e9 aux normes.<\/li>\n<li><strong>Emballage et exp\u00e9dition<\/strong>: Emballage professionnel pour garantir la s\u00e9curit\u00e9 du produit pendant le transport.<\/li>\n<li><strong>Service apr\u00e8s-vente<\/strong>: Fournir un service apr\u00e8s-vente complet pour r\u00e9pondre \u00e0 vos pr\u00e9occupations.<\/li>\n<\/ol>\n<\/div>\n<div class=\"container-ZYIsnH flow-markdown-body theme-samantha-Nbr9UN\" dir=\"ltr\" data-testid=\"message_text_content\" data-show-indicator=\"false\">\n<div>\n<h3 class=\"header-vfC6AV auto-hide-last-sibling-br\">Production et conditionnement<\/h3>\n<ul class=\"auto-hide-last-sibling-br\">\n<li><strong>Processus de production<\/strong>: Des technologies avanc\u00e9es d'estampage et de gravure CNC, des technologies de soudage et de gravure au laser, ainsi que des processus de pliage, de laminage et de meulage sont adopt\u00e9s pour garantir la pr\u00e9cision et la qualit\u00e9 des produits.<\/li>\n<li><strong>M\u00e9thodes d'emballage<\/strong>:\n<ul class=\"auto-hide-last-sibling-br\">\n<li><strong>Protection de base<\/strong>: Appliquer une couche de protection sur la surface d\u00e9corative de la plaque d'aluminium et ajouter une couche de papier bulle.<\/li>\n<li><strong>Emballage de la marque de l'entreprise<\/strong>: La surface d\u00e9corative de la plaque d'aluminium est recouverte d'un film portant le logo de l'entreprise, puis prot\u00e9g\u00e9e par du papier bulle.<\/li>\n<li><strong>Emballage sur mesure<\/strong>: Le logo unique du client peut \u00eatre imprim\u00e9 sur le film, puis prot\u00e9g\u00e9 par du papier bulle.<\/li>\n<li><strong>Protection renforc\u00e9e<\/strong>: La surface d\u00e9corative est recouverte d'une couche protectrice, des corni\u00e8res bleues sont ajout\u00e9es aux coins de la plaque et le tout est emball\u00e9 dans du papier bulle.<\/li>\n<li><strong>Un emballage s\u00fbr et de haute qualit\u00e9<\/strong>: La surface d\u00e9corative est recouverte d'un film, les coins de la plaque sont dot\u00e9s de protections bleues, et apr\u00e8s avoir \u00e9t\u00e9 emball\u00e9e avec du papier bulle, elle est plac\u00e9e dans une bo\u00eete en bois stratifi\u00e9e durable.<\/li>\n<\/ul>\n<\/li>\n<\/ul>\n<div>\n<h3 class=\"header-vfC6AV auto-hide-last-sibling-br\">Certification et service<\/h3>\n<ul class=\"auto-hide-last-sibling-br\">\n<li><strong>Certification<\/strong>\uff1aLe produit a obtenu les certifications internationales CE, SGS et ISO 9001 et r\u00e9pond aux normes de qualit\u00e9 et d'environnement en vigueur.<\/li>\n<li><strong>Service<\/strong>\uff1aNous fournissons des services complets avant, pendant et apr\u00e8s la vente, y compris la consultation sur les produits, la fourniture de plans de conception, l'orientation de l'installation et la maintenance apr\u00e8s-vente afin de garantir que les clients peuvent utiliser le produit sans probl\u00e8me.<\/li>\n<\/ul>\n<\/div>\n<h3 class=\"header-vfC6AV auto-hide-last-sibling-br\">Service apr\u00e8s-vente<\/h3>\n<ul class=\"auto-hide-last-sibling-br\">\n<li><strong>P\u00e9riode de garantie<\/strong>: Nous offrons une garantie de qualit\u00e9 de [10] ans. Pendant la p\u00e9riode de garantie, en cas de probl\u00e8me de qualit\u00e9 des produits, nous fournirons des services de r\u00e9paration ou de remplacement gratuits.<\/li>\n<li><strong>Support technique<\/strong>: Fournir une consultation et une assistance techniques professionnelles aux clients, en les aidant \u00e0 r\u00e9soudre les probl\u00e8mes rencontr\u00e9s lors de l'installation et de l'utilisation des produits.<\/li>\n<li><strong>Suivi r\u00e9gulier<\/strong>: Suivre r\u00e9guli\u00e8rement les clients pour comprendre l'utilisation des produits, recueillir leurs avis et suggestions, et am\u00e9liorer continuellement nos produits et services.<\/li>\n<\/ul>\n<\/div>\n<\/div>\n<\/div>\n<\/div>\n<\/div>\n<\/div>\n<\/div>\n<h2 class=\"header-vfC6AV auto-hide-last-sibling-br\">Foire aux questions (FAQ)<\/h2>\n<p>&nbsp;<\/p>\n<h5 class=\"ace-line\" dir=\"auto\" data-node=\"true\"><span data-leaf=\"true\"><span class=\"lb\">Q 1:Le plafond \u00e0 chicanes en aluminium et grain de bois pour l'int\u00e9rieur s'estompe-t-il facilement ?<\/span><\/span><\/h5>\n<div dir=\"auto\" data-node=\"true\"><\/div>\n<div class=\"ace-line\" dir=\"auto\" data-node=\"true\"><span data-leaf=\"true\"><span class=\"lb\">A 1:Dans des conditions normales d'utilisation, la d\u00e9coloration est peu probable. La surface emploie <\/span><\/span><span data-leaf=\"true\"><span class=\"lb\">transfert thermique technologie du grain de bois<\/span><\/span><span data-leaf=\"true\"><span class=\"lb\"> ou <\/span><\/span><span data-leaf=\"true\"><span class=\"lb\">film grain de bois enduit de fluorocarbone<\/span><\/span><span data-leaf=\"true\"><span class=\"lb\">La couleur de l'emballage est tr\u00e8s stable et offre une excellente r\u00e9sistance aux intemp\u00e9ries et une protection contre les UV en cas d'exposition quotidienne \u00e0 la lumi\u00e8re et de changements dans l'environnement \u00e0 l'int\u00e9rieur. Toutefois, le fait d'\u00e9viter une exposition directe et prolong\u00e9e \u00e0 la lumi\u00e8re du soleil et le contact avec des nettoyants hautement corrosifs permet de pr\u00e9server davantage la couleur.<\/span><\/span><span data-string=\"true\" data-enter=\"true\" data-leaf=\"true\">\u200b<\/span><\/div>\n<div class=\"ace-line heading-h3\" dir=\"auto\" data-node=\"true\"><span data-string=\"true\" data-enter=\"true\" data-leaf=\"true\">\u200b<\/span><\/div>\n<h5 class=\"ace-line\" dir=\"auto\" data-node=\"true\"><span data-leaf=\"true\"><span class=\"lb\">Q 2:Quels sont les styles de d\u00e9coration int\u00e9rieure qui conviennent le mieux \u00e0 ce plafond \u00e0 chicanes en aluminium et grain de bois pour l'int\u00e9rieur ?<\/span><\/span><\/h5>\n<div dir=\"auto\" data-node=\"true\"><\/div>\n<div class=\"ace-line\" dir=\"auto\" data-node=\"true\"><span data-leaf=\"true\"><span class=\"lb\">A 2:Il s'adapte \u00e0 diff\u00e9rents styles, notamment <\/span><\/span><span data-leaf=\"true\"><span class=\"lb\">Scandinave, japonais et n\u00e9o-chinois<\/span><\/span><span data-leaf=\"true\"><span class=\"lb\"> l'esth\u00e9tique. Dans le design scandinave, le grain de bois clair renforce l'impression de naturel et de confort ; le style japonais se marie bien avec le grain de bois clair du noyer pour une atmosph\u00e8re sereine ; le d\u00e9cor n\u00e9o-chinois b\u00e9n\u00e9ficie du grain de bois brun fonc\u00e9, qui met en valeur l'\u00e9l\u00e9gance et la stabilit\u00e9.<\/span><\/span><span data-string=\"true\" data-enter=\"true\" data-leaf=\"true\">\u200b<\/span><\/div>\n<h5 class=\"ace-line heading-h3\" dir=\"auto\" data-node=\"true\"><span data-string=\"true\" data-enter=\"true\" data-leaf=\"true\">\u200b<\/span><\/h5>\n<h5 class=\"ace-line\" dir=\"auto\" data-node=\"true\"><span data-leaf=\"true\"><span class=\"lb\">Q 3 : Comment puis-je \u00e9viter de rayer la surface du bois lors du nettoyage quotidien ?<\/span><\/span><\/h5>\n<div dir=\"auto\" data-node=\"true\"><\/div>\n<div class=\"ace-line\" dir=\"auto\" data-node=\"true\"><span data-leaf=\"true\"><span class=\"lb\">A 3:Utiliser un <\/span><\/span><span data-leaf=\"true\"><span class=\"lb\">chiffon doux et sec ou plumeau<\/span><\/span><span data-leaf=\"true\"><span class=\"lb\"> pour le d\u00e9poussi\u00e9rage. Pour les taches, essuyer d\u00e9licatement avec un <\/span><\/span><span data-leaf=\"true\"><span class=\"lb\">chiffon doux l\u00e9g\u00e8rement humide et d\u00e9tergent neutre<\/span><\/span><span data-leaf=\"true\"><span class=\"lb\">. \u00c9vitez les outils abrasifs comme la laine d'acier ou les brosses rigides. Apr\u00e8s le nettoyage, s\u00e9cher rapidement la surface pour \u00e9viter les taches d'eau.<\/span><\/span><span data-string=\"true\" data-enter=\"true\" data-leaf=\"true\">\u200b<\/span><\/div>\n<div class=\"ace-line heading-h3\" dir=\"auto\" data-node=\"true\"><span data-string=\"true\" data-enter=\"true\" data-leaf=\"true\">\u200b<\/span><\/div>\n<h5 class=\"ace-line\" dir=\"auto\" data-node=\"true\"><span data-leaf=\"true\"><span class=\"lb\">Q 4:L'installation de ce plafond d\u00e9flecteur en aluminium grain de bois pour l'int\u00e9rieur rendra-t-elle un petit espace encore plus petit ?<\/span><\/span><\/h5>\n<div dir=\"auto\" data-node=\"true\"><\/div>\n<div class=\"ace-line\" dir=\"auto\" data-node=\"true\"><span data-leaf=\"true\"><span class=\"lb\">A 4:Non. Le design ouvert du plafond \u00e0 baffles en aluminium \u00e0 grain de bois n'obstrue pas la vue. En optant pour <\/span><\/span><span data-leaf=\"true\"><span class=\"lb\">bandes \u00e9troites<\/span><\/span><span data-leaf=\"true\"><span class=\"lb\"> ou <\/span><\/span><span data-leaf=\"true\"><span class=\"lb\">grain de bois clair<\/span><\/span><span data-leaf=\"true\"><span class=\"lb\"> peut am\u00e9liorer visuellement la hauteur du plafond. Associ\u00e9 \u00e0 un \u00e9clairage cach\u00e9, il adoucit les limites du plafond, ce qui donne l'impression que les petits espaces sont plus spacieux.<\/span><\/span><span data-string=\"true\" data-enter=\"true\" data-leaf=\"true\">\u200b<\/span><\/div>\n<div class=\"ace-line heading-h3\" dir=\"auto\" data-node=\"true\"><span data-string=\"true\" data-enter=\"true\" data-leaf=\"true\">\u200b<\/span><\/div>\n<h5 class=\"ace-line\" dir=\"auto\" data-node=\"true\"><span data-leaf=\"true\"><span class=\"lb\">Q 5 : Comment puis-je m'assurer que l'orientation des veines du bois est constante lors de l'installation ?<\/span><\/span><\/h5>\n<div dir=\"auto\" data-node=\"true\"><\/div>\n<div class=\"ace-line\" dir=\"auto\" data-node=\"true\"><span data-leaf=\"true\"><span class=\"lb\">A 5:Avant l'installation, <\/span><\/span><span data-leaf=\"true\"><span class=\"lb\">planifier l'orientation des veines du bois<\/span><\/span><span data-leaf=\"true\"><span class=\"lb\">Alignez-le dans l'axe de la pi\u00e8ce la plus longue ou dans le sens de la circulation principale pour obtenir un aspect coh\u00e9rent. Lors de l'installation de chaque d\u00e9flecteur, v\u00e9rifiez le sens des fibres et fixez-le avec pr\u00e9cision dans les fentes de la quille afin d'\u00e9viter tout d\u00e9salignement.<\/span><\/span><\/div>\n<\/div>\n<\/div>\n<div class=\"message-box-content-wrapper-fgNGpz\">\n<div><\/div>\n<\/div>\n<\/div>\n<\/div>\n<\/div>\n<\/div>\n<\/div>\n<\/div>\n<h2><strong>Pourquoi choisir le plafond \u00e0 baffles en aluminium grain de bois pour l'int\u00e9rieur ?<\/strong><span data-string=\"true\" data-enter=\"true\" data-leaf=\"true\">\u200b<\/span><\/h2>\n<p>&nbsp;<\/p>\n<p data-start=\"101\" data-end=\"290\"><strong data-start=\"101\" data-end=\"138\">1. aspect bois naturel, sans entretien<\/strong><br data-start=\"138\" data-end=\"141\" \/>Permet d'obtenir l'aspect chaleureux et \u00e9l\u00e9gant du bois v\u00e9ritable sans risque de d\u00e9formation, de d\u00e9coloration ou de pourriture.\u3002<\/p>\n<p data-start=\"300\" data-end=\"511\"><strong data-start=\"300\" data-end=\"346\">2. structure en aluminium durable et l\u00e9g\u00e8re<\/strong><br data-start=\"346\" data-end=\"349\" \/>Fabriqu\u00e9 en aluminium r\u00e9sistant \u00e0 la corrosion, il garantit une longue dur\u00e9e de vie tout en restant l\u00e9ger et facile \u00e0 installer.<\/p>\n<p data-start=\"521\" data-end=\"714\"><strong data-start=\"521\" data-end=\"551\">3. id\u00e9al pour les int\u00e9rieurs modernes<\/strong><br data-start=\"551\" data-end=\"554\" \/>Il allie une beaut\u00e9 naturelle \u00e0 un design de plafond contemporain, parfait pour les bureaux, les h\u00f4tels et les int\u00e9rieurs commerciaux.<\/p>\n<div class=\"message-box-y4MH8s\" data-testid=\"receive_message\">\n<div class=\"message-box-content-wrapper-fgNGpz\">\n<h2>Contact US<\/h2>\n<\/div>\n<\/div>\n<div class=\"paragraph\">Pour plus d'informations ou pour passer une commande, veuillez contacter notre service client\u00e8le. Nous sommes l\u00e0 pour vous aider \u00e0 transformer votre vision architecturale en r\u00e9alit\u00e9 avec nos plafonds \u00e0 chicanes en aluminium grain de bois pour l'int\u00e9rieur.<\/div>\n<div><\/div>\n<div>\n<h3>\ud83d\udcde Whatsapp<strong>:<\/strong> <a href=\"https:\/\/api.whatsapp.com\/send\/?phone=8618566054354&amp;text\" target=\"_blank\" rel=\"noopener\">+86 18566054354<\/a><br \/>\n\ud83d\udce7 <strong>Courriel :<\/strong> <a href=\"mailto:damon@meterny.com\">damon@meterny.com<\/a><\/h3>\n<\/div>","protected":false},"excerpt":{"rendered":"<p>Apportez une chaleur naturelle \u00e0 l'int\u00e9rieur avec notre plafond \u00e0 chicanes en aluminium grain de bois. L\u00e9ger, durable et r\u00e9sistant \u00e0 l'humidit\u00e9, il imite le bois v\u00e9ritable tout en offrant des performances modernes. Id\u00e9al pour les centres commerciaux, les bureaux et les maisons qui recherchent l'\u00e9l\u00e9gance avec un minimum d'entretien.<\/p>","protected":false},"featured_media":23573,"comment_status":"open","ping_status":"closed","template":"","meta":{"_uag_custom_page_level_css":"","site-sidebar-layout":"default","site-content-layout":"","ast-site-content-layout":"default","site-content-style":"default","site-sidebar-style":"default","ast-global-header-display":"","ast-banner-title-visibility":"","ast-main-header-display":"","ast-hfb-above-header-display":"","ast-hfb-below-header-display":"","ast-hfb-mobile-header-display":"","site-post-title":"","ast-breadcrumbs-content":"","ast-featured-img":"","footer-sml-layout":"","theme-transparent-header-meta":"default","adv-header-id-meta":"","stick-header-meta":"default","header-above-stick-meta":"","header-main-stick-meta":"","header-below-stick-meta":"","astra-migrate-meta-layouts":"set","ast-page-background-enabled":"default","ast-page-background-meta":{"desktop":{"background-color":"var(--ast-global-color-4)","background-image":"","background-repeat":"repeat","background-position":"center center","background-size":"auto","background-attachment":"scroll","background-type":"","background-media":"","overlay-type":"","overlay-color":"","overlay-opacity":"","overlay-gradient":""},"tablet":{"background-color":"","background-image":"","background-repeat":"repeat","background-position":"center center","background-size":"auto","background-attachment":"scroll","background-type":"","background-media":"","overlay-type":"","overlay-color":"","overlay-opacity":"","overlay-gradient":""},"mobile":{"background-color":"","background-image":"","background-repeat":"repeat","background-position":"center center","background-size":"auto","background-attachment":"scroll","background-type":"","background-media":"","overlay-type":"","overlay-color":"","overlay-opacity":"","overlay-gradient":""}},"ast-content-background-meta":{"desktop":{"background-color":"var(--ast-global-color-5)","background-image":"","background-repeat":"repeat","background-position":"center center","background-size":"auto","background-attachment":"scroll","background-type":"","background-media":"","overlay-type":"","overlay-color":"","overlay-opacity":"","overlay-gradient":""},"tablet":{"background-color":"var(--ast-global-color-5)","background-image":"","background-repeat":"repeat","background-position":"center center","background-size":"auto","background-attachment":"scroll","background-type":"","background-media":"","overlay-type":"","overlay-color":"","overlay-opacity":"","overlay-gradient":""},"mobile":{"background-color":"var(--ast-global-color-5)","background-image":"","background-repeat":"repeat","background-position":"center center","background-size":"auto","background-attachment":"scroll","background-type":"","background-media":"","overlay-type":"","overlay-color":"","overlay-opacity":"","overlay-gradient":""}}},"product_brand":[],"product_cat":[224],"product_tag":[2032,2030,2033,1609,2031],"class_list":{"0":"post-23581","1":"product","2":"type-product","3":"status-publish","4":"has-post-thumbnail","6":"product_cat-aluminum-baffle-ceiling","7":"product_tag-aluminum-ceiling-planks-with-natural-wood-texture","8":"product_tag-indoor-wood-grain-aluminum-baffle-ceiling-panels","9":"product_tag-interior-design-ceiling-solution-wood-grain-aluminum","10":"product_tag-lightweight-aluminum-ceiling-with-wood-finish","11":"product_tag-modern-decorative-aluminum-baffle-ceiling-system","12":"desktop-align-center","13":"tablet-align-left","14":"mobile-align-left","15":"ast-product-gallery-layout-horizontal-slider","16":"ast-product-single-variable","17":"ast-product-tabs-layout-vertical","19":"first","20":"instock","21":"shipping-taxable","22":"product-type-variable"},"uagb_featured_image_src":{"full":["https:\/\/meterny.com\/wp-content\/uploads\/2025\/06\/Meterny-Aluminum-Baffle-Ceiling-Project-123.webp",800,800,false],"thumbnail":["https:\/\/meterny.com\/wp-content\/uploads\/2025\/06\/Meterny-Aluminum-Baffle-Ceiling-Project-123-150x150.webp",150,150,true],"medium":["https:\/\/meterny.com\/wp-content\/uploads\/2025\/06\/Meterny-Aluminum-Baffle-Ceiling-Project-123-300x300.webp",300,300,true],"medium_large":["https:\/\/meterny.com\/wp-content\/uploads\/2025\/06\/Meterny-Aluminum-Baffle-Ceiling-Project-123-768x768.webp",768,768,true],"large":["https:\/\/meterny.com\/wp-content\/uploads\/2025\/06\/Meterny-Aluminum-Baffle-Ceiling-Project-123.webp",800,800,false],"1536x1536":["https:\/\/meterny.com\/wp-content\/uploads\/2025\/06\/Meterny-Aluminum-Baffle-Ceiling-Project-123.webp",800,800,false],"2048x2048":["https:\/\/meterny.com\/wp-content\/uploads\/2025\/06\/Meterny-Aluminum-Baffle-Ceiling-Project-123.webp",800,800,false],"trp-custom-language-flag":["https:\/\/meterny.com\/wp-content\/uploads\/2025\/06\/Meterny-Aluminum-Baffle-Ceiling-Project-123-12x12.webp",12,12,true],"woocommerce_thumbnail":["https:\/\/meterny.com\/wp-content\/uploads\/2025\/06\/Meterny-Aluminum-Baffle-Ceiling-Project-123-300x300.webp",300,300,true],"woocommerce_single":["https:\/\/meterny.com\/wp-content\/uploads\/2025\/06\/Meterny-Aluminum-Baffle-Ceiling-Project-123-600x600.webp",600,600,true],"woocommerce_gallery_thumbnail":["https:\/\/meterny.com\/wp-content\/uploads\/2025\/06\/Meterny-Aluminum-Baffle-Ceiling-Project-123-100x100.webp",100,100,true]},"uagb_author_info":{"display_name":"meterny","author_link":"https:\/\/meterny.com\/fr\/author\/"},"uagb_comment_info":0,"uagb_excerpt":"Bring natural warmth indoors with our Wood Grain Aluminum Baffle Ceiling. Lightweight, durable, and moisture-resistant, it mimics real wood while offering modern performance. Ideal for malls, offices, and homes seeking elegance with minimal upkeep.","_links":{"self":[{"href":"https:\/\/meterny.com\/fr\/wp-json\/wp\/v2\/product\/23581","targetHints":{"allow":["GET"]}}],"collection":[{"href":"https:\/\/meterny.com\/fr\/wp-json\/wp\/v2\/product"}],"about":[{"href":"https:\/\/meterny.com\/fr\/wp-json\/wp\/v2\/types\/product"}],"replies":[{"embeddable":true,"href":"https:\/\/meterny.com\/fr\/wp-json\/wp\/v2\/comments?post=23581"}],"wp:featuredmedia":[{"embeddable":true,"href":"https:\/\/meterny.com\/fr\/wp-json\/wp\/v2\/media\/23573"}],"wp:attachment":[{"href":"https:\/\/meterny.com\/fr\/wp-json\/wp\/v2\/media?parent=23581"}],"wp:term":[{"taxonomy":"product_brand","embeddable":true,"href":"https:\/\/meterny.com\/fr\/wp-json\/wp\/v2\/product_brand?post=23581"},{"taxonomy":"product_cat","embeddable":true,"href":"https:\/\/meterny.com\/fr\/wp-json\/wp\/v2\/product_cat?post=23581"},{"taxonomy":"product_tag","embeddable":true,"href":"https:\/\/meterny.com\/fr\/wp-json\/wp\/v2\/product_tag?post=23581"}],"curies":[{"name":"wp","href":"https:\/\/api.w.org\/{rel}","templated":true}]}}