{"id":16569,"date":"2024-05-25T08:59:26","date_gmt":"2024-05-25T08:59:26","guid":{"rendered":"https:\/\/meterny.com\/?post_type=product&#038;p=16569"},"modified":"2025-01-18T09:19:25","modified_gmt":"2025-01-18T09:19:25","slug":"wpc-fence-waterproof-outdoor-wpc-fence-panel","status":"publish","type":"product","link":"https:\/\/meterny.com\/pt\/produto\/wpc-fence-waterproof-outdoor-wpc-fence-panel\/","title":{"rendered":"Veda\u00e7\u00e3o exterior imperme\u00e1vel em WPC para jardim METE1800H1850 Painel de veda\u00e7\u00e3o em WPC"},"content":{"rendered":"<div class=\"elementor-element elementor-element-c0e1d42 elementor-widget elementor-widget-heading\" data-id=\"c0e1d42\" data-element_type=\"widget\" data-widget_type=\"heading.default\">\n<div class=\"elementor-widget-container\">\n<h2 class=\"elementor-heading-title elementor-size-default\" style=\"text-align: center;\">Veda\u00e7\u00e3o exterior em WPC \u00e0 prova de \u00e1gua para jardim<\/h2>\n<\/div>\n<\/div>\n<div class=\"elementor-element elementor-element-1f676da elementor-widget elementor-widget-heading\" data-id=\"1f676da\" data-element_type=\"widget\" data-widget_type=\"heading.default\">\n<h2 class=\"elementor-widget-container\" style=\"text-align: center;\">METE1800H1850 Especifica\u00e7\u00e3o<\/h2>\n<p>&nbsp;<\/p>\n<\/div>\n<p>METE1800H1850 Veda\u00e7\u00e3o exterior em WPC \u00e0 prova de \u00e1gua com pilares de alum\u00ednio<\/p>\n<p><strong>Modelo<\/strong>: METE1800H1850<\/p>\n<p><strong>Tipo<\/strong>: Veda\u00e7\u00e3o WPC com pilares de alum\u00ednio<\/p>\n<p><strong>Tamanho<\/strong>: Largura 1800mm x Altura 1850mm<\/p>\n<p><strong>Superf\u00edcie<\/strong>: Duas Superf\u00edcies - Tiras e Gr\u00e3os de Madeira<\/p>\n<p><strong>Cor<\/strong>: 9 op\u00e7\u00f5es de cores<\/p>\n<p><strong>Comprimento<\/strong>: Personalizado<\/p>\n<p><strong>Material<\/strong>: Comp\u00f3sito de madeira e pl\u00e1stico<\/p>\n<p><strong>Tecnologia de produtos<\/strong>: Eco-extrus\u00e3o<\/p>\n<p><img loading=\"lazy\" decoding=\"async\" class=\"alignnone wp-image-17159\" src=\"https:\/\/meterny.com\/wp-content\/uploads\/2024\/05\/H52ab0232fea245aca8ea52d8bd63596cA.png\" alt=\"Veda\u00e7\u00e3o moderna em WPC para um design exterior sustent\u00e1vel\" width=\"1024\" height=\"1068\" srcset=\"https:\/\/meterny.com\/wp-content\/uploads\/2024\/05\/H52ab0232fea245aca8ea52d8bd63596cA.png 1284w, https:\/\/meterny.com\/wp-content\/uploads\/2024\/05\/H52ab0232fea245aca8ea52d8bd63596cA-288x300.png 288w, https:\/\/meterny.com\/wp-content\/uploads\/2024\/05\/H52ab0232fea245aca8ea52d8bd63596cA-982x1024.png 982w, https:\/\/meterny.com\/wp-content\/uploads\/2024\/05\/H52ab0232fea245aca8ea52d8bd63596cA-768x801.png 768w, https:\/\/meterny.com\/wp-content\/uploads\/2024\/05\/H52ab0232fea245aca8ea52d8bd63596cA-600x626.png 600w\" sizes=\"auto, (max-width: 1024px) 100vw, 1024px\" \/><\/p>\n<p id=\"\"><strong>Nome do produto<\/strong>: Veda\u00e7\u00e3o moderna em WPC<\/p>\n<p id=\"\"><strong>Categoria<\/strong>: Solu\u00e7\u00f5es para veda\u00e7\u00f5es exteriores<\/p>\n<p id=\"\"><strong>Material<\/strong>: Comp\u00f3sito de madeira e pl\u00e1stico (WPC)<\/p>\n<p id=\"\"><strong>Conce\u00e7\u00e3o<\/strong>: Moderno e contempor\u00e2neo<\/p>\n<p id=\"\"><strong>Utiliza\u00e7\u00e3o<\/strong>: Espa\u00e7os exteriores, jardins, p\u00e1tios, \u00e1reas de piscina e muito mais<\/p>\n<hr \/>\n<h3><strong>Vis\u00e3o geral do produto<\/strong><\/h3>\n<p id=\"\">Apresentamos a nossa veda\u00e7\u00e3o moderna em WPC, a combina\u00e7\u00e3o perfeita de estilo, sustentabilidade e funcionalidade para o seu espa\u00e7o exterior. Fabricada a partir de um comp\u00f3sito de madeira e pl\u00e1stico (WPC) de alta qualidade, esta veda\u00e7\u00e3o combina a beleza natural da madeira com a durabilidade e a resist\u00eancia \u00e0s intemp\u00e9ries do pl\u00e1stico, o que a torna a escolha ideal para designs exteriores modernos.<\/p>\n<h3><strong>Carater\u00edsticas principais<\/strong><\/h3>\n<ol>\n<li><strong>Ecol\u00f3gico e sustent\u00e1vel<\/strong>:\n<ul>\n<li>A nossa veda\u00e7\u00e3o moderna em WPC \u00e9 feita de fibras de madeira recicladas e pl\u00e1stico de polietileno de alta densidade, contribuindo para a redu\u00e7\u00e3o de res\u00edduos e promovendo uma vida sustent\u00e1vel.<\/li>\n<\/ul>\n<\/li>\n<li><strong>Dur\u00e1vel e de longa dura\u00e7\u00e3o<\/strong>:\n<ul>\n<li>Concebida para resistir aos elementos, incluindo a humidade, os insectos e os raios UV, esta veda\u00e7\u00e3o mant\u00e9m a sua beleza e funcionalidade durante muitos anos.<\/li>\n<\/ul>\n<\/li>\n<li><strong>Manuten\u00e7\u00e3o reduzida<\/strong>:\n<ul>\n<li>N\u00e3o \u00e9 necess\u00e1rio pintar, selar ou manchar. Basta limpar com \u00e1gua para obter um aspeto fresco e imaculado.<\/li>\n<\/ul>\n<\/li>\n<li><strong>Design moderno<\/strong>:\n<ul>\n<li>O design elegante e contempor\u00e2neo complementa qualquer ambiente exterior moderno, acrescentando um toque de sofistica\u00e7\u00e3o e estilo ao seu jardim ou p\u00e1tio.<\/li>\n<\/ul>\n<\/li>\n<li><strong>Resist\u00eancia \u00e0s intemp\u00e9ries<\/strong>:\n<ul>\n<li>Resistente ao apodrecimento, \u00e0 deforma\u00e7\u00e3o e \u00e0s fissuras, mesmo em condi\u00e7\u00f5es climat\u00e9ricas adversas, o que garante que se mant\u00e9m em excelentes condi\u00e7\u00f5es.<\/li>\n<\/ul>\n<\/li>\n<li><strong>Vers\u00e1til e personaliz\u00e1vel<\/strong>:\n<ul>\n<li>Dispon\u00edvel numa variedade de cores, texturas e tamanhos, esta veda\u00e7\u00e3o pode ser personalizada para se adequar \u00e0s suas necessidades espec\u00edficas e prefer\u00eancias de estilo.<\/li>\n<\/ul>\n<\/li>\n<li><strong>Instala\u00e7\u00e3o f\u00e1cil<\/strong>:\n<ul>\n<li>Concebida para uma instala\u00e7\u00e3o simples e direta, o que a torna f\u00e1cil de montar e lhe permite poupar dinheiro nos custos de instala\u00e7\u00e3o.<\/li>\n<\/ul>\n<\/li>\n<li><strong>Privacidade e seguran\u00e7a melhoradas<\/strong>:\n<ul>\n<li>Proporciona privacidade e seguran\u00e7a eficazes para o seu jardim, criando uma barreira que protege o seu espa\u00e7o exterior de intrusos e ru\u00eddos indesejados.<\/li>\n<\/ul>\n<\/li>\n<\/ol>\n<h3><strong>Especifica\u00e7\u00f5es t\u00e9cnicas<\/strong><\/h3>\n<ul>\n<li><strong>Material<\/strong>: Comp\u00f3sito de madeira e pl\u00e1stico (WPC)<\/li>\n<li><strong>Dimens\u00f5es<\/strong>: Varia consoante a personaliza\u00e7\u00e3o (tamanhos padr\u00e3o tamb\u00e9m dispon\u00edveis)<\/li>\n<li><strong>Op\u00e7\u00f5es de cores<\/strong>: V\u00e1rias cores \u00e0 escolha<\/li>\n<li><strong>Textura<\/strong>: Textura de gr\u00e3o de madeira em relevo 3D para um aspeto realista<\/li>\n<li><strong>Peso<\/strong>: Varia consoante o tamanho e a personaliza\u00e7\u00e3o<\/li>\n<li><strong>Instala\u00e7\u00e3o<\/strong>: Instru\u00e7\u00f5es f\u00e1ceis de seguir inclu\u00eddas<\/li>\n<\/ul>\n<h3><strong>Benef\u00edcios<\/strong><\/h3>\n<ul>\n<li><strong>Aumento do valor da propriedade<\/strong>: Acrescenta um atrativo est\u00e9tico e aumenta o valor global da sua propriedade.<\/li>\n<li><strong>Rent\u00e1vel<\/strong>: As poupan\u00e7as a longo prazo em termos de manuten\u00e7\u00e3o e de durabilidade fazem dela uma escolha rent\u00e1vel.<\/li>\n<li><strong>Impacto ambiental<\/strong>: Contribui para uma pegada ambiental reduzida atrav\u00e9s da utiliza\u00e7\u00e3o de materiais reciclados.<\/li>\n<\/ul>\n<h3><strong>Op\u00e7\u00f5es de personaliza\u00e7\u00e3o<\/strong><\/h3>\n<ul>\n<li><strong>Cor<\/strong>: Escolha entre a nossa gama de cores populares ou forne\u00e7a a sua pr\u00f3pria combina\u00e7\u00e3o de cores personalizada.<\/li>\n<li><strong>Tamanho<\/strong>: Personaliz\u00e1vel para se adaptar a qualquer espa\u00e7o, quer necessite de um pequeno rebordo ou de uma grande veda\u00e7\u00e3o de privacidade.<\/li>\n<li><strong>Conce\u00e7\u00e3o<\/strong>: Opte por carater\u00edsticas adicionais, como pain\u00e9is decorativos, tampos em treli\u00e7a ou ilumina\u00e7\u00e3o integrada para um design verdadeiramente \u00fanico.<\/li>\n<\/ul>\n<h3><strong>Guia de instala\u00e7\u00e3o<\/strong><\/h3>\n<ul>\n<li><strong>Prepara\u00e7\u00e3o<\/strong>: Assegurar que a \u00e1rea est\u00e1 livre de detritos e nivelada.<\/li>\n<li><strong>Posicionamento<\/strong>: Marque o local desejado para os postes da veda\u00e7\u00e3o.<\/li>\n<li><strong>Montagem<\/strong>: Siga as instru\u00e7\u00f5es f\u00e1ceis de seguir inclu\u00eddas na sua compra.<\/li>\n<li><strong>Toques finais<\/strong>: Ajuste e fixe todos os componentes para obter uma veda\u00e7\u00e3o robusta e elegante.<\/li>\n<\/ul>\n<h3>Se quiser saber mais pormenores, clique nesta hiperliga\u00e7\u00e3o para o youtube:<a href=\"https:\/\/youtu.be\/88PIb9PK7Bk\" target=\"_blank\" rel=\"noopener\">https:\/\/youtu.be\/88PIb9PK7Bk<\/a><\/h3>\n<p>&nbsp;<\/p>\n<h3>Galeria<\/h3>\n<figure id=\"attachment_17492\" aria-describedby=\"caption-attachment-17492\" style=\"width: 1024px\" class=\"wp-caption alignnone\"><img loading=\"lazy\" decoding=\"async\" class=\"wp-image-17492\" src=\"https:\/\/meterny.com\/wp-content\/uploads\/2024\/10\/\u90a6\u82f13-1ZHU.jpg\" alt=\"Painel de veda\u00e7\u00e3o WPC leve para design de jardim\" width=\"1024\" height=\"1024\" srcset=\"https:\/\/meterny.com\/wp-content\/uploads\/2024\/10\/\u90a6\u82f13-1ZHU.jpg 800w, https:\/\/meterny.com\/wp-content\/uploads\/2024\/10\/\u90a6\u82f13-1ZHU-300x300.jpg 300w, https:\/\/meterny.com\/wp-content\/uploads\/2024\/10\/\u90a6\u82f13-1ZHU-150x150.jpg 150w, https:\/\/meterny.com\/wp-content\/uploads\/2024\/10\/\u90a6\u82f13-1ZHU-768x768.jpg 768w, https:\/\/meterny.com\/wp-content\/uploads\/2024\/10\/\u90a6\u82f13-1ZHU-600x600.jpg 600w, https:\/\/meterny.com\/wp-content\/uploads\/2024\/10\/\u90a6\u82f13-1ZHU-100x100.jpg 100w\" sizes=\"auto, (max-width: 1024px) 100vw, 1024px\" \/><figcaption id=\"caption-attachment-17492\" class=\"wp-caption-text\">Eleg\u00e2ncia sem esfor\u00e7o com pain\u00e9is de veda\u00e7\u00e3o leves em WPC<\/figcaption><\/figure>\n<figure id=\"attachment_17172\" aria-describedby=\"caption-attachment-17172\" style=\"width: 1024px\" class=\"wp-caption alignnone\"><img loading=\"lazy\" decoding=\"async\" class=\"wp-image-17172\" src=\"https:\/\/meterny.com\/wp-content\/uploads\/2024\/05\/22-1ZHU.jpg\" alt=\"Sistemas de veda\u00e7\u00e3o em comp\u00f3sito f\u00e1ceis de instalar\" width=\"1024\" height=\"1024\" srcset=\"https:\/\/meterny.com\/wp-content\/uploads\/2024\/05\/22-1ZHU.jpg 800w, https:\/\/meterny.com\/wp-content\/uploads\/2024\/05\/22-1ZHU-300x300.jpg 300w, https:\/\/meterny.com\/wp-content\/uploads\/2024\/05\/22-1ZHU-150x150.jpg 150w, https:\/\/meterny.com\/wp-content\/uploads\/2024\/05\/22-1ZHU-768x768.jpg 768w, https:\/\/meterny.com\/wp-content\/uploads\/2024\/05\/22-1ZHU-600x600.jpg 600w, https:\/\/meterny.com\/wp-content\/uploads\/2024\/05\/22-1ZHU-100x100.jpg 100w\" sizes=\"auto, (max-width: 1024px) 100vw, 1024px\" \/><figcaption id=\"caption-attachment-17172\" class=\"wp-caption-text\">Est\u00e9tica intemporal, compromisso zero - Pain\u00e9is de veda\u00e7\u00e3o WPC<\/figcaption><\/figure>\n<figure id=\"attachment_17170\" aria-describedby=\"caption-attachment-17170\" style=\"width: 1024px\" class=\"wp-caption alignnone\"><img loading=\"lazy\" decoding=\"async\" class=\"wp-image-17170\" src=\"https:\/\/meterny.com\/wp-content\/uploads\/2024\/05\/14-4zhu.jpg\" alt=\"Veda\u00e7\u00e3o WPC resistente para limites de propriedade\" width=\"1024\" height=\"1024\" srcset=\"https:\/\/meterny.com\/wp-content\/uploads\/2024\/05\/14-4zhu.jpg 800w, https:\/\/meterny.com\/wp-content\/uploads\/2024\/05\/14-4zhu-300x300.jpg 300w, https:\/\/meterny.com\/wp-content\/uploads\/2024\/05\/14-4zhu-150x150.jpg 150w, https:\/\/meterny.com\/wp-content\/uploads\/2024\/05\/14-4zhu-768x768.jpg 768w, https:\/\/meterny.com\/wp-content\/uploads\/2024\/05\/14-4zhu-600x600.jpg 600w, https:\/\/meterny.com\/wp-content\/uploads\/2024\/05\/14-4zhu-100x100.jpg 100w\" sizes=\"auto, (max-width: 1024px) 100vw, 1024px\" \/><figcaption id=\"caption-attachment-17170\" class=\"wp-caption-text\">Traga eleg\u00e2ncia ao seu quintal com veda\u00e7\u00f5es compostas de alta qualidade<\/figcaption><\/figure>\n<h3>Cor e superf\u00edcie<\/h3>\n<p>Dispon\u00edvel em nove cores distintas, o METE1800H1850 oferece op\u00e7\u00f5es de design vers\u00e1teis que se adaptam a qualquer jardim ou ambiente exterior. Escolha entre duas texturas de superf\u00edcie: tiras cl\u00e1ssicas ou elegantes gr\u00e3os de madeira, para complementar a sua paisagem na perfei\u00e7\u00e3o. Personalize o comprimento para se adaptar \u00e0s suas necessidades espec\u00edficas, assegurando uma instala\u00e7\u00e3o \u00e0 medida e sem falhas.<\/p>\n<figure id=\"attachment_17473\" aria-describedby=\"caption-attachment-17473\" style=\"width: 1024px\" class=\"wp-caption alignnone\"><img loading=\"lazy\" decoding=\"async\" class=\"wp-image-17473\" src=\"https:\/\/meterny.com\/wp-content\/uploads\/2024\/05\/A8c1e1d3dd6f44e7dbfc53b1a81cccee3q-1.png\" alt=\"Veda\u00e7\u00f5es em WPC com textura de madeira natural\" width=\"1024\" height=\"1024\" srcset=\"https:\/\/meterny.com\/wp-content\/uploads\/2024\/05\/A8c1e1d3dd6f44e7dbfc53b1a81cccee3q-1.png 800w, https:\/\/meterny.com\/wp-content\/uploads\/2024\/05\/A8c1e1d3dd6f44e7dbfc53b1a81cccee3q-1-300x300.png 300w, https:\/\/meterny.com\/wp-content\/uploads\/2024\/05\/A8c1e1d3dd6f44e7dbfc53b1a81cccee3q-1-150x150.png 150w, https:\/\/meterny.com\/wp-content\/uploads\/2024\/05\/A8c1e1d3dd6f44e7dbfc53b1a81cccee3q-1-768x768.png 768w, https:\/\/meterny.com\/wp-content\/uploads\/2024\/05\/A8c1e1d3dd6f44e7dbfc53b1a81cccee3q-1-600x600.png 600w, https:\/\/meterny.com\/wp-content\/uploads\/2024\/05\/A8c1e1d3dd6f44e7dbfc53b1a81cccee3q-1-100x100.png 100w\" sizes=\"auto, (max-width: 1024px) 100vw, 1024px\" \/><figcaption id=\"caption-attachment-17473\" class=\"wp-caption-text\">O futuro das veda\u00e7\u00f5es para exteriores: Elegantes, fortes e sustent\u00e1veis<\/figcaption><\/figure>\n<p>Cart\u00e3o de cor do painel WPC da s\u00e9rie Meterny METE<\/p>\n<figure id=\"attachment_20293\" aria-describedby=\"caption-attachment-20293\" style=\"width: 1024px\" class=\"wp-caption alignnone\"><img loading=\"lazy\" decoding=\"async\" class=\"wp-image-20293\" src=\"https:\/\/meterny.com\/wp-content\/uploads\/2024\/10\/METE-Series-Colour-151.png\" alt=\"Op\u00e7\u00f5es de cores da veda\u00e7\u00e3o Meterny WPC\" width=\"1024\" height=\"1024\" srcset=\"https:\/\/meterny.com\/wp-content\/uploads\/2024\/10\/METE-Series-Colour-151.png 900w, https:\/\/meterny.com\/wp-content\/uploads\/2024\/10\/METE-Series-Colour-151-300x300.png 300w, https:\/\/meterny.com\/wp-content\/uploads\/2024\/10\/METE-Series-Colour-151-150x150.png 150w, https:\/\/meterny.com\/wp-content\/uploads\/2024\/10\/METE-Series-Colour-151-768x768.png 768w, https:\/\/meterny.com\/wp-content\/uploads\/2024\/10\/METE-Series-Colour-151-600x600.png 600w, https:\/\/meterny.com\/wp-content\/uploads\/2024\/10\/METE-Series-Colour-151-100x100.png 100w\" sizes=\"auto, (max-width: 1024px) 100vw, 1024px\" \/><figcaption id=\"caption-attachment-20293\" class=\"wp-caption-text\">Explorar Veda\u00e7\u00e3o WPC Meterny - Nove op\u00e7\u00f5es de cores deslumbrantes para todos os estilos<\/figcaption><\/figure>\n<h3>Dur\u00e1vel e \u00e0 prova de \u00e1gua<\/h3>\n<p>Fabricada com tecnologia avan\u00e7ada de eco-extrus\u00e3o, esta veda\u00e7\u00e3o WPC foi constru\u00edda para durar. As suas propriedades \u00e0 prova de \u00e1gua fazem dela a escolha ideal para todas as condi\u00e7\u00f5es climat\u00e9ricas, garantindo longevidade e manuten\u00e7\u00e3o m\u00ednima. Os pilares de alum\u00ednio proporcionam uma estabilidade extra, tornando-a uma solu\u00e7\u00e3o de veda\u00e7\u00e3o fi\u00e1vel e robusta para qualquer jardim.<\/p>\n<p>Instala\u00e7\u00f5es Acess\u00f3rios<\/p>\n<figure id=\"attachment_17165\" aria-describedby=\"caption-attachment-17165\" style=\"width: 1024px\" class=\"wp-caption alignnone\"><img loading=\"lazy\" decoding=\"async\" class=\"wp-image-17165\" src=\"https:\/\/meterny.com\/wp-content\/uploads\/2024\/05\/Heef5f4fd9e2c4c9a9145a852eb0aedceQ-1.png\" alt=\"Acess\u00f3rios completos para a instala\u00e7\u00e3o de veda\u00e7\u00f5es WPC\" width=\"1024\" height=\"1054\" srcset=\"https:\/\/meterny.com\/wp-content\/uploads\/2024\/05\/Heef5f4fd9e2c4c9a9145a852eb0aedceQ-1.png 923w, https:\/\/meterny.com\/wp-content\/uploads\/2024\/05\/Heef5f4fd9e2c4c9a9145a852eb0aedceQ-1-291x300.png 291w, https:\/\/meterny.com\/wp-content\/uploads\/2024\/05\/Heef5f4fd9e2c4c9a9145a852eb0aedceQ-1-768x790.png 768w, https:\/\/meterny.com\/wp-content\/uploads\/2024\/05\/Heef5f4fd9e2c4c9a9145a852eb0aedceQ-1-600x618.png 600w\" sizes=\"auto, (max-width: 1024px) 100vw, 1024px\" \/><figcaption id=\"caption-attachment-17165\" class=\"wp-caption-text\">Acess\u00f3rios de instala\u00e7\u00e3o de veda\u00e7\u00f5es WPC tudo-em-um para uma montagem sem esfor\u00e7o<\/figcaption><\/figure>\n<h3>Porqu\u00ea escolher uma veda\u00e7\u00e3o moderna em WPC para um design exterior sustent\u00e1vel?<\/h3>\n<p>&nbsp;<\/p>","protected":false},"excerpt":{"rendered":"<h3>Carater\u00edsticas principais:<\/h3>\n<p>\u00c0 prova de \u00e1gua e resistente \u00e0s intemp\u00e9ries: Ideal para utiliza\u00e7\u00e3o no exterior em todos os climas.<br \/>\nMateriais amigos do ambiente: Sustent\u00e1vel e consciente do ambiente.<br \/>\nComprimento personaliz\u00e1vel: Adaptado para se ajustar \u00e0s dimens\u00f5es espec\u00edficas do seu jardim.<br \/>\nManuten\u00e7\u00e3o reduzida: F\u00e1cil de limpar e manter, ao contr\u00e1rio da madeira tradicional.<br \/>\nOp\u00e7\u00f5es de superf\u00edcie dupla: Escolha entre elegantes gr\u00e3os de madeira ou tiras cl\u00e1ssicas para um aspeto personalizado.<br \/>\nEstabilidade melhorada: Refor\u00e7ado com pilares de alum\u00ednio dur\u00e1veis para maior resist\u00eancia e seguran\u00e7a.<\/p>\n<h3>Aplica\u00e7\u00f5es:<\/h3>\n<p>Perfeita para delimita\u00e7\u00e3o de jardins, divis\u00f3rias de privacidade e solu\u00e7\u00f5es de veda\u00e7\u00e3o decorativas.<\/p>","protected":false},"featured_media":17159,"comment_status":"open","ping_status":"closed","template":"","meta":{"_uag_custom_page_level_css":"","site-sidebar-layout":"default","site-content-layout":"","ast-site-content-layout":"default","site-content-style":"default","site-sidebar-style":"default","ast-global-header-display":"","ast-banner-title-visibility":"","ast-main-header-display":"","ast-hfb-above-header-display":"","ast-hfb-below-header-display":"","ast-hfb-mobile-header-display":"","site-post-title":"","ast-breadcrumbs-content":"","ast-featured-img":"","footer-sml-layout":"","theme-transparent-header-meta":"default","adv-header-id-meta":"","stick-header-meta":"default","header-above-stick-meta":"","header-main-stick-meta":"","header-below-stick-meta":"","astra-migrate-meta-layouts":"set","ast-page-background-enabled":"default","ast-page-background-meta":{"desktop":{"background-color":"var(--ast-global-color-4)","background-image":"","background-repeat":"repeat","background-position":"center center","background-size":"auto","background-attachment":"scroll","background-type":"","background-media":"","overlay-type":"","overlay-color":"","overlay-opacity":"","overlay-gradient":""},"tablet":{"background-color":"","background-image":"","background-repeat":"repeat","background-position":"center center","background-size":"auto","background-attachment":"scroll","background-type":"","background-media":"","overlay-type":"","overlay-color":"","overlay-opacity":"","overlay-gradient":""},"mobile":{"background-color":"","background-image":"","background-repeat":"repeat","background-position":"center center","background-size":"auto","background-attachment":"scroll","background-type":"","background-media":"","overlay-type":"","overlay-color":"","overlay-opacity":"","overlay-gradient":""}},"ast-content-background-meta":{"desktop":{"background-color":"var(--ast-global-color-5)","background-image":"","background-repeat":"repeat","background-position":"center center","background-size":"auto","background-attachment":"scroll","background-type":"","background-media":"","overlay-type":"","overlay-color":"","overlay-opacity":"","overlay-gradient":""},"tablet":{"background-color":"var(--ast-global-color-5)","background-image":"","background-repeat":"repeat","background-position":"center center","background-size":"auto","background-attachment":"scroll","background-type":"","background-media":"","overlay-type":"","overlay-color":"","overlay-opacity":"","overlay-gradient":""},"mobile":{"background-color":"var(--ast-global-color-5)","background-image":"","background-repeat":"repeat","background-position":"center center","background-size":"auto","background-attachment":"scroll","background-type":"","background-media":"","overlay-type":"","overlay-color":"","overlay-opacity":"","overlay-gradient":""}}},"product_brand":[],"product_cat":[18],"product_tag":[186,187,188,185],"class_list":{"0":"post-16569","1":"product","2":"type-product","3":"status-publish","4":"has-post-thumbnail","6":"product_cat-uncategorized","7":"product_tag-aluminum-fence","8":"product_tag-exterior-fence","9":"product_tag-garden-fence","10":"product_tag-wpc-fence","11":"desktop-align-center","12":"tablet-align-left","13":"mobile-align-left","14":"ast-product-gallery-layout-horizontal-slider","15":"ast-product-tabs-layout-vertical","17":"first","18":"instock","19":"shipping-taxable","20":"product-type-simple"},"uagb_featured_image_src":{"full":["https:\/\/meterny.com\/wp-content\/uploads\/2024\/05\/H52ab0232fea245aca8ea52d8bd63596cA.png",1284,1339,false],"thumbnail":["https:\/\/meterny.com\/wp-content\/uploads\/2024\/05\/H52ab0232fea245aca8ea52d8bd63596cA-150x150.png",150,150,true],"medium":["https:\/\/meterny.com\/wp-content\/uploads\/2024\/05\/H52ab0232fea245aca8ea52d8bd63596cA-288x300.png",288,300,true],"medium_large":["https:\/\/meterny.com\/wp-content\/uploads\/2024\/05\/H52ab0232fea245aca8ea52d8bd63596cA-768x801.png",768,801,true],"large":["https:\/\/meterny.com\/wp-content\/uploads\/2024\/05\/H52ab0232fea245aca8ea52d8bd63596cA-982x1024.png",982,1024,true],"1536x1536":["https:\/\/meterny.com\/wp-content\/uploads\/2024\/05\/H52ab0232fea245aca8ea52d8bd63596cA.png",1284,1339,false],"2048x2048":["https:\/\/meterny.com\/wp-content\/uploads\/2024\/05\/H52ab0232fea245aca8ea52d8bd63596cA.png",1284,1339,false],"trp-custom-language-flag":["https:\/\/meterny.com\/wp-content\/uploads\/2024\/05\/H52ab0232fea245aca8ea52d8bd63596cA.png",12,12,false],"woocommerce_thumbnail":["https:\/\/meterny.com\/wp-content\/uploads\/2024\/05\/H52ab0232fea245aca8ea52d8bd63596cA-300x300.png",300,300,true],"woocommerce_single":["https:\/\/meterny.com\/wp-content\/uploads\/2024\/05\/H52ab0232fea245aca8ea52d8bd63596cA-600x626.png",600,626,true],"woocommerce_gallery_thumbnail":["https:\/\/meterny.com\/wp-content\/uploads\/2024\/05\/H52ab0232fea245aca8ea52d8bd63596cA-100x100.png",100,100,true]},"uagb_author_info":{"display_name":"meterny","author_link":"https:\/\/meterny.com\/pt\/author\/"},"uagb_comment_info":0,"uagb_excerpt":"Key Features: Waterproof and Weather-Resistant: Ideal for outdoor use in all climates. Eco-Friendly Materials: Sustainable and environmentally conscious. Customizable Length: Tailored to fit your garden's specific dimensions. Low Maintenance: Easy to clean and maintain, unlike traditional wood. Dual Surface Options: Choose between elegant wood grains or classic strips for a personalized look. Enhanced Stability: Reinforced&hellip;","_links":{"self":[{"href":"https:\/\/meterny.com\/pt\/wp-json\/wp\/v2\/product\/16569","targetHints":{"allow":["GET"]}}],"collection":[{"href":"https:\/\/meterny.com\/pt\/wp-json\/wp\/v2\/product"}],"about":[{"href":"https:\/\/meterny.com\/pt\/wp-json\/wp\/v2\/types\/product"}],"replies":[{"embeddable":true,"href":"https:\/\/meterny.com\/pt\/wp-json\/wp\/v2\/comments?post=16569"}],"wp:featuredmedia":[{"embeddable":true,"href":"https:\/\/meterny.com\/pt\/wp-json\/wp\/v2\/media\/17159"}],"wp:attachment":[{"href":"https:\/\/meterny.com\/pt\/wp-json\/wp\/v2\/media?parent=16569"}],"wp:term":[{"taxonomy":"product_brand","embeddable":true,"href":"https:\/\/meterny.com\/pt\/wp-json\/wp\/v2\/product_brand?post=16569"},{"taxonomy":"product_cat","embeddable":true,"href":"https:\/\/meterny.com\/pt\/wp-json\/wp\/v2\/product_cat?post=16569"},{"taxonomy":"product_tag","embeddable":true,"href":"https:\/\/meterny.com\/pt\/wp-json\/wp\/v2\/product_tag?post=16569"}],"curies":[{"name":"wp","href":"https:\/\/api.w.org\/{rel}","templated":true}]}}