{"id":20190,"date":"2024-12-08T12:39:14","date_gmt":"2024-12-08T12:39:14","guid":{"rendered":"https:\/\/meterny.com\/?post_type=product&#038;p=20190"},"modified":"2025-06-08T07:30:22","modified_gmt":"2025-06-08T07:30:22","slug":"aluminum-ceiling-baffle-panel-systems","status":"publish","type":"product","link":"https:\/\/meterny.com\/pt\/produto\/aluminum-ceiling-baffle-panel-systems\/","title":{"rendered":"Sistemas de pain\u00e9is deflectores de teto em alum\u00ednio Sistemas deflectores personaliz\u00e1veis"},"content":{"rendered":"<h2><strong>Sistemas de pain\u00e9is deflectores de teto em alum\u00ednio<\/strong><\/h2>\n<p>&nbsp;<\/p>\n<h3><strong>Vis\u00e3o geral do produto<\/strong><\/h3>\n<p>Os sistemas de pain\u00e9is deflectores de alum\u00ednio para tectos s\u00e3o uma solu\u00e7\u00e3o vers\u00e1til e elegante para projectos de tectos modernos. Conhecidos pelas suas linhas simples e est\u00e9tica contempor\u00e2nea, estes sistemas proporcionam um desempenho ac\u00fastico excecional, ao mesmo tempo que oferecem infinitas possibilidades de design. S\u00e3o ideais para criar espa\u00e7os din\u00e2micos e funcionais em ambientes comerciais, p\u00fablicos e residenciais.<\/p>\n<figure id=\"attachment_20132\" aria-describedby=\"caption-attachment-20132\" style=\"width: 1024px\" class=\"wp-caption alignnone\"><img loading=\"lazy\" decoding=\"async\" class=\"wp-image-20132\" src=\"https:\/\/meterny.com\/wp-content\/uploads\/2024\/12\/mmexport1733234137019.jpg\" alt=\"Sistemas de pain\u00e9is deflectores de teto em alum\u00ednio\" width=\"1024\" height=\"1024\" srcset=\"https:\/\/meterny.com\/wp-content\/uploads\/2024\/12\/mmexport1733234137019.jpg 800w, https:\/\/meterny.com\/wp-content\/uploads\/2024\/12\/mmexport1733234137019-300x300.jpg 300w, https:\/\/meterny.com\/wp-content\/uploads\/2024\/12\/mmexport1733234137019-150x150.jpg 150w, https:\/\/meterny.com\/wp-content\/uploads\/2024\/12\/mmexport1733234137019-768x768.jpg 768w, https:\/\/meterny.com\/wp-content\/uploads\/2024\/12\/mmexport1733234137019-600x600.jpg 600w, https:\/\/meterny.com\/wp-content\/uploads\/2024\/12\/mmexport1733234137019-100x100.jpg 100w\" sizes=\"auto, (max-width: 1024px) 100vw, 1024px\" \/><figcaption id=\"caption-attachment-20132\" class=\"wp-caption-text\">Sistema de teto falso em alum\u00ednio, que oferece efeitos decorativos frescos e requintados para espa\u00e7os comerciais.<\/figcaption><\/figure>\n<div class=\"inner-LOKNYu inner-item-AQrr_W\" data-target-id=\"message-box-target-id\" data-testid=\"union_message\">\n<div class=\"message-block-container-CKPFh2\" data-testid=\"message-block-container\">\n<div class=\"message-box-y4MH8s\" data-testid=\"receive_message\">\n<div class=\"message-box-content-wrapper-fgNGpz\">\n<p><span style=\"font-size: 1.5em; font-weight: bold;\">Especifica\u00e7\u00f5es t\u00e9cnicas(1)<\/span><\/p>\n<\/div>\n<div class=\"message-box-content-wrapper-fgNGpz\">\n<div class=\"message-content message-box-content-xoCEoU receive-message-box-content-bNaFpa samantha-message-box-content-gWlptz\" data-testid=\"message_content\">\n<div class=\"container-ZYIsnH flow-markdown-body theme-samantha-Nbr9UN\" dir=\"ltr\" data-testid=\"message_text_content\" data-show-indicator=\"false\">\n<div class=\"container-ZYIsnH flow-markdown-body theme-samantha-Nbr9UN\" dir=\"ltr\" data-testid=\"message_text_content\" data-show-indicator=\"false\">\n<div class=\"container-ZYIsnH flow-markdown-body theme-samantha-Nbr9UN\" dir=\"ltr\" data-testid=\"message_text_content\" data-show-indicator=\"false\">\n<div class=\"container-ZYIsnH flow-markdown-body theme-samantha-Nbr9UN\" dir=\"ltr\" data-testid=\"message_text_content\" data-show-indicator=\"false\">\n<div>\n<div class=\"auto-hide-last-sibling-br table-container-GhL7Lo\">\n<table style=\"height: 575px;\" width=\"739\">\n<thead>\n<tr>\n<th>Item<\/th>\n<th>Par\u00e2metros<\/th>\n<\/tr>\n<\/thead>\n<tbody>\n<tr>\n<td>Material<\/td>\n<td>Liga de alum\u00ednio (6063\/T6, etc.)<\/td>\n<\/tr>\n<tr>\n<td>Espessura<\/td>\n<td>Normalmente 2,0 mm - 4,0 mm, personaliz\u00e1vel<\/td>\n<\/tr>\n<tr>\n<td>Taxa de perfura\u00e7\u00e3o<\/td>\n<td>10% - 50%, ajust\u00e1vel de acordo com os requisitos<\/td>\n<\/tr>\n<tr>\n<td>Di\u00e2metro do furo<\/td>\n<td>3mm - 20mm, v\u00e1rias especifica\u00e7\u00f5es dispon\u00edveis<\/td>\n<\/tr>\n<tr>\n<td>Tratamento de superf\u00edcie<\/td>\n<td>PVDF, poli\u00e9ster, anodiza\u00e7\u00e3o, revestimento em p\u00f3, tinta de fluorocarbono, etc.<\/td>\n<\/tr>\n<tr>\n<td>Cor<\/td>\n<td>Personaliz\u00e1vel de acordo com os cart\u00f5es de cores, as cores comuns incluem branco prateado, cinzento, preto, dourado, etc.<\/td>\n<\/tr>\n<tr>\n<td>Tamanho<\/td>\n<td>Os tamanhos convencionais s\u00e3o 1200mm\u00d72400mm, 1500mm\u00d73000mm, etc., tamb\u00e9m podem ser personalizados conforme necess\u00e1rio<\/td>\n<\/tr>\n<\/tbody>\n<\/table>\n<\/div>\n<\/div>\n<h3>Especifica\u00e7\u00f5es t\u00e9cnicas(2)<\/h3>\n<p>&nbsp;<\/p>\n<table style=\"height: 515px;\" width=\"347\">\n<thead>\n<tr>\n<th><strong>Especifica\u00e7\u00e3o<\/strong><\/th>\n<th><strong>Detalhes<\/strong><\/th>\n<\/tr>\n<\/thead>\n<tbody>\n<tr>\n<td><strong>Peso<\/strong><\/td>\n<td>2,5-3,5 kg por metro quadrado (consoante a espessura)<\/td>\n<\/tr>\n<tr>\n<td><strong>Op\u00e7\u00f5es de acabamento<\/strong><\/td>\n<td>Brilhante, Mate, Gr\u00e3o de madeira, Escovado e muito mais<\/td>\n<\/tr>\n<tr>\n<td><strong>Conce\u00e7\u00e3o<\/strong><\/td>\n<td>Padr\u00e3o de flores, desenho geom\u00e9trico, desenhos complexos, arte abstrata, log\u00f3tipos de texto, etc.<\/td>\n<\/tr>\n<tr>\n<td><strong>Padr\u00f5es de perfura\u00e7\u00e3o<\/strong><\/td>\n<td>Padr\u00f5es circulares, quadrados, de diamante, hexagonais e outros dispon\u00edveis.<\/td>\n<\/tr>\n<tr>\n<td><strong>Resist\u00eancia ao fogo<\/strong><\/td>\n<td>A2 Classifica\u00e7\u00e3o ao fogo (incombust\u00edvel)<\/td>\n<\/tr>\n<tr>\n<td><strong>Garantia<\/strong><\/td>\n<td>10-15 anos (consoante o acabamento e a aplica\u00e7\u00e3o)<\/td>\n<\/tr>\n<tr>\n<td><strong>Aplica\u00e7\u00f5es<\/strong><\/td>\n<td>todos os revestimentos, tectos, divis\u00f3rias, biombos decorativos, fachadas, divis\u00f3rias, veda\u00e7\u00f5es, guarda-s\u00f3is, decora\u00e7\u00e3o de interiores, etc.<\/td>\n<\/tr>\n<tr>\n<td><strong>Instala\u00e7\u00e3o<\/strong><\/td>\n<td>Fixa\u00e7\u00e3o na parede (parafusos ou fitas adesivas)\/F\u00e1cil instala\u00e7\u00e3o com v\u00e1rias op\u00e7\u00f5es de montagem (parafusos, suportes, arma\u00e7\u00f5es)\/Inclui fixa\u00e7\u00e3o direta, sistemas de arma\u00e7\u00e3o ou pain\u00e9is de encaixe, consoante a aplica\u00e7\u00e3o<\/td>\n<\/tr>\n<tr>\n<td><strong>Outros servi\u00e7os<\/strong><\/td>\n<td>Servi\u00e7os de personaliza\u00e7\u00e3o<\/td>\n<\/tr>\n<\/tbody>\n<\/table>\n<\/div>\n<div class=\"container-ZYIsnH flow-markdown-body theme-samantha-Nbr9UN\" dir=\"ltr\" data-testid=\"message_text_content\" data-show-indicator=\"false\">\n<p><strong style=\"font-size: 1.5em;\">Acabamentos e op\u00e7\u00f5es de personaliza\u00e7\u00e3o:<\/strong><\/p>\n<\/div>\n<div class=\"container-ZYIsnH flow-markdown-body theme-samantha-Nbr9UN\" dir=\"ltr\" data-testid=\"message_text_content\" data-show-indicator=\"false\">\n<ul>\n<li><strong>Acabamento anodizado:<\/strong> Proporciona um aspeto elegante e met\u00e1lico com prote\u00e7\u00e3o adicional contra a corros\u00e3o.<\/li>\n<li><strong>Acabamento revestido a p\u00f3:<\/strong> Oferece uma vasta gama de op\u00e7\u00f5es de cores com um revestimento suave e duradouro.<\/li>\n<li><strong>Alum\u00ednio escovado:<\/strong> Apresenta um acabamento elegante e mate para um aspeto contempor\u00e2neo.<\/li>\n<li><strong>Perfura\u00e7\u00f5es personalizadas:<\/strong> Adapte os tamanhos dos orif\u00edcios, os padr\u00f5es e a percentagem de \u00e1rea aberta \u00e0s suas necessidades espec\u00edficas de design e funcionais.<\/li>\n<\/ul>\n<\/div>\n<\/div>\n<\/div>\n<\/div>\n<\/div>\n<\/div>\n<\/div>\n<\/div>\n<\/div>\n<div class=\"inner-LOKNYu inner-item-AQrr_W\" data-target-id=\"message-box-target-id\" data-testid=\"union_message\">\n<div class=\"message-block-container-CKPFh2\" data-testid=\"message-block-container\">\n<div class=\"message-box-y4MH8s\" data-testid=\"receive_message\">\n<div class=\"message-box-content-wrapper-fgNGpz\">\n<div class=\"message-content message-box-content-xoCEoU receive-message-box-content-bNaFpa samantha-message-box-content-gWlptz\" data-testid=\"message_content\">\n<h2 class=\"container-ZYIsnH flow-markdown-body theme-samantha-Nbr9UN\" dir=\"ltr\" data-testid=\"message_text_content\" data-show-indicator=\"false\"><strong>Galeria<\/strong><\/h2>\n<p>&nbsp;<\/p>\n<\/div>\n<\/div>\n<\/div>\n<\/div>\n<\/div>\n<figure id=\"attachment_20131\" aria-describedby=\"caption-attachment-20131\" style=\"width: 1024px\" class=\"wp-caption alignnone\"><img loading=\"lazy\" decoding=\"async\" class=\"wp-image-20131\" src=\"https:\/\/meterny.com\/wp-content\/uploads\/2024\/12\/mmexport1733234133806.jpg\" alt=\"Tectos de alum\u00ednio ecol\u00f3gicos\" width=\"1024\" height=\"1024\" srcset=\"https:\/\/meterny.com\/wp-content\/uploads\/2024\/12\/mmexport1733234133806.jpg 800w, https:\/\/meterny.com\/wp-content\/uploads\/2024\/12\/mmexport1733234133806-300x300.jpg 300w, https:\/\/meterny.com\/wp-content\/uploads\/2024\/12\/mmexport1733234133806-150x150.jpg 150w, https:\/\/meterny.com\/wp-content\/uploads\/2024\/12\/mmexport1733234133806-768x768.jpg 768w, https:\/\/meterny.com\/wp-content\/uploads\/2024\/12\/mmexport1733234133806-600x600.jpg 600w, https:\/\/meterny.com\/wp-content\/uploads\/2024\/12\/mmexport1733234133806-100x100.jpg 100w\" sizes=\"auto, (max-width: 1024px) 100vw, 1024px\" \/><figcaption id=\"caption-attachment-20131\" class=\"wp-caption-text\">Teto ondulado moderno em alum\u00ednio, que transforma os espa\u00e7os com uma eleg\u00e2ncia fluida.<span style=\"font-size: 16px;\">.<\/span><\/figcaption><\/figure>\n<figure id=\"attachment_16661\" aria-describedby=\"caption-attachment-16661\" style=\"width: 1024px\" class=\"wp-caption alignnone\"><img loading=\"lazy\" decoding=\"async\" class=\"wp-image-16661\" src=\"https:\/\/meterny.com\/wp-content\/uploads\/2024\/07\/Baffle-ceiling-30.png\" alt=\"Mercado personalizado Teto falso com tubo de alum\u00ednio\" width=\"1024\" height=\"1024\" srcset=\"https:\/\/meterny.com\/wp-content\/uploads\/2024\/07\/Baffle-ceiling-30.png 640w, https:\/\/meterny.com\/wp-content\/uploads\/2024\/07\/Baffle-ceiling-30-300x300.png 300w, https:\/\/meterny.com\/wp-content\/uploads\/2024\/07\/Baffle-ceiling-30-150x150.png 150w, https:\/\/meterny.com\/wp-content\/uploads\/2024\/07\/Baffle-ceiling-30-600x600.png 600w, https:\/\/meterny.com\/wp-content\/uploads\/2024\/07\/Baffle-ceiling-30-100x100.png 100w\" sizes=\"auto, (max-width: 1024px) 100vw, 1024px\" \/><figcaption id=\"caption-attachment-16661\" class=\"wp-caption-text\">Teto com deflector de tubo de alum\u00ednio para mercados personalizados - Melhorar o ambiente do mercado com um design moderno.<\/figcaption><\/figure>\n<figure id=\"attachment_20120\" aria-describedby=\"caption-attachment-20120\" style=\"width: 1024px\" class=\"wp-caption alignnone\"><img loading=\"lazy\" decoding=\"async\" class=\"wp-image-20120\" src=\"https:\/\/meterny.com\/wp-content\/uploads\/2024\/12\/mmexport1733234098582.jpg\" alt=\"Design de teto com ondas de alum\u00ednio fluidas\" width=\"1024\" height=\"1024\" srcset=\"https:\/\/meterny.com\/wp-content\/uploads\/2024\/12\/mmexport1733234098582.jpg 800w, https:\/\/meterny.com\/wp-content\/uploads\/2024\/12\/mmexport1733234098582-300x300.jpg 300w, https:\/\/meterny.com\/wp-content\/uploads\/2024\/12\/mmexport1733234098582-150x150.jpg 150w, https:\/\/meterny.com\/wp-content\/uploads\/2024\/12\/mmexport1733234098582-768x768.jpg 768w, https:\/\/meterny.com\/wp-content\/uploads\/2024\/12\/mmexport1733234098582-600x600.jpg 600w, https:\/\/meterny.com\/wp-content\/uploads\/2024\/12\/mmexport1733234098582-100x100.jpg 100w\" sizes=\"auto, (max-width: 1024px) 100vw, 1024px\" \/><figcaption id=\"caption-attachment-20120\" class=\"wp-caption-text\">Teto din\u00e2mico em alum\u00ednio ondulado, criando movimento em espa\u00e7os est\u00e1ticos.<\/figcaption><\/figure>\n<div class=\"inner-LOKNYu inner-item-AQrr_W\" data-target-id=\"message-box-target-id\" data-testid=\"union_message\">\n<div class=\"message-block-container-CKPFh2\" data-testid=\"message-block-container\">\n<div class=\"message-box-y4MH8s\" data-testid=\"receive_message\">\n<div class=\"message-box-content-wrapper-fgNGpz\">\n<div class=\"message-content message-box-content-xoCEoU receive-message-box-content-bNaFpa samantha-message-box-content-gWlptz\" data-testid=\"message_content\">\n<div class=\"container-ZYIsnH flow-markdown-body theme-samantha-Nbr9UN\" dir=\"ltr\" data-testid=\"message_text_content\" data-show-indicator=\"false\">\n<h2>V\u00eddeo da f\u00e1brica<\/h2>\n<p>&nbsp;<\/p>\n<p><iframe loading=\"lazy\" title=\"Leitor de v\u00eddeo do YouTube\" src=\"https:\/\/www.youtube.com\/embed\/9McvKo8wDdI?si=7NVrqfh9270yITNb&amp;autoplay=1&amp;mute=1&amp;loop=1&amp;playlist=9McvKo8wDdI\" width=\"1024\" height=\"576\" frameborder=\"0\" allowfullscreen=\"allowfullscreen\" data-mce-fragment=\"1\"><span data-mce-type=\"bookmark\" style=\"display: inline-block; width: 0px; overflow: hidden; line-height: 0;\" class=\"mce_SELRES_start\"><\/span><br \/>\n<\/iframe><\/p>\n<\/div>\n<\/div>\n<\/div>\n<\/div>\n<\/div>\n<\/div>\n<h2><strong>Contactar-nos<\/strong>:<\/h2>\n<p>Se estiver interessado nos nossos sistemas de painel defletor para teto em alum\u00ednio, n\u00e3o hesite em contactar-nos para obter mais informa\u00e7\u00f5es ou um or\u00e7amento gratuito!<\/p>\n<h3>\ud83d\udcde Whatsapp<strong>:<\/strong> <a href=\"https:\/\/api.whatsapp.com\/send\/?phone=8618566054354&amp;text\" target=\"_blank\" rel=\"noopener\">+86 18566054354<\/a><br \/>\n\ud83d\udce7 <strong>Correio eletr\u00f3nico:<\/strong> <a href=\"mailto:damon@meterny.com\">damon@meterny.com<\/a><\/h3>\n<h3><\/h3>\n<h3>M\u00e1quina de f\u00e1brica<\/h3>\n<hr \/>\n<figure id=\"attachment_17138\" aria-describedby=\"caption-attachment-17138\" style=\"width: 1024px\" class=\"wp-caption alignnone\"><img loading=\"lazy\" decoding=\"async\" class=\"wp-image-17138\" src=\"https:\/\/meterny.com\/wp-content\/uploads\/2024\/09\/Hfef82f3530aa4d3db8ebb2939cd54a108.jpg\" alt=\"Fluxo de trabalho da f\u00e1brica de pain\u00e9is de alum\u00ednio Meterny\" width=\"1024\" height=\"1024\" srcset=\"https:\/\/meterny.com\/wp-content\/uploads\/2024\/09\/Hfef82f3530aa4d3db8ebb2939cd54a108.jpg 1200w, https:\/\/meterny.com\/wp-content\/uploads\/2024\/09\/Hfef82f3530aa4d3db8ebb2939cd54a108-300x300.jpg 300w, https:\/\/meterny.com\/wp-content\/uploads\/2024\/09\/Hfef82f3530aa4d3db8ebb2939cd54a108-1024x1024.jpg 1024w, https:\/\/meterny.com\/wp-content\/uploads\/2024\/09\/Hfef82f3530aa4d3db8ebb2939cd54a108-150x150.jpg 150w, https:\/\/meterny.com\/wp-content\/uploads\/2024\/09\/Hfef82f3530aa4d3db8ebb2939cd54a108-768x768.jpg 768w, https:\/\/meterny.com\/wp-content\/uploads\/2024\/09\/Hfef82f3530aa4d3db8ebb2939cd54a108-600x600.jpg 600w, https:\/\/meterny.com\/wp-content\/uploads\/2024\/09\/Hfef82f3530aa4d3db8ebb2939cd54a108-100x100.jpg 100w\" sizes=\"auto, (max-width: 1024px) 100vw, 1024px\" \/><figcaption id=\"caption-attachment-17138\" class=\"wp-caption-text\">Trabalhadores da f\u00e1brica de pain\u00e9is de alum\u00ednio Meterny em a\u00e7\u00e3o: Do corte ao revestimento.<\/figcaption><\/figure>\n<h3>Guia de instala\u00e7\u00e3o<\/h3>\n<p>Instala\u00e7\u00e3o dos sistemas de pain\u00e9is de teto falso em alum\u00ednio da METERNY<span style=\"font-size: 16px;\">)os pain\u00e9is de alum\u00ednio s\u00e3o simples, e fornecemos instru\u00e7\u00f5es de instala\u00e7\u00e3o detalhadas para garantir que o seu projeto \u00e9 conclu\u00eddo de forma eficiente. Aqui est\u00e1 um esbo\u00e7o b\u00e1sico do processo de instala\u00e7\u00e3o:<\/span><\/p>\n<ol>\n<li><strong>Preparar a superf\u00edcie<\/strong><br \/>\nCertifique-se de que a superf\u00edcie \u00e0 qual os sistemas de pain\u00e9is deflectores de teto de alum\u00ednio ser\u00e3o fixados est\u00e1 limpa, plana e seca. Quaisquer irregularidades da superf\u00edcie devem ser tratadas para garantir a ader\u00eancia e o alinhamento corretos dos sistemas de pain\u00e9is deflectores de teto de alum\u00ednio.<\/li>\n<li><strong>Instalar a estrutura<\/strong><br \/>\nUtilize uma estrutura met\u00e1lica adequada para suportar os sistemas de pain\u00e9is deflectores de teto em alum\u00ednio. A estrutura deve ser alinhada de acordo com as medidas especificadas no projeto.<\/li>\n<li><strong>Fixa\u00e7\u00e3o do painel<\/strong><br \/>\nOs sistemas de pain\u00e9is deflectores de alum\u00ednio para tectos podem ser instalados com clipes, parafusos ou rebites. O m\u00e9todo de fixa\u00e7\u00e3o depender\u00e1 do tipo de painel e dos requisitos espec\u00edficos do seu projeto. Certifique-se de que todos os sistemas de pain\u00e9is deflectores de teto de alum\u00ednio est\u00e3o bem fixados para evitar movimentos.<\/li>\n<li><strong>Controlos finais<\/strong><br \/>\nAp\u00f3s a instala\u00e7\u00e3o, efectue uma inspe\u00e7\u00e3o final para garantir que todos os sistemas de pain\u00e9is deflectores de teto de alum\u00ednio est\u00e3o corretamente alinhados e bem fixados. Limpe os sistemas de pain\u00e9is deflectores de teto de alum\u00ednio para remover quaisquer detritos da instala\u00e7\u00e3o.<\/li>\n<\/ol>\n<p>Para obter instru\u00e7\u00f5es mais detalhadas ou servi\u00e7os de instala\u00e7\u00e3o profissional, contacte-nos.<\/p>\n<p><img loading=\"lazy\" decoding=\"async\" class=\"wp-image-17137\" src=\"https:\/\/meterny.com\/wp-content\/uploads\/2024\/09\/Hd60cc4e1bad449eb8405a223ef59338e2.jpg\" alt=\"Pain\u00e9is de alum\u00ednio personalizados a aguardar o acabamento\" width=\"1024\" height=\"1024\" srcset=\"https:\/\/meterny.com\/wp-content\/uploads\/2024\/09\/Hd60cc4e1bad449eb8405a223ef59338e2.jpg 1200w, https:\/\/meterny.com\/wp-content\/uploads\/2024\/09\/Hd60cc4e1bad449eb8405a223ef59338e2-300x300.jpg 300w, https:\/\/meterny.com\/wp-content\/uploads\/2024\/09\/Hd60cc4e1bad449eb8405a223ef59338e2-1024x1024.jpg 1024w, https:\/\/meterny.com\/wp-content\/uploads\/2024\/09\/Hd60cc4e1bad449eb8405a223ef59338e2-150x150.jpg 150w, https:\/\/meterny.com\/wp-content\/uploads\/2024\/09\/Hd60cc4e1bad449eb8405a223ef59338e2-768x768.jpg 768w, https:\/\/meterny.com\/wp-content\/uploads\/2024\/09\/Hd60cc4e1bad449eb8405a223ef59338e2-600x600.jpg 600w, https:\/\/meterny.com\/wp-content\/uploads\/2024\/09\/Hd60cc4e1bad449eb8405a223ef59338e2-100x100.jpg 100w\" sizes=\"auto, (max-width: 1024px) 100vw, 1024px\" \/><\/p>\n<div class=\"container-ncFTrL\">\n<div class=\"item-KOa3z_\">\n<div class=\"container-rBgb6B chrome70-container\">\n<div class=\"inner-LOKNYu inner-item-AQrr_W\" data-target-id=\"message-box-target-id\" data-testid=\"union_message\">\n<div class=\"message-block-container-CKPFh2\" data-testid=\"message-block-container\">\n<div class=\"message-box-y4MH8s\" data-testid=\"receive_message\">\n<div class=\"message-box-content-wrapper-fgNGpz\">\n<div class=\"message-content message-box-content-xoCEoU receive-message-box-content-bNaFpa samantha-message-box-content-gWlptz\" data-testid=\"message_content\">\n<div class=\"inner-LOKNYu inner-item-AQrr_W\" data-target-id=\"message-box-target-id\" data-testid=\"union_message\">\n<div class=\"message-block-container-CKPFh2\" data-testid=\"message-block-container\">\n<div class=\"message-box-y4MH8s\" data-testid=\"receive_message\">\n<div class=\"message-box-content-wrapper-fgNGpz\">\n<div class=\"message-content message-box-content-xoCEoU receive-message-box-content-bNaFpa samantha-message-box-content-gWlptz\" data-testid=\"message_content\">\n<div class=\"container-ZYIsnH flow-markdown-body theme-samantha-Nbr9UN\" dir=\"ltr\" data-testid=\"message_text_content\" data-show-indicator=\"false\">\n<div class=\"container-ZYIsnH flow-markdown-body theme-samantha-Nbr9UN\" dir=\"ltr\" data-testid=\"message_text_content\" data-show-indicator=\"false\">\n<h3><strong>Servi\u00e7os de personaliza\u00e7\u00e3o<\/strong><\/h3>\n<p id=\"\">Oferecemos servi\u00e7os de personaliza\u00e7\u00e3o abrangentes, incluindo, mas n\u00e3o se limitando a, design de padr\u00f5es, ajustes de tamanho e correspond\u00eancia de cores, para atender \u00e0s suas necessidades decorativas exclusivas. Basta fornecer o seu conceito criativo e a nossa equipa de design profissional ir\u00e1 criar sistemas de pain\u00e9is deflectores de teto em alum\u00ednio exclusivamente para si.<\/p>\n<\/div>\n<\/div>\n<\/div>\n<\/div>\n<\/div>\n<\/div>\n<h3 dir=\"ltr\" data-testid=\"message_text_content\" data-show-indicator=\"false\">Processo de encomenda<\/h3>\n<p>&nbsp;<\/p>\n<\/div>\n<div class=\"inner-LOKNYu inner-item-AQrr_W\" data-target-id=\"message-box-target-id\" data-testid=\"union_message\">\n<div class=\"message-block-container-CKPFh2\" data-testid=\"message-block-container\">\n<div class=\"message-box-y4MH8s\" data-testid=\"receive_message\">\n<div class=\"message-box-content-wrapper-fgNGpz\">\n<div class=\"message-content message-box-content-xoCEoU receive-message-box-content-bNaFpa samantha-message-box-content-gWlptz\" data-testid=\"message_content\">\n<div class=\"container-ZYIsnH flow-markdown-body theme-samantha-Nbr9UN\" dir=\"ltr\" data-testid=\"message_text_content\" data-show-indicator=\"false\">\n<ol>\n<li><strong>Necessidades de informa\u00e7\u00e3o<\/strong>: Contacte-nos para fornecer os seus requisitos espec\u00edficos e necessidades de personaliza\u00e7\u00e3o.<\/li>\n<li><strong>Confirma\u00e7\u00e3o de or\u00e7amento<\/strong>: Fornecemos um or\u00e7amento detalhado e um prazo de entrega em fun\u00e7\u00e3o das suas necessidades.<\/li>\n<li><strong>Assinatura do contrato<\/strong>: Depois de ambas as partes confirmarem o or\u00e7amento e o prazo de entrega, \u00e9 assinado um contrato formal.<\/li>\n<li><strong>Produ\u00e7\u00e3o e transforma\u00e7\u00e3o<\/strong>: A produ\u00e7\u00e3o e a transforma\u00e7\u00e3o s\u00e3o efectuadas de acordo com as exig\u00eancias do contrato.<\/li>\n<li><strong>Inspe\u00e7\u00e3o da qualidade<\/strong>: Inspe\u00e7\u00e3o rigorosa da qualidade dos produtos acabados para garantir a conformidade com as normas.<\/li>\n<li><strong>Embalagem e expedi\u00e7\u00e3o<\/strong>: Embalagem profissional para garantir a seguran\u00e7a do produto durante o transporte.<\/li>\n<li><strong>Servi\u00e7o p\u00f3s-venda<\/strong>: Fornecer um servi\u00e7o p\u00f3s-venda completo para responder \u00e0s suas preocupa\u00e7\u00f5es.<\/li>\n<\/ol>\n<\/div>\n<div class=\"container-ZYIsnH flow-markdown-body theme-samantha-Nbr9UN\" dir=\"ltr\" data-testid=\"message_text_content\" data-show-indicator=\"false\">\n<div>\n<h3 class=\"header-vfC6AV auto-hide-last-sibling-br\">Produ\u00e7\u00e3o e embalagem<\/h3>\n<ul class=\"auto-hide-last-sibling-br\">\n<li><strong>Processo de produ\u00e7\u00e3o<\/strong>: S\u00e3o adoptadas tecnologias avan\u00e7adas de estampagem e grava\u00e7\u00e3o CNC, tecnologias de soldadura e grava\u00e7\u00e3o a laser, bem como processos de dobragem, laminagem e tritura\u00e7\u00e3o para garantir a precis\u00e3o e a qualidade dos produtos.<\/li>\n<li><strong>M\u00e9todos de embalagem<\/strong>:\n<ul class=\"auto-hide-last-sibling-br\">\n<li><strong>Prote\u00e7\u00e3o b\u00e1sica<\/strong>: Aplique um revestimento protetor na superf\u00edcie decorativa da placa de alum\u00ednio e coloque uma camada de pl\u00e1stico bolha.<\/li>\n<li><strong>Embalagem da marca da empresa<\/strong>: A superf\u00edcie decorativa da placa de alum\u00ednio tem uma pel\u00edcula com o log\u00f3tipo da empresa, sendo depois protegida com pl\u00e1stico bolha.<\/li>\n<li><strong>Embalagem personalizada<\/strong>: O log\u00f3tipo exclusivo do cliente pode ser impresso na pel\u00edcula e depois protegido com pl\u00e1stico-bolha.<\/li>\n<li><strong>Prote\u00e7\u00e3o refor\u00e7ada<\/strong>: A superf\u00edcie decorativa tem um revestimento protetor e s\u00e3o adicionados protectores de cantos azuis aos cantos da placa e o conjunto \u00e9 embrulhado com pl\u00e1stico bolha.<\/li>\n<li><strong>Embalagem segura e de alta qualidade<\/strong>: A superf\u00edcie decorativa tem uma pel\u00edcula, os cantos da placa t\u00eam protectores de cantos azuis e, depois de ser embrulhada com pl\u00e1stico bolha, \u00e9 colocada numa caixa de madeira laminada resistente.<\/li>\n<\/ul>\n<\/li>\n<\/ul>\n<div>\n<h3 class=\"header-vfC6AV auto-hide-last-sibling-br\">Certifica\u00e7\u00e3o e servi\u00e7o<\/h3>\n<ul class=\"auto-hide-last-sibling-br\">\n<li><strong>Certifica\u00e7\u00e3o<\/strong>\uff1aO produto passou por certifica\u00e7\u00f5es internacionais como CE, SGS e ISO 9001, atendendo aos padr\u00f5es de qualidade e ambientais relevantes.<\/li>\n<li><strong>Servi\u00e7o<\/strong>\uff1a Fornecemos servi\u00e7os abrangentes de pr\u00e9-venda, venda e p\u00f3s-venda, incluindo consulta de produtos, fornecimento de planos de design, orienta\u00e7\u00e3o de instala\u00e7\u00e3o e manuten\u00e7\u00e3o p\u00f3s-venda para garantir que os clientes possam usar o produto sem problemas.<\/li>\n<\/ul>\n<\/div>\n<h3 class=\"header-vfC6AV auto-hide-last-sibling-br\">Servi\u00e7o p\u00f3s-venda<\/h3>\n<ul class=\"auto-hide-last-sibling-br\">\n<li><strong>Per\u00edodo de garantia<\/strong>: Fornecer uma garantia de qualidade de [10] anos. Durante o per\u00edodo de garantia, se houver algum problema de qualidade com os produtos, forneceremos servi\u00e7os gratuitos de repara\u00e7\u00e3o ou substitui\u00e7\u00e3o.<\/li>\n<li><strong>Apoio t\u00e9cnico<\/strong>: Prestar consultoria t\u00e9cnica profissional e apoio aos clientes, ajudando-os a resolver problemas encontrados durante a instala\u00e7\u00e3o e utiliza\u00e7\u00e3o dos produtos.<\/li>\n<li><strong>Acompanhamento regular<\/strong>: Acompanhar regularmente os clientes para compreender a utiliza\u00e7\u00e3o dos produtos, recolher as suas opini\u00f5es e sugest\u00f5es e melhorar continuamente os nossos produtos e servi\u00e7os.<\/li>\n<\/ul>\n<\/div>\n<\/div>\n<\/div>\n<\/div>\n<\/div>\n<\/div>\n<\/div>\n<h2 class=\"header-vfC6AV auto-hide-last-sibling-br\" style=\"font-style: normal;\">Perguntas frequentes (FAQs)<\/h2>\n<p>&nbsp;<\/p>\n<h5 class=\"ace-line\" dir=\"auto\" data-node=\"true\"><span data-leaf=\"true\"><span class=\"lb\">Q 1:Como \u00e9 que os sistemas de painel defletor para teto de alum\u00ednio alcan\u00e7am fun\u00e7\u00f5es de controlo inteligente?<\/span><\/span><\/h5>\n<div dir=\"auto\" data-node=\"true\"><\/div>\n<div class=\"ace-line\" dir=\"auto\" data-node=\"true\"><span data-leaf=\"true\"><span class=\"lb\">A 1:Os sistemas de painel defletor para teto de alum\u00ednio conseguem um controlo inteligente atrav\u00e9s de <\/span><\/span><span data-leaf=\"true\"><span class=\"lb\">sensores integrados e dispositivos de regula\u00e7\u00e3o el\u00e9ctrica<\/span><\/span><span data-leaf=\"true\"><span class=\"lb\">. Pode ser equipado com <\/span><\/span><span data-leaf=\"true\"><span class=\"lb\">sensores de temperatura e humidade<\/span><\/span><span data-leaf=\"true\"><span class=\"lb\"> que ajustam automaticamente os \u00e2ngulos dos deflectores com base em dados ambientais, optimizando a efici\u00eancia da ventila\u00e7\u00e3o e do ar condicionado. <\/span><\/span><span data-leaf=\"true\"><span class=\"lb\">Sensores de luz<\/span><\/span><span data-leaf=\"true\"><span class=\"lb\"> pode ligar-se aos movimentos do deflector para regular a intensidade da ilumina\u00e7\u00e3o interior. Quando emparelhado com um <\/span><\/span><span data-leaf=\"true\"><span class=\"lb\">sistema de controlo inteligente<\/span><\/span><span data-leaf=\"true\"><span class=\"lb\">Os utilizadores podem controlar remotamente as altera\u00e7\u00f5es din\u00e2micas do deflector e criar atmosferas espaciais \u00fanicas com espect\u00e1culos de luz.<\/span><\/span><span data-string=\"true\" data-enter=\"true\" data-leaf=\"true\">\u200b<\/span><\/div>\n<div class=\"ace-line heading-h3\" dir=\"auto\" data-node=\"true\"><span data-string=\"true\" data-enter=\"true\" data-leaf=\"true\">\u200b<\/span><\/div>\n<h5 class=\"ace-line\" dir=\"auto\" data-node=\"true\"><span data-leaf=\"true\"><span class=\"lb\">P 2: Quais s\u00e3o os desempenhos espec\u00edficos de poupan\u00e7a de energia e de prote\u00e7\u00e3o ambiental deste sistema?<\/span><\/span><span data-string=\"true\" data-enter=\"true\" data-leaf=\"true\">\u200b<\/span><\/h5>\n<div class=\"ace-line\" dir=\"auto\" data-node=\"true\"><span data-string=\"true\" data-enter=\"true\" data-leaf=\"true\">\u200b<\/span><\/div>\n<div class=\"ace-line\" dir=\"auto\" data-node=\"true\"><span data-leaf=\"true\"><span class=\"lb\">A 2:Em primeiro lugar, a estrutura aberta promove <\/span><\/span><span data-leaf=\"true\"><span class=\"lb\">ventila\u00e7\u00e3o natural<\/span><\/span><span data-leaf=\"true\"><span class=\"lb\">reduzindo o tempo de utiliza\u00e7\u00e3o do ar condicionado. Em segundo lugar, os deflectores podem melhorar a utiliza\u00e7\u00e3o da luz natural atrav\u00e9s de <\/span><\/span><span data-leaf=\"true\"><span class=\"lb\">desenhos de reflex\u00e3o da luz<\/span><\/span><span data-leaf=\"true\"><span class=\"lb\">reduzindo o consumo de energia de ilumina\u00e7\u00e3o. Em terceiro lugar, o material de liga de alum\u00ednio \u00e9 <\/span><\/span><span data-leaf=\"true\"><span class=\"lb\">100% recicl\u00e1vel<\/span><\/span><span data-leaf=\"true\"><span class=\"lb\">minimizando o desperd\u00edcio de recursos. Em quarto lugar, a superf\u00edcie utiliza <\/span><\/span><span data-leaf=\"true\"><span class=\"lb\">revestimentos amigos do ambiente<\/span><\/span><span data-leaf=\"true\"><span class=\"lb\">reduzindo as emiss\u00f5es de compostos org\u00e2nicos vol\u00e1teis (COV) durante a produ\u00e7\u00e3o e cumprindo as normas de constru\u00e7\u00e3o ecol\u00f3gica.<\/span><\/span><span data-string=\"true\" data-enter=\"true\" data-leaf=\"true\">\u200b<\/span><\/div>\n<div class=\"ace-line heading-h3\" dir=\"auto\" data-node=\"true\"><span data-string=\"true\" data-enter=\"true\" data-leaf=\"true\">\u200b<\/span><\/div>\n<h5 class=\"ace-line\" dir=\"auto\" data-node=\"true\"><span data-leaf=\"true\"><span class=\"lb\">P 3:Como \u00e9 que os sistemas de pain\u00e9is deflectores de teto de alum\u00ednio lidam com ambientes altamente corrosivos?<\/span><\/span><span data-string=\"true\" data-enter=\"true\" data-leaf=\"true\">\u200b<\/span><\/h5>\n<div class=\"ace-line\" dir=\"auto\" data-node=\"true\"><span data-string=\"true\" data-enter=\"true\" data-leaf=\"true\">\u200b<\/span><\/div>\n<div class=\"ace-line\" dir=\"auto\" data-node=\"true\"><span data-leaf=\"true\"><span class=\"lb\">A 3:Os sistemas de pain\u00e9is deflectores de teto em alum\u00ednio utilizam um <\/span><\/span><span data-leaf=\"true\"><span class=\"lb\">processo de dupla prote\u00e7\u00e3o<\/span><\/span><span data-leaf=\"true\"><span class=\"lb\">: O material de base utiliza <\/span><\/span><span data-leaf=\"true\"><span class=\"lb\">liga de alum\u00ednio resistente \u00e0 corros\u00e3o<\/span><\/span><span data-leaf=\"true\"><span class=\"lb\"> para aumentar a resist\u00eancia aos \u00e1cidos e \u00e1lcalis. A superf\u00edcie \u00e9 submetida a <\/span><\/span><span data-leaf=\"true\"><span class=\"lb\">pulveriza\u00e7\u00e3o de fluorocarbono<\/span><\/span><span data-leaf=\"true\"><span class=\"lb\"> ou <\/span><\/span><span data-leaf=\"true\"><span class=\"lb\">tratamento de anodiza\u00e7\u00e3o<\/span><\/span><span data-leaf=\"true\"><span class=\"lb\"> para formar uma pel\u00edcula protetora densa, resistindo eficazmente \u00e0 n\u00e9voa salina, \u00e0 humidade e a outros factores corrosivos. Para cen\u00e1rios especiais, como zonas costeiras ou instala\u00e7\u00f5es industriais, <\/span><\/span><span data-leaf=\"true\"><span class=\"lb\">revestimentos espessados<\/span><\/span><span data-leaf=\"true\"><span class=\"lb\"> podem ser personalizados para melhorar ainda mais a resist\u00eancia \u00e0s intemp\u00e9ries e prolongar a vida \u00fatil.<\/span><\/span><span data-string=\"true\" data-enter=\"true\" data-leaf=\"true\">\u200b<\/span><\/div>\n<div class=\"ace-line heading-h3\" dir=\"auto\" data-node=\"true\"><span data-string=\"true\" data-enter=\"true\" data-leaf=\"true\">\u200b<\/span><\/div>\n<h5 class=\"ace-line\" dir=\"auto\" data-node=\"true\"><span data-leaf=\"true\"><span class=\"lb\">P 4:Quais s\u00e3o os cen\u00e1rios de aplica\u00e7\u00e3o inovadores deste sistema de pain\u00e9is deflectores de alum\u00ednio para tectos, para al\u00e9m dos tectos?<\/span><\/span><span data-string=\"true\" data-enter=\"true\" data-leaf=\"true\">\u200b<\/span><\/h5>\n<div class=\"ace-line\" dir=\"auto\" data-node=\"true\"><span data-string=\"true\" data-enter=\"true\" data-leaf=\"true\">\u200b<\/span><\/div>\n<div class=\"ace-line\" dir=\"auto\" data-node=\"true\"><span data-leaf=\"true\"><span class=\"lb\">A 4:Pode ser alargado como um <\/span><\/span><span data-leaf=\"true\"><span class=\"lb\">componente decorativo multifuncional<\/span><\/span><span data-leaf=\"true\"><span class=\"lb\">: Utilizado como <\/span><\/span><span data-leaf=\"true\"><span class=\"lb\">divis\u00f3ria vertical<\/span><\/span><span data-leaf=\"true\"><span class=\"lb\"> para dividir os espa\u00e7os, mantendo a transpar\u00eancia visual; aplicado para <\/span><\/span><span data-leaf=\"true\"><span class=\"lb\">prote\u00e7\u00e3o solar de fachadas<\/span><\/span><span data-leaf=\"true\"><span class=\"lb\">, que controla a entrada de luz solar atrav\u00e9s da regula\u00e7\u00e3o dos \u00e2ngulos dos deflectores; trabalhada em <\/span><\/span><span data-leaf=\"true\"><span class=\"lb\">instala\u00e7\u00f5es art\u00edsticas<\/span><\/span><span data-leaf=\"true\"><span class=\"lb\"> para criar efeitos esculturais din\u00e2micos atrav\u00e9s de arranjos e combina\u00e7\u00f5es; e utilizados em <\/span><\/span><span data-leaf=\"true\"><span class=\"lb\">espa\u00e7os ac\u00fasticos<\/span><\/span><span data-leaf=\"true\"><span class=\"lb\">-As abafadeiras com materiais de absor\u00e7\u00e3o de som adicionados podem reduzir eficazmente o ru\u00eddo, sendo adequadas para locais como est\u00fadios de grava\u00e7\u00e3o e salas de confer\u00eancia.<\/span><\/span><span data-string=\"true\" data-enter=\"true\" data-leaf=\"true\">\u200b<\/span><\/div>\n<div class=\"ace-line heading-h3\" dir=\"auto\" data-node=\"true\"><span data-string=\"true\" data-enter=\"true\" data-leaf=\"true\">\u200b<\/span><\/div>\n<h5 class=\"ace-line\" dir=\"auto\" data-node=\"true\"><span data-leaf=\"true\"><span class=\"lb\">P 5:Qual \u00e9 o processo de personaliza\u00e7\u00e3o de sistemas de pain\u00e9is defletores de teto de alum\u00ednio com formato especial?<\/span><\/span><span data-string=\"true\" data-enter=\"true\" data-leaf=\"true\">\u200b<\/span><\/h5>\n<div class=\"ace-line\" dir=\"auto\" data-node=\"true\"><span data-string=\"true\" data-enter=\"true\" data-leaf=\"true\">\u200b<\/span><\/div>\n<div class=\"ace-line\" dir=\"auto\" data-node=\"true\"><span data-leaf=\"true\"><span class=\"lb\">R 5: O processo de personaliza\u00e7\u00e3o \u00e9 composto por quatro etapas: Primeiro, o cliente fornece <\/span><\/span><span data-leaf=\"true\"><span class=\"lb\">requisitos de conce\u00e7\u00e3o ou desenhos de espa\u00e7os<\/span><\/span><span data-leaf=\"true\"><span class=\"lb\">e os projectistas geram planos atrav\u00e9s de modela\u00e7\u00e3o 3D. Segundo, <\/span><\/span><span data-leaf=\"true\"><span class=\"lb\">materiais, dimens\u00f5es e processos de tratamento de superf\u00edcies<\/span><\/span><span data-leaf=\"true\"><span class=\"lb\"> s\u00e3o selecionados de acordo com o cen\u00e1rio de utiliza\u00e7\u00e3o. Em terceiro lugar, a f\u00e1brica utiliza <\/span><\/span><span data-leaf=\"true\"><span class=\"lb\">Tecnologia de maquinagem CNC<\/span><\/span><span data-leaf=\"true\"><span class=\"lb\"> para produzir prot\u00f3tipos, que s\u00e3o produzidos em s\u00e9rie ap\u00f3s aprova\u00e7\u00e3o do cliente. Por fim, uma equipa profissional oferece <\/span><\/span><span data-leaf=\"true\"><span class=\"lb\">orienta\u00e7\u00e3o para a instala\u00e7\u00e3o e servi\u00e7os p\u00f3s-venda<\/span><\/span><span data-leaf=\"true\"><span class=\"lb\"> para garantir a execu\u00e7\u00e3o exacta da estrutura de forma especial.<\/span><\/span><\/div>\n<\/div>\n<\/div>\n<\/div>\n<p>&nbsp;<\/p>\n<div class=\"message-box-y4MH8s\" data-testid=\"receive_message\">\n<div class=\"message-box-content-wrapper-fgNGpz\">\n<div class=\"message-content message-box-content-xoCEoU receive-message-box-content-bNaFpa samantha-message-box-content-gWlptz\" data-testid=\"message_content\">\n<h2><strong>Porqu\u00ea escolher sistemas de pain\u00e9is deflectores de teto em alum\u00ednio?<\/strong><\/h2>\n<p>&nbsp;<\/p>\n<h5><strong>1. Versatilidade est\u00e9tica<\/strong><\/h5>\n<ul>\n<li><strong>Apelo de design moderno<\/strong>: O design elegante e linear d\u00e1 um toque contempor\u00e2neo e profissional a qualquer espa\u00e7o.<\/li>\n<li><strong>Apar\u00eancia personaliz\u00e1vel<\/strong>: Os sistemas de pain\u00e9is deflectores de alum\u00ednio para tectos est\u00e3o dispon\u00edveis em v\u00e1rias cores, acabamentos e tamanhos, permitindo-lhe criar designs de tectos \u00fanicos adaptados \u00e0 sua vis\u00e3o.<\/li>\n<li><strong>Profundidade espacial melhorada<\/strong>: Os pain\u00e9is deflectores podem ser dispostos de modo a melhorar a perce\u00e7\u00e3o do espa\u00e7o e a criar efeitos visuais dram\u00e1ticos.<\/li>\n<\/ul>\n<h5><strong>2. Durabilidade superior<\/strong><\/h5>\n<ul>\n<li><strong>Alum\u00ednio de alta qualidade<\/strong>: Resistente \u00e0 corros\u00e3o, \u00e0 humidade e ao fogo, garantindo uma longa vida \u00fatil.<\/li>\n<li><strong>Manuten\u00e7\u00e3o reduzida<\/strong>: As superf\u00edcies lisas s\u00e3o f\u00e1ceis de limpar e mant\u00eam o seu aspeto ao longo do tempo.<\/li>\n<\/ul>\n<h5><strong>3. Excel\u00eancia ac\u00fastica<\/strong><\/h5>\n<ul>\n<li><strong>Redu\u00e7\u00e3o de ru\u00eddo<\/strong>: Os pain\u00e9is deflectores reduzem significativamente o ru\u00eddo ambiente e o eco, criando um ambiente mais confort\u00e1vel.<\/li>\n<li><strong>Controlo de som<\/strong>: Ideal para espa\u00e7os onde a clareza da fala e a qualidade do som s\u00e3o fundamentais, como escrit\u00f3rios, salas de confer\u00eancia e teatros.<\/li>\n<\/ul>\n<\/div>\n<\/div>\n<\/div>\n<\/div>\n<\/div>\n<\/div>\n<\/div>\n<\/div>\n<div class=\"container-ncFTrL\">\n<div class=\"item-KOa3z_\">\n<div class=\"container-rBgb6B chrome70-container\">\n<div class=\"inner-LOKNYu inner-item-AQrr_W\" data-target-id=\"message-box-target-id\" data-testid=\"union_message\">\n<div class=\"message-block-container-CKPFh2\" data-testid=\"message-block-container\">\n<div class=\"message-box-y4MH8s\" data-testid=\"receive_message\">\n<div class=\"message-box-content-wrapper-fgNGpz\">\n<p><span style=\"font-size: 1.7em; font-weight: bold;\">Contactar-nos<\/span><\/p>\n<\/div>\n<\/div>\n<\/div>\n<\/div>\n<\/div>\n<\/div>\n<\/div>\n<div class=\"paragraph\">\n<p>Para mais informa\u00e7\u00f5es ou para efetuar uma encomenda, contacte a nossa equipa de apoio ao cliente. Estamos aqui para o ajudar a transformar a sua vis\u00e3o arquitet\u00f3nica em realidade com os nossos sistemas de pain\u00e9is deflectores de teto em alum\u00ednio.<\/p>\n<\/div>\n<div>\n<h3>\ud83d\udcde Whatsapp<strong>:<\/strong> <a href=\"https:\/\/api.whatsapp.com\/send\/?phone=8618566054354&amp;text\" target=\"_blank\" rel=\"noopener\">+86 18566054354<\/a><br \/>\n\ud83d\udce7 <strong>Correio eletr\u00f3nico:<\/strong> <a href=\"mailto:damon@meterny.com\">damon@meterny.com<\/a><\/h3>\n<\/div>","protected":false},"excerpt":{"rendered":"<p>Transforme o seu espa\u00e7o com o MetaBaffle\u2122 Aluminum Alloy Baffle Ceiling, combinando uma est\u00e9tica moderna com uma funcionalidade duradoura.Concebida para uma est\u00e9tica moderna e uma durabilidade superior, esta solu\u00e7\u00e3o de teto oferece um acabamento elegante e moderno para qualquer interior.F\u00e1cil de instalar e manter, \u00e9 perfeita para aplica\u00e7\u00f5es comerciais e residenciais. Actualize os seus tectos hoje mesmo com os nossos sistemas de deflectores de alum\u00ednio de alta qualidade!<\/p>","protected":false},"featured_media":20132,"comment_status":"open","ping_status":"closed","template":"","meta":{"_uag_custom_page_level_css":"","site-sidebar-layout":"default","site-content-layout":"","ast-site-content-layout":"default","site-content-style":"default","site-sidebar-style":"default","ast-global-header-display":"","ast-banner-title-visibility":"","ast-main-header-display":"","ast-hfb-above-header-display":"","ast-hfb-below-header-display":"","ast-hfb-mobile-header-display":"","site-post-title":"","ast-breadcrumbs-content":"","ast-featured-img":"","footer-sml-layout":"","theme-transparent-header-meta":"default","adv-header-id-meta":"","stick-header-meta":"default","header-above-stick-meta":"","header-main-stick-meta":"","header-below-stick-meta":"","astra-migrate-meta-layouts":"set","ast-page-background-enabled":"default","ast-page-background-meta":{"desktop":{"background-color":"var(--ast-global-color-4)","background-image":"","background-repeat":"repeat","background-position":"center center","background-size":"auto","background-attachment":"scroll","background-type":"","background-media":"","overlay-type":"","overlay-color":"","overlay-opacity":"","overlay-gradient":""},"tablet":{"background-color":"","background-image":"","background-repeat":"repeat","background-position":"center center","background-size":"auto","background-attachment":"scroll","background-type":"","background-media":"","overlay-type":"","overlay-color":"","overlay-opacity":"","overlay-gradient":""},"mobile":{"background-color":"","background-image":"","background-repeat":"repeat","background-position":"center center","background-size":"auto","background-attachment":"scroll","background-type":"","background-media":"","overlay-type":"","overlay-color":"","overlay-opacity":"","overlay-gradient":""}},"ast-content-background-meta":{"desktop":{"background-color":"var(--ast-global-color-5)","background-image":"","background-repeat":"repeat","background-position":"center center","background-size":"auto","background-attachment":"scroll","background-type":"","background-media":"","overlay-type":"","overlay-color":"","overlay-opacity":"","overlay-gradient":""},"tablet":{"background-color":"var(--ast-global-color-5)","background-image":"","background-repeat":"repeat","background-position":"center center","background-size":"auto","background-attachment":"scroll","background-type":"","background-media":"","overlay-type":"","overlay-color":"","overlay-opacity":"","overlay-gradient":""},"mobile":{"background-color":"var(--ast-global-color-5)","background-image":"","background-repeat":"repeat","background-position":"center center","background-size":"auto","background-attachment":"scroll","background-type":"","background-media":"","overlay-type":"","overlay-color":"","overlay-opacity":"","overlay-gradient":""}}},"product_brand":[],"product_cat":[224],"product_tag":[1989,1988,1990],"class_list":{"0":"post-20190","1":"product","2":"type-product","3":"status-publish","4":"has-post-thumbnail","6":"product_cat-aluminum-baffle-ceiling","7":"product_tag-lightweight-aluminum-ceiling-baffles-for-interior-buildings","8":"product_tag-modern-ceiling-design-with-aluminum-baffle-panels","9":"product_tag-modular-aluminum-baffle-ceiling-system-with-easy-installation","10":"desktop-align-center","11":"tablet-align-left","12":"mobile-align-left","13":"ast-product-gallery-layout-horizontal-slider","14":"ast-product-single-variable","15":"ast-product-tabs-layout-vertical","17":"first","18":"instock","19":"shipping-taxable","20":"product-type-variable"},"uagb_featured_image_src":{"full":["https:\/\/meterny.com\/wp-content\/uploads\/2024\/12\/mmexport1733234137019.jpg",800,800,false],"thumbnail":["https:\/\/meterny.com\/wp-content\/uploads\/2024\/12\/mmexport1733234137019-150x150.jpg",150,150,true],"medium":["https:\/\/meterny.com\/wp-content\/uploads\/2024\/12\/mmexport1733234137019-300x300.jpg",300,300,true],"medium_large":["https:\/\/meterny.com\/wp-content\/uploads\/2024\/12\/mmexport1733234137019-768x768.jpg",768,768,true],"large":["https:\/\/meterny.com\/wp-content\/uploads\/2024\/12\/mmexport1733234137019.jpg",800,800,false],"1536x1536":["https:\/\/meterny.com\/wp-content\/uploads\/2024\/12\/mmexport1733234137019.jpg",800,800,false],"2048x2048":["https:\/\/meterny.com\/wp-content\/uploads\/2024\/12\/mmexport1733234137019.jpg",800,800,false],"trp-custom-language-flag":["https:\/\/meterny.com\/wp-content\/uploads\/2024\/12\/mmexport1733234137019.jpg",12,12,false],"woocommerce_thumbnail":["https:\/\/meterny.com\/wp-content\/uploads\/2024\/12\/mmexport1733234137019-300x300.jpg",300,300,true],"woocommerce_single":["https:\/\/meterny.com\/wp-content\/uploads\/2024\/12\/mmexport1733234137019-600x600.jpg",600,600,true],"woocommerce_gallery_thumbnail":["https:\/\/meterny.com\/wp-content\/uploads\/2024\/12\/mmexport1733234137019-100x100.jpg",100,100,true]},"uagb_author_info":{"display_name":"meterny","author_link":"https:\/\/meterny.com\/pt\/author\/"},"uagb_comment_info":0,"uagb_excerpt":"Transform your space with MetaBaffle\u2122 Aluminum Alloy Baffle Ceiling, combining modern aesthetics with durable functionality.Designed for modern aesthetics and superior durability, this ceiling solution offers a sleek, stylish finish for any interior.Easy to install and maintain, it\u2019s perfect for commercial and residential applications. Upgrade your ceilings today with our high-quality aluminum baffle systems!","_links":{"self":[{"href":"https:\/\/meterny.com\/pt\/wp-json\/wp\/v2\/product\/20190","targetHints":{"allow":["GET"]}}],"collection":[{"href":"https:\/\/meterny.com\/pt\/wp-json\/wp\/v2\/product"}],"about":[{"href":"https:\/\/meterny.com\/pt\/wp-json\/wp\/v2\/types\/product"}],"replies":[{"embeddable":true,"href":"https:\/\/meterny.com\/pt\/wp-json\/wp\/v2\/comments?post=20190"}],"wp:featuredmedia":[{"embeddable":true,"href":"https:\/\/meterny.com\/pt\/wp-json\/wp\/v2\/media\/20132"}],"wp:attachment":[{"href":"https:\/\/meterny.com\/pt\/wp-json\/wp\/v2\/media?parent=20190"}],"wp:term":[{"taxonomy":"product_brand","embeddable":true,"href":"https:\/\/meterny.com\/pt\/wp-json\/wp\/v2\/product_brand?post=20190"},{"taxonomy":"product_cat","embeddable":true,"href":"https:\/\/meterny.com\/pt\/wp-json\/wp\/v2\/product_cat?post=20190"},{"taxonomy":"product_tag","embeddable":true,"href":"https:\/\/meterny.com\/pt\/wp-json\/wp\/v2\/product_tag?post=20190"}],"curies":[{"name":"wp","href":"https:\/\/api.w.org\/{rel}","templated":true}]}}