{"id":20229,"date":"2024-12-10T11:57:51","date_gmt":"2024-12-10T11:57:51","guid":{"rendered":"https:\/\/meterny.com\/?post_type=product&#038;p=20229"},"modified":"2025-05-29T06:23:57","modified_gmt":"2025-05-29T06:23:57","slug":"energy-efficient-aluminum-curtain-wall-panels","status":"publish","type":"product","link":"https:\/\/meterny.com\/pt\/produto\/energy-efficient-aluminum-curtain-wall-panels\/","title":{"rendered":"Pain\u00e9is de parede cortina de alum\u00ednio com efici\u00eancia energ\u00e9tica"},"content":{"rendered":"<h2 style=\"text-align: left;\">Pain\u00e9is de parede cortina de alum\u00ednio com efici\u00eancia energ\u00e9tica<\/h2>\n<p>&nbsp;<\/p>\n<h3><strong>Vis\u00e3o geral do produto<\/strong><\/h3>\n<p id=\"\">Apresentamos os nossos pain\u00e9is de parede cortina de alum\u00ednio com efici\u00eancia energ\u00e9tica de vanguarda, concebidos para combinar est\u00e9tica e funcionalidade, proporcionando uma solu\u00e7\u00e3o exterior sustent\u00e1vel e elegante para edif\u00edcios modernos. Fabricados a partir de uma liga de alum\u00ednio de alta qualidade, estes pain\u00e9is foram concebidos para melhorar a efici\u00eancia energ\u00e9tica, a durabilidade e o atrativo est\u00e9tico do seu edif\u00edcio.<\/p>\n<figure id=\"attachment_17625\" aria-describedby=\"caption-attachment-17625\" style=\"width: 1024px\" class=\"wp-caption alignnone\"><img loading=\"lazy\" decoding=\"async\" class=\"wp-image-17625\" src=\"https:\/\/meterny.com\/wp-content\/uploads\/2024\/10\/29-2.jpg\" alt=\"Pain\u00e9is de parede cortina de alum\u00ednio com efici\u00eancia energ\u00e9tica\" width=\"1024\" height=\"1024\" srcset=\"https:\/\/meterny.com\/wp-content\/uploads\/2024\/10\/29-2.jpg 800w, https:\/\/meterny.com\/wp-content\/uploads\/2024\/10\/29-2-300x300.jpg 300w, https:\/\/meterny.com\/wp-content\/uploads\/2024\/10\/29-2-150x150.jpg 150w, https:\/\/meterny.com\/wp-content\/uploads\/2024\/10\/29-2-768x768.jpg 768w, https:\/\/meterny.com\/wp-content\/uploads\/2024\/10\/29-2-600x600.jpg 600w, https:\/\/meterny.com\/wp-content\/uploads\/2024\/10\/29-2-100x100.jpg 100w\" sizes=\"auto, (max-width: 1024px) 100vw, 1024px\" \/><figcaption id=\"caption-attachment-17625\" class=\"wp-caption-text\">Pain\u00e9is de alum\u00ednio revestidos a p\u00f3, com acabamentos duradouros em cores vibrantes.<\/figcaption><\/figure>\n<div class=\"inner-LOKNYu inner-item-AQrr_W\" data-target-id=\"message-box-target-id\" data-testid=\"union_message\">\n<div class=\"message-block-container-CKPFh2\" data-testid=\"message-block-container\">\n<div class=\"message-box-y4MH8s\" data-testid=\"receive_message\">\n<div class=\"message-box-content-wrapper-fgNGpz\">\n<div class=\"message-content message-box-content-xoCEoU receive-message-box-content-bNaFpa samantha-message-box-content-gWlptz\" data-testid=\"message_content\">\n<div class=\"container-ZYIsnH flow-markdown-body theme-samantha-Nbr9UN\" dir=\"ltr\" data-testid=\"message_text_content\" data-show-indicator=\"false\">\n<div class=\"container-ZYIsnH flow-markdown-body theme-samantha-Nbr9UN\" dir=\"ltr\" data-testid=\"message_text_content\" data-show-indicator=\"false\">\n<div class=\"container-ZYIsnH flow-markdown-body theme-samantha-Nbr9UN\" dir=\"ltr\" data-testid=\"message_text_content\" data-show-indicator=\"false\">\n<div class=\"container-ZYIsnH flow-markdown-body theme-samantha-Nbr9UN\" dir=\"ltr\" data-testid=\"message_text_content\" data-show-indicator=\"false\">\n<div>\n<div>\n<p><span style=\"font-size: 1.5em; font-weight: bold;\">Especifica\u00e7\u00f5es t\u00e9cnicas(1)<\/span><\/p>\n<\/div>\n<div class=\"auto-hide-last-sibling-br table-container-GhL7Lo\">\n<table style=\"height: 575px;\" width=\"739\">\n<thead>\n<tr>\n<th>Item<\/th>\n<th>Par\u00e2metros<\/th>\n<\/tr>\n<\/thead>\n<tbody>\n<tr>\n<td>Material<\/td>\n<td>Liga de alum\u00ednio (6063\/T6, etc.)<\/td>\n<\/tr>\n<tr>\n<td>Espessura<\/td>\n<td>Normalmente 2,0 mm - 4,0 mm, personaliz\u00e1vel<\/td>\n<\/tr>\n<tr>\n<td>Taxa de perfura\u00e7\u00e3o<\/td>\n<td>10% - 50%, ajust\u00e1vel de acordo com os requisitos<\/td>\n<\/tr>\n<tr>\n<td>Di\u00e2metro do furo<\/td>\n<td>3mm - 20mm, v\u00e1rias especifica\u00e7\u00f5es dispon\u00edveis<\/td>\n<\/tr>\n<tr>\n<td>Tratamento de superf\u00edcie<\/td>\n<td>PVDF, poli\u00e9ster, anodiza\u00e7\u00e3o, revestimento em p\u00f3, tinta de fluorocarbono, etc.<\/td>\n<\/tr>\n<tr>\n<td>Cor<\/td>\n<td>Personaliz\u00e1vel de acordo com os cart\u00f5es de cores, as cores comuns incluem branco prateado, cinzento, preto, dourado, etc.<\/td>\n<\/tr>\n<tr>\n<td>Tamanho<\/td>\n<td>Os tamanhos convencionais s\u00e3o 1200mm\u00d72400mm, 1500mm\u00d73000mm, etc., tamb\u00e9m podem ser personalizados conforme necess\u00e1rio<\/td>\n<\/tr>\n<\/tbody>\n<\/table>\n<\/div>\n<\/div>\n<h3>Especifica\u00e7\u00f5es t\u00e9cnicas(2)<\/h3>\n<p>&nbsp;<\/p>\n<table style=\"height: 515px;\" width=\"347\">\n<thead>\n<tr>\n<th><strong>Especifica\u00e7\u00e3o<\/strong><\/th>\n<th><strong>Detalhes<\/strong><\/th>\n<\/tr>\n<\/thead>\n<tbody>\n<tr>\n<td><strong>Peso<\/strong><\/td>\n<td>2,5-3,5 kg por metro quadrado (consoante a espessura)<\/td>\n<\/tr>\n<tr>\n<td><strong>Op\u00e7\u00f5es de acabamento<\/strong><\/td>\n<td>Brilhante, Mate, Gr\u00e3o de madeira, Escovado e muito mais<\/td>\n<\/tr>\n<tr>\n<td><strong>Conce\u00e7\u00e3o<\/strong><\/td>\n<td>Padr\u00e3o de flores, desenho geom\u00e9trico, desenhos complexos, arte abstrata, log\u00f3tipos de texto, etc.<\/td>\n<\/tr>\n<tr>\n<td><strong>Padr\u00f5es de perfura\u00e7\u00e3o<\/strong><\/td>\n<td>Padr\u00f5es circulares, quadrados, de diamante, hexagonais e outros dispon\u00edveis.<\/td>\n<\/tr>\n<tr>\n<td><strong>Resist\u00eancia ao fogo<\/strong><\/td>\n<td>A2 Classifica\u00e7\u00e3o ao fogo (incombust\u00edvel)<\/td>\n<\/tr>\n<tr>\n<td><strong>Garantia<\/strong><\/td>\n<td>10-15 anos (consoante o acabamento e a aplica\u00e7\u00e3o)<\/td>\n<\/tr>\n<tr>\n<td><strong>Aplica\u00e7\u00f5es<\/strong><\/td>\n<td>todos os revestimentos, tectos, divis\u00f3rias, biombos decorativos, fachadas, divis\u00f3rias, veda\u00e7\u00f5es, guarda-s\u00f3is, decora\u00e7\u00e3o de interiores, etc.<\/td>\n<\/tr>\n<tr>\n<td><strong>Instala\u00e7\u00e3o<\/strong><\/td>\n<td>Fixa\u00e7\u00e3o na parede (parafusos ou fitas adesivas)\/F\u00e1cil instala\u00e7\u00e3o com v\u00e1rias op\u00e7\u00f5es de montagem (parafusos, suportes, arma\u00e7\u00f5es)\/Inclui fixa\u00e7\u00e3o direta, sistemas de arma\u00e7\u00e3o ou pain\u00e9is de encaixe, consoante a aplica\u00e7\u00e3o<\/td>\n<\/tr>\n<tr>\n<td><strong>Outros servi\u00e7os<\/strong><\/td>\n<td>Servi\u00e7os de personaliza\u00e7\u00e3o<\/td>\n<\/tr>\n<\/tbody>\n<\/table>\n<\/div>\n<div class=\"container-ZYIsnH flow-markdown-body theme-samantha-Nbr9UN\" dir=\"ltr\" data-testid=\"message_text_content\" data-show-indicator=\"false\">\n<p><strong style=\"font-size: 1.5em;\">Acabamentos e op\u00e7\u00f5es de personaliza\u00e7\u00e3o:<\/strong><\/p>\n<\/div>\n<div class=\"container-ZYIsnH flow-markdown-body theme-samantha-Nbr9UN\" dir=\"ltr\" data-testid=\"message_text_content\" data-show-indicator=\"false\">\n<ul>\n<li><strong>Acabamento anodizado:<\/strong> Proporciona um aspeto elegante e met\u00e1lico com prote\u00e7\u00e3o adicional contra a corros\u00e3o.<\/li>\n<li><strong>Acabamento revestido a p\u00f3:<\/strong> Oferece uma vasta gama de op\u00e7\u00f5es de cores com um revestimento suave e duradouro.<\/li>\n<li><strong>Alum\u00ednio escovado:<\/strong> Apresenta um acabamento elegante e mate para um aspeto contempor\u00e2neo.<\/li>\n<li><strong>Perfura\u00e7\u00f5es personalizadas:<\/strong> Adapte os tamanhos dos orif\u00edcios, os padr\u00f5es e a percentagem de \u00e1rea aberta \u00e0s suas necessidades espec\u00edficas de design e funcionais.<\/li>\n<\/ul>\n<\/div>\n<\/div>\n<\/div>\n<\/div>\n<\/div>\n<\/div>\n<\/div>\n<\/div>\n<\/div>\n<div class=\"inner-LOKNYu inner-item-AQrr_W\" data-target-id=\"message-box-target-id\" data-testid=\"union_message\">\n<div class=\"message-block-container-CKPFh2\" data-testid=\"message-block-container\">\n<div class=\"message-box-y4MH8s\" data-testid=\"receive_message\">\n<div class=\"message-box-content-wrapper-fgNGpz\">\n<div class=\"message-content message-box-content-xoCEoU receive-message-box-content-bNaFpa samantha-message-box-content-gWlptz\" data-testid=\"message_content\"><\/div>\n<\/div>\n<\/div>\n<\/div>\n<\/div>\n<h2>Galeria<\/h2>\n<figure id=\"attachment_22962\" aria-describedby=\"caption-attachment-22962\" style=\"width: 1024px\" class=\"wp-caption alignnone\"><img loading=\"lazy\" decoding=\"async\" class=\"wp-image-22962\" src=\"https:\/\/meterny.com\/wp-content\/uploads\/2025\/04\/Meterny-Aluminum-Building-Facade-Wall-Panel-35.webp\" alt=\"Folheado de alum\u00ednio vermelho para decora\u00e7\u00e3o exterior\" width=\"1024\" height=\"916\" srcset=\"https:\/\/meterny.com\/wp-content\/uploads\/2025\/04\/Meterny-Aluminum-Building-Facade-Wall-Panel-35.webp 780w, https:\/\/meterny.com\/wp-content\/uploads\/2025\/04\/Meterny-Aluminum-Building-Facade-Wall-Panel-35-300x268.webp 300w, https:\/\/meterny.com\/wp-content\/uploads\/2025\/04\/Meterny-Aluminum-Building-Facade-Wall-Panel-35-768x687.webp 768w, https:\/\/meterny.com\/wp-content\/uploads\/2025\/04\/Meterny-Aluminum-Building-Facade-Wall-Panel-35-600x537.webp 600w\" sizes=\"auto, (max-width: 1024px) 100vw, 1024px\" \/><figcaption id=\"caption-attachment-22962\" class=\"wp-caption-text\">Folheado de alum\u00ednio vermelho para decora\u00e7\u00e3o exterior: Desvendando os encantos \u00fanicos dos edif\u00edcios.<\/figcaption><\/figure>\n<figure id=\"attachment_17622\" aria-describedby=\"caption-attachment-17622\" style=\"width: 1024px\" class=\"wp-caption alignnone\"><img loading=\"lazy\" decoding=\"async\" class=\"wp-image-17622\" src=\"https:\/\/meterny.com\/wp-content\/uploads\/2024\/10\/\u4e3b\u56fe23-2.png\" alt=\"Pain\u00e9is de alum\u00ednio para fachadas com efici\u00eancia energ\u00e9tica\" width=\"1024\" height=\"1024\" srcset=\"https:\/\/meterny.com\/wp-content\/uploads\/2024\/10\/\u4e3b\u56fe23-2.png 800w, https:\/\/meterny.com\/wp-content\/uploads\/2024\/10\/\u4e3b\u56fe23-2-300x300.png 300w, https:\/\/meterny.com\/wp-content\/uploads\/2024\/10\/\u4e3b\u56fe23-2-150x150.png 150w, https:\/\/meterny.com\/wp-content\/uploads\/2024\/10\/\u4e3b\u56fe23-2-768x768.png 768w, https:\/\/meterny.com\/wp-content\/uploads\/2024\/10\/\u4e3b\u56fe23-2-600x600.png 600w, https:\/\/meterny.com\/wp-content\/uploads\/2024\/10\/\u4e3b\u56fe23-2-100x100.png 100w\" sizes=\"auto, (max-width: 1024px) 100vw, 1024px\" \/><figcaption id=\"caption-attachment-17622\" class=\"wp-caption-text\">Parede cortina de alum\u00ednio com efici\u00eancia energ\u00e9tica, promovendo a sustentabilidade na arquitetura.<\/figcaption><\/figure>\n<figure id=\"attachment_17620\" aria-describedby=\"caption-attachment-17620\" style=\"width: 1024px\" class=\"wp-caption alignnone\"><img loading=\"lazy\" decoding=\"async\" class=\"wp-image-17620\" src=\"https:\/\/meterny.com\/wp-content\/uploads\/2024\/10\/\u4e3b\u56fe18-2.png\" alt=\"Revestimento de parede de alum\u00ednio sem costura\" width=\"1024\" height=\"1024\" srcset=\"https:\/\/meterny.com\/wp-content\/uploads\/2024\/10\/\u4e3b\u56fe18-2.png 800w, https:\/\/meterny.com\/wp-content\/uploads\/2024\/10\/\u4e3b\u56fe18-2-300x300.png 300w, https:\/\/meterny.com\/wp-content\/uploads\/2024\/10\/\u4e3b\u56fe18-2-150x150.png 150w, https:\/\/meterny.com\/wp-content\/uploads\/2024\/10\/\u4e3b\u56fe18-2-768x768.png 768w, https:\/\/meterny.com\/wp-content\/uploads\/2024\/10\/\u4e3b\u56fe18-2-600x600.png 600w, https:\/\/meterny.com\/wp-content\/uploads\/2024\/10\/\u4e3b\u56fe18-2-100x100.png 100w\" sizes=\"auto, (max-width: 1024px) 100vw, 1024px\" \/><figcaption id=\"caption-attachment-17620\" class=\"wp-caption-text\">Parede cortina de painel de alum\u00ednio sem costuras, para um acabamento arquitet\u00f3nico impec\u00e1vel.<\/figcaption><\/figure>\n<figure id=\"attachment_17621\" aria-describedby=\"caption-attachment-17621\" style=\"width: 1024px\" class=\"wp-caption alignnone\"><img loading=\"lazy\" decoding=\"async\" class=\"wp-image-17621\" src=\"https:\/\/meterny.com\/wp-content\/uploads\/2024\/10\/\u4e3b\u56fe22-2.png\" alt=\"Revestimento de painel de alum\u00ednio texturizado 3D\" width=\"1024\" height=\"1024\" srcset=\"https:\/\/meterny.com\/wp-content\/uploads\/2024\/10\/\u4e3b\u56fe22-2.png 800w, https:\/\/meterny.com\/wp-content\/uploads\/2024\/10\/\u4e3b\u56fe22-2-300x300.png 300w, https:\/\/meterny.com\/wp-content\/uploads\/2024\/10\/\u4e3b\u56fe22-2-150x150.png 150w, https:\/\/meterny.com\/wp-content\/uploads\/2024\/10\/\u4e3b\u56fe22-2-768x768.png 768w, https:\/\/meterny.com\/wp-content\/uploads\/2024\/10\/\u4e3b\u56fe22-2-600x600.png 600w, https:\/\/meterny.com\/wp-content\/uploads\/2024\/10\/\u4e3b\u56fe22-2-100x100.png 100w\" sizes=\"auto, (max-width: 1024px) 100vw, 1024px\" \/><figcaption id=\"caption-attachment-17621\" class=\"wp-caption-text\">Parede cortina de alum\u00ednio texturizado 3D, redefinindo a est\u00e9tica da fachada.<\/figcaption><\/figure>\n<h3>V\u00eddeo da f\u00e1brica<\/h3>\n<p>&nbsp;<\/p>\n<p><iframe loading=\"lazy\" title=\"Leitor de v\u00eddeo do YouTube\" src=\"https:\/\/www.youtube.com\/embed\/ZvDGxu_mxLI?si=7NVrqfh9270yITNb&amp;autoplay=1&amp;mute=1&amp;loop=1&amp;playlist=ZvDGxu_mxLI\" width=\"1024\" height=\"576\" frameborder=\"0\" allowfullscreen=\"allowfullscreen\" data-mce-fragment=\"1\"><span data-mce-type=\"bookmark\" style=\"display: inline-block; width: 0px; overflow: hidden; line-height: 0;\" class=\"mce_SELRES_start\"><\/span><br \/>\n<\/iframe><\/p>\n<div class=\"paragraph\">\n<h2><strong>Contactar-nos<\/strong>:<\/h2>\n<p>Se estiver interessado nos nossos pain\u00e9is de parede cortina de alum\u00ednio com efici\u00eancia energ\u00e9tica, n\u00e3o hesite em contactar-nos para obter mais informa\u00e7\u00f5es ou um or\u00e7amento gratuito!<\/p>\n<\/div>\n<div>\n<h3>\ud83d\udcde Whatsapp<strong>:<\/strong> <a href=\"https:\/\/api.whatsapp.com\/send\/?phone=8618566054354&amp;text\" target=\"_blank\" rel=\"noopener\">+86 18566054354<\/a><br \/>\n\ud83d\udce7 <strong>Correio eletr\u00f3nico:<\/strong> <a href=\"mailto:damon@meterny.com\">damon@meterny.com<\/a><\/h3>\n<\/div>\n<h3><\/h3>\n<h3>M\u00e1quina de f\u00e1brica<\/h3>\n<hr \/>\n<figure id=\"attachment_17138\" aria-describedby=\"caption-attachment-17138\" style=\"width: 1024px\" class=\"wp-caption alignnone\"><img loading=\"lazy\" decoding=\"async\" class=\"wp-image-17138\" src=\"https:\/\/meterny.com\/wp-content\/uploads\/2024\/09\/Hfef82f3530aa4d3db8ebb2939cd54a108.jpg\" alt=\"Fluxo de trabalho da f\u00e1brica de pain\u00e9is de alum\u00ednio Meterny\" width=\"1024\" height=\"1024\" srcset=\"https:\/\/meterny.com\/wp-content\/uploads\/2024\/09\/Hfef82f3530aa4d3db8ebb2939cd54a108.jpg 1200w, https:\/\/meterny.com\/wp-content\/uploads\/2024\/09\/Hfef82f3530aa4d3db8ebb2939cd54a108-300x300.jpg 300w, https:\/\/meterny.com\/wp-content\/uploads\/2024\/09\/Hfef82f3530aa4d3db8ebb2939cd54a108-1024x1024.jpg 1024w, https:\/\/meterny.com\/wp-content\/uploads\/2024\/09\/Hfef82f3530aa4d3db8ebb2939cd54a108-150x150.jpg 150w, https:\/\/meterny.com\/wp-content\/uploads\/2024\/09\/Hfef82f3530aa4d3db8ebb2939cd54a108-768x768.jpg 768w, https:\/\/meterny.com\/wp-content\/uploads\/2024\/09\/Hfef82f3530aa4d3db8ebb2939cd54a108-600x600.jpg 600w, https:\/\/meterny.com\/wp-content\/uploads\/2024\/09\/Hfef82f3530aa4d3db8ebb2939cd54a108-100x100.jpg 100w\" sizes=\"auto, (max-width: 1024px) 100vw, 1024px\" \/><figcaption id=\"caption-attachment-17138\" class=\"wp-caption-text\">Trabalhadores da f\u00e1brica de pain\u00e9is de alum\u00ednio Meterny em a\u00e7\u00e3o: Do corte ao revestimento.<\/figcaption><\/figure>\n<h3>Guia de instala\u00e7\u00e3o<\/h3>\n<p>A instala\u00e7\u00e3o dos pain\u00e9is de alum\u00ednio METERNY (Pain\u00e9is de parede cortina de alum\u00ednio com efici\u00eancia energ\u00e9tica) \u00e9 simples e fornecemos instru\u00e7\u00f5es de instala\u00e7\u00e3o detalhadas para garantir que o seu projeto \u00e9 conclu\u00eddo de forma eficiente. Aqui est\u00e1 um esbo\u00e7o b\u00e1sico do processo de instala\u00e7\u00e3o:<\/p>\n<ol>\n<li><strong>Preparar a superf\u00edcie<\/strong><br \/>\nAssegurar que a superf\u00edcie \u00e0 qual os pain\u00e9is de parede cortina de alum\u00ednio energeticamente eficientes ser\u00e3o fixados est\u00e1 limpa, plana e seca. Quaisquer irregularidades da superf\u00edcie devem ser corrigidas para garantir a ader\u00eancia e o alinhamento corretos dos pain\u00e9is.<\/li>\n<li><strong>Instalar a estrutura<\/strong><br \/>\nUtilize uma estrutura met\u00e1lica adequada para suportar os pain\u00e9is de parede cortina de alum\u00ednio com efici\u00eancia energ\u00e9tica. A estrutura deve ser alinhada de acordo com as medidas especificadas no projeto.<\/li>\n<li><strong>Fixa\u00e7\u00e3o do painel<\/strong><br \/>\nOs pain\u00e9is de parede cortina de alum\u00ednio com efici\u00eancia energ\u00e9tica podem ser instalados com clipes, parafusos ou rebites. O m\u00e9todo de fixa\u00e7\u00e3o depender\u00e1 do tipo de painel e dos requisitos espec\u00edficos do seu projeto. Certifique-se de que todos os pain\u00e9is est\u00e3o bem fixos para evitar movimentos.<\/li>\n<li><strong>Controlos finais<\/strong><br \/>\nAp\u00f3s a instala\u00e7\u00e3o, efetuar uma inspe\u00e7\u00e3o final para garantir que todos os pain\u00e9is de alum\u00ednio para fachada cortina com efici\u00eancia energ\u00e9tica est\u00e3o corretamente alinhados e bem fixados. Limpe os pain\u00e9is para remover quaisquer detritos da instala\u00e7\u00e3o.<\/li>\n<\/ol>\n<h3><strong>Guia de instala\u00e7\u00e3o (vers\u00e3o curta)<\/strong><\/h3>\n<ol>\n<li><strong>Preparar ferramentas<\/strong>: Berbequim el\u00e9trico, chave de fendas, fichas de expans\u00e3o, etc.<\/li>\n<li><strong>Medir e marcar<\/strong>: Medir com exatid\u00e3o e marcar os pontos de instala\u00e7\u00e3o com base no local de instala\u00e7\u00e3o.<\/li>\n<li><strong>Perfurar e fixar<\/strong>: Utilize um berbequim el\u00e9trico para fazer furos nos pontos marcados, instale buchas de expans\u00e3o e, em seguida, fixe o painel \u00e0 parede com parafusos.<\/li>\n<li><strong>Ajustar e aperfei\u00e7oar<\/strong>: Assegurar-se de que o painel est\u00e1 instalado de forma nivelada e ajustado para obter os melhores efeitos visuais.<\/li>\n<\/ol>\n<p>Para obter instru\u00e7\u00f5es mais detalhadas ou servi\u00e7os de instala\u00e7\u00e3o profissional, contacte-nos.<\/p>\n<hr \/>\n<p><img loading=\"lazy\" decoding=\"async\" class=\"wp-image-17137\" src=\"https:\/\/meterny.com\/wp-content\/uploads\/2024\/09\/Hd60cc4e1bad449eb8405a223ef59338e2.jpg\" alt=\"Pain\u00e9is de alum\u00ednio personalizados a aguardar o acabamento\" width=\"1024\" height=\"1024\" srcset=\"https:\/\/meterny.com\/wp-content\/uploads\/2024\/09\/Hd60cc4e1bad449eb8405a223ef59338e2.jpg 1200w, https:\/\/meterny.com\/wp-content\/uploads\/2024\/09\/Hd60cc4e1bad449eb8405a223ef59338e2-300x300.jpg 300w, https:\/\/meterny.com\/wp-content\/uploads\/2024\/09\/Hd60cc4e1bad449eb8405a223ef59338e2-1024x1024.jpg 1024w, https:\/\/meterny.com\/wp-content\/uploads\/2024\/09\/Hd60cc4e1bad449eb8405a223ef59338e2-150x150.jpg 150w, https:\/\/meterny.com\/wp-content\/uploads\/2024\/09\/Hd60cc4e1bad449eb8405a223ef59338e2-768x768.jpg 768w, https:\/\/meterny.com\/wp-content\/uploads\/2024\/09\/Hd60cc4e1bad449eb8405a223ef59338e2-600x600.jpg 600w, https:\/\/meterny.com\/wp-content\/uploads\/2024\/09\/Hd60cc4e1bad449eb8405a223ef59338e2-100x100.jpg 100w\" sizes=\"auto, (max-width: 1024px) 100vw, 1024px\" \/><\/p>\n<div class=\"container-ncFTrL\">\n<div class=\"item-KOa3z_\">\n<div class=\"container-rBgb6B chrome70-container\">\n<div class=\"inner-LOKNYu inner-item-AQrr_W\" data-target-id=\"message-box-target-id\" data-testid=\"union_message\">\n<div class=\"message-block-container-CKPFh2\" data-testid=\"message-block-container\">\n<div class=\"message-box-y4MH8s\" data-testid=\"receive_message\">\n<div class=\"message-box-content-wrapper-fgNGpz\">\n<div class=\"message-content message-box-content-xoCEoU receive-message-box-content-bNaFpa samantha-message-box-content-gWlptz\" data-testid=\"message_content\">\n<div class=\"container-ZYIsnH flow-markdown-body theme-samantha-Nbr9UN\" dir=\"ltr\" data-testid=\"message_text_content\" data-show-indicator=\"false\">\n<div class=\"container-ZYIsnH flow-markdown-body theme-samantha-Nbr9UN\" dir=\"ltr\" data-testid=\"message_text_content\" data-show-indicator=\"false\">\n<h3><strong>Servi\u00e7os de personaliza\u00e7\u00e3o<\/strong><\/h3>\n<p id=\"\">Oferecemos servi\u00e7os de personaliza\u00e7\u00e3o abrangentes, incluindo, mas n\u00e3o se limitando a, design de padr\u00f5es, ajustes de tamanho e correspond\u00eancia de cores, para atender \u00e0s suas necessidades decorativas exclusivas. Basta fornecer o seu conceito criativo e a nossa equipa de design profissional criar\u00e1 um painel de parede cortina de alum\u00ednio com efici\u00eancia energ\u00e9tica exclusivamente para si.<\/p>\n<\/div>\n<\/div>\n<\/div>\n<\/div>\n<\/div>\n<\/div>\n<h3 dir=\"ltr\" data-testid=\"message_text_content\" data-show-indicator=\"false\">Processo de encomenda<\/h3>\n<p>&nbsp;<\/p>\n<\/div>\n<div class=\"inner-LOKNYu inner-item-AQrr_W\" data-target-id=\"message-box-target-id\" data-testid=\"union_message\">\n<div class=\"message-block-container-CKPFh2\" data-testid=\"message-block-container\">\n<div class=\"message-box-y4MH8s\" data-testid=\"receive_message\">\n<div class=\"message-box-content-wrapper-fgNGpz\">\n<div class=\"message-content message-box-content-xoCEoU receive-message-box-content-bNaFpa samantha-message-box-content-gWlptz\" data-testid=\"message_content\">\n<div class=\"container-ZYIsnH flow-markdown-body theme-samantha-Nbr9UN\" dir=\"ltr\" data-testid=\"message_text_content\" data-show-indicator=\"false\">\n<ol>\n<li><strong>Necessidades de informa\u00e7\u00e3o<\/strong>: Contacte-nos para fornecer os seus requisitos espec\u00edficos e necessidades de personaliza\u00e7\u00e3o.<\/li>\n<li><strong>Confirma\u00e7\u00e3o de or\u00e7amento<\/strong>: Fornecemos um or\u00e7amento detalhado e um prazo de entrega em fun\u00e7\u00e3o das suas necessidades.<\/li>\n<li><strong>Assinatura do contrato<\/strong>: Depois de ambas as partes confirmarem o or\u00e7amento e o prazo de entrega, \u00e9 assinado um contrato formal.<\/li>\n<li><strong>Produ\u00e7\u00e3o e transforma\u00e7\u00e3o<\/strong>: A produ\u00e7\u00e3o e a transforma\u00e7\u00e3o s\u00e3o efectuadas de acordo com as exig\u00eancias do contrato.<\/li>\n<li><strong>Inspe\u00e7\u00e3o da qualidade<\/strong>: Inspe\u00e7\u00e3o rigorosa da qualidade dos produtos acabados para garantir a conformidade com as normas.<\/li>\n<li><strong>Embalagem e expedi\u00e7\u00e3o<\/strong>: Embalagem profissional para garantir a seguran\u00e7a do produto durante o transporte.<\/li>\n<li><strong>Servi\u00e7o p\u00f3s-venda<\/strong>: Fornecer um servi\u00e7o p\u00f3s-venda completo para responder \u00e0s suas preocupa\u00e7\u00f5es.<\/li>\n<\/ol>\n<\/div>\n<div class=\"container-ZYIsnH flow-markdown-body theme-samantha-Nbr9UN\" dir=\"ltr\" data-testid=\"message_text_content\" data-show-indicator=\"false\">\n<div>\n<h3 class=\"header-vfC6AV auto-hide-last-sibling-br\">Produ\u00e7\u00e3o e embalagem<\/h3>\n<ul class=\"auto-hide-last-sibling-br\">\n<li><strong>Processo de produ\u00e7\u00e3o<\/strong>: S\u00e3o adoptadas tecnologias avan\u00e7adas de estampagem e grava\u00e7\u00e3o CNC, tecnologias de soldadura e grava\u00e7\u00e3o a laser, bem como processos de dobragem, laminagem e tritura\u00e7\u00e3o para garantir a precis\u00e3o e a qualidade dos produtos.<\/li>\n<li><strong>M\u00e9todos de embalagem<\/strong>:\n<ul class=\"auto-hide-last-sibling-br\">\n<li><strong>Prote\u00e7\u00e3o b\u00e1sica<\/strong>: Aplique um revestimento protetor na superf\u00edcie decorativa da placa de alum\u00ednio e coloque uma camada de pl\u00e1stico bolha.<\/li>\n<li><strong>Embalagem da marca da empresa<\/strong>: A superf\u00edcie decorativa da placa de alum\u00ednio tem uma pel\u00edcula com o log\u00f3tipo da empresa, sendo depois protegida com pl\u00e1stico bolha.<\/li>\n<li><strong>Embalagem personalizada<\/strong>: O log\u00f3tipo exclusivo do cliente pode ser impresso na pel\u00edcula e depois protegido com pl\u00e1stico-bolha.<\/li>\n<li><strong>Prote\u00e7\u00e3o refor\u00e7ada<\/strong>: A superf\u00edcie decorativa tem um revestimento protetor e s\u00e3o adicionados protectores de cantos azuis aos cantos da placa e o conjunto \u00e9 embrulhado com pl\u00e1stico bolha.<\/li>\n<li><strong>Embalagem segura e de alta qualidade<\/strong>: A superf\u00edcie decorativa tem uma pel\u00edcula, os cantos da placa t\u00eam protectores de cantos azuis e, depois de ser embrulhada com pl\u00e1stico bolha, \u00e9 colocada numa caixa de madeira laminada resistente.<\/li>\n<\/ul>\n<\/li>\n<\/ul>\n<div>\n<h3 class=\"header-vfC6AV auto-hide-last-sibling-br\">Certifica\u00e7\u00e3o e servi\u00e7o<\/h3>\n<ul class=\"auto-hide-last-sibling-br\">\n<li><strong>Certifica\u00e7\u00e3o<\/strong>\uff1aO produto passou por certifica\u00e7\u00f5es internacionais como CE, SGS e ISO 9001, atendendo aos padr\u00f5es de qualidade e ambientais relevantes.<\/li>\n<li><strong>Servi\u00e7o<\/strong>\uff1a Fornecemos servi\u00e7os abrangentes de pr\u00e9-venda, venda e p\u00f3s-venda, incluindo consulta de produtos, fornecimento de planos de design, orienta\u00e7\u00e3o de instala\u00e7\u00e3o e manuten\u00e7\u00e3o p\u00f3s-venda para garantir que os clientes possam usar o produto sem problemas.<\/li>\n<\/ul>\n<\/div>\n<h3 class=\"header-vfC6AV auto-hide-last-sibling-br\">Servi\u00e7o p\u00f3s-venda<\/h3>\n<ul class=\"auto-hide-last-sibling-br\">\n<li><strong>Per\u00edodo de garantia<\/strong>: Fornecer uma garantia de qualidade de [10] anos. Durante o per\u00edodo de garantia, se houver algum problema de qualidade com os produtos, forneceremos servi\u00e7os gratuitos de repara\u00e7\u00e3o ou substitui\u00e7\u00e3o.<\/li>\n<li><strong>Apoio t\u00e9cnico<\/strong>: Prestar consultoria t\u00e9cnica profissional e apoio aos clientes, ajudando-os a resolver problemas encontrados durante a instala\u00e7\u00e3o e utiliza\u00e7\u00e3o dos produtos.<\/li>\n<li><strong>Acompanhamento regular<\/strong>: Acompanhar regularmente os clientes para compreender a utiliza\u00e7\u00e3o dos produtos, recolher as suas opini\u00f5es e sugest\u00f5es e melhorar continuamente os nossos produtos e servi\u00e7os.<\/li>\n<\/ul>\n<\/div>\n<\/div>\n<\/div>\n<\/div>\n<\/div>\n<\/div>\n<\/div>\n<\/div>\n<\/div>\n<\/div>\n<h2>Perguntas frequentes (FAQs)<\/h2>\n<div dir=\"auto\" data-node=\"true\"><\/div>\n<h5 class=\"ace-line\" dir=\"auto\" data-node=\"true\"><span data-leaf=\"true\"><span class=\"lb\">P 1:Como \u00e9 que os pain\u00e9is de parede cortina de alum\u00ednio com efici\u00eancia energ\u00e9tica conseguem efeitos de poupan\u00e7a de energia?<\/span><\/span><span data-string=\"true\" data-enter=\"true\" data-leaf=\"true\">\u200b<\/span><\/h5>\n<div class=\"ace-line\" dir=\"auto\" data-node=\"true\"><span data-string=\"true\" data-enter=\"true\" data-leaf=\"true\">\u200b<\/span><\/div>\n<div class=\"ace-line\" dir=\"auto\" data-node=\"true\"><span data-leaf=\"true\"><span class=\"lb\">A 1:Os pain\u00e9is de alum\u00ednio para fachadas cortina energeticamente eficientes permitem poupar energia atrav\u00e9s de m\u00faltiplas tecnologias: Primeiro, eles usam <\/span><\/span><span data-leaf=\"true\"><span class=\"lb\">perfis de liga de alum\u00ednio com isolamento t\u00e9rmico<\/span><\/span><span data-leaf=\"true\"><span class=\"lb\"> para reduzir a condu\u00e7\u00e3o de calor. Em segundo lugar, incorporam <\/span><\/span><span data-leaf=\"true\"><span class=\"lb\">vidro isolante de camada dupla ou m\u00faltipla<\/span><\/span><span data-leaf=\"true\"><span class=\"lb\"> para criar camadas de ar de isolamento t\u00e9rmico. Terceiro, <\/span><\/span><span data-leaf=\"true\"><span class=\"lb\">revestimentos especiais<\/span><\/span><span data-leaf=\"true\"><span class=\"lb\"> (como as pel\u00edculas Low-E) s\u00e3o aplicadas para refletir o calor radiante solar e minimizar a absor\u00e7\u00e3o de calor no interior. Quarto, <\/span><\/span><span data-leaf=\"true\"><span class=\"lb\">modelos perfurados ou com persianas<\/span><\/span><span data-leaf=\"true\"><span class=\"lb\"> otimizar a ventila\u00e7\u00e3o natural e o sombreamento, reduzindo o consumo de energia para ar condicionado e ilumina\u00e7\u00e3o.<\/span><\/span><span data-string=\"true\" data-enter=\"true\" data-leaf=\"true\">\u200b<\/span><\/div>\n<div class=\"ace-line heading-h3\" dir=\"auto\" data-node=\"true\"><span data-string=\"true\" data-enter=\"true\" data-leaf=\"true\">\u200b<\/span><\/div>\n<h5 class=\"ace-line\" dir=\"auto\" data-node=\"true\"><span data-leaf=\"true\"><span class=\"lb\">Q 2: Quais s\u00e3o as vantagens dos pain\u00e9is de parede cortina de alum\u00ednio com efici\u00eancia energ\u00e9tica em compara\u00e7\u00e3o com os pain\u00e9is de parede cortina de alum\u00ednio comuns?<\/span><\/span><span data-string=\"true\" data-enter=\"true\" data-leaf=\"true\">\u200b<\/span><\/h5>\n<div class=\"ace-line\" dir=\"auto\" data-node=\"true\"><span data-string=\"true\" data-enter=\"true\" data-leaf=\"true\">\u200b<\/span><\/div>\n<div class=\"ace-line\" dir=\"auto\" data-node=\"true\"><span data-leaf=\"true\"><span class=\"lb\">A 2:Em compara\u00e7\u00e3o com os pain\u00e9is de parede cortina de alum\u00ednio comuns, os produtos com efici\u00eancia energ\u00e9tica oferecem tr\u00eas vantagens principais: Primeiro, eles <\/span><\/span><span data-leaf=\"true\"><span class=\"lb\">reduzir significativamente o consumo de energia<\/span><\/span><span data-leaf=\"true\"><span class=\"lb\">-atrav\u00e9s de um isolamento t\u00e9rmico e de uma ventila\u00e7\u00e3o eficientes, podem reduzir o consumo de eletricidade do ar condicionado e da ilumina\u00e7\u00e3o de um edif\u00edcio. Em segundo lugar, podem <\/span><\/span><span data-leaf=\"true\"><span class=\"lb\">melhorar o conforto interior<\/span><\/span><span data-leaf=\"true\"><span class=\"lb\"> estabilizando as temperaturas interiores e reduzindo as flutua\u00e7\u00f5es de temperatura. Em terceiro lugar, s\u00e3o <\/span><\/span><span data-leaf=\"true\"><span class=\"lb\">ambientalmente sustent\u00e1vel<\/span><\/span><span data-leaf=\"true\"><span class=\"lb\">reduzindo as emiss\u00f5es de carbono ao longo do tempo e cumprindo as normas de constru\u00e7\u00e3o ecol\u00f3gica.<\/span><\/span><span data-string=\"true\" data-enter=\"true\" data-leaf=\"true\">\u200b<\/span><\/div>\n<div class=\"ace-line heading-h3\" dir=\"auto\" data-node=\"true\"><span data-string=\"true\" data-enter=\"true\" data-leaf=\"true\">\u200b<\/span><\/div>\n<h5 class=\"ace-line\" dir=\"auto\" data-node=\"true\"><span data-leaf=\"true\"><span class=\"lb\">P 3:Para que tipos de projectos de constru\u00e7\u00e3o s\u00e3o adequados os pain\u00e9is de parede cortina de alum\u00ednio com efici\u00eancia energ\u00e9tica?<\/span><\/span><span data-string=\"true\" data-enter=\"true\" data-leaf=\"true\">\u200b<\/span><\/h5>\n<div class=\"ace-line\" dir=\"auto\" data-node=\"true\"><span data-string=\"true\" data-enter=\"true\" data-leaf=\"true\">\u200b<\/span><\/div>\n<div class=\"ace-line\" dir=\"auto\" data-node=\"true\"><span data-leaf=\"true\"><span class=\"lb\">A 3:Os pain\u00e9is de parede cortina de alum\u00ednio com efici\u00eancia energ\u00e9tica s\u00e3o adequados para v\u00e1rios cen\u00e1rios de constru\u00e7\u00e3o: <\/span><\/span><span data-leaf=\"true\"><span class=\"lb\">Complexos comerciais<\/span><\/span><span data-leaf=\"true\"><span class=\"lb\"> e <\/span><\/span><span data-leaf=\"true\"><span class=\"lb\">edif\u00edcios de escrit\u00f3rios<\/span><\/span><span data-leaf=\"true\"><span class=\"lb\"> com elevado consumo de energia podem reduzir os custos de funcionamento. Locais com elevados requisitos de conforto ambiental, tais como <\/span><\/span><span data-leaf=\"true\"><span class=\"lb\">hospitais<\/span><\/span><span data-leaf=\"true\"><span class=\"lb\"> e <\/span><\/span><span data-leaf=\"true\"><span class=\"lb\">escolas<\/span><\/span><span data-leaf=\"true\"><span class=\"lb\">O painel de prote\u00e7\u00e3o solar, que \u00e9 um painel de prote\u00e7\u00e3o ambiental, pode beneficiar de um ambiente interior est\u00e1vel. Al\u00e9m disso, estes pain\u00e9is s\u00e3o normalmente utilizados em <\/span><\/span><span data-leaf=\"true\"><span class=\"lb\">edif\u00edcios verdes<\/span><\/span><span data-leaf=\"true\"><span class=\"lb\"> e <\/span><\/span><span data-leaf=\"true\"><span class=\"lb\">edif\u00edcio com emiss\u00f5es l\u00edquidas nulas de carbono<\/span><\/span><span data-leaf=\"true\"><span class=\"lb\"> projectos que cumpram normas rigorosas de certifica\u00e7\u00e3o de poupan\u00e7a de energia (como LEED, BREEAM).<\/span><\/span><span data-string=\"true\" data-enter=\"true\" data-leaf=\"true\">\u200b<\/span><\/div>\n<div class=\"ace-line heading-h3\" dir=\"auto\" data-node=\"true\"><span data-string=\"true\" data-enter=\"true\" data-leaf=\"true\">\u200b<\/span><\/div>\n<h5 class=\"ace-line\" dir=\"auto\" data-node=\"true\"><span data-leaf=\"true\"><span class=\"lb\">Q 4:O custo de instala\u00e7\u00e3o dos pain\u00e9is de parede cortina de alum\u00ednio com efici\u00eancia energ\u00e9tica \u00e9 mais elevado? \u00c9 rent\u00e1vel a longo prazo?<\/span><\/span><span data-string=\"true\" data-enter=\"true\" data-leaf=\"true\">\u200b<\/span><\/h5>\n<div class=\"ace-line\" dir=\"auto\" data-node=\"true\"><span data-string=\"true\" data-enter=\"true\" data-leaf=\"true\">\u200b<\/span><\/div>\n<div class=\"ace-line\" dir=\"auto\" data-node=\"true\"><span data-leaf=\"true\"><span class=\"lb\">A 4:Devido \u00e0 utiliza\u00e7\u00e3o de materiais e tecnologias especiais, a <\/span><\/span><span data-leaf=\"true\"><span class=\"lb\">custo de instala\u00e7\u00e3o inicial<\/span><\/span><span data-leaf=\"true\"><span class=\"lb\"> dos pain\u00e9is de parede cortina de alum\u00ednio energeticamente eficientes \u00e9 tipicamente 10%-20% superior ao dos pain\u00e9is de parede cortina normais. No entanto, a longo prazo, os seus efeitos de poupan\u00e7a de energia podem reduzir significativamente o consumo de energia de um edif\u00edcio. <\/span><\/span><span data-leaf=\"true\"><span class=\"lb\">despesas de energia<\/span><\/span><span data-leaf=\"true\"><span class=\"lb\">compensando a diferen\u00e7a de custos no prazo de 3 a 5 anos atrav\u00e9s da poupan\u00e7a nas facturas de eletricidade. Al\u00e9m disso, as carater\u00edsticas de efici\u00eancia energ\u00e9tica podem aumentar o valor de um edif\u00edcio, atraindo inquilinos ou compradores e gerando receitas adicionais.<\/span><\/span><span data-string=\"true\" data-enter=\"true\" data-leaf=\"true\">\u200b<\/span><\/div>\n<div class=\"ace-line heading-h3\" dir=\"auto\" data-node=\"true\"><span data-string=\"true\" data-enter=\"true\" data-leaf=\"true\">\u200b<\/span><\/div>\n<h5 class=\"ace-line\" dir=\"auto\" data-node=\"true\"><span data-leaf=\"true\"><span class=\"lb\">P 5:Que aspectos devem ser tidos em conta na manuten\u00e7\u00e3o dos pain\u00e9is de alum\u00ednio para fachada cortina energeticamente eficientes?<\/span><\/span><span data-string=\"true\" data-enter=\"true\" data-leaf=\"true\">\u200b<\/span><\/h5>\n<div class=\"ace-line\" dir=\"auto\" data-node=\"true\"><span data-string=\"true\" data-enter=\"true\" data-leaf=\"true\">\u200b<\/span><\/div>\n<div class=\"ace-line\" dir=\"auto\" data-node=\"true\"><span data-leaf=\"true\"><span class=\"lb\">R 5: Durante a manuten\u00e7\u00e3o, devem ser tidos em conta tr\u00eas aspectos fundamentais: Primeiro, <\/span><\/span><span data-leaf=\"true\"><span class=\"lb\">limpar regularmente<\/span><\/span><span data-leaf=\"true\"><span class=\"lb\"> poeira e manchas na superf\u00edcie para evitar que os contaminantes afectem o desempenho do revestimento. Em segundo lugar, inspecionar <\/span><\/span><span data-leaf=\"true\"><span class=\"lb\">tiras de selante<\/span><\/span><span data-leaf=\"true\"><span class=\"lb\"> e <\/span><\/span><span data-leaf=\"true\"><span class=\"lb\">componentes de liga\u00e7\u00e3o<\/span><\/span><span data-leaf=\"true\"><span class=\"lb\"> para evitar a degrada\u00e7\u00e3o do isolamento t\u00e9rmico devido ao envelhecimento. Em terceiro lugar, para <\/span><\/span><span data-leaf=\"true\"><span class=\"lb\">vidro isolante<\/span><\/span><span data-leaf=\"true\"><span class=\"lb\">Se houver emba\u00e7amento ou danos, substitua-o imediatamente para garantir a efic\u00e1cia do isolamento t\u00e9rmico. Recomenda-se a realiza\u00e7\u00e3o de uma inspe\u00e7\u00e3o completa de seis em seis meses e o aumento da frequ\u00eancia ap\u00f3s eventos clim\u00e1ticos extremos.<\/span><\/span><\/div>\n<div><\/div>\n<div class=\"mceTemp\"><\/div>\n<h3><strong>Porqu\u00ea escolher pain\u00e9is de parede cortina de alum\u00ednio com efici\u00eancia energ\u00e9tica?<\/strong><\/h3>\n<ol>\n<li><strong>Est\u00e9tica personaliz\u00e1vel<\/strong>:\n<ul>\n<li>Compreendemos que cada edif\u00edcio tem a sua identidade \u00fanica. \u00c9 por isso que os nossos pain\u00e9is est\u00e3o dispon\u00edveis numa vasta gama de cores, texturas e acabamentos, permitindo-lhe criar um design que se alinhe perfeitamente com o estilo e a vis\u00e3o arquitet\u00f3nica do seu edif\u00edcio.<\/li>\n<\/ul>\n<\/li>\n<li><strong>Engenharia de precis\u00e3o e garantia de qualidade<\/strong>:\n<ul>\n<li>Cada painel \u00e9 concebido com precis\u00e3o para garantir um ajuste e acabamento perfeitos. Os nossos rigorosos processos de controlo de qualidade garantem que recebe apenas produtos da mais elevada qualidade, que cumprem ou excedem as normas da ind\u00fastria.<\/li>\n<\/ul>\n<\/li>\n<li><strong>Facilidade de instala\u00e7\u00e3o e manuten\u00e7\u00e3o<\/strong>:\n<ul>\n<li>Os nossos pain\u00e9is de parede cortina s\u00e3o concebidos para uma instala\u00e7\u00e3o f\u00e1cil, minimizando o tempo de inatividade e as perturba\u00e7\u00f5es durante a constru\u00e7\u00e3o. Al\u00e9m disso, as suas superf\u00edcies lisas e planas facilitam a limpeza e a manuten\u00e7\u00e3o, assegurando que o exterior do seu edif\u00edcio se mant\u00e9m imaculado e acolhedor.<\/li>\n<\/ul>\n<\/li>\n<\/ol>\n<div class=\"message-box-y4MH8s\" data-testid=\"receive_message\">\n<div class=\"message-box-content-wrapper-fgNGpz\">\n<h2>Contactar-nos<\/h2>\n<\/div>\n<\/div>\n<div class=\"paragraph\">Para mais informa\u00e7\u00f5es ou para efetuar uma encomenda, contacte a nossa equipa de apoio ao cliente. Estamos aqui para o ajudar a transformar a sua vis\u00e3o arquitet\u00f3nica em realidade com os nossos Pain\u00e9is de parede cortina em alum\u00ednio energeticamente eficientes.<\/div>\n<div>\n<h3>\ud83d\udcde Whatsapp<strong>:<\/strong> <a href=\"https:\/\/api.whatsapp.com\/send\/?phone=8618566054354&amp;text\" target=\"_blank\" rel=\"noopener\">+86 18566054354<\/a><br \/>\n\ud83d\udce7 <strong>Correio eletr\u00f3nico:<\/strong> <a href=\"mailto:damon@meterny.com\">damon@meterny.com<\/a><\/h3>\n<\/div>","protected":false},"excerpt":{"rendered":"<p>Os pain\u00e9is de alum\u00ednio para fachadas cortina energeticamente eficientes melhoram o isolamento dos edif\u00edcios e reduzem o consumo de energia. Concebidos para uma arquitetura sustent\u00e1vel, oferecem desempenho t\u00e9rmico, resist\u00eancia \u00e0s intemp\u00e9ries e uma est\u00e9tica moderna para solu\u00e7\u00f5es de constru\u00e7\u00e3o ecol\u00f3gicas.<\/p>","protected":false},"featured_media":17625,"comment_status":"open","ping_status":"closed","template":"","meta":{"_uag_custom_page_level_css":"","site-sidebar-layout":"default","site-content-layout":"","ast-site-content-layout":"default","site-content-style":"default","site-sidebar-style":"default","ast-global-header-display":"","ast-banner-title-visibility":"","ast-main-header-display":"","ast-hfb-above-header-display":"","ast-hfb-below-header-display":"","ast-hfb-mobile-header-display":"","site-post-title":"","ast-breadcrumbs-content":"","ast-featured-img":"","footer-sml-layout":"","theme-transparent-header-meta":"default","adv-header-id-meta":"","stick-header-meta":"default","header-above-stick-meta":"","header-main-stick-meta":"","header-below-stick-meta":"","astra-migrate-meta-layouts":"set","ast-page-background-enabled":"default","ast-page-background-meta":{"desktop":{"background-color":"var(--ast-global-color-4)","background-image":"","background-repeat":"repeat","background-position":"center center","background-size":"auto","background-attachment":"scroll","background-type":"","background-media":"","overlay-type":"","overlay-color":"","overlay-opacity":"","overlay-gradient":""},"tablet":{"background-color":"","background-image":"","background-repeat":"repeat","background-position":"center center","background-size":"auto","background-attachment":"scroll","background-type":"","background-media":"","overlay-type":"","overlay-color":"","overlay-opacity":"","overlay-gradient":""},"mobile":{"background-color":"","background-image":"","background-repeat":"repeat","background-position":"center center","background-size":"auto","background-attachment":"scroll","background-type":"","background-media":"","overlay-type":"","overlay-color":"","overlay-opacity":"","overlay-gradient":""}},"ast-content-background-meta":{"desktop":{"background-color":"var(--ast-global-color-5)","background-image":"","background-repeat":"repeat","background-position":"center center","background-size":"auto","background-attachment":"scroll","background-type":"","background-media":"","overlay-type":"","overlay-color":"","overlay-opacity":"","overlay-gradient":""},"tablet":{"background-color":"var(--ast-global-color-5)","background-image":"","background-repeat":"repeat","background-position":"center center","background-size":"auto","background-attachment":"scroll","background-type":"","background-media":"","overlay-type":"","overlay-color":"","overlay-opacity":"","overlay-gradient":""},"mobile":{"background-color":"var(--ast-global-color-5)","background-image":"","background-repeat":"repeat","background-position":"center center","background-size":"auto","background-attachment":"scroll","background-type":"","background-media":"","overlay-type":"","overlay-color":"","overlay-opacity":"","overlay-gradient":""}}},"product_brand":[],"product_cat":[249],"product_tag":[1935,1937,1936],"class_list":{"0":"post-20229","1":"product","2":"type-product","3":"status-publish","4":"has-post-thumbnail","6":"product_cat-aluminum-veneer","7":"product_tag-energy-efficient-aluminum-curtain-wall-panels","8":"product_tag-green-building-aluminum-facade-panels","9":"product_tag-high-performance-aluminum-cladding","10":"desktop-align-center","11":"tablet-align-left","12":"mobile-align-left","13":"ast-product-gallery-layout-horizontal-slider","14":"ast-product-tabs-layout-vertical","16":"first","17":"instock","18":"shipping-taxable","19":"product-type-simple"},"uagb_featured_image_src":{"full":["https:\/\/meterny.com\/wp-content\/uploads\/2024\/10\/29-2.jpg",800,800,false],"thumbnail":["https:\/\/meterny.com\/wp-content\/uploads\/2024\/10\/29-2-150x150.jpg",150,150,true],"medium":["https:\/\/meterny.com\/wp-content\/uploads\/2024\/10\/29-2-300x300.jpg",300,300,true],"medium_large":["https:\/\/meterny.com\/wp-content\/uploads\/2024\/10\/29-2-768x768.jpg",768,768,true],"large":["https:\/\/meterny.com\/wp-content\/uploads\/2024\/10\/29-2.jpg",800,800,false],"1536x1536":["https:\/\/meterny.com\/wp-content\/uploads\/2024\/10\/29-2.jpg",800,800,false],"2048x2048":["https:\/\/meterny.com\/wp-content\/uploads\/2024\/10\/29-2.jpg",800,800,false],"trp-custom-language-flag":["https:\/\/meterny.com\/wp-content\/uploads\/2024\/10\/29-2.jpg",12,12,false],"woocommerce_thumbnail":["https:\/\/meterny.com\/wp-content\/uploads\/2024\/10\/29-2-300x300.jpg",300,300,true],"woocommerce_single":["https:\/\/meterny.com\/wp-content\/uploads\/2024\/10\/29-2-600x600.jpg",600,600,true],"woocommerce_gallery_thumbnail":["https:\/\/meterny.com\/wp-content\/uploads\/2024\/10\/29-2-100x100.jpg",100,100,true]},"uagb_author_info":{"display_name":"meterny","author_link":"https:\/\/meterny.com\/pt\/author\/"},"uagb_comment_info":0,"uagb_excerpt":"Energy-efficient aluminum curtain wall panels improve building insulation and reduce energy consumption. Designed for sustainable architecture, they offer thermal performance, weather resistance, and modern aesthetics for green building solutions.","_links":{"self":[{"href":"https:\/\/meterny.com\/pt\/wp-json\/wp\/v2\/product\/20229","targetHints":{"allow":["GET"]}}],"collection":[{"href":"https:\/\/meterny.com\/pt\/wp-json\/wp\/v2\/product"}],"about":[{"href":"https:\/\/meterny.com\/pt\/wp-json\/wp\/v2\/types\/product"}],"replies":[{"embeddable":true,"href":"https:\/\/meterny.com\/pt\/wp-json\/wp\/v2\/comments?post=20229"}],"wp:featuredmedia":[{"embeddable":true,"href":"https:\/\/meterny.com\/pt\/wp-json\/wp\/v2\/media\/17625"}],"wp:attachment":[{"href":"https:\/\/meterny.com\/pt\/wp-json\/wp\/v2\/media?parent=20229"}],"wp:term":[{"taxonomy":"product_brand","embeddable":true,"href":"https:\/\/meterny.com\/pt\/wp-json\/wp\/v2\/product_brand?post=20229"},{"taxonomy":"product_cat","embeddable":true,"href":"https:\/\/meterny.com\/pt\/wp-json\/wp\/v2\/product_cat?post=20229"},{"taxonomy":"product_tag","embeddable":true,"href":"https:\/\/meterny.com\/pt\/wp-json\/wp\/v2\/product_tag?post=20229"}],"curies":[{"name":"wp","href":"https:\/\/api.w.org\/{rel}","templated":true}]}}