{"id":21825,"date":"2025-03-02T06:02:28","date_gmt":"2025-03-02T06:02:28","guid":{"rendered":"https:\/\/meterny.com\/?post_type=product&#038;p=21825"},"modified":"2025-06-07T12:30:37","modified_gmt":"2025-06-07T12:30:37","slug":"2mm-curved-aluminum-baffle-ceiling-tube","status":"publish","type":"product","link":"https:\/\/meterny.com\/pt\/produto\/2mm-curved-aluminum-baffle-ceiling-tube\/","title":{"rendered":"Tubo de teto com deflector de alum\u00ednio curvo de 2 mm"},"content":{"rendered":"<div class=\"inner-LOKNYu inner-item-AQrr_W\" data-target-id=\"message-box-target-id\" data-testid=\"union_message\">\n<div class=\"message-block-container-CKPFh2\" data-testid=\"message-block-container\">\n<div class=\"message-box-y4MH8s\" data-testid=\"receive_message\">\n<div class=\"message-box-content-wrapper-fgNGpz\">\n<div class=\"message-content message-box-content-xoCEoU receive-message-box-content-bNaFpa samantha-message-box-content-gWlptz\" data-testid=\"message_content\">\n<div class=\"container-ZYIsnH flow-markdown-body theme-samantha-Nbr9UN\" dir=\"ltr\" data-testid=\"message_text_content\" data-show-indicator=\"false\">\n<div class=\"container-ZYIsnH flow-markdown-body theme-samantha-Nbr9UN\" dir=\"ltr\" data-testid=\"message_text_content\" data-show-indicator=\"false\">\n<div class=\"container-ZYIsnH flow-markdown-body theme-samantha-Nbr9UN\" dir=\"ltr\" data-testid=\"message_text_content\" data-show-indicator=\"false\">\n<div class=\"container-ZYIsnH flow-markdown-body theme-samantha-Nbr9UN\" dir=\"ltr\" data-testid=\"message_text_content\" data-show-indicator=\"false\">\n<div>\n<div>\n<div>\n<h2>Tubo de teto com deflector de alum\u00ednio curvo de 2 mm<\/h2>\n<p>&nbsp;<\/p>\n<h3 class=\"header-vfC6AV auto-hide-last-sibling-br\">Vis\u00e3o geral do produto<\/h3>\n<div class=\"auto-hide-last-sibling-br paragraph-JOTKXA paragraph-element br-paragraph-space\">O tubo de teto curvo de alum\u00ednio de 2 mm \u00e9 um material de teto criado especificamente para locais que procuram designs \u00fanicos e efeitos decorativos de alta qualidade. Fabricado em liga de alum\u00ednio de alta qualidade com uma espessura de 2 mm, \u00e9 formado numa estrutura curva atrav\u00e9s de t\u00e9cnicas de processamento avan\u00e7adas, combinando perfeitamente est\u00e9tica e praticidade. N\u00e3o s\u00f3 acrescenta uma atmosfera art\u00edstica \u00fanica e um toque moderno ao espa\u00e7o, mas tamb\u00e9m possui um excelente desempenho. \u00c9 amplamente aplic\u00e1vel \u00e0 decora\u00e7\u00e3o do teto interior de v\u00e1rios edif\u00edcios comerciais e p\u00fablicos, tais como centros comerciais, hot\u00e9is, edif\u00edcios de escrit\u00f3rios e salas de exposi\u00e7\u00f5es, tornando-se uma escolha ideal para melhorar o estilo do espa\u00e7o.<\/div>\n<div><\/div>\n<div>\n<figure id=\"attachment_21245\" aria-describedby=\"caption-attachment-21245\" style=\"width: 1024px\" class=\"wp-caption alignnone\"><img loading=\"lazy\" decoding=\"async\" class=\"wp-image-21245\" src=\"https:\/\/meterny.com\/wp-content\/uploads\/2025\/02\/2mm-thickness-of-Aluminum-Panel-ceiling.jpg\" alt=\"Tubo de teto com deflector de alum\u00ednio curvo de 2 mm\" width=\"1024\" height=\"768\" srcset=\"https:\/\/meterny.com\/wp-content\/uploads\/2025\/02\/2mm-thickness-of-Aluminum-Panel-ceiling.jpg 1440w, https:\/\/meterny.com\/wp-content\/uploads\/2025\/02\/2mm-thickness-of-Aluminum-Panel-ceiling-300x225.jpg 300w, https:\/\/meterny.com\/wp-content\/uploads\/2025\/02\/2mm-thickness-of-Aluminum-Panel-ceiling-1024x768.jpg 1024w, https:\/\/meterny.com\/wp-content\/uploads\/2025\/02\/2mm-thickness-of-Aluminum-Panel-ceiling-768x576.jpg 768w, https:\/\/meterny.com\/wp-content\/uploads\/2025\/02\/2mm-thickness-of-Aluminum-Panel-ceiling-600x450.jpg 600w\" sizes=\"auto, (max-width: 1024px) 100vw, 1024px\" \/><figcaption id=\"caption-attachment-21245\" class=\"wp-caption-text\">Um teto de painel de alum\u00ednio de 2 mm de espessura, com um design de deflector de alum\u00ednio curvo com um elegante acabamento de gr\u00e3o de madeira de carvalho, perfeito para interiores modernos.<\/figcaption><\/figure>\n<\/div>\n<\/div>\n<\/div>\n<div>\n<p><span style=\"font-size: 1.5em; font-weight: bold;\">Especifica\u00e7\u00f5es t\u00e9cnicas(1)\u00a0<\/span><\/p>\n<\/div>\n<div class=\"auto-hide-last-sibling-br table-container-GhL7Lo\">\n<table style=\"height: 575px;\" width=\"739\">\n<thead>\n<tr>\n<th>Item<\/th>\n<th>Par\u00e2metros<\/th>\n<\/tr>\n<\/thead>\n<tbody>\n<tr>\n<td>Material<\/td>\n<td>Liga de alum\u00ednio (6063\/T6, etc.)<\/td>\n<\/tr>\n<tr>\n<td>Espessura<\/td>\n<td>Normalmente 2,0 mm - 4,0 mm, personaliz\u00e1vel<\/td>\n<\/tr>\n<tr>\n<td>Taxa de perfura\u00e7\u00e3o<\/td>\n<td>10% - 50%, ajust\u00e1vel de acordo com os requisitos<\/td>\n<\/tr>\n<tr>\n<td>Di\u00e2metro do furo<\/td>\n<td>3mm - 20mm, v\u00e1rias especifica\u00e7\u00f5es dispon\u00edveis<\/td>\n<\/tr>\n<tr>\n<td>Tratamento de superf\u00edcie<\/td>\n<td>PVDF, poli\u00e9ster, anodiza\u00e7\u00e3o, revestimento em p\u00f3, tinta de fluorocarbono, etc.<\/td>\n<\/tr>\n<tr>\n<td>Cor<\/td>\n<td>Personaliz\u00e1vel de acordo com os cart\u00f5es de cores, as cores comuns incluem branco prateado, cinzento, preto, dourado, etc.<\/td>\n<\/tr>\n<tr>\n<td>Tamanho<\/td>\n<td>Os tamanhos convencionais s\u00e3o 1200mm\u00d72400mm, 1500mm\u00d73000mm, etc., tamb\u00e9m podem ser personalizados conforme necess\u00e1rio<\/td>\n<\/tr>\n<\/tbody>\n<\/table>\n<\/div>\n<\/div>\n<h3>Especifica\u00e7\u00f5es t\u00e9cnicas(2)<\/h3>\n<p>&nbsp;<\/p>\n<table style=\"height: 515px;\" width=\"347\">\n<thead>\n<tr>\n<th><strong>Especifica\u00e7\u00e3o<\/strong><\/th>\n<th><strong>Detalhes<\/strong><\/th>\n<\/tr>\n<\/thead>\n<tbody>\n<tr>\n<td><strong>Peso<\/strong><\/td>\n<td>2,5-3,5 kg por metro quadrado (consoante a espessura)<\/td>\n<\/tr>\n<tr>\n<td><strong>Op\u00e7\u00f5es de acabamento<\/strong><\/td>\n<td>Brilhante, Mate, Gr\u00e3o de madeira, Escovado e muito mais<\/td>\n<\/tr>\n<tr>\n<td><strong>Conce\u00e7\u00e3o<\/strong><\/td>\n<td>Padr\u00e3o de flores, desenho geom\u00e9trico, desenhos complexos, arte abstrata, log\u00f3tipos de texto, etc.<\/td>\n<\/tr>\n<tr>\n<td><strong>Padr\u00f5es de perfura\u00e7\u00e3o<\/strong><\/td>\n<td>Padr\u00f5es circulares, quadrados, de diamante, hexagonais e outros dispon\u00edveis.<\/td>\n<\/tr>\n<tr>\n<td><strong>Resist\u00eancia ao fogo<\/strong><\/td>\n<td>A2 Classifica\u00e7\u00e3o ao fogo (incombust\u00edvel)<\/td>\n<\/tr>\n<tr>\n<td><strong>Garantia<\/strong><\/td>\n<td>10-15 anos (consoante o acabamento e a aplica\u00e7\u00e3o)<\/td>\n<\/tr>\n<tr>\n<td><strong>Aplica\u00e7\u00f5es<\/strong><\/td>\n<td>todos os revestimentos, tectos, divis\u00f3rias, biombos decorativos, fachadas, divis\u00f3rias, veda\u00e7\u00f5es, guarda-s\u00f3is, decora\u00e7\u00e3o de interiores, etc.<\/td>\n<\/tr>\n<tr>\n<td><strong>Instala\u00e7\u00e3o<\/strong><\/td>\n<td>Fixa\u00e7\u00e3o na parede (parafusos ou fitas adesivas)\/F\u00e1cil instala\u00e7\u00e3o com v\u00e1rias op\u00e7\u00f5es de montagem (parafusos, suportes, arma\u00e7\u00f5es)\/Inclui fixa\u00e7\u00e3o direta, sistemas de arma\u00e7\u00e3o ou pain\u00e9is de encaixe, consoante a aplica\u00e7\u00e3o<\/td>\n<\/tr>\n<tr>\n<td><strong>Outros servi\u00e7os<\/strong><\/td>\n<td>Servi\u00e7os de personaliza\u00e7\u00e3o<\/td>\n<\/tr>\n<\/tbody>\n<\/table>\n<\/div>\n<div class=\"container-ZYIsnH flow-markdown-body theme-samantha-Nbr9UN\" dir=\"ltr\" data-testid=\"message_text_content\" data-show-indicator=\"false\">\n<p><strong style=\"font-size: 1.5em;\">Acabamentos e op\u00e7\u00f5es de personaliza\u00e7\u00e3o:<\/strong><\/p>\n<\/div>\n<div class=\"container-ZYIsnH flow-markdown-body theme-samantha-Nbr9UN\" dir=\"ltr\" data-testid=\"message_text_content\" data-show-indicator=\"false\">\n<ul>\n<li><strong>Acabamento anodizado:<\/strong> Proporciona um aspeto elegante e met\u00e1lico com prote\u00e7\u00e3o adicional contra a corros\u00e3o.<\/li>\n<li><strong>Acabamento revestido a p\u00f3:<\/strong> Oferece uma vasta gama de op\u00e7\u00f5es de cores com um revestimento suave e duradouro.<\/li>\n<li><strong>Alum\u00ednio escovado:<\/strong> Apresenta um acabamento elegante e mate para um aspeto contempor\u00e2neo.<\/li>\n<li><strong>Perfura\u00e7\u00f5es personalizadas:<\/strong> Adapte os tamanhos dos orif\u00edcios, os padr\u00f5es e a percentagem de \u00e1rea aberta \u00e0s suas necessidades espec\u00edficas de design e funcionais.<\/li>\n<\/ul>\n<\/div>\n<\/div>\n<\/div>\n<\/div>\n<\/div>\n<\/div>\n<\/div>\n<\/div>\n<\/div>\n<div class=\"inner-LOKNYu inner-item-AQrr_W\" data-target-id=\"message-box-target-id\" data-testid=\"union_message\">\n<div class=\"message-block-container-CKPFh2\" data-testid=\"message-block-container\">\n<div class=\"message-box-y4MH8s\" data-testid=\"receive_message\">\n<div class=\"message-box-content-wrapper-fgNGpz\">\n<div class=\"message-content message-box-content-xoCEoU receive-message-box-content-bNaFpa samantha-message-box-content-gWlptz\" data-testid=\"message_content\">\n<div class=\"container-ZYIsnH flow-markdown-body theme-samantha-Nbr9UN\" dir=\"ltr\" data-testid=\"message_text_content\" data-show-indicator=\"false\">\n<h2><strong>Galeria<\/strong><\/h2>\n<p>&nbsp;<\/p>\n<figure id=\"attachment_20170\" aria-describedby=\"caption-attachment-20170\" style=\"width: 1024px\" class=\"wp-caption alignnone\"><img loading=\"lazy\" decoding=\"async\" class=\"wp-image-20170\" src=\"https:\/\/meterny.com\/wp-content\/uploads\/2024\/12\/mmexport1733234283606.jpg\" alt=\"Perfis de deflectores em alum\u00ednio n\u00e3o revestido\" width=\"1024\" height=\"1024\" srcset=\"https:\/\/meterny.com\/wp-content\/uploads\/2024\/12\/mmexport1733234283606.jpg 800w, https:\/\/meterny.com\/wp-content\/uploads\/2024\/12\/mmexport1733234283606-300x300.jpg 300w, https:\/\/meterny.com\/wp-content\/uploads\/2024\/12\/mmexport1733234283606-150x150.jpg 150w, https:\/\/meterny.com\/wp-content\/uploads\/2024\/12\/mmexport1733234283606-768x768.jpg 768w, https:\/\/meterny.com\/wp-content\/uploads\/2024\/12\/mmexport1733234283606-600x600.jpg 600w, https:\/\/meterny.com\/wp-content\/uploads\/2024\/12\/mmexport1733234283606-100x100.jpg 100w\" sizes=\"auto, (max-width: 1024px) 100vw, 1024px\" \/><figcaption id=\"caption-attachment-20170\" class=\"wp-caption-text\">Perfis de deflectores de alum\u00ednio n\u00e3o revestidos, que apresentam a beleza da mat\u00e9ria-prima e a precis\u00e3o do design.<\/figcaption><\/figure>\n<figure id=\"attachment_20169\" aria-describedby=\"caption-attachment-20169\" style=\"width: 1024px\" class=\"wp-caption alignnone\"><img loading=\"lazy\" decoding=\"async\" class=\"wp-image-20169\" src=\"https:\/\/meterny.com\/wp-content\/uploads\/2024\/12\/mmexport1733234282041.jpg\" alt=\"Carater\u00edsticas personaliz\u00e1veis do teto com deflector de alum\u00ednio\" width=\"1024\" height=\"1024\" srcset=\"https:\/\/meterny.com\/wp-content\/uploads\/2024\/12\/mmexport1733234282041.jpg 800w, https:\/\/meterny.com\/wp-content\/uploads\/2024\/12\/mmexport1733234282041-300x300.jpg 300w, https:\/\/meterny.com\/wp-content\/uploads\/2024\/12\/mmexport1733234282041-150x150.jpg 150w, https:\/\/meterny.com\/wp-content\/uploads\/2024\/12\/mmexport1733234282041-768x768.jpg 768w, https:\/\/meterny.com\/wp-content\/uploads\/2024\/12\/mmexport1733234282041-600x600.jpg 600w, https:\/\/meterny.com\/wp-content\/uploads\/2024\/12\/mmexport1733234282041-100x100.jpg 100w\" sizes=\"auto, (max-width: 1024px) 100vw, 1024px\" \/><figcaption id=\"caption-attachment-20169\" class=\"wp-caption-text\">Teto com deflector de alum\u00ednio, uma mistura perfeita de design moderno minimalista e funcionalidade.<\/figcaption><\/figure>\n<figure id=\"attachment_20167\" aria-describedby=\"caption-attachment-20167\" style=\"width: 1024px\" class=\"wp-caption alignnone\"><img loading=\"lazy\" decoding=\"async\" class=\"wp-image-20167\" src=\"https:\/\/meterny.com\/wp-content\/uploads\/2024\/12\/mmexport1733234279050.jpg\" alt=\"Teto falso de alum\u00ednio met\u00e1lico para centros comerciais\" width=\"1024\" height=\"1024\" srcset=\"https:\/\/meterny.com\/wp-content\/uploads\/2024\/12\/mmexport1733234279050.jpg 800w, https:\/\/meterny.com\/wp-content\/uploads\/2024\/12\/mmexport1733234279050-300x300.jpg 300w, https:\/\/meterny.com\/wp-content\/uploads\/2024\/12\/mmexport1733234279050-150x150.jpg 150w, https:\/\/meterny.com\/wp-content\/uploads\/2024\/12\/mmexport1733234279050-768x768.jpg 768w, https:\/\/meterny.com\/wp-content\/uploads\/2024\/12\/mmexport1733234279050-600x600.jpg 600w, https:\/\/meterny.com\/wp-content\/uploads\/2024\/12\/mmexport1733234279050-100x100.jpg 100w\" sizes=\"auto, (max-width: 1024px) 100vw, 1024px\" \/><figcaption id=\"caption-attachment-20167\" class=\"wp-caption-text\">Teto com deflector de alum\u00ednio vers\u00e1til: A combina\u00e7\u00e3o perfeita de estilo e funcionalidade.<\/figcaption><\/figure>\n<\/div>\n<\/div>\n<\/div>\n<\/div>\n<\/div>\n<\/div>\n<h2>V\u00eddeo da f\u00e1brica<\/h2>\n<p>&nbsp;<\/p>\n<p><iframe loading=\"lazy\" title=\"Leitor de v\u00eddeo do YouTube\" src=\"https:\/\/www.youtube.com\/embed\/9McvKo8wDdI?si=7NVrqfh9270yITNb&amp;autoplay=1&amp;mute=1&amp;loop=1&amp;playlist=9McvKo8wDdI\" width=\"1024\" height=\"576\" frameborder=\"0\" allowfullscreen=\"allowfullscreen\" data-mce-fragment=\"1\"><span data-mce-type=\"bookmark\" style=\"display: inline-block; width: 0px; overflow: hidden; line-height: 0;\" class=\"mce_SELRES_start\"><\/span><br \/>\n<\/iframe><\/p>\n<h2><strong>Contactar-nos<\/strong>:<\/h2>\n<p>Se estiver interessado no nosso Tubo de alum\u00ednio curvo para teto com defletor de 2mm, n\u00e3o hesite em contactar-nos para obter mais informa\u00e7\u00f5es ou um or\u00e7amento gratuito!<\/p>\n<h3>\ud83d\udcde Whatsapp<strong>:<\/strong> <a href=\"https:\/\/api.whatsapp.com\/send\/?phone=8618566054354&amp;text\" target=\"_blank\" rel=\"noopener\">+86 18566054354<\/a><br \/>\n\ud83d\udce7 <strong>Correio eletr\u00f3nico:<\/strong> <a href=\"mailto:damon@meterny.com\">damon@meterny.com<\/a><\/h3>\n<h3><\/h3>\n<h3>M\u00e1quina de f\u00e1brica<\/h3>\n<hr \/>\n<figure id=\"attachment_17138\" aria-describedby=\"caption-attachment-17138\" style=\"width: 1024px\" class=\"wp-caption alignnone\"><img loading=\"lazy\" decoding=\"async\" class=\"wp-image-17138\" src=\"https:\/\/meterny.com\/wp-content\/uploads\/2024\/09\/Hfef82f3530aa4d3db8ebb2939cd54a108.jpg\" alt=\"Fluxo de trabalho da f\u00e1brica de pain\u00e9is de alum\u00ednio Meterny\" width=\"1024\" height=\"1024\" srcset=\"https:\/\/meterny.com\/wp-content\/uploads\/2024\/09\/Hfef82f3530aa4d3db8ebb2939cd54a108.jpg 1200w, https:\/\/meterny.com\/wp-content\/uploads\/2024\/09\/Hfef82f3530aa4d3db8ebb2939cd54a108-300x300.jpg 300w, https:\/\/meterny.com\/wp-content\/uploads\/2024\/09\/Hfef82f3530aa4d3db8ebb2939cd54a108-1024x1024.jpg 1024w, https:\/\/meterny.com\/wp-content\/uploads\/2024\/09\/Hfef82f3530aa4d3db8ebb2939cd54a108-150x150.jpg 150w, https:\/\/meterny.com\/wp-content\/uploads\/2024\/09\/Hfef82f3530aa4d3db8ebb2939cd54a108-768x768.jpg 768w, https:\/\/meterny.com\/wp-content\/uploads\/2024\/09\/Hfef82f3530aa4d3db8ebb2939cd54a108-600x600.jpg 600w, https:\/\/meterny.com\/wp-content\/uploads\/2024\/09\/Hfef82f3530aa4d3db8ebb2939cd54a108-100x100.jpg 100w\" sizes=\"auto, (max-width: 1024px) 100vw, 1024px\" \/><figcaption id=\"caption-attachment-17138\" class=\"wp-caption-text\">Trabalhadores da f\u00e1brica de pain\u00e9is de alum\u00ednio Meterny em a\u00e7\u00e3o: Do corte ao revestimento.<\/figcaption><\/figure>\n<h3>Guia de instala\u00e7\u00e3o<\/h3>\n<p>A instala\u00e7\u00e3o dos pain\u00e9is de alum\u00ednio da METERNY (Tubo de teto com deflector de alum\u00ednio curvo de 2 mm) \u00e9 simples e fornecemos instru\u00e7\u00f5es de instala\u00e7\u00e3o detalhadas para garantir que o seu projeto \u00e9 conclu\u00eddo de forma eficiente. Aqui est\u00e1 um esbo\u00e7o b\u00e1sico do processo de instala\u00e7\u00e3o:<\/p>\n<ol>\n<li><strong>Preparar a superf\u00edcie<\/strong><br \/>\nCertifique-se de que a superf\u00edcie \u00e0 qual o tubo de teto curvo de alum\u00ednio de 2 mm ser\u00e1 fixado est\u00e1 limpa, plana e seca. Quaisquer irregularidades da superf\u00edcie devem ser corrigidas para garantir a ader\u00eancia e o alinhamento corretos dos pain\u00e9is.<\/li>\n<li><strong>Instalar a estrutura<\/strong><br \/>\nUtilizar uma estrutura met\u00e1lica adequada para suportar os pain\u00e9is. A estrutura deve ser alinhada de acordo com as medidas especificadas no projeto.<\/li>\n<li><strong>Fixa\u00e7\u00e3o do painel<\/strong><br \/>\nO tubo de teto curvo de alum\u00ednio de 2 mm pode ser instalado com clipes, parafusos ou rebites. O m\u00e9todo de fixa\u00e7\u00e3o depender\u00e1 do tipo de painel e dos requisitos espec\u00edficos do seu projeto. Certifique-se de que todos os pain\u00e9is est\u00e3o bem fixos para evitar movimentos.<\/li>\n<li><strong>Controlos finais<\/strong><br \/>\nAp\u00f3s a instala\u00e7\u00e3o, efetuar uma inspe\u00e7\u00e3o final para garantir que todos os tubos de teto com deflector de alum\u00ednio curvo de 2 mm est\u00e3o corretamente alinhados e bem fixados. Limpe os pain\u00e9is para remover quaisquer detritos da instala\u00e7\u00e3o.<\/li>\n<\/ol>\n<p>Para obter instru\u00e7\u00f5es mais detalhadas ou servi\u00e7os de instala\u00e7\u00e3o profissional, contacte-nos.<\/p>\n<p><img loading=\"lazy\" decoding=\"async\" class=\"wp-image-17137\" src=\"https:\/\/meterny.com\/wp-content\/uploads\/2024\/09\/Hd60cc4e1bad449eb8405a223ef59338e2.jpg\" alt=\"Pain\u00e9is de alum\u00ednio personalizados a aguardar o acabamento\" width=\"1024\" height=\"1024\" srcset=\"https:\/\/meterny.com\/wp-content\/uploads\/2024\/09\/Hd60cc4e1bad449eb8405a223ef59338e2.jpg 1200w, https:\/\/meterny.com\/wp-content\/uploads\/2024\/09\/Hd60cc4e1bad449eb8405a223ef59338e2-300x300.jpg 300w, https:\/\/meterny.com\/wp-content\/uploads\/2024\/09\/Hd60cc4e1bad449eb8405a223ef59338e2-1024x1024.jpg 1024w, https:\/\/meterny.com\/wp-content\/uploads\/2024\/09\/Hd60cc4e1bad449eb8405a223ef59338e2-150x150.jpg 150w, https:\/\/meterny.com\/wp-content\/uploads\/2024\/09\/Hd60cc4e1bad449eb8405a223ef59338e2-768x768.jpg 768w, https:\/\/meterny.com\/wp-content\/uploads\/2024\/09\/Hd60cc4e1bad449eb8405a223ef59338e2-600x600.jpg 600w, https:\/\/meterny.com\/wp-content\/uploads\/2024\/09\/Hd60cc4e1bad449eb8405a223ef59338e2-100x100.jpg 100w\" sizes=\"auto, (max-width: 1024px) 100vw, 1024px\" \/><\/p>\n<div class=\"container-ncFTrL\">\n<div class=\"item-KOa3z_\">\n<div class=\"container-rBgb6B chrome70-container\">\n<div class=\"inner-LOKNYu inner-item-AQrr_W\" data-target-id=\"message-box-target-id\" data-testid=\"union_message\">\n<div class=\"message-block-container-CKPFh2\" data-testid=\"message-block-container\">\n<div class=\"message-box-y4MH8s\" data-testid=\"receive_message\">\n<div class=\"message-box-content-wrapper-fgNGpz\">\n<div class=\"message-content message-box-content-xoCEoU receive-message-box-content-bNaFpa samantha-message-box-content-gWlptz\" data-testid=\"message_content\">\n<div class=\"inner-LOKNYu inner-item-AQrr_W\" data-target-id=\"message-box-target-id\" data-testid=\"union_message\">\n<div class=\"message-block-container-CKPFh2\" data-testid=\"message-block-container\">\n<div class=\"message-box-y4MH8s\" data-testid=\"receive_message\">\n<div class=\"message-box-content-wrapper-fgNGpz\">\n<div class=\"message-content message-box-content-xoCEoU receive-message-box-content-bNaFpa samantha-message-box-content-gWlptz\" data-testid=\"message_content\">\n<div class=\"container-ZYIsnH flow-markdown-body theme-samantha-Nbr9UN\" dir=\"ltr\" data-testid=\"message_text_content\" data-show-indicator=\"false\">\n<div class=\"container-ZYIsnH flow-markdown-body theme-samantha-Nbr9UN\" dir=\"ltr\" data-testid=\"message_text_content\" data-show-indicator=\"false\">\n<h3><strong>Servi\u00e7os de personaliza\u00e7\u00e3o<\/strong><\/h3>\n<p id=\"\">Oferecemos servi\u00e7os de personaliza\u00e7\u00e3o abrangentes, incluindo, mas n\u00e3o se limitando a, design de padr\u00f5es, ajustes de tamanho e correspond\u00eancia de cores, para atender \u00e0s suas necessidades decorativas exclusivas. Basta fornecer o seu conceito criativo e a nossa equipa de design profissional criar\u00e1 um tubo de teto curvo de alum\u00ednio de 2 mm exclusivamente para si.<\/p>\n<\/div>\n<\/div>\n<\/div>\n<\/div>\n<\/div>\n<\/div>\n<h3 dir=\"ltr\" data-testid=\"message_text_content\" data-show-indicator=\"false\">Processo de encomenda<\/h3>\n<p>&nbsp;<\/p>\n<\/div>\n<div class=\"inner-LOKNYu inner-item-AQrr_W\" data-target-id=\"message-box-target-id\" data-testid=\"union_message\">\n<div class=\"message-block-container-CKPFh2\" data-testid=\"message-block-container\">\n<div class=\"message-box-y4MH8s\" data-testid=\"receive_message\">\n<div class=\"message-box-content-wrapper-fgNGpz\">\n<div class=\"message-content message-box-content-xoCEoU receive-message-box-content-bNaFpa samantha-message-box-content-gWlptz\" data-testid=\"message_content\">\n<div class=\"container-ZYIsnH flow-markdown-body theme-samantha-Nbr9UN\" dir=\"ltr\" data-testid=\"message_text_content\" data-show-indicator=\"false\">\n<ol>\n<li><strong>Necessidades de informa\u00e7\u00e3o<\/strong>: Contacte-nos para fornecer os seus requisitos espec\u00edficos e necessidades de personaliza\u00e7\u00e3o.<\/li>\n<li><strong>Confirma\u00e7\u00e3o de or\u00e7amento<\/strong>: Fornecemos um or\u00e7amento detalhado e um prazo de entrega em fun\u00e7\u00e3o das suas necessidades.<\/li>\n<li><strong>Assinatura do contrato<\/strong>: Depois de ambas as partes confirmarem o or\u00e7amento e o prazo de entrega, \u00e9 assinado um contrato formal.<\/li>\n<li><strong>Produ\u00e7\u00e3o e transforma\u00e7\u00e3o<\/strong>: A produ\u00e7\u00e3o e a transforma\u00e7\u00e3o s\u00e3o efectuadas de acordo com as exig\u00eancias do contrato.<\/li>\n<li><strong>Inspe\u00e7\u00e3o da qualidade<\/strong>: Inspe\u00e7\u00e3o rigorosa da qualidade dos produtos acabados para garantir a conformidade com as normas.<\/li>\n<li><strong>Embalagem e expedi\u00e7\u00e3o<\/strong>: Embalagem profissional para garantir a seguran\u00e7a do produto durante o transporte.<\/li>\n<li><strong>Servi\u00e7o p\u00f3s-venda<\/strong>: Fornecer um servi\u00e7o p\u00f3s-venda completo para responder \u00e0s suas preocupa\u00e7\u00f5es.<\/li>\n<\/ol>\n<\/div>\n<div class=\"container-ZYIsnH flow-markdown-body theme-samantha-Nbr9UN\" dir=\"ltr\" data-testid=\"message_text_content\" data-show-indicator=\"false\">\n<div>\n<h3 class=\"header-vfC6AV auto-hide-last-sibling-br\">Produ\u00e7\u00e3o e embalagem<\/h3>\n<ul class=\"auto-hide-last-sibling-br\">\n<li><strong>Processo de produ\u00e7\u00e3o<\/strong>: S\u00e3o adoptadas tecnologias avan\u00e7adas de estampagem e grava\u00e7\u00e3o CNC, tecnologias de soldadura e grava\u00e7\u00e3o a laser, bem como processos de dobragem, laminagem e tritura\u00e7\u00e3o para garantir a precis\u00e3o e a qualidade dos produtos.<\/li>\n<li><strong>M\u00e9todos de embalagem<\/strong>:\n<ul class=\"auto-hide-last-sibling-br\">\n<li><strong>Prote\u00e7\u00e3o b\u00e1sica<\/strong>: Aplique um revestimento protetor na superf\u00edcie decorativa da placa de alum\u00ednio e coloque uma camada de pl\u00e1stico bolha.<\/li>\n<li><strong>Embalagem da marca da empresa<\/strong>: A superf\u00edcie decorativa da placa de alum\u00ednio tem uma pel\u00edcula com o log\u00f3tipo da empresa, sendo depois protegida com pl\u00e1stico bolha.<\/li>\n<li><strong>Embalagem personalizada<\/strong>: O log\u00f3tipo exclusivo do cliente pode ser impresso na pel\u00edcula e depois protegido com pl\u00e1stico-bolha.<\/li>\n<li><strong>Prote\u00e7\u00e3o refor\u00e7ada<\/strong>: A superf\u00edcie decorativa tem um revestimento protetor e s\u00e3o adicionados protectores de cantos azuis aos cantos da placa e o conjunto \u00e9 embrulhado com pl\u00e1stico bolha.<\/li>\n<li><strong>Embalagem segura e de alta qualidade<\/strong>: A superf\u00edcie decorativa tem uma pel\u00edcula, os cantos da placa t\u00eam protectores de cantos azuis e, depois de ser embrulhada com pl\u00e1stico bolha, \u00e9 colocada numa caixa de madeira laminada resistente.<\/li>\n<\/ul>\n<\/li>\n<\/ul>\n<div>\n<h3 class=\"header-vfC6AV auto-hide-last-sibling-br\">Certifica\u00e7\u00e3o e servi\u00e7o<\/h3>\n<ul class=\"auto-hide-last-sibling-br\">\n<li><strong>Certifica\u00e7\u00e3o<\/strong>\uff1aO produto passou por certifica\u00e7\u00f5es internacionais como CE, SGS e ISO 9001, atendendo aos padr\u00f5es de qualidade e ambientais relevantes.<\/li>\n<li><strong>Servi\u00e7o<\/strong>\uff1a Fornecemos servi\u00e7os abrangentes de pr\u00e9-venda, venda e p\u00f3s-venda, incluindo consulta de produtos, fornecimento de planos de design, orienta\u00e7\u00e3o de instala\u00e7\u00e3o e manuten\u00e7\u00e3o p\u00f3s-venda para garantir que os clientes possam usar o produto sem problemas.<\/li>\n<\/ul>\n<\/div>\n<h3 class=\"header-vfC6AV auto-hide-last-sibling-br\">Servi\u00e7o p\u00f3s-venda<\/h3>\n<ul class=\"auto-hide-last-sibling-br\">\n<li><strong>Per\u00edodo de garantia<\/strong>: Fornecer uma garantia de qualidade de [10] anos. Durante o per\u00edodo de garantia, se houver algum problema de qualidade com os produtos, forneceremos servi\u00e7os gratuitos de repara\u00e7\u00e3o ou substitui\u00e7\u00e3o.<\/li>\n<li><strong>Apoio t\u00e9cnico<\/strong>: Prestar consultoria t\u00e9cnica profissional e apoio aos clientes, ajudando-os a resolver problemas encontrados durante a instala\u00e7\u00e3o e utiliza\u00e7\u00e3o dos produtos.<\/li>\n<li><strong>Acompanhamento regular<\/strong>: Acompanhar regularmente os clientes para compreender a utiliza\u00e7\u00e3o dos produtos, recolher as suas opini\u00f5es e sugest\u00f5es e melhorar continuamente os nossos produtos e servi\u00e7os.<\/li>\n<\/ul>\n<\/div>\n<\/div>\n<\/div>\n<\/div>\n<\/div>\n<\/div>\n<\/div>\n<h2 class=\"header-vfC6AV auto-hide-last-sibling-br\">Perguntas frequentes (FAQs)<\/h2>\n<p>&nbsp;<\/p>\n<h5 data-start=\"138\" data-end=\"225\"><strong data-start=\"142\" data-end=\"223\">1. O tamanho do tubo curvo de alum\u00ednio para teto com defletor de 2 mm pode ser personalizado?<\/strong><\/h5>\n<p>&nbsp;<\/p>\n<p data-start=\"226\" data-end=\"532\"><strong data-start=\"226\" data-end=\"237\">Resposta:<\/strong>Sim, o <strong data-start=\"249\" data-end=\"292\">Tubo de teto com deflector de alum\u00ednio curvo de 2 mm<\/strong> pode ser <strong data-start=\"300\" data-end=\"314\">personalizado<\/strong> de acordo com os requisitos do projeto. Pode escolher a <strong data-start=\"381\" data-end=\"409\">comprimento, largura, curvatura<\/strong>e <strong data-start=\"415\" data-end=\"433\">acabamento da superf\u00edcie<\/strong>. Oferecemos v\u00e1rias op\u00e7\u00f5es de personaliza\u00e7\u00e3o para satisfazer diferentes necessidades de design e requisitos espaciais.<\/p>\n<h5 data-start=\"534\" data-end=\"638\"><strong data-start=\"538\" data-end=\"636\">2. Que tipos de estilos de design de interiores s\u00e3o adequados para tubos de teto curvos com deflectores de alum\u00ednio?<\/strong><\/h5>\n<p>&nbsp;<\/p>\n<p data-start=\"639\" data-end=\"996\"><strong data-start=\"639\" data-end=\"650\">Resposta:Tubos de teto com abafador de alum\u00ednio curvo de 2 mm<\/strong>\u00a0s\u00e3o altamente adequados para <strong data-start=\"714\" data-end=\"736\">moderno, minimalista<\/strong>e <strong data-start=\"742\" data-end=\"756\">industrial<\/strong> decora\u00e7\u00e3o de interiores. Complementam uma vasta gama de estilos de decora\u00e7\u00e3o, nomeadamente em <strong data-start=\"837\" data-end=\"892\">espa\u00e7os abertos, espa\u00e7os comerciais, ambientes de escrit\u00f3rio<\/strong>e <strong data-start=\"898\" data-end=\"931\">locais de entretenimento topo de gama<\/strong>A sua utiliza\u00e7\u00e3o permite-lhe dar um toque art\u00edstico e contempor\u00e2neo aos tectos.<\/p>\n<h5 data-start=\"998\" data-end=\"1081\"><strong data-start=\"1002\" data-end=\"1079\">3. Como \u00e9 tratada a superf\u00edcie do tubo de teto abafador de alum\u00ednio curvo de 2 mm?<\/strong><\/h5>\n<p data-start=\"1082\" data-end=\"1177\"><strong data-start=\"1082\" data-end=\"1093\">Resposta:<\/strong><\/p>\n<ul data-start=\"1178\" data-end=\"1621\">\n<li data-start=\"1178\" data-end=\"1265\"><strong data-start=\"1180\" data-end=\"1199\">Revestimento em p\u00f3:<\/strong> Dispon\u00edvel em v\u00e1rias cores e texturas, ideal para utiliza\u00e7\u00e3o em interiores.<\/li>\n<li data-start=\"1266\" data-end=\"1441\"><strong data-start=\"1268\" data-end=\"1300\">Revestimento de PVDF (fluorocarbono):<\/strong> Fornece <strong data-start=\"1310\" data-end=\"1337\">elevada resist\u00eancia \u00e0s intemp\u00e9ries<\/strong>adequado para ambientes exteriores, protegendo contra os raios UV, a chuva \u00e1cida e outros factores naturais.<\/li>\n<li data-start=\"1442\" data-end=\"1524\"><strong data-start=\"1444\" data-end=\"1458\">Anodiza\u00e7\u00e3o:<\/strong> Real\u00e7a o acabamento met\u00e1lico e melhora a resist\u00eancia \u00e0 corros\u00e3o.<\/li>\n<li data-start=\"1525\" data-end=\"1621\"><strong data-start=\"1527\" data-end=\"1551\">Transfer\u00eancia de gr\u00e3os de madeira:<\/strong> Oferece um aspeto de madeira, perfeito para interiores de estilo natural.<\/li>\n<\/ul>\n<h5 data-start=\"1623\" data-end=\"1710\"><strong data-start=\"1627\" data-end=\"1708\">4. Quanto tempo demora a<\/strong><strong data-start=\"1627\" data-end=\"1708\">como instalar os tubos de teto deflectores de alum\u00ednio curvo de 2 mm?<\/strong><\/h5>\n<p>&nbsp;<\/p>\n<p data-start=\"1711\" data-end=\"2047\"><strong data-start=\"1711\" data-end=\"1722\">Resposta:<\/strong>O tempo de instala\u00e7\u00e3o dos tubos de teto abafador de alum\u00ednio curvo de 2 mm depende do tamanho e da complexidade do projeto. Para projectos mais pequenos, a instala\u00e7\u00e3o pode demorar <strong data-start=\"1882\" data-end=\"1894\">1-2 dias<\/strong>enquanto os projectos maiores podem exigir <strong data-start=\"1932\" data-end=\"1948\">v\u00e1rios dias<\/strong>. Gra\u00e7as \u00e0 sua <strong data-start=\"1966\" data-end=\"1984\">conce\u00e7\u00e3o modular<\/strong>O processo de instala\u00e7\u00e3o \u00e9 relativamente r\u00e1pido e eficiente.<\/p>\n<h5 data-start=\"2049\" data-end=\"2149\"><strong data-start=\"2053\" data-end=\"2147\">5. O tubo de alum\u00ednio curvo para teto com deflector de 2 mm tem alguma certifica\u00e7\u00e3o ambiental?<\/strong><\/h5>\n<p>&nbsp;<\/p>\n<p data-start=\"2150\" data-end=\"2581\"><strong data-start=\"2150\" data-end=\"2161\">Resposta:<\/strong>Sim, o <strong data-start=\"2173\" data-end=\"2216\">Tubo de teto com deflector de alum\u00ednio curvo de 2 mm<\/strong> est\u00e1 em conformidade com <strong data-start=\"2231\" data-end=\"2258\">normas ambientais<\/strong>. O alum\u00ednio \u00e9 um <strong data-start=\"2274\" data-end=\"2297\">material recicl\u00e1vel<\/strong>e os tubos s\u00e3o fabricados com <strong data-start=\"2336\" data-end=\"2358\">revestimentos n\u00e3o t\u00f3xicos<\/strong> e <strong data-start=\"2363\" data-end=\"2400\">processos de produ\u00e7\u00e3o com baixo teor de emiss\u00f5es<\/strong> para reduzir o impacto ambiental. Para al\u00e9m disso, a <strong data-start=\"2451\" data-end=\"2465\">durabilidade<\/strong> e <strong data-start=\"2470\" data-end=\"2489\">facilidade de manuten\u00e7\u00e3o<\/strong> dos deflectores de alum\u00ednio contribuem para a sustentabilidade, minimizando a frequ\u00eancia de substitui\u00e7\u00e3o.<\/p>\n<\/div>\n<\/div>\n<\/div>\n<\/div>\n<\/div>\n<\/div>\n<\/div>\n<\/div>\n<h3><\/h3>\n<h3><strong>Por que escolher o tubo de teto defletor de alum\u00ednio curvo de 2 mm?<\/strong><\/h3>\n<p>&nbsp;<\/p>\n<p><strong>1. design curvo \u00fanico<\/strong>: A forma curva inovadora \u00e9 um dos principais destaques deste produto. O design suave do arco quebra a monotonia dos tectos lineares tradicionais, trazendo uma sensa\u00e7\u00e3o de movimento e vitalidade ao espa\u00e7o e criando um efeito visual e uma hierarquia espacial \u00fanicos. Este design curvo pode orientar melhor o fluxo de vis\u00e3o no espa\u00e7o, tornando o espa\u00e7o mais tridimensional e art\u00edstico.<\/p>\n<p><strong>2. melhorar a est\u00e9tica do espa\u00e7o<\/strong>: A combina\u00e7\u00e3o do design curvo \u00fanico e dos diversos tratamentos de superf\u00edcie faz com que os tubos de teto deflectores de alum\u00ednio curvos de 2 mm sejam um foco visual no espa\u00e7o, melhorando significativamente a est\u00e9tica e a atmosfera art\u00edstica do espa\u00e7o. Quer se trate de um grande espa\u00e7o comercial ou de uma pequena \u00e1rea de escrit\u00f3rio, atrav\u00e9s da decora\u00e7\u00e3o dos tubos de teto deflectores de alum\u00ednio curvos, pode ser criado um ambiente espacial \u00fanico, elegante e confort\u00e1vel, deixando uma impress\u00e3o profunda e aumentando a atratividade e a capacidade de reconhecimento do espa\u00e7o.<\/p>\n<p><strong>3. material de liga de alum\u00ednio de alta qualidade<\/strong>: A liga de alum\u00ednio de alta resist\u00eancia e resistente \u00e0 corros\u00e3o \u00e9 selecionada como mat\u00e9ria-prima. A espessura de 2 mm garante a for\u00e7a e a estabilidade do produto, sendo tamb\u00e9m leve, reduzindo efetivamente a carga sobre a estrutura do edif\u00edcio. O material da liga de alum\u00ednio tem uma excelente resist\u00eancia \u00e0s intemp\u00e9ries, capaz de suportar a eros\u00e3o de factores ambientais como os raios ultravioleta, a humidade, os \u00e1cidos e os \u00e1lcalis.<\/p>\n<h2 class=\"\">Contactar-nos<\/h2>\n<div class=\"paragraph\">Para mais informa\u00e7\u00f5es ou para efetuar uma encomenda, contacte a nossa equipa de apoio ao cliente. Estamos aqui para o ajudar a transformar a sua vis\u00e3o arquitet\u00f3nica em realidade com o nosso tubo de teto curvo de alum\u00ednio de 2 mm.<\/div>\n<div><\/div>\n<div>\n<h3>\ud83d\udcde Whatsapp<strong>:<\/strong> <a href=\"https:\/\/api.whatsapp.com\/send\/?phone=8618566054354&amp;text\" target=\"_blank\" rel=\"noopener\">+86 18566054354<\/a><br \/>\n\ud83d\udce7 <strong>Correio eletr\u00f3nico:<\/strong> <a href=\"mailto:damon@meterny.com\">damon@meterny.com<\/a><\/h3>\n<\/div>","protected":false},"excerpt":{"rendered":"<p data-start=\"59\" data-end=\"447\">O <strong data-start=\"63\" data-end=\"106\">Tubo de teto com deflector de alum\u00ednio curvo de 2 mm<\/strong> \u00e9 uma solu\u00e7\u00e3o de teto decorativo de elevado desempenho, concebida para proporcionar uma est\u00e9tica e funcionalidade modernas a espa\u00e7os comerciais e residenciais. Fabricado a partir de <strong data-start=\"268\" data-end=\"290\">Alum\u00ednio com 2 mm de espessura<\/strong>Este sistema de teto oferece durabilidade, propriedades de leveza e resist\u00eancia \u00e0 corros\u00e3o, tornando-o ideal para uma utiliza\u00e7\u00e3o a longo prazo numa variedade de ambientes.<\/p>\n<p data-start=\"1518\" data-end=\"1715\">","protected":false},"featured_media":21245,"comment_status":"open","ping_status":"closed","template":"","meta":{"_uag_custom_page_level_css":"","site-sidebar-layout":"default","site-content-layout":"","ast-site-content-layout":"default","site-content-style":"default","site-sidebar-style":"default","ast-global-header-display":"","ast-banner-title-visibility":"","ast-main-header-display":"","ast-hfb-above-header-display":"","ast-hfb-below-header-display":"","ast-hfb-mobile-header-display":"","site-post-title":"","ast-breadcrumbs-content":"","ast-featured-img":"","footer-sml-layout":"","theme-transparent-header-meta":"default","adv-header-id-meta":"","stick-header-meta":"default","header-above-stick-meta":"","header-main-stick-meta":"","header-below-stick-meta":"","astra-migrate-meta-layouts":"set","ast-page-background-enabled":"default","ast-page-background-meta":{"desktop":{"background-color":"var(--ast-global-color-4)","background-image":"","background-repeat":"repeat","background-position":"center center","background-size":"auto","background-attachment":"scroll","background-type":"","background-media":"","overlay-type":"","overlay-color":"","overlay-opacity":"","overlay-gradient":""},"tablet":{"background-color":"","background-image":"","background-repeat":"repeat","background-position":"center center","background-size":"auto","background-attachment":"scroll","background-type":"","background-media":"","overlay-type":"","overlay-color":"","overlay-opacity":"","overlay-gradient":""},"mobile":{"background-color":"","background-image":"","background-repeat":"repeat","background-position":"center center","background-size":"auto","background-attachment":"scroll","background-type":"","background-media":"","overlay-type":"","overlay-color":"","overlay-opacity":"","overlay-gradient":""}},"ast-content-background-meta":{"desktop":{"background-color":"var(--ast-global-color-5)","background-image":"","background-repeat":"repeat","background-position":"center center","background-size":"auto","background-attachment":"scroll","background-type":"","background-media":"","overlay-type":"","overlay-color":"","overlay-opacity":"","overlay-gradient":""},"tablet":{"background-color":"var(--ast-global-color-5)","background-image":"","background-repeat":"repeat","background-position":"center center","background-size":"auto","background-attachment":"scroll","background-type":"","background-media":"","overlay-type":"","overlay-color":"","overlay-opacity":"","overlay-gradient":""},"mobile":{"background-color":"var(--ast-global-color-5)","background-image":"","background-repeat":"repeat","background-position":"center center","background-size":"auto","background-attachment":"scroll","background-type":"","background-media":"","overlay-type":"","overlay-color":"","overlay-opacity":"","overlay-gradient":""}}},"product_brand":[],"product_cat":[224],"product_tag":[748,751,747,750,749],"class_list":{"0":"post-21825","1":"product","2":"type-product","3":"status-publish","4":"has-post-thumbnail","6":"product_cat-aluminum-baffle-ceiling","7":"product_tag-2mm-thick-aluminum-ceiling-baffles","8":"product_tag-architectural-curved-aluminum-ceiling-solutions","9":"product_tag-curved-aluminum-baffle-ceiling-tube","10":"product_tag-decorative-curved-aluminum-ceiling-design","11":"product_tag-suspended-metal-baffle-ceiling-system","12":"desktop-align-center","13":"tablet-align-left","14":"mobile-align-left","15":"ast-product-gallery-layout-horizontal-slider","16":"ast-product-single-variable","17":"ast-product-tabs-layout-vertical","19":"first","20":"instock","21":"shipping-taxable","22":"product-type-variable"},"uagb_featured_image_src":{"full":["https:\/\/meterny.com\/wp-content\/uploads\/2025\/02\/2mm-thickness-of-Aluminum-Panel-ceiling.jpg",1440,1080,false],"thumbnail":["https:\/\/meterny.com\/wp-content\/uploads\/2025\/02\/2mm-thickness-of-Aluminum-Panel-ceiling-150x150.jpg",150,150,true],"medium":["https:\/\/meterny.com\/wp-content\/uploads\/2025\/02\/2mm-thickness-of-Aluminum-Panel-ceiling-300x225.jpg",300,225,true],"medium_large":["https:\/\/meterny.com\/wp-content\/uploads\/2025\/02\/2mm-thickness-of-Aluminum-Panel-ceiling-768x576.jpg",768,576,true],"large":["https:\/\/meterny.com\/wp-content\/uploads\/2025\/02\/2mm-thickness-of-Aluminum-Panel-ceiling-1024x768.jpg",1024,768,true],"1536x1536":["https:\/\/meterny.com\/wp-content\/uploads\/2025\/02\/2mm-thickness-of-Aluminum-Panel-ceiling.jpg",1440,1080,false],"2048x2048":["https:\/\/meterny.com\/wp-content\/uploads\/2025\/02\/2mm-thickness-of-Aluminum-Panel-ceiling.jpg",1440,1080,false],"trp-custom-language-flag":["https:\/\/meterny.com\/wp-content\/uploads\/2025\/02\/2mm-thickness-of-Aluminum-Panel-ceiling.jpg",16,12,false],"woocommerce_thumbnail":["https:\/\/meterny.com\/wp-content\/uploads\/2025\/02\/2mm-thickness-of-Aluminum-Panel-ceiling-300x300.jpg",300,300,true],"woocommerce_single":["https:\/\/meterny.com\/wp-content\/uploads\/2025\/02\/2mm-thickness-of-Aluminum-Panel-ceiling-600x450.jpg",600,450,true],"woocommerce_gallery_thumbnail":["https:\/\/meterny.com\/wp-content\/uploads\/2025\/02\/2mm-thickness-of-Aluminum-Panel-ceiling-100x100.jpg",100,100,true]},"uagb_author_info":{"display_name":"meterny","author_link":"https:\/\/meterny.com\/pt\/author\/"},"uagb_comment_info":0,"uagb_excerpt":"The 2mm Curved Aluminum Baffle Ceiling Tube is a high-performance, decorative ceiling solution designed to bring modern aesthetics and functionality to both commercial and residential spaces. Crafted from 2mm thick aluminum, this ceiling system offers durability, lightweight properties, and resistance to corrosion, making it ideal for long-term use in a variety of environments.","_links":{"self":[{"href":"https:\/\/meterny.com\/pt\/wp-json\/wp\/v2\/product\/21825","targetHints":{"allow":["GET"]}}],"collection":[{"href":"https:\/\/meterny.com\/pt\/wp-json\/wp\/v2\/product"}],"about":[{"href":"https:\/\/meterny.com\/pt\/wp-json\/wp\/v2\/types\/product"}],"replies":[{"embeddable":true,"href":"https:\/\/meterny.com\/pt\/wp-json\/wp\/v2\/comments?post=21825"}],"wp:featuredmedia":[{"embeddable":true,"href":"https:\/\/meterny.com\/pt\/wp-json\/wp\/v2\/media\/21245"}],"wp:attachment":[{"href":"https:\/\/meterny.com\/pt\/wp-json\/wp\/v2\/media?parent=21825"}],"wp:term":[{"taxonomy":"product_brand","embeddable":true,"href":"https:\/\/meterny.com\/pt\/wp-json\/wp\/v2\/product_brand?post=21825"},{"taxonomy":"product_cat","embeddable":true,"href":"https:\/\/meterny.com\/pt\/wp-json\/wp\/v2\/product_cat?post=21825"},{"taxonomy":"product_tag","embeddable":true,"href":"https:\/\/meterny.com\/pt\/wp-json\/wp\/v2\/product_tag?post=21825"}],"curies":[{"name":"wp","href":"https:\/\/api.w.org\/{rel}","templated":true}]}}