{"id":22215,"date":"2025-03-15T05:55:16","date_gmt":"2025-03-15T05:55:16","guid":{"rendered":"https:\/\/meterny.com\/?post_type=product&#038;p=22215"},"modified":"2025-03-15T12:31:09","modified_gmt":"2025-03-15T12:31:09","slug":"ventilated-aluminum-ceiling-with-perforations","status":"publish","type":"product","link":"https:\/\/meterny.com\/pt\/produto\/ventilated-aluminum-ceiling-with-perforations\/","title":{"rendered":"Teto de alum\u00ednio ventilado com perfura\u00e7\u00f5es"},"content":{"rendered":"<div class=\"inner-LOKNYu inner-item-AQrr_W\" data-target-id=\"message-box-target-id\" data-testid=\"union_message\">\n<div class=\"message-block-container-CKPFh2\" data-testid=\"message-block-container\">\n<div class=\"message-box-y4MH8s\" data-testid=\"receive_message\">\n<div class=\"message-box-content-wrapper-fgNGpz\">\n<div dir=\"auto\" data-node=\"true\">\n<div class=\"ace-line ol-idn0ybuWH0 list-div\" dir=\"auto\" data-node=\"true\">\n<div dir=\"auto\" data-node=\"true\">\n<div class=\"ace-line ol-idtG1GXTTs list-div\" dir=\"auto\" data-node=\"true\">\n<h2 class=\"ace-line ol-idXDw3kCvu list-div\" dir=\"auto\" data-node=\"true\"><strong>Teto de alum\u00ednio ventilado com perfura\u00e7\u00f5es<\/strong><\/h2>\n<p>&nbsp;<\/p>\n<div class=\"ace-line ol-idiZhfjdQA list-div\" dir=\"auto\" data-node=\"true\">\n<h3 class=\"ace-line heading-h2\" dir=\"auto\" data-node=\"true\"><span data-leaf=\"true\"><span class=\"lb\">Vis\u00e3o geral do produto<\/span><\/span><span data-string=\"true\" data-enter=\"true\" data-leaf=\"true\">\u200b<\/span><\/h3>\n<div class=\"ace-line\" dir=\"auto\" data-node=\"true\"><span data-leaf=\"true\"><span class=\"lb\">O teto ventilado de alum\u00ednio com perfura\u00e7\u00f5es \u00e9 um produto de decora\u00e7\u00e3o arquitet\u00f3nica de alta qualidade que combina design inovador e excelente desempenho. Foi especificamente concebido para v\u00e1rios locais com requisitos rigorosos de qualidade ambiental interior, tais como espa\u00e7os comerciais, \u00e1reas de escrit\u00f3rios e instala\u00e7\u00f5es p\u00fablicas. Este teto \u00e9 feito de materiais de liga de alum\u00ednio de alta qualidade, combinados com uma tecnologia de perfura\u00e7\u00e3o precisa e um design de estrutura de ventila\u00e7\u00e3o \u00fanico. Est\u00e1 empenhado em fornecer aos utilizadores uma solu\u00e7\u00e3o de espa\u00e7o superior que integra m\u00faltiplas vantagens, tais como ventila\u00e7\u00e3o eficiente, bom desempenho ac\u00fastico, apar\u00eancia est\u00e9tica, robustez e durabilidade.<\/span><\/span><\/div>\n<div dir=\"auto\" data-node=\"true\"><\/div>\n<div dir=\"auto\" data-node=\"true\">\n<figure id=\"attachment_22080\" aria-describedby=\"caption-attachment-22080\" style=\"width: 1024px\" class=\"wp-caption alignnone\"><img loading=\"lazy\" decoding=\"async\" class=\"wp-image-22080\" src=\"https:\/\/meterny.com\/wp-content\/uploads\/2025\/03\/Meterny-Aluminum-Clip-in-Ceiling-Panel-17.png\" alt=\"Teto de alum\u00ednio ventilado com perfura\u00e7\u00f5es\" width=\"1024\" height=\"1024\" srcset=\"https:\/\/meterny.com\/wp-content\/uploads\/2025\/03\/Meterny-Aluminum-Clip-in-Ceiling-Panel-17.png 800w, https:\/\/meterny.com\/wp-content\/uploads\/2025\/03\/Meterny-Aluminum-Clip-in-Ceiling-Panel-17-300x300.png 300w, https:\/\/meterny.com\/wp-content\/uploads\/2025\/03\/Meterny-Aluminum-Clip-in-Ceiling-Panel-17-150x150.png 150w, https:\/\/meterny.com\/wp-content\/uploads\/2025\/03\/Meterny-Aluminum-Clip-in-Ceiling-Panel-17-768x768.png 768w, https:\/\/meterny.com\/wp-content\/uploads\/2025\/03\/Meterny-Aluminum-Clip-in-Ceiling-Panel-17-600x600.png 600w, https:\/\/meterny.com\/wp-content\/uploads\/2025\/03\/Meterny-Aluminum-Clip-in-Ceiling-Panel-17-100x100.png 100w\" sizes=\"auto, (max-width: 1024px) 100vw, 1024px\" \/><figcaption id=\"caption-attachment-22080\" class=\"wp-caption-text\">Clip de alum\u00ednio ventilado no teto com perfura\u00e7\u00f5es - Ar fresco, estilo moderno.<\/figcaption><\/figure>\n<\/div>\n<\/div>\n<h3 class=\"ace-line heading-h2\" dir=\"auto\" data-node=\"true\"><span data-leaf=\"true\"><span class=\"lb\">Aplica\u00e7\u00e3o do produto<\/span><\/span><span data-string=\"true\" data-enter=\"true\" data-leaf=\"true\">\u200b<\/span><\/h3>\n<div class=\"ace-line ol-idYj3H7qzG list-div list-start-number1\" dir=\"auto\" data-node=\"true\">\n<ol class=\"list-number1 r-list r-list-number\" start=\"1\" data-origin-start=\"1\" data-start=\"1\">\n<li data-start=\"1\"><span data-leaf=\"true\"><span class=\"lb\">Espa\u00e7os comerciais<\/span><\/span><span data-leaf=\"true\"><span class=\"lb\">: Em locais comerciais, como centros comerciais, supermercados e lojas especializadas, o teto de alum\u00ednio ventilado com perfura\u00e7\u00f5es pode melhorar eficazmente a qualidade do ar interior, dispersar os odores e sensa\u00e7\u00f5es de abafamento gerados por multid\u00f5es densas e criar um ambiente de compras confort\u00e1vel para os clientes. <\/span><\/span><span data-string=\"true\" data-enter=\"true\" data-leaf=\"true\">\u200b<\/span><\/li>\n<\/ol>\n<\/div>\n<div class=\"ace-line ol-idTVJvjfqx list-div\" dir=\"auto\" data-node=\"true\">\n<ol class=\"list-number1 r-list r-list-number\" start=\"2\" data-origin-start=\"2\" data-start=\"2\">\n<li data-start=\"2\"><span data-leaf=\"true\"><span class=\"lb\">\u00c1reas do escrit\u00f3rio<\/span><\/span><span data-leaf=\"true\"><span class=\"lb\">: Os espa\u00e7os de escrit\u00f3rio, como escrit\u00f3rios e edif\u00edcios de escrit\u00f3rios, exigem um ambiente de trabalho silencioso, confort\u00e1vel e com ar fresco. O teto de alum\u00ednio ventilado com perfura\u00e7\u00f5es pode esgotar eficazmente os gases de escape gerados pelo trabalho do pessoal e pelo funcionamento do equipamento na sala, manter o ar fresco e melhorar a efici\u00eancia do trabalho dos funcion\u00e1rios. <\/span><\/span><span data-string=\"true\" data-enter=\"true\" data-leaf=\"true\">\u200b<\/span><\/li>\n<\/ol>\n<\/div>\n<div class=\"ace-line ol-idAFVhYjkh list-div\" dir=\"auto\" data-node=\"true\">\n<ol class=\"list-number1 r-list r-list-number\" start=\"3\" data-origin-start=\"3\" data-start=\"3\">\n<li data-start=\"3\"><span data-leaf=\"true\"><span class=\"lb\">Instala\u00e7\u00f5es p\u00fablicas<\/span><\/span><span data-leaf=\"true\"><span class=\"lb\">: O teto ventilado de alum\u00ednio com perfura\u00e7\u00f5es tamb\u00e9m tem uma vasta gama de aplica\u00e7\u00f5es em instala\u00e7\u00f5es p\u00fablicas, tais como escolas, hospitais, bibliotecas e est\u00e1dios. Nas salas de aula das escolas, pode proporcionar um bom ambiente de ar e uma atmosfera de ensino tranquila para alunos e professores; nas enfermarias dos hospitais, ajuda a manter o ar a circular, a reduzir o crescimento de bact\u00e9rias e a promover a recupera\u00e7\u00e3o dos doentes.<\/span><\/span><span data-string=\"true\" data-enter=\"true\" data-leaf=\"true\">\u200b<\/span><\/li>\n<\/ol>\n<\/div>\n<div class=\"ace-line ol-idlqLnKoKD list-div\" dir=\"auto\" data-node=\"true\">\n<ol class=\"list-number1 r-list r-list-number\" start=\"4\" data-origin-start=\"4\" data-start=\"4\">\n<li data-start=\"4\"><span data-leaf=\"true\"><span class=\"lb\">F\u00e1bricas industriais<\/span><\/span><span data-leaf=\"true\"><span class=\"lb\">: Existem normalmente problemas como o calor, os gases de escape e o ru\u00eddo gerado pelo funcionamento do equipamento nas f\u00e1bricas industriais. O teto de alum\u00ednio ventilado com perfura\u00e7\u00f5es pode rapidamente exaurir os gases de escape e o calor atrav\u00e9s da sua fun\u00e7\u00e3o de ventila\u00e7\u00e3o eficiente, melhorando o ambiente de trabalho na f\u00e1brica. <\/span><\/span><span data-string=\"true\" data-enter=\"true\" data-leaf=\"true\">\u200b<\/span><\/li>\n<\/ol>\n<\/div>\n<p><span style=\"font-size: 1.5em; font-weight: bold;\">Especifica\u00e7\u00f5es t\u00e9cnicas(1)<\/span><\/p>\n<\/div>\n<\/div>\n<\/div>\n<\/div>\n<\/div>\n<\/div>\n<\/div>\n<\/div>\n<div class=\"inner-LOKNYu inner-item-AQrr_W\" data-target-id=\"message-box-target-id\" data-testid=\"union_message\">\n<div class=\"message-block-container-CKPFh2\" data-testid=\"message-block-container\">\n<div class=\"message-box-y4MH8s\" data-testid=\"receive_message\">\n<div class=\"message-box-content-wrapper-fgNGpz\">\n<div class=\"message-content message-box-content-xoCEoU receive-message-box-content-bNaFpa samantha-message-box-content-gWlptz\" data-testid=\"message_content\">\n<div class=\"container-ZYIsnH flow-markdown-body theme-samantha-Nbr9UN\" dir=\"ltr\" data-testid=\"message_text_content\" data-show-indicator=\"false\">\n<div class=\"container-ZYIsnH flow-markdown-body theme-samantha-Nbr9UN\" dir=\"ltr\" data-testid=\"message_text_content\" data-show-indicator=\"false\">\n<div class=\"container-ZYIsnH flow-markdown-body theme-samantha-Nbr9UN\" dir=\"ltr\" data-testid=\"message_text_content\" data-show-indicator=\"false\">\n<div class=\"container-ZYIsnH flow-markdown-body theme-samantha-Nbr9UN\" dir=\"ltr\" data-testid=\"message_text_content\" data-show-indicator=\"false\">\n<div>\n<div class=\"auto-hide-last-sibling-br table-container-GhL7Lo\">\n<table style=\"height: 575px;\" width=\"739\">\n<thead>\n<tr>\n<th>Item<\/th>\n<th>Par\u00e2metros<\/th>\n<\/tr>\n<\/thead>\n<tbody>\n<tr>\n<td>Material<\/td>\n<td>Liga de alum\u00ednio (6063\/T6, etc.)<\/td>\n<\/tr>\n<tr>\n<td>Espessura<\/td>\n<td>Normalmente 2,0 mm - 4,0 mm, personaliz\u00e1vel<\/td>\n<\/tr>\n<tr>\n<td>Taxa de perfura\u00e7\u00e3o<\/td>\n<td>10% - 50%, ajust\u00e1vel de acordo com os requisitos<\/td>\n<\/tr>\n<tr>\n<td>Di\u00e2metro do furo<\/td>\n<td>3mm - 20mm, v\u00e1rias especifica\u00e7\u00f5es dispon\u00edveis<\/td>\n<\/tr>\n<tr>\n<td>Tratamento de superf\u00edcie<\/td>\n<td>PVDF, poli\u00e9ster, anodiza\u00e7\u00e3o, revestimento em p\u00f3, tinta de fluorocarbono, etc.<\/td>\n<\/tr>\n<tr>\n<td>Cor<\/td>\n<td>Personaliz\u00e1vel de acordo com os cart\u00f5es de cores, as cores comuns incluem branco prateado, cinzento, preto, dourado, etc.<\/td>\n<\/tr>\n<tr>\n<td>Tamanho<\/td>\n<td>Os tamanhos convencionais s\u00e3o 1200mm\u00d72400mm, 1500mm\u00d73000mm, etc., tamb\u00e9m podem ser personalizados conforme necess\u00e1rio<\/td>\n<\/tr>\n<\/tbody>\n<\/table>\n<\/div>\n<\/div>\n<h3>Especifica\u00e7\u00f5es t\u00e9cnicas(2)<\/h3>\n<p>&nbsp;<\/p>\n<table style=\"height: 515px;\" width=\"347\">\n<thead>\n<tr>\n<th><strong>Especifica\u00e7\u00e3o<\/strong><\/th>\n<th><strong>Detalhes<\/strong><\/th>\n<\/tr>\n<\/thead>\n<tbody>\n<tr>\n<td><strong>Peso<\/strong><\/td>\n<td>2,5-3,5 kg por metro quadrado (consoante a espessura)<\/td>\n<\/tr>\n<tr>\n<td><strong>Op\u00e7\u00f5es de acabamento<\/strong><\/td>\n<td>Brilhante, Mate, Gr\u00e3o de madeira, Escovado e muito mais<\/td>\n<\/tr>\n<tr>\n<td><strong>Conce\u00e7\u00e3o<\/strong><\/td>\n<td>Padr\u00e3o de flores, desenho geom\u00e9trico, desenhos complexos, arte abstrata, log\u00f3tipos de texto, etc.<\/td>\n<\/tr>\n<tr>\n<td><strong>Padr\u00f5es de perfura\u00e7\u00e3o<\/strong><\/td>\n<td>Padr\u00f5es circulares, quadrados, de diamante, hexagonais e outros dispon\u00edveis.<\/td>\n<\/tr>\n<tr>\n<td><strong>Resist\u00eancia ao fogo<\/strong><\/td>\n<td>A2 Classifica\u00e7\u00e3o ao fogo (incombust\u00edvel)<\/td>\n<\/tr>\n<tr>\n<td><strong>Garantia<\/strong><\/td>\n<td>10-15 anos (consoante o acabamento e a aplica\u00e7\u00e3o)<\/td>\n<\/tr>\n<tr>\n<td><strong>Aplica\u00e7\u00f5es<\/strong><\/td>\n<td>todos os revestimentos, tectos, divis\u00f3rias, biombos decorativos, fachadas, divis\u00f3rias, veda\u00e7\u00f5es, guarda-s\u00f3is, decora\u00e7\u00e3o de interiores, etc.<\/td>\n<\/tr>\n<tr>\n<td><strong>Instala\u00e7\u00e3o<\/strong><\/td>\n<td>Fixa\u00e7\u00e3o na parede (parafusos ou fitas adesivas)\/F\u00e1cil instala\u00e7\u00e3o com v\u00e1rias op\u00e7\u00f5es de montagem (parafusos, suportes, arma\u00e7\u00f5es)\/Inclui fixa\u00e7\u00e3o direta, sistemas de arma\u00e7\u00e3o ou pain\u00e9is de encaixe, consoante a aplica\u00e7\u00e3o<\/td>\n<\/tr>\n<tr>\n<td><strong>Outros servi\u00e7os<\/strong><\/td>\n<td>Servi\u00e7os de personaliza\u00e7\u00e3o<\/td>\n<\/tr>\n<\/tbody>\n<\/table>\n<\/div>\n<div class=\"container-ZYIsnH flow-markdown-body theme-samantha-Nbr9UN\" dir=\"ltr\" data-testid=\"message_text_content\" data-show-indicator=\"false\">\n<p><strong style=\"font-size: 1.5em;\">Acabamentos e op\u00e7\u00f5es de personaliza\u00e7\u00e3o:<\/strong><\/p>\n<\/div>\n<div class=\"container-ZYIsnH flow-markdown-body theme-samantha-Nbr9UN\" dir=\"ltr\" data-testid=\"message_text_content\" data-show-indicator=\"false\">\n<ul>\n<li><strong>Acabamento anodizado:<\/strong> Proporciona um aspeto elegante e met\u00e1lico com prote\u00e7\u00e3o adicional contra a corros\u00e3o.<\/li>\n<li><strong>Acabamento revestido a p\u00f3:<\/strong> Oferece uma vasta gama de op\u00e7\u00f5es de cores com um revestimento suave e duradouro.<\/li>\n<li><strong>Alum\u00ednio escovado:<\/strong> Apresenta um acabamento elegante e mate para um aspeto contempor\u00e2neo.<\/li>\n<li><strong>Perfura\u00e7\u00f5es personalizadas:<\/strong> Adapte os tamanhos dos orif\u00edcios, os padr\u00f5es e a percentagem de \u00e1rea aberta \u00e0s suas necessidades espec\u00edficas de design e funcionais.<\/li>\n<\/ul>\n<\/div>\n<\/div>\n<\/div>\n<\/div>\n<\/div>\n<\/div>\n<\/div>\n<\/div>\n<\/div>\n<div class=\"inner-LOKNYu inner-item-AQrr_W\" data-target-id=\"message-box-target-id\" data-testid=\"union_message\">\n<div class=\"message-block-container-CKPFh2\" data-testid=\"message-block-container\">\n<div class=\"message-box-y4MH8s\" data-testid=\"receive_message\">\n<div class=\"message-box-content-wrapper-fgNGpz\">\n<h3 class=\"message-content message-box-content-xoCEoU receive-message-box-content-bNaFpa samantha-message-box-content-gWlptz\" data-testid=\"message_content\">Mais modelos<\/h3>\n<p>&nbsp;<\/p>\n<p>&nbsp;<\/p>\n<figure id=\"attachment_17270\" aria-describedby=\"caption-attachment-17270\" style=\"width: 1024px\" class=\"wp-caption alignnone\"><img loading=\"lazy\" decoding=\"async\" class=\"wp-image-17270\" src=\"https:\/\/meterny.com\/wp-content\/uploads\/2024\/07\/\u4e0b\u8f7d-19.jpg\" alt=\"Uma variedade de pain\u00e9is de teto de alum\u00ednio com clip-in\" width=\"1024\" height=\"1024\" srcset=\"https:\/\/meterny.com\/wp-content\/uploads\/2024\/07\/\u4e0b\u8f7d-19.jpg 1200w, https:\/\/meterny.com\/wp-content\/uploads\/2024\/07\/\u4e0b\u8f7d-19-300x300.jpg 300w, https:\/\/meterny.com\/wp-content\/uploads\/2024\/07\/\u4e0b\u8f7d-19-1024x1024.jpg 1024w, https:\/\/meterny.com\/wp-content\/uploads\/2024\/07\/\u4e0b\u8f7d-19-150x150.jpg 150w, https:\/\/meterny.com\/wp-content\/uploads\/2024\/07\/\u4e0b\u8f7d-19-768x768.jpg 768w, https:\/\/meterny.com\/wp-content\/uploads\/2024\/07\/\u4e0b\u8f7d-19-600x600.jpg 600w, https:\/\/meterny.com\/wp-content\/uploads\/2024\/07\/\u4e0b\u8f7d-19-100x100.jpg 100w\" sizes=\"auto, (max-width: 1024px) 100vw, 1024px\" \/><figcaption id=\"caption-attachment-17270\" class=\"wp-caption-text\">Uma variedade de pain\u00e9is de teto de alum\u00ednio com encaixe, apresentando diversos estilos para designs de interiores vers\u00e1teis.<\/figcaption><\/figure>\n<\/div>\n<\/div>\n<\/div>\n<\/div>\n<div class=\"inner-LOKNYu inner-item-AQrr_W\" data-target-id=\"message-box-target-id\" data-testid=\"union_message\">\n<div class=\"message-block-container-CKPFh2\" data-testid=\"message-block-container\">\n<div class=\"message-box-y4MH8s\" data-testid=\"receive_message\">\n<h3 class=\"message-box-content-wrapper-fgNGpz\"><strong>Galeria<\/strong><\/h3>\n<div class=\"mceTemp\"><\/div>\n<figure id=\"attachment_22079\" aria-describedby=\"caption-attachment-22079\" style=\"width: 1024px\" class=\"wp-caption alignnone\"><img loading=\"lazy\" decoding=\"async\" class=\"wp-image-22079\" src=\"https:\/\/meterny.com\/wp-content\/uploads\/2025\/03\/Meterny-Aluminum-Clip-in-Ceiling-Panel-16.jpg\" alt=\"Clip no teto feito de alum\u00ednio perfurado\" width=\"1024\" height=\"1024\" srcset=\"https:\/\/meterny.com\/wp-content\/uploads\/2025\/03\/Meterny-Aluminum-Clip-in-Ceiling-Panel-16.jpg 800w, https:\/\/meterny.com\/wp-content\/uploads\/2025\/03\/Meterny-Aluminum-Clip-in-Ceiling-Panel-16-300x300.jpg 300w, https:\/\/meterny.com\/wp-content\/uploads\/2025\/03\/Meterny-Aluminum-Clip-in-Ceiling-Panel-16-150x150.jpg 150w, https:\/\/meterny.com\/wp-content\/uploads\/2025\/03\/Meterny-Aluminum-Clip-in-Ceiling-Panel-16-768x768.jpg 768w, https:\/\/meterny.com\/wp-content\/uploads\/2025\/03\/Meterny-Aluminum-Clip-in-Ceiling-Panel-16-600x600.jpg 600w, https:\/\/meterny.com\/wp-content\/uploads\/2025\/03\/Meterny-Aluminum-Clip-in-Ceiling-Panel-16-100x100.jpg 100w\" sizes=\"auto, (max-width: 1024px) 100vw, 1024px\" \/><figcaption id=\"caption-attachment-22079\" class=\"wp-caption-text\">Teto de encaixe em alum\u00ednio perfurado - Eleg\u00e2ncia sem esfor\u00e7o e ventila\u00e7\u00e3o eficiente.<\/figcaption><\/figure>\n<figure id=\"attachment_22089\" aria-describedby=\"caption-attachment-22089\" style=\"width: 1024px\" class=\"wp-caption alignnone\"><img loading=\"lazy\" decoding=\"async\" class=\"wp-image-22089\" src=\"https:\/\/meterny.com\/wp-content\/uploads\/2025\/03\/Meterny-Aluminum-Clip-in-Ceiling-Project-24.png\" alt=\"Sala de Rece\u00e7\u00e3o Teto Ac\u00fastico de Metal Clip-in\" width=\"1024\" height=\"1024\" srcset=\"https:\/\/meterny.com\/wp-content\/uploads\/2025\/03\/Meterny-Aluminum-Clip-in-Ceiling-Project-24.png 800w, https:\/\/meterny.com\/wp-content\/uploads\/2025\/03\/Meterny-Aluminum-Clip-in-Ceiling-Project-24-300x300.png 300w, https:\/\/meterny.com\/wp-content\/uploads\/2025\/03\/Meterny-Aluminum-Clip-in-Ceiling-Project-24-150x150.png 150w, https:\/\/meterny.com\/wp-content\/uploads\/2025\/03\/Meterny-Aluminum-Clip-in-Ceiling-Project-24-768x768.png 768w, https:\/\/meterny.com\/wp-content\/uploads\/2025\/03\/Meterny-Aluminum-Clip-in-Ceiling-Project-24-600x600.png 600w, https:\/\/meterny.com\/wp-content\/uploads\/2025\/03\/Meterny-Aluminum-Clip-in-Ceiling-Project-24-100x100.png 100w\" sizes=\"auto, (max-width: 1024px) 100vw, 1024px\" \/><figcaption id=\"caption-attachment-22089\" class=\"wp-caption-text\">Harmonia na sala de rece\u00e7\u00e3o: Teto Ac\u00fastico de Metal Clip-in.<\/figcaption><\/figure>\n<figure id=\"attachment_17254\" aria-describedby=\"caption-attachment-17254\" style=\"width: 1024px\" class=\"wp-caption alignnone\"><img loading=\"lazy\" decoding=\"async\" class=\"wp-image-17254\" src=\"https:\/\/meterny.com\/wp-content\/uploads\/2024\/07\/5-181ZHU.png\" alt=\"Tectos suspensos modernos de alum\u00ednio com clip-in\" width=\"1024\" height=\"1024\" srcset=\"https:\/\/meterny.com\/wp-content\/uploads\/2024\/07\/5-181ZHU.png 800w, https:\/\/meterny.com\/wp-content\/uploads\/2024\/07\/5-181ZHU-300x300.png 300w, https:\/\/meterny.com\/wp-content\/uploads\/2024\/07\/5-181ZHU-150x150.png 150w, https:\/\/meterny.com\/wp-content\/uploads\/2024\/07\/5-181ZHU-768x768.png 768w, https:\/\/meterny.com\/wp-content\/uploads\/2024\/07\/5-181ZHU-600x600.png 600w, https:\/\/meterny.com\/wp-content\/uploads\/2024\/07\/5-181ZHU-100x100.png 100w\" sizes=\"auto, (max-width: 1024px) 100vw, 1024px\" \/><figcaption id=\"caption-attachment-17254\" class=\"wp-caption-text\">Teto de alum\u00ednio dur\u00e1vel com clip-in, concebido para interiores de alto desempenho.<\/figcaption><\/figure>\n<\/div>\n<\/div>\n<\/div>\n<h3>Se quiser saber mais detalhes, clique neste link do youtube:<a href=\"https:\/\/youtu.be\/NWIqctyYzLg\" target=\"_blank\" rel=\"noopener\">https:\/\/youtu.be\/NWIqctyYzLg<\/a><\/h3>\n<p>&nbsp;<\/p>\n<h3><strong>Contactar-nos<\/strong>:<\/h3>\n<p>Se estiver interessado no nosso Teto de alum\u00ednio ventilado com perfura\u00e7\u00f5es, n\u00e3o hesite em contactar-nos para obter mais informa\u00e7\u00f5es ou um or\u00e7amento gratuito!<\/p>\n<h3>\ud83d\udcde Whatsapp<strong>:<\/strong> <a href=\"https:\/\/api.whatsapp.com\/send\/?phone=8618566054354&amp;text\" target=\"_blank\" rel=\"noopener\">+86 18566054354<\/a><br \/>\n\ud83d\udce7 <strong>Correio eletr\u00f3nico:<\/strong> <a href=\"mailto:damon@meterny.com\">damon@meterny.com<\/a><\/h3>\n<h3><\/h3>\n<h3>M\u00e1quina de f\u00e1brica<\/h3>\n<hr \/>\n<figure id=\"attachment_17138\" aria-describedby=\"caption-attachment-17138\" style=\"width: 1024px\" class=\"wp-caption alignnone\"><img loading=\"lazy\" decoding=\"async\" class=\"wp-image-17138\" src=\"https:\/\/meterny.com\/wp-content\/uploads\/2024\/09\/Hfef82f3530aa4d3db8ebb2939cd54a108.jpg\" alt=\"Fluxo de trabalho da f\u00e1brica de pain\u00e9is de alum\u00ednio Meterny\" width=\"1024\" height=\"1024\" srcset=\"https:\/\/meterny.com\/wp-content\/uploads\/2024\/09\/Hfef82f3530aa4d3db8ebb2939cd54a108.jpg 1200w, https:\/\/meterny.com\/wp-content\/uploads\/2024\/09\/Hfef82f3530aa4d3db8ebb2939cd54a108-300x300.jpg 300w, https:\/\/meterny.com\/wp-content\/uploads\/2024\/09\/Hfef82f3530aa4d3db8ebb2939cd54a108-1024x1024.jpg 1024w, https:\/\/meterny.com\/wp-content\/uploads\/2024\/09\/Hfef82f3530aa4d3db8ebb2939cd54a108-150x150.jpg 150w, https:\/\/meterny.com\/wp-content\/uploads\/2024\/09\/Hfef82f3530aa4d3db8ebb2939cd54a108-768x768.jpg 768w, https:\/\/meterny.com\/wp-content\/uploads\/2024\/09\/Hfef82f3530aa4d3db8ebb2939cd54a108-600x600.jpg 600w, https:\/\/meterny.com\/wp-content\/uploads\/2024\/09\/Hfef82f3530aa4d3db8ebb2939cd54a108-100x100.jpg 100w\" sizes=\"auto, (max-width: 1024px) 100vw, 1024px\" \/><figcaption id=\"caption-attachment-17138\" class=\"wp-caption-text\">Trabalhadores da f\u00e1brica de pain\u00e9is de alum\u00ednio Meterny em a\u00e7\u00e3o: Do corte ao revestimento.<\/figcaption><\/figure>\n<h3>Guia de instala\u00e7\u00e3o<\/h3>\n<p>Instala\u00e7\u00e3o do teto de alum\u00ednio ventilado com perfura\u00e7\u00f5es da METERNY<span style=\"font-size: 16px;\">)os pain\u00e9is de alum\u00ednio s\u00e3o simples, e fornecemos instru\u00e7\u00f5es de instala\u00e7\u00e3o detalhadas para garantir que o seu projeto \u00e9 conclu\u00eddo de forma eficiente. Aqui est\u00e1 um esbo\u00e7o b\u00e1sico do processo de instala\u00e7\u00e3o:<\/span><\/p>\n<ol>\n<li><strong>Preparar a superf\u00edcie<\/strong><br \/>\nAssegurar que a superf\u00edcie \u00e0 qual ser\u00e1 fixado o teto ventilado de alum\u00ednio com perfura\u00e7\u00f5es est\u00e1 limpa, plana e seca. Quaisquer irregularidades da superf\u00edcie devem ser resolvidas para garantir a ader\u00eancia e o alinhamento corretos do teto ventilado de alum\u00ednio com perfura\u00e7\u00f5es.<\/li>\n<li><strong>Instalar a estrutura\u3002<\/strong><br \/>\nUtilizar uma estrutura met\u00e1lica adequada para suportar o teto de alum\u00ednio ventilado com perfura\u00e7\u00f5es. A estrutura deve ser alinhada de acordo com as medidas especificadas no projeto.<\/li>\n<li><strong>Fixa\u00e7\u00e3o do painel<\/strong><br \/>\nO teto de alum\u00ednio ventilado com perfura\u00e7\u00f5es pode ser instalado com clipes, parafusos ou rebites. O m\u00e9todo de fixa\u00e7\u00e3o depender\u00e1 do tipo de painel e dos requisitos espec\u00edficos do seu projeto. Certifique-se de que todos os pain\u00e9is est\u00e3o bem fixos para evitar movimentos.<\/li>\n<li><strong>Controlos finais<\/strong><br \/>\nAp\u00f3s a instala\u00e7\u00e3o, efetuar uma inspe\u00e7\u00e3o final para garantir que todos os tectos ventilados de alum\u00ednio com perfura\u00e7\u00f5es est\u00e3o corretamente alinhados e bem fixados. Limpar o teto ventilado de alum\u00ednio com perfura\u00e7\u00f5es para remover quaisquer detritos da instala\u00e7\u00e3o.<\/li>\n<\/ol>\n<p>Para obter instru\u00e7\u00f5es mais detalhadas ou servi\u00e7os de instala\u00e7\u00e3o profissional, contacte-nos.<\/p>\n<p><img loading=\"lazy\" decoding=\"async\" class=\"wp-image-17137\" src=\"https:\/\/meterny.com\/wp-content\/uploads\/2024\/09\/Hd60cc4e1bad449eb8405a223ef59338e2.jpg\" alt=\"Pain\u00e9is de alum\u00ednio personalizados a aguardar o acabamento\" width=\"1024\" height=\"1024\" srcset=\"https:\/\/meterny.com\/wp-content\/uploads\/2024\/09\/Hd60cc4e1bad449eb8405a223ef59338e2.jpg 1200w, https:\/\/meterny.com\/wp-content\/uploads\/2024\/09\/Hd60cc4e1bad449eb8405a223ef59338e2-300x300.jpg 300w, https:\/\/meterny.com\/wp-content\/uploads\/2024\/09\/Hd60cc4e1bad449eb8405a223ef59338e2-1024x1024.jpg 1024w, https:\/\/meterny.com\/wp-content\/uploads\/2024\/09\/Hd60cc4e1bad449eb8405a223ef59338e2-150x150.jpg 150w, https:\/\/meterny.com\/wp-content\/uploads\/2024\/09\/Hd60cc4e1bad449eb8405a223ef59338e2-768x768.jpg 768w, https:\/\/meterny.com\/wp-content\/uploads\/2024\/09\/Hd60cc4e1bad449eb8405a223ef59338e2-600x600.jpg 600w, https:\/\/meterny.com\/wp-content\/uploads\/2024\/09\/Hd60cc4e1bad449eb8405a223ef59338e2-100x100.jpg 100w\" sizes=\"auto, (max-width: 1024px) 100vw, 1024px\" \/><\/p>\n<div class=\"container-ncFTrL\">\n<div class=\"item-KOa3z_\">\n<div class=\"container-rBgb6B chrome70-container\">\n<div class=\"inner-LOKNYu inner-item-AQrr_W\" data-target-id=\"message-box-target-id\" data-testid=\"union_message\">\n<div class=\"message-block-container-CKPFh2\" data-testid=\"message-block-container\">\n<div class=\"message-box-y4MH8s\" data-testid=\"receive_message\">\n<div class=\"message-box-content-wrapper-fgNGpz\">\n<div class=\"message-content message-box-content-xoCEoU receive-message-box-content-bNaFpa samantha-message-box-content-gWlptz\" data-testid=\"message_content\">\n<div class=\"inner-LOKNYu inner-item-AQrr_W\" data-target-id=\"message-box-target-id\" data-testid=\"union_message\">\n<div class=\"message-block-container-CKPFh2\" data-testid=\"message-block-container\">\n<div class=\"message-box-y4MH8s\" data-testid=\"receive_message\">\n<div class=\"message-box-content-wrapper-fgNGpz\">\n<div class=\"message-content message-box-content-xoCEoU receive-message-box-content-bNaFpa samantha-message-box-content-gWlptz\" data-testid=\"message_content\">\n<div class=\"container-ZYIsnH flow-markdown-body theme-samantha-Nbr9UN\" dir=\"ltr\" data-testid=\"message_text_content\" data-show-indicator=\"false\">\n<div class=\"container-ZYIsnH flow-markdown-body theme-samantha-Nbr9UN\" dir=\"ltr\" data-testid=\"message_text_content\" data-show-indicator=\"false\">\n<h3><strong>Servi\u00e7os de personaliza\u00e7\u00e3o<\/strong><\/h3>\n<p id=\"\">Oferecemos servi\u00e7os de personaliza\u00e7\u00e3o abrangentes, incluindo, mas n\u00e3o se limitando a, design de padr\u00f5es, ajustes de tamanho e correspond\u00eancia de cores, para atender \u00e0s suas necessidades decorativas exclusivas. Basta fornecer o seu conceito criativo e a nossa equipa de design profissional criar\u00e1 um teto de alum\u00ednio ventilado com perfura\u00e7\u00f5es exclusivamente para si.<\/p>\n<\/div>\n<\/div>\n<\/div>\n<\/div>\n<\/div>\n<\/div>\n<h3 dir=\"ltr\" data-testid=\"message_text_content\" data-show-indicator=\"false\">Processo de encomenda<\/h3>\n<p>&nbsp;<\/p>\n<\/div>\n<div class=\"inner-LOKNYu inner-item-AQrr_W\" data-target-id=\"message-box-target-id\" data-testid=\"union_message\">\n<div class=\"message-block-container-CKPFh2\" data-testid=\"message-block-container\">\n<div class=\"message-box-y4MH8s\" data-testid=\"receive_message\">\n<div class=\"message-box-content-wrapper-fgNGpz\">\n<div class=\"message-content message-box-content-xoCEoU receive-message-box-content-bNaFpa samantha-message-box-content-gWlptz\" data-testid=\"message_content\">\n<div class=\"container-ZYIsnH flow-markdown-body theme-samantha-Nbr9UN\" dir=\"ltr\" data-testid=\"message_text_content\" data-show-indicator=\"false\">\n<ol>\n<li><strong>Necessidades de informa\u00e7\u00e3o<\/strong>: Contacte-nos para fornecer os seus requisitos espec\u00edficos e necessidades de personaliza\u00e7\u00e3o.<\/li>\n<li><strong>Confirma\u00e7\u00e3o de or\u00e7amento<\/strong>: Fornecemos um or\u00e7amento detalhado e um prazo de entrega em fun\u00e7\u00e3o das suas necessidades.<\/li>\n<li><strong>Assinatura do contrato<\/strong>: Depois de ambas as partes confirmarem o or\u00e7amento e o prazo de entrega, \u00e9 assinado um contrato formal.<\/li>\n<li><strong>Produ\u00e7\u00e3o e transforma\u00e7\u00e3o<\/strong>: A produ\u00e7\u00e3o e a transforma\u00e7\u00e3o s\u00e3o efectuadas de acordo com as exig\u00eancias do contrato.<\/li>\n<li><strong>Inspe\u00e7\u00e3o da qualidade<\/strong>: Inspe\u00e7\u00e3o rigorosa da qualidade dos produtos acabados para garantir a conformidade com as normas.<\/li>\n<li><strong>Embalagem e expedi\u00e7\u00e3o<\/strong>: Embalagem profissional para garantir a seguran\u00e7a do produto durante o transporte.<\/li>\n<li><strong>Servi\u00e7o p\u00f3s-venda<\/strong>: Fornecer um servi\u00e7o p\u00f3s-venda completo para responder \u00e0s suas preocupa\u00e7\u00f5es.<\/li>\n<\/ol>\n<\/div>\n<div class=\"container-ZYIsnH flow-markdown-body theme-samantha-Nbr9UN\" dir=\"ltr\" data-testid=\"message_text_content\" data-show-indicator=\"false\">\n<div>\n<h3 class=\"header-vfC6AV auto-hide-last-sibling-br\">Produ\u00e7\u00e3o e embalagem<\/h3>\n<ul class=\"auto-hide-last-sibling-br\">\n<li><strong>Processo de produ\u00e7\u00e3o<\/strong>: S\u00e3o adoptadas tecnologias avan\u00e7adas de estampagem e grava\u00e7\u00e3o CNC, tecnologias de soldadura e grava\u00e7\u00e3o a laser, bem como processos de dobragem, laminagem e tritura\u00e7\u00e3o para garantir a precis\u00e3o e a qualidade dos produtos.<\/li>\n<li><strong>M\u00e9todos de embalagem<\/strong>:\n<ul class=\"auto-hide-last-sibling-br\">\n<li><strong>Prote\u00e7\u00e3o b\u00e1sica<\/strong>: Aplique um revestimento protetor na superf\u00edcie decorativa do teto de alum\u00ednio Clip-in padr\u00e3o do M\u00e9dio Oriente e adicione uma camada de pl\u00e1stico-bolha.<\/li>\n<li><strong>Embalagem da marca da empresa<\/strong>: A superf\u00edcie decorativa da placa de alum\u00ednio tem uma pel\u00edcula com o log\u00f3tipo da empresa, sendo depois protegida com pl\u00e1stico bolha.<\/li>\n<li><strong>Embalagem personalizada<\/strong>: O log\u00f3tipo exclusivo do cliente pode ser impresso na pel\u00edcula e depois protegido com pl\u00e1stico-bolha.<\/li>\n<li><strong>Prote\u00e7\u00e3o refor\u00e7ada<\/strong>: A superf\u00edcie decorativa tem um revestimento protetor e s\u00e3o adicionados protectores de cantos azuis aos cantos da placa e o conjunto \u00e9 embrulhado com pl\u00e1stico bolha.<\/li>\n<li><strong>Embalagem segura e de alta qualidade<\/strong>: A superf\u00edcie decorativa tem uma pel\u00edcula, os cantos da placa t\u00eam protectores de cantos azuis e, depois de ser embrulhada com pl\u00e1stico bolha, \u00e9 colocada numa caixa de madeira laminada resistente.<\/li>\n<\/ul>\n<\/li>\n<\/ul>\n<div>\n<h3 class=\"header-vfC6AV auto-hide-last-sibling-br\">Certifica\u00e7\u00e3o e servi\u00e7o<\/h3>\n<ul class=\"auto-hide-last-sibling-br\">\n<li><strong>Certifica\u00e7\u00e3o<\/strong>\uff1aO produto passou por certifica\u00e7\u00f5es internacionais como CE, SGS e ISO 9001, atendendo aos padr\u00f5es de qualidade e ambientais relevantes.<\/li>\n<li><strong>Servi\u00e7o<\/strong>\uff1a Fornecemos servi\u00e7os abrangentes de pr\u00e9-venda, venda e p\u00f3s-venda, incluindo consulta de produtos, fornecimento de planos de design, orienta\u00e7\u00e3o de instala\u00e7\u00e3o e manuten\u00e7\u00e3o p\u00f3s-venda para garantir que os clientes possam usar o produto sem problemas.<\/li>\n<\/ul>\n<\/div>\n<h3 class=\"header-vfC6AV auto-hide-last-sibling-br\">Servi\u00e7o p\u00f3s-venda<\/h3>\n<ul class=\"auto-hide-last-sibling-br\">\n<li><strong>Per\u00edodo de garantia<\/strong>: Fornecer uma garantia de qualidade de [10] anos. Durante o per\u00edodo de garantia, se houver algum problema de qualidade com os produtos, forneceremos servi\u00e7os gratuitos de repara\u00e7\u00e3o ou substitui\u00e7\u00e3o.<\/li>\n<li><strong>Apoio t\u00e9cnico<\/strong>: Prestar consultoria t\u00e9cnica profissional e apoio aos clientes, ajudando-os a resolver problemas encontrados durante a instala\u00e7\u00e3o e utiliza\u00e7\u00e3o dos produtos.<\/li>\n<li><strong>Acompanhamento regular<\/strong>: Acompanhar regularmente os clientes para compreender a utiliza\u00e7\u00e3o dos produtos, recolher as suas opini\u00f5es e sugest\u00f5es e melhorar continuamente os nossos produtos e servi\u00e7os.<\/li>\n<\/ul>\n<\/div>\n<\/div>\n<\/div>\n<\/div>\n<\/div>\n<\/div>\n<\/div>\n<h2 class=\"header-vfC6AV auto-hide-last-sibling-br\" style=\"font-style: normal;\">Perguntas frequentes (FAQs)<\/h2>\n<h5><\/h5>\n<h5 class=\"auto-hide-last-sibling-br paragraph-qzbcQC paragraph-element br-paragraph-space\"><strong>P: Que factores afectam o efeito de ventila\u00e7\u00e3o do Teto Ventilado de Alum\u00ednio com Perfura\u00e7\u00f5es?<\/strong><\/h5>\n<div class=\"auto-hide-last-sibling-br paragraph-qzbcQC paragraph-element br-paragraph-space\"><br class=\"container-eLPxqH wrapper-wt12I4 undefined\" \/>R: O efeito da ventila\u00e7\u00e3o \u00e9 influenciado principalmente pela taxa de perfura\u00e7\u00e3o, pela disposi\u00e7\u00e3o das perfura\u00e7\u00f5es e pela organiza\u00e7\u00e3o do fluxo de ar no espa\u00e7o. A taxa de perfura\u00e7\u00e3o refere-se \u00e0 propor\u00e7\u00e3o da \u00e1rea perfurada no teto em rela\u00e7\u00e3o \u00e0 \u00e1rea total. Geralmente, quanto maior for a taxa de perfura\u00e7\u00e3o, maior ser\u00e1 o volume de ventila\u00e7\u00e3o. Uma disposi\u00e7\u00e3o razo\u00e1vel da perfura\u00e7\u00e3o pode orientar o fluxo de ar de forma mais suave. Por exemplo, um conjunto regular de perfura\u00e7\u00f5es \u00e9 mais prop\u00edcio a uma ventila\u00e7\u00e3o uniforme do que perfura\u00e7\u00f5es aleat\u00f3rias.<\/div>\n<h5><\/h5>\n<h5 class=\"auto-hide-last-sibling-br paragraph-qzbcQC paragraph-element br-paragraph-space\"><strong>P: Preciso de reequipar o sistema de ventila\u00e7\u00e3o existente quando instalar o teto de alum\u00ednio ventilado com perfura\u00e7\u00f5es?<\/strong><\/h5>\n<div class=\"auto-hide-last-sibling-br paragraph-qzbcQC paragraph-element br-paragraph-space\"><br class=\"container-eLPxqH wrapper-wt12I4 undefined\" \/>R: Na maioria dos casos, n\u00e3o h\u00e1 necessidade de uma adapta\u00e7\u00e3o em grande escala. O nosso teto de alum\u00ednio ventilado com perfura\u00e7\u00f5es foi concebido para ser compat\u00edvel com v\u00e1rios sistemas de ventila\u00e7\u00e3o. Para a ventila\u00e7\u00e3o natural, o design da perfura\u00e7\u00e3o pode aumentar diretamente a efici\u00eancia da troca de ar. Se o espa\u00e7o j\u00e1 estiver equipado com um sistema de ventila\u00e7\u00e3o mec\u00e2nica, as perfura\u00e7\u00f5es do teto podem ajudar na ventila\u00e7\u00e3o, tornando a distribui\u00e7\u00e3o do ar mais uniforme. No entanto, antes da instala\u00e7\u00e3o, faremos uma inspe\u00e7\u00e3o no local.<\/div>\n<h5><\/h5>\n<h5 class=\"auto-hide-last-sibling-br paragraph-qzbcQC paragraph-element br-paragraph-space\"><strong>P: Ap\u00f3s uma utiliza\u00e7\u00e3o prolongada, as perfura\u00e7\u00f5es do teto ficar\u00e3o bloqueadas pelo p\u00f3, afectando a ventila\u00e7\u00e3o e o desempenho ac\u00fastico?<\/strong><\/h5>\n<div class=\"auto-hide-last-sibling-br paragraph-qzbcQC paragraph-element br-paragraph-space\"><br class=\"container-eLPxqH wrapper-wt12I4 undefined\" \/>R: A probabilidade de isso acontecer \u00e9 muito baixa. A superf\u00edcie do teto de alum\u00ednio \u00e9 lisa e n\u00e3o \u00e9 f\u00e1cil o p\u00f3 aderir a ela. Al\u00e9m disso, durante a utiliza\u00e7\u00e3o di\u00e1ria, o fluxo de ar na divis\u00e3o arrastar\u00e1 a maior parte do p\u00f3, reduzindo a sua acumula\u00e7\u00e3o nas perfura\u00e7\u00f5es. Mesmo que haja uma pequena acumula\u00e7\u00e3o de p\u00f3, uma simples limpeza regular pode resolver o problema.<\/div>\n<h5><\/h5>\n<h5 class=\"auto-hide-last-sibling-br paragraph-qzbcQC paragraph-element br-paragraph-space\"><strong>P: Posso personalizar o padr\u00e3o de perfura\u00e7\u00e3o e a cor do teto ventilado de alum\u00ednio com perfura\u00e7\u00f5es?<\/strong><\/h5>\n<div class=\"auto-hide-last-sibling-br paragraph-qzbcQC paragraph-element br-paragraph-space\"><br class=\"container-eLPxqH wrapper-wt12I4 undefined\" \/>R: Com certeza. Oferecemos uma vasta gama de servi\u00e7os de personaliza\u00e7\u00e3o para satisfazer as suas necessidades personalizadas. Em termos de padr\u00f5es de perfura\u00e7\u00e3o, quer se trate de um padr\u00e3o geom\u00e9trico simples, como uma combina\u00e7\u00e3o de quadrados, c\u00edrculos e diamantes, ou de uma forma art\u00edstica complexa, como um log\u00f3tipo de uma empresa ou um padr\u00e3o de textura \u00fanico, \u00e9 poss\u00edvel obt\u00ea-lo atrav\u00e9s de t\u00e9cnicas de processamento avan\u00e7adas.<\/div>\n<div><\/div>\n<div class=\"auto-hide-last-sibling-br paragraph-qzbcQC paragraph-element br-paragraph-space\">Em termos de cor, desde os sistemas cl\u00e1ssicos de cores met\u00e1licas, como o branco prateado, o cinzento brilhante e o bronze, a v\u00e1rias cores populares, como o azul claro, o verde claro e o bege, todas podem ser personalizadas. S\u00f3 precisa de fornecer desenhos ou amostras de cores e a nossa equipa de profissionais pode transformar as suas ideias em produtos de teto de alta qualidade.<\/div>\n<div><\/div>\n<h5 class=\"auto-hide-last-sibling-br paragraph-qzbcQC paragraph-element br-paragraph-space\"><strong>P: E quanto ao desempenho de resist\u00eancia ao fogo do teto de alum\u00ednio ventilado com perfura\u00e7\u00f5es?<\/strong><\/h5>\n<div class=\"auto-hide-last-sibling-br paragraph-qzbcQC paragraph-element br-paragraph-space\"><br class=\"container-eLPxqH wrapper-wt12I4 undefined\" \/>R: O material de liga de alum\u00ednio utilizado no teto ventilado de alum\u00ednio com perfura\u00e7\u00f5es \u00e9 inerentemente incombust\u00edvel e cumpre rigorosas normas de seguran\u00e7a contra inc\u00eandios. Em caso de inc\u00eandio, o teto n\u00e3o alimenta o fogo e pode retardar eficazmente a propaga\u00e7\u00e3o do inc\u00eandio. Al\u00e9m disso, ap\u00f3s um tratamento especial da superf\u00edcie, o seu desempenho de resist\u00eancia ao fogo \u00e9 ainda melhorado. Por exemplo, o revestimento de fluorocarbono por pulveriza\u00e7\u00e3o na superf\u00edcie n\u00e3o s\u00f3 aumenta a resist\u00eancia \u00e0 corros\u00e3o do teto, como tamb\u00e9m tem um certo efeito retardador de chama.<\/div>\n<\/div>\n<\/div>\n<\/div>\n<\/div>\n<\/div>\n<\/div>\n<\/div>\n<\/div>\n<h2><\/h2>\n<h2><strong>Porqu\u00ea escolher um teto de alum\u00ednio ventilado com perfura\u00e7\u00f5es?<\/strong><\/h2>\n<p>&nbsp;<\/p>\n<div class=\"ace-line ol-idpmI9CCmk list-div list-start-number1\" dir=\"auto\" data-node=\"true\">\n<p><span data-leaf=\"true\"><span class=\"lb\">1. fun\u00e7\u00e3o de ventila\u00e7\u00e3o eficiente<\/span><\/span><span data-leaf=\"true\"><span class=\"lb\">: A superf\u00edcie do teto est\u00e1 uniformemente distribu\u00edda por perfura\u00e7\u00f5es cuidadosamente concebidas. Estas perfura\u00e7\u00f5es cooperam com os canais de ventila\u00e7\u00e3o internos \u00fanicos para formar uma rede de circula\u00e7\u00e3o de ar eficiente. Em condi\u00e7\u00f5es de ventila\u00e7\u00e3o natural, pode promover eficazmente a troca de ar interior e exterior, esgotar rapidamente o ar abafado e sujo e introduzir ar fresco natural. <\/span><\/span><span data-string=\"true\" data-enter=\"true\" data-leaf=\"true\">\u200b<\/span><\/p>\n<\/div>\n<div class=\"ace-line ol-idApmgnRHe list-div\" dir=\"auto\" data-node=\"true\">\n<p><span data-leaf=\"true\"><span class=\"lb\">2. excelente desempenho ac\u00fastico<\/span><\/span><span data-leaf=\"true\"><span class=\"lb\">: O desenho da perfura\u00e7\u00e3o n\u00e3o s\u00f3 favorece a ventila\u00e7\u00e3o, como tamb\u00e9m tem um efeito significativo na melhoria do ambiente ac\u00fastico. Quando as ondas sonoras se propagam para a superf\u00edcie do teto, as perfura\u00e7\u00f5es podem absorver e dispersar eficazmente as ondas sonoras de diferentes frequ\u00eancias, reduzindo a reflex\u00e3o e a reverbera\u00e7\u00e3o do som. Materiais absorventes de som, como algod\u00e3o absorvente de som e feltro absorvente de som, podem ser colocados no interior para aumentar ainda mais o efeito de absor\u00e7\u00e3o de som. <\/span><\/span><span data-string=\"true\" data-enter=\"true\" data-leaf=\"true\">\u200b<\/span><\/p>\n<\/div>\n<div class=\"ace-line ol-ideiNHYnDY list-div\" dir=\"auto\" data-node=\"true\">\n<p><span data-leaf=\"true\"><span class=\"lb\">3. design diversificado e est\u00e9tico<\/span><\/span><span data-leaf=\"true\"><span class=\"lb\">: Oferece uma grande variedade de op\u00e7\u00f5es de cores, abrangendo sistemas cl\u00e1ssicos de cores met\u00e1licas, como prata, cinzento e dourado, bem como v\u00e1rias cores neutras da moda e cores personalizadas, que podem ser combinadas de acordo com os estilos de decora\u00e7\u00e3o e requisitos de atmosfera de diferentes locais. <\/span><\/span><span data-string=\"true\" data-enter=\"true\" data-leaf=\"true\">\u200b<\/span><\/p>\n<\/div>\n<div class=\"ace-line ol-idluBTYQhS list-div\" dir=\"auto\" data-node=\"true\">\n<p><span data-leaf=\"true\"><span class=\"lb\">4. Durabilidade robusta e resist\u00eancia \u00e0 corros\u00e3o<\/span><\/span><span data-leaf=\"true\"><span class=\"lb\">: Os materiais de liga de alum\u00ednio de alta resist\u00eancia s\u00e3o selecionados e submetidos a uma rigorosa inspe\u00e7\u00e3o de qualidade e a processos avan\u00e7ados de tratamento de superf\u00edcie, tais como anodiza\u00e7\u00e3o e pulveriza\u00e7\u00e3o de fluorocarbono. Isto confere-lhe uma excelente resist\u00eancia e dureza, permitindo-lhe resistir eficazmente a colis\u00f5es, fric\u00e7\u00f5es e riscos na utiliza\u00e7\u00e3o di\u00e1ria e n\u00e3o \u00e9 f\u00e1cil de deformar. <\/span><\/span><span data-string=\"true\" data-enter=\"true\" data-leaf=\"true\">\u200b<\/span><\/p>\n<\/div>\n<div class=\"ace-line ol-idkiQZjtq2 list-div\" dir=\"auto\" data-node=\"true\">\n<p><span data-leaf=\"true\"><span class=\"lb\">5. instala\u00e7\u00e3o e manuten\u00e7\u00e3o c\u00f3modas<\/span><\/span><span data-leaf=\"true\"><span class=\"lb\">: Adopta um design padronizado e uma estrutura modular, e o processo de instala\u00e7\u00e3o \u00e9 simples e r\u00e1pido. Os pain\u00e9is de teto podem ser facilmente fixados atrav\u00e9s do sistema de quilha de suporte sem a necessidade de ferramentas complexas ou compet\u00eancias profissionais, encurtando consideravelmente o tempo de instala\u00e7\u00e3o e reduzindo os custos de constru\u00e7\u00e3o. A manuten\u00e7\u00e3o di\u00e1ria tamb\u00e9m \u00e9 muito conveniente.\u00a0<\/span><\/span><\/p>\n<\/div>\n<div class=\"message-box-y4MH8s\" data-testid=\"receive_message\">\n<div class=\"message-box-content-wrapper-fgNGpz\">\n<h2>Contactar-nos<\/h2>\n<\/div>\n<\/div>\n<div class=\"paragraph\">Para mais informa\u00e7\u00f5es ou para efetuar uma encomenda, contacte a nossa equipa de apoio ao cliente. Estamos aqui para o ajudar a transformar a sua vis\u00e3o arquitet\u00f3nica em realidade com o nosso Teto Ventilado de Alum\u00ednio com Perfura\u00e7\u00f5es.<\/div>\n<div><\/div>\n<div>\n<h3>\ud83d\udcde Whatsapp<strong>:<\/strong> <a href=\"https:\/\/api.whatsapp.com\/send\/?phone=8618566054354&amp;text\" target=\"_blank\" rel=\"noopener\">+86 18566054354<\/a><br \/>\n\ud83d\udce7 <strong>Correio eletr\u00f3nico:<\/strong> <a href=\"mailto:damon@meterny.com\">damon@meterny.com<\/a><\/h3>\n<\/div>","protected":false},"excerpt":{"rendered":"<p id=\"\">O nosso teto de alum\u00ednio ventilado com perfura\u00e7\u00f5es oferece uma est\u00e9tica elegante e moderna para qualquer espa\u00e7o interior, combinando funcionalidade com um design elegante. Fabricado em alum\u00ednio de alta qualidade, este sistema de teto garante durabilidade e longevidade, suportando os rigores da utiliza\u00e7\u00e3o di\u00e1ria e mantendo um aspeto impec\u00e1vel. As perfura\u00e7\u00f5es n\u00e3o s\u00f3 acrescentam uma textura visual \u00fanica, como tamb\u00e9m servem um objetivo pr\u00e1tico ao melhorar a circula\u00e7\u00e3o do ar, criando um ambiente mais confort\u00e1vel e respir\u00e1vel.<\/p>\n<p id=\"\">Concebido com a versatilidade em mente, este teto ventilado pode ser adaptado a uma variedade de necessidades arquitect\u00f3nicas e decorativas. As perfura\u00e7\u00f5es podem ser personalizadas em termos de tamanho, forma e padr\u00e3o, permitindo infinitas possibilidades de design que podem complementar qualquer decora\u00e7\u00e3o interior. Quer pretenda melhorar o ambiente de um espa\u00e7o comercial, de uma \u00e1rea residencial ou de uma instala\u00e7\u00e3o institucional, o nosso teto de alum\u00ednio perfurado proporciona uma solu\u00e7\u00e3o sofisticada que satisfaz os requisitos est\u00e9ticos e funcionais.<\/p>\n<p id=\"\">Para al\u00e9m do seu apelo est\u00e9tico e dos benef\u00edcios de ventila\u00e7\u00e3o, o nosso teto ventilado de alum\u00ednio com perfura\u00e7\u00f5es tamb\u00e9m \u00e9 f\u00e1cil de instalar e manter. O material leve facilita uma instala\u00e7\u00e3o r\u00e1pida e sem falhas, minimizando o tempo de inatividade e as perturba\u00e7\u00f5es durante o processo de montagem. Al\u00e9m disso, a superf\u00edcie dur\u00e1vel do teto resiste \u00e0 sujidade e \u00e0 fuligem, tornando-o simples de limpar e manter, garantindo que mant\u00e9m a sua beleza e funcionalidade ao longo do tempo. Com a sua combina\u00e7\u00e3o de estilo, desempenho e facilidade de utiliza\u00e7\u00e3o, o nosso teto ventilado de alum\u00ednio com perfura\u00e7\u00f5es \u00e9 a escolha perfeita para qualquer projeto que pretenda elevar o seu design interior, melhorando simultaneamente o fluxo de ar.<\/p>","protected":false},"featured_media":22080,"comment_status":"open","ping_status":"closed","template":"","meta":{"_uag_custom_page_level_css":"","site-sidebar-layout":"default","site-content-layout":"","ast-site-content-layout":"default","site-content-style":"default","site-sidebar-style":"default","ast-global-header-display":"","ast-banner-title-visibility":"","ast-main-header-display":"","ast-hfb-above-header-display":"","ast-hfb-below-header-display":"","ast-hfb-mobile-header-display":"","site-post-title":"","ast-breadcrumbs-content":"","ast-featured-img":"","footer-sml-layout":"","theme-transparent-header-meta":"default","adv-header-id-meta":"","stick-header-meta":"default","header-above-stick-meta":"","header-main-stick-meta":"","header-below-stick-meta":"","astra-migrate-meta-layouts":"set","ast-page-background-enabled":"default","ast-page-background-meta":{"desktop":{"background-color":"var(--ast-global-color-4)","background-image":"","background-repeat":"repeat","background-position":"center center","background-size":"auto","background-attachment":"scroll","background-type":"","background-media":"","overlay-type":"","overlay-color":"","overlay-opacity":"","overlay-gradient":""},"tablet":{"background-color":"","background-image":"","background-repeat":"repeat","background-position":"center center","background-size":"auto","background-attachment":"scroll","background-type":"","background-media":"","overlay-type":"","overlay-color":"","overlay-opacity":"","overlay-gradient":""},"mobile":{"background-color":"","background-image":"","background-repeat":"repeat","background-position":"center center","background-size":"auto","background-attachment":"scroll","background-type":"","background-media":"","overlay-type":"","overlay-color":"","overlay-opacity":"","overlay-gradient":""}},"ast-content-background-meta":{"desktop":{"background-color":"var(--ast-global-color-5)","background-image":"","background-repeat":"repeat","background-position":"center center","background-size":"auto","background-attachment":"scroll","background-type":"","background-media":"","overlay-type":"","overlay-color":"","overlay-opacity":"","overlay-gradient":""},"tablet":{"background-color":"var(--ast-global-color-5)","background-image":"","background-repeat":"repeat","background-position":"center center","background-size":"auto","background-attachment":"scroll","background-type":"","background-media":"","overlay-type":"","overlay-color":"","overlay-opacity":"","overlay-gradient":""},"mobile":{"background-color":"var(--ast-global-color-5)","background-image":"","background-repeat":"repeat","background-position":"center center","background-size":"auto","background-attachment":"scroll","background-type":"","background-media":"","overlay-type":"","overlay-color":"","overlay-opacity":"","overlay-gradient":""}}},"product_brand":[],"product_cat":[227],"product_tag":[970,972,973,969,971],"class_list":{"0":"post-22215","1":"product","2":"type-product","3":"status-publish","4":"has-post-thumbnail","6":"product_cat-aluminum-buckle-plate","7":"product_tag-acoustic-and-ventilated-clip-in-ceiling-panels","8":"product_tag-airflow-optimized-metal-ceiling","9":"product_tag-aluminum-metal-perforated-clip-in-ceiling-system","10":"product_tag-breathable-perforated-metal-ceiling-design","11":"product_tag-custom-clip-in-metal-ceiling-panels-for-airflow-optimization","12":"desktop-align-center","13":"tablet-align-left","14":"mobile-align-left","15":"ast-product-gallery-layout-horizontal-slider","16":"ast-product-tabs-layout-vertical","18":"first","19":"instock","20":"shipping-taxable","21":"product-type-simple"},"uagb_featured_image_src":{"full":["https:\/\/meterny.com\/wp-content\/uploads\/2025\/03\/Meterny-Aluminum-Clip-in-Ceiling-Panel-17.png",800,800,false],"thumbnail":["https:\/\/meterny.com\/wp-content\/uploads\/2025\/03\/Meterny-Aluminum-Clip-in-Ceiling-Panel-17-150x150.png",150,150,true],"medium":["https:\/\/meterny.com\/wp-content\/uploads\/2025\/03\/Meterny-Aluminum-Clip-in-Ceiling-Panel-17-300x300.png",300,300,true],"medium_large":["https:\/\/meterny.com\/wp-content\/uploads\/2025\/03\/Meterny-Aluminum-Clip-in-Ceiling-Panel-17-768x768.png",768,768,true],"large":["https:\/\/meterny.com\/wp-content\/uploads\/2025\/03\/Meterny-Aluminum-Clip-in-Ceiling-Panel-17.png",800,800,false],"1536x1536":["https:\/\/meterny.com\/wp-content\/uploads\/2025\/03\/Meterny-Aluminum-Clip-in-Ceiling-Panel-17.png",800,800,false],"2048x2048":["https:\/\/meterny.com\/wp-content\/uploads\/2025\/03\/Meterny-Aluminum-Clip-in-Ceiling-Panel-17.png",800,800,false],"trp-custom-language-flag":["https:\/\/meterny.com\/wp-content\/uploads\/2025\/03\/Meterny-Aluminum-Clip-in-Ceiling-Panel-17-12x12.png",12,12,true],"woocommerce_thumbnail":["https:\/\/meterny.com\/wp-content\/uploads\/2025\/03\/Meterny-Aluminum-Clip-in-Ceiling-Panel-17-300x300.png",300,300,true],"woocommerce_single":["https:\/\/meterny.com\/wp-content\/uploads\/2025\/03\/Meterny-Aluminum-Clip-in-Ceiling-Panel-17-600x600.png",600,600,true],"woocommerce_gallery_thumbnail":["https:\/\/meterny.com\/wp-content\/uploads\/2025\/03\/Meterny-Aluminum-Clip-in-Ceiling-Panel-17-100x100.png",100,100,true]},"uagb_author_info":{"display_name":"meterny","author_link":"https:\/\/meterny.com\/pt\/author\/"},"uagb_comment_info":0,"uagb_excerpt":"Our Ventilated Aluminum Ceiling with Perforations offers a sleek and modern aesthetic for any interior space, blending functionality with stylish design. Crafted from high-quality aluminum, this ceiling system ensures durability and longevity, withstanding the rigors of daily use while maintaining a pristine appearance. The perforations not only add a unique visual texture but also serve&hellip;","_links":{"self":[{"href":"https:\/\/meterny.com\/pt\/wp-json\/wp\/v2\/product\/22215","targetHints":{"allow":["GET"]}}],"collection":[{"href":"https:\/\/meterny.com\/pt\/wp-json\/wp\/v2\/product"}],"about":[{"href":"https:\/\/meterny.com\/pt\/wp-json\/wp\/v2\/types\/product"}],"replies":[{"embeddable":true,"href":"https:\/\/meterny.com\/pt\/wp-json\/wp\/v2\/comments?post=22215"}],"wp:featuredmedia":[{"embeddable":true,"href":"https:\/\/meterny.com\/pt\/wp-json\/wp\/v2\/media\/22080"}],"wp:attachment":[{"href":"https:\/\/meterny.com\/pt\/wp-json\/wp\/v2\/media?parent=22215"}],"wp:term":[{"taxonomy":"product_brand","embeddable":true,"href":"https:\/\/meterny.com\/pt\/wp-json\/wp\/v2\/product_brand?post=22215"},{"taxonomy":"product_cat","embeddable":true,"href":"https:\/\/meterny.com\/pt\/wp-json\/wp\/v2\/product_cat?post=22215"},{"taxonomy":"product_tag","embeddable":true,"href":"https:\/\/meterny.com\/pt\/wp-json\/wp\/v2\/product_tag?post=22215"}],"curies":[{"name":"wp","href":"https:\/\/api.w.org\/{rel}","templated":true}]}}