{"id":23074,"date":"2025-05-07T07:59:06","date_gmt":"2025-05-07T07:59:06","guid":{"rendered":"https:\/\/meterny.com\/?post_type=product&#038;p=23074"},"modified":"2025-05-24T07:51:44","modified_gmt":"2025-05-24T07:51:44","slug":"ventilated-facade-with-aluminum-tube-structure","status":"publish","type":"product","link":"https:\/\/meterny.com\/pt\/produto\/ventilated-facade-with-aluminum-tube-structure\/","title":{"rendered":"Fachada ventilada com estrutura de tubos de alum\u00ednio"},"content":{"rendered":"<h2 dir=\"auto\" data-node=\"true\">Fachada ventilada com estrutura de tubos de alum\u00ednio<\/h2>\n<p>&nbsp;<\/p>\n<h3>Vis\u00e3o geral do produto<\/h3>\n<p>A Fachada Ventilada com Estrutura em Tubo de Alum\u00ednio \u00e9 uma solu\u00e7\u00e3o inovadora para edif\u00edcios modernos, combinando est\u00e9tica e funcionalidade. Concebido para melhorar o fluxo de ar, este sistema ajuda a regular a temperatura enquanto protege o edif\u00edcio dos elementos externos. Os tubos de alum\u00ednio criam um aspeto elegante e contempor\u00e2neo, tornando-o ideal para aplica\u00e7\u00f5es comerciais e residenciais.<\/p>\n<figure id=\"attachment_23043\" aria-describedby=\"caption-attachment-23043\" style=\"width: 1024px\" class=\"wp-caption alignnone\"><img loading=\"lazy\" decoding=\"async\" class=\"wp-image-23043\" src=\"https:\/\/meterny.com\/wp-content\/uploads\/2025\/04\/Meterny-Aluminum-Baffle-Tubes-for-Facade-Project-1.webp\" alt=\"Fachada ventilada com estrutura de tubos de alum\u00ednio\" width=\"1024\" height=\"1024\" srcset=\"https:\/\/meterny.com\/wp-content\/uploads\/2025\/04\/Meterny-Aluminum-Baffle-Tubes-for-Facade-Project-1.webp 800w, https:\/\/meterny.com\/wp-content\/uploads\/2025\/04\/Meterny-Aluminum-Baffle-Tubes-for-Facade-Project-1-300x300.webp 300w, https:\/\/meterny.com\/wp-content\/uploads\/2025\/04\/Meterny-Aluminum-Baffle-Tubes-for-Facade-Project-1-150x150.webp 150w, https:\/\/meterny.com\/wp-content\/uploads\/2025\/04\/Meterny-Aluminum-Baffle-Tubes-for-Facade-Project-1-768x768.webp 768w, https:\/\/meterny.com\/wp-content\/uploads\/2025\/04\/Meterny-Aluminum-Baffle-Tubes-for-Facade-Project-1-600x600.webp 600w, https:\/\/meterny.com\/wp-content\/uploads\/2025\/04\/Meterny-Aluminum-Baffle-Tubes-for-Facade-Project-1-100x100.webp 100w\" sizes=\"auto, (max-width: 1024px) 100vw, 1024px\" \/><figcaption id=\"caption-attachment-23043\" class=\"wp-caption-text\">Fachada ventilada com estrutura em tubo de alum\u00ednio - Uma solu\u00e7\u00e3o funcional e elegante para exteriores de edif\u00edcios eficientes em termos energ\u00e9ticos e respir\u00e1veis.<\/figcaption><\/figure>\n<h6 class=\"ace-line ol-idd7vh2dhR list-div\" dir=\"auto\" data-node=\"true\"><span style=\"font-size: 1.5em;\">Especifica\u00e7\u00f5es t\u00e9cnicas(1)<\/span><\/h6>\n<p>&nbsp;<\/p>\n<div class=\"inner-LOKNYu inner-item-AQrr_W\" data-target-id=\"message-box-target-id\" data-testid=\"union_message\">\n<div class=\"message-block-container-CKPFh2\" data-testid=\"message-block-container\">\n<div class=\"message-box-y4MH8s\" data-testid=\"receive_message\">\n<div class=\"message-box-content-wrapper-fgNGpz\">\n<div class=\"message-content message-box-content-xoCEoU receive-message-box-content-bNaFpa samantha-message-box-content-gWlptz\" data-testid=\"message_content\">\n<div class=\"container-ZYIsnH flow-markdown-body theme-samantha-Nbr9UN\" dir=\"ltr\" data-testid=\"message_text_content\" data-show-indicator=\"false\">\n<div class=\"container-ZYIsnH flow-markdown-body theme-samantha-Nbr9UN\" dir=\"ltr\" data-testid=\"message_text_content\" data-show-indicator=\"false\">\n<div class=\"container-ZYIsnH flow-markdown-body theme-samantha-Nbr9UN\" dir=\"ltr\" data-testid=\"message_text_content\" data-show-indicator=\"false\">\n<div class=\"container-ZYIsnH flow-markdown-body theme-samantha-Nbr9UN\" dir=\"ltr\" data-testid=\"message_text_content\" data-show-indicator=\"false\">\n<div>\n<div class=\"auto-hide-last-sibling-br table-container-GhL7Lo\">\n<table style=\"height: 575px;\" width=\"739\">\n<thead>\n<tr>\n<th>Item<\/th>\n<th>Par\u00e2metros<\/th>\n<\/tr>\n<\/thead>\n<tbody>\n<tr>\n<td>Material<\/td>\n<td>Liga de alum\u00ednio (6063\/T6, etc.)<\/td>\n<\/tr>\n<tr>\n<td>Espessura<\/td>\n<td>Normalmente 2,0 mm - 4,0 mm, personaliz\u00e1vel<\/td>\n<\/tr>\n<tr>\n<td>Taxa de perfura\u00e7\u00e3o<\/td>\n<td>10% - 50%, ajust\u00e1vel de acordo com os requisitos<\/td>\n<\/tr>\n<tr>\n<td>Di\u00e2metro do furo<\/td>\n<td>3mm - 20mm, v\u00e1rias especifica\u00e7\u00f5es dispon\u00edveis<\/td>\n<\/tr>\n<tr>\n<td>Tratamento de superf\u00edcie<\/td>\n<td>PVDF, poli\u00e9ster, anodiza\u00e7\u00e3o, revestimento em p\u00f3, tinta de fluorocarbono, etc.<\/td>\n<\/tr>\n<tr>\n<td>Cor<\/td>\n<td>Personaliz\u00e1vel de acordo com os cart\u00f5es de cores, as cores comuns incluem branco prateado, cinzento, preto, dourado, etc.<\/td>\n<\/tr>\n<tr>\n<td>Tamanho<\/td>\n<td>Os tamanhos convencionais s\u00e3o 1200mm\u00d72400mm, 1500mm\u00d73000mm, etc., tamb\u00e9m podem ser personalizados conforme necess\u00e1rio<\/td>\n<\/tr>\n<\/tbody>\n<\/table>\n<\/div>\n<\/div>\n<h2>Especifica\u00e7\u00f5es t\u00e9cnicas(2)<\/h2>\n<p>&nbsp;<\/p>\n<table style=\"height: 515px;\" width=\"347\">\n<thead>\n<tr>\n<th><strong>Especifica\u00e7\u00e3o<\/strong><\/th>\n<th><strong>Detalhes<\/strong><\/th>\n<\/tr>\n<\/thead>\n<tbody>\n<tr>\n<td><strong>Peso<\/strong><\/td>\n<td>2,5-3,5 kg por metro quadrado (consoante a espessura)<\/td>\n<\/tr>\n<tr>\n<td><strong>Op\u00e7\u00f5es de acabamento<\/strong><\/td>\n<td>Brilhante, Mate, Gr\u00e3o de madeira, Escovado e muito mais<\/td>\n<\/tr>\n<tr>\n<td><strong>Conce\u00e7\u00e3o<\/strong><\/td>\n<td>Padr\u00e3o de flores, desenho geom\u00e9trico, desenhos complexos, arte abstrata, log\u00f3tipos de texto, etc.<\/td>\n<\/tr>\n<tr>\n<td><strong>Padr\u00f5es de perfura\u00e7\u00e3o<\/strong><\/td>\n<td>Padr\u00f5es circulares, quadrados, de diamante, hexagonais e outros dispon\u00edveis.<\/td>\n<\/tr>\n<tr>\n<td><strong>Resist\u00eancia ao fogo<\/strong><\/td>\n<td>A1 Classifica\u00e7\u00e3o ao fogo (incombust\u00edvel)<\/td>\n<\/tr>\n<tr>\n<td><strong>Garantia<\/strong><\/td>\n<td>10-15 anos (consoante o acabamento e a aplica\u00e7\u00e3o)<\/td>\n<\/tr>\n<tr>\n<td><strong>Aplica\u00e7\u00f5es<\/strong><\/td>\n<td>todos os revestimentos, tectos, divis\u00f3rias, biombos decorativos, fachadas, divis\u00f3rias, veda\u00e7\u00f5es, guarda-s\u00f3is, decora\u00e7\u00e3o de interiores, etc.<\/td>\n<\/tr>\n<tr>\n<td><strong>Instala\u00e7\u00e3o<\/strong><\/td>\n<td>Fixa\u00e7\u00e3o na parede (parafusos ou fitas adesivas)\/F\u00e1cil instala\u00e7\u00e3o com v\u00e1rias op\u00e7\u00f5es de montagem (parafusos, suportes, arma\u00e7\u00f5es)\/Inclui fixa\u00e7\u00e3o direta, sistemas de arma\u00e7\u00e3o ou pain\u00e9is de encaixe, consoante a aplica\u00e7\u00e3o<\/td>\n<\/tr>\n<tr>\n<td><strong>Outros servi\u00e7os<\/strong><\/td>\n<td>Servi\u00e7os de personaliza\u00e7\u00e3o<\/td>\n<\/tr>\n<\/tbody>\n<\/table>\n<\/div>\n<div class=\"container-ZYIsnH flow-markdown-body theme-samantha-Nbr9UN\" dir=\"ltr\" data-testid=\"message_text_content\" data-show-indicator=\"false\">\n<p><strong style=\"font-size: 1.5em;\">Acabamentos e op\u00e7\u00f5es de personaliza\u00e7\u00e3o:<\/strong><\/p>\n<\/div>\n<div class=\"container-ZYIsnH flow-markdown-body theme-samantha-Nbr9UN\" dir=\"ltr\" data-testid=\"message_text_content\" data-show-indicator=\"false\">\n<ul>\n<li><strong>Acabamento anodizado:<\/strong> Proporciona um aspeto elegante e met\u00e1lico com prote\u00e7\u00e3o adicional contra a corros\u00e3o.<\/li>\n<li><strong>Acabamento revestido a p\u00f3:<\/strong> Oferece uma vasta gama de op\u00e7\u00f5es de cores com um revestimento suave e duradouro.<\/li>\n<li><strong>Alum\u00ednio escovado:<\/strong> Apresenta um acabamento elegante e mate para um aspeto contempor\u00e2neo.<\/li>\n<li><strong>Perfura\u00e7\u00f5es personalizadas:<\/strong> Adapte os tamanhos dos orif\u00edcios, os padr\u00f5es e a percentagem de \u00e1rea aberta \u00e0s suas necessidades espec\u00edficas de design e funcionais.<\/li>\n<\/ul>\n<\/div>\n<\/div>\n<\/div>\n<\/div>\n<\/div>\n<\/div>\n<\/div>\n<\/div>\n<\/div>\n<h2>Galeria<\/h2>\n<p>&nbsp;<\/p>\n<figure id=\"attachment_23047\" aria-describedby=\"caption-attachment-23047\" style=\"width: 1024px\" class=\"wp-caption alignnone\"><img loading=\"lazy\" decoding=\"async\" class=\"wp-image-23047\" src=\"https:\/\/meterny.com\/wp-content\/uploads\/2025\/04\/Meterny-Aluminum-Baffle-Tubes-for-Facade-Project-5.webp\" alt=\"Painel de Parede Tubo Defletor de Alum\u00ednio para Arquitetura\" width=\"1024\" height=\"1024\" srcset=\"https:\/\/meterny.com\/wp-content\/uploads\/2025\/04\/Meterny-Aluminum-Baffle-Tubes-for-Facade-Project-5.webp 800w, https:\/\/meterny.com\/wp-content\/uploads\/2025\/04\/Meterny-Aluminum-Baffle-Tubes-for-Facade-Project-5-300x300.webp 300w, https:\/\/meterny.com\/wp-content\/uploads\/2025\/04\/Meterny-Aluminum-Baffle-Tubes-for-Facade-Project-5-150x150.webp 150w, https:\/\/meterny.com\/wp-content\/uploads\/2025\/04\/Meterny-Aluminum-Baffle-Tubes-for-Facade-Project-5-768x768.webp 768w, https:\/\/meterny.com\/wp-content\/uploads\/2025\/04\/Meterny-Aluminum-Baffle-Tubes-for-Facade-Project-5-600x600.webp 600w, https:\/\/meterny.com\/wp-content\/uploads\/2025\/04\/Meterny-Aluminum-Baffle-Tubes-for-Facade-Project-5-100x100.webp 100w\" sizes=\"auto, (max-width: 1024px) 100vw, 1024px\" \/><figcaption id=\"caption-attachment-23047\" class=\"wp-caption-text\">Painel de parede arquitet\u00f3nico em tubo deflector de alum\u00ednio - Uma solu\u00e7\u00e3o elegante e moderna para melhorar as fachadas dos edif\u00edcios com estilo e funcionalidade.<\/figcaption><\/figure>\n<figure id=\"attachment_23046\" aria-describedby=\"caption-attachment-23046\" style=\"width: 1024px\" class=\"wp-caption alignnone\"><img loading=\"lazy\" decoding=\"async\" class=\"wp-image-23046\" src=\"https:\/\/meterny.com\/wp-content\/uploads\/2025\/04\/Meterny-Aluminum-Baffle-Tubes-for-Facade-Project-4.webp\" alt=\"Design de parede exterior de tubo deflector de alum\u00ednio\" width=\"1024\" height=\"1024\" srcset=\"https:\/\/meterny.com\/wp-content\/uploads\/2025\/04\/Meterny-Aluminum-Baffle-Tubes-for-Facade-Project-4.webp 800w, https:\/\/meterny.com\/wp-content\/uploads\/2025\/04\/Meterny-Aluminum-Baffle-Tubes-for-Facade-Project-4-300x300.webp 300w, https:\/\/meterny.com\/wp-content\/uploads\/2025\/04\/Meterny-Aluminum-Baffle-Tubes-for-Facade-Project-4-150x150.webp 150w, https:\/\/meterny.com\/wp-content\/uploads\/2025\/04\/Meterny-Aluminum-Baffle-Tubes-for-Facade-Project-4-768x768.webp 768w, https:\/\/meterny.com\/wp-content\/uploads\/2025\/04\/Meterny-Aluminum-Baffle-Tubes-for-Facade-Project-4-600x600.webp 600w, https:\/\/meterny.com\/wp-content\/uploads\/2025\/04\/Meterny-Aluminum-Baffle-Tubes-for-Facade-Project-4-100x100.webp 100w\" sizes=\"auto, (max-width: 1024px) 100vw, 1024px\" \/><figcaption id=\"caption-attachment-23046\" class=\"wp-caption-text\">Design de parede exterior em tubo deflector de alum\u00ednio - Uma carater\u00edstica arquitet\u00f3nica de vanguarda que combina durabilidade com uma est\u00e9tica elegante e moderna.<\/figcaption><\/figure>\n<figure id=\"attachment_23045\" aria-describedby=\"caption-attachment-23045\" style=\"width: 1024px\" class=\"wp-caption alignnone\"><img loading=\"lazy\" decoding=\"async\" class=\"wp-image-23045\" src=\"https:\/\/meterny.com\/wp-content\/uploads\/2025\/04\/Meterny-Aluminum-Baffle-Tubes-for-Facade-Project-3.webp\" alt=\"Pain\u00e9is verticais de alum\u00ednio para fachadas\" width=\"1024\" height=\"1024\" srcset=\"https:\/\/meterny.com\/wp-content\/uploads\/2025\/04\/Meterny-Aluminum-Baffle-Tubes-for-Facade-Project-3.webp 800w, https:\/\/meterny.com\/wp-content\/uploads\/2025\/04\/Meterny-Aluminum-Baffle-Tubes-for-Facade-Project-3-300x300.webp 300w, https:\/\/meterny.com\/wp-content\/uploads\/2025\/04\/Meterny-Aluminum-Baffle-Tubes-for-Facade-Project-3-150x150.webp 150w, https:\/\/meterny.com\/wp-content\/uploads\/2025\/04\/Meterny-Aluminum-Baffle-Tubes-for-Facade-Project-3-768x768.webp 768w, https:\/\/meterny.com\/wp-content\/uploads\/2025\/04\/Meterny-Aluminum-Baffle-Tubes-for-Facade-Project-3-600x600.webp 600w, https:\/\/meterny.com\/wp-content\/uploads\/2025\/04\/Meterny-Aluminum-Baffle-Tubes-for-Facade-Project-3-100x100.webp 100w\" sizes=\"auto, (max-width: 1024px) 100vw, 1024px\" \/><figcaption id=\"caption-attachment-23045\" class=\"wp-caption-text\">Pain\u00e9is verticais de alum\u00ednio para fachadas - Uma solu\u00e7\u00e3o moderna e duradoura para elevar a est\u00e9tica e a funcionalidade dos exteriores dos edif\u00edcios.<\/figcaption><\/figure>\n<figure id=\"attachment_23044\" aria-describedby=\"caption-attachment-23044\" style=\"width: 1024px\" class=\"wp-caption alignnone\"><img loading=\"lazy\" decoding=\"async\" class=\"wp-image-23044\" src=\"https:\/\/meterny.com\/wp-content\/uploads\/2025\/04\/Meterny-Aluminum-Baffle-Tubes-for-Facade-Project-2.webp\" alt=\"Parede de fachada moderna com sistema de deflectores de alum\u00ednio\" width=\"1024\" height=\"1024\" srcset=\"https:\/\/meterny.com\/wp-content\/uploads\/2025\/04\/Meterny-Aluminum-Baffle-Tubes-for-Facade-Project-2.webp 800w, https:\/\/meterny.com\/wp-content\/uploads\/2025\/04\/Meterny-Aluminum-Baffle-Tubes-for-Facade-Project-2-300x300.webp 300w, https:\/\/meterny.com\/wp-content\/uploads\/2025\/04\/Meterny-Aluminum-Baffle-Tubes-for-Facade-Project-2-150x150.webp 150w, https:\/\/meterny.com\/wp-content\/uploads\/2025\/04\/Meterny-Aluminum-Baffle-Tubes-for-Facade-Project-2-768x768.webp 768w, https:\/\/meterny.com\/wp-content\/uploads\/2025\/04\/Meterny-Aluminum-Baffle-Tubes-for-Facade-Project-2-600x600.webp 600w, https:\/\/meterny.com\/wp-content\/uploads\/2025\/04\/Meterny-Aluminum-Baffle-Tubes-for-Facade-Project-2-100x100.webp 100w\" sizes=\"auto, (max-width: 1024px) 100vw, 1024px\" \/><figcaption id=\"caption-attachment-23044\" class=\"wp-caption-text\">Parede de fachada moderna com sistema de deflector de alum\u00ednio - Uma solu\u00e7\u00e3o de design elegante e eficiente para melhorar os exteriores dos edif\u00edcios com estilo e funcionalidade.<\/figcaption><\/figure>\n<h3>V\u00eddeo da f\u00e1brica<\/h3>\n<p>&nbsp;<\/p>\n<p><iframe loading=\"lazy\" title=\"Leitor de v\u00eddeo do YouTube\" src=\"https:\/\/www.youtube.com\/embed\/9McvKo8wDdI?si=7NVrqfh9270yITNb&amp;autoplay=1&amp;mute=1&amp;loop=1&amp;playlist=9McvKo8wDdI\" width=\"1024\" height=\"576\" frameborder=\"0\" allowfullscreen=\"allowfullscreen\"><span data-mce-type=\"bookmark\" style=\"display: inline-block; width: 0px; overflow: hidden; line-height: 0;\" class=\"mce_SELRES_start\"><\/span><br \/>\n<\/iframe><\/p>\n<h3><strong>Contactar-nos<\/strong>:<\/h3>\n<p>Se estiver interessado na nossa Fachada ventilada com estrutura em tubo de alum\u00ednio, n\u00e3o hesite em contactar-nos para obter mais informa\u00e7\u00f5es ou um or\u00e7amento gratuito!<\/p>\n<h3>\ud83d\udcde Whatsapp<strong>:<\/strong> <a href=\"https:\/\/api.whatsapp.com\/send\/?phone=8618566054354&amp;text\" target=\"_blank\" rel=\"noopener\">+86 18566054354<\/a><br \/>\n\ud83d\udce7 <strong>Correio eletr\u00f3nico:<\/strong> <a href=\"mailto:damon@meterny.com\">damon@meterny.com<\/a><\/h3>\n<p>&nbsp;<\/p>\n<h3>M\u00e1quina de f\u00e1brica<\/h3>\n<hr \/>\n<figure id=\"attachment_17138\" aria-describedby=\"caption-attachment-17138\" style=\"width: 1024px\" class=\"wp-caption alignnone\"><img loading=\"lazy\" decoding=\"async\" class=\"wp-image-17138\" src=\"https:\/\/meterny.com\/wp-content\/uploads\/2024\/09\/Hfef82f3530aa4d3db8ebb2939cd54a108.jpg\" alt=\"Fluxo de trabalho da f\u00e1brica de pain\u00e9is de alum\u00ednio Meterny\" width=\"1024\" height=\"1024\" srcset=\"https:\/\/meterny.com\/wp-content\/uploads\/2024\/09\/Hfef82f3530aa4d3db8ebb2939cd54a108.jpg 1200w, https:\/\/meterny.com\/wp-content\/uploads\/2024\/09\/Hfef82f3530aa4d3db8ebb2939cd54a108-300x300.jpg 300w, https:\/\/meterny.com\/wp-content\/uploads\/2024\/09\/Hfef82f3530aa4d3db8ebb2939cd54a108-1024x1024.jpg 1024w, https:\/\/meterny.com\/wp-content\/uploads\/2024\/09\/Hfef82f3530aa4d3db8ebb2939cd54a108-150x150.jpg 150w, https:\/\/meterny.com\/wp-content\/uploads\/2024\/09\/Hfef82f3530aa4d3db8ebb2939cd54a108-768x768.jpg 768w, https:\/\/meterny.com\/wp-content\/uploads\/2024\/09\/Hfef82f3530aa4d3db8ebb2939cd54a108-600x600.jpg 600w, https:\/\/meterny.com\/wp-content\/uploads\/2024\/09\/Hfef82f3530aa4d3db8ebb2939cd54a108-100x100.jpg 100w\" sizes=\"auto, (max-width: 1024px) 100vw, 1024px\" \/><figcaption id=\"caption-attachment-17138\" class=\"wp-caption-text\">Trabalhadores da f\u00e1brica de pain\u00e9is de alum\u00ednio Meterny em a\u00e7\u00e3o: Do corte ao revestimento.<\/figcaption><\/figure>\n<h3>Guia de instala\u00e7\u00e3o<\/h3>\n<p>Instala\u00e7\u00e3o da fachada ventilada da METERNY com estrutura de tubos de alum\u00ednio<span style=\"font-size: 16px;\">)os pain\u00e9is de alum\u00ednio s\u00e3o simples, e fornecemos instru\u00e7\u00f5es de instala\u00e7\u00e3o detalhadas para garantir que o seu projeto \u00e9 conclu\u00eddo de forma eficiente. Aqui est\u00e1 um esbo\u00e7o b\u00e1sico do processo de instala\u00e7\u00e3o:<\/span><\/p>\n<ol>\n<li><strong>Preparar a superf\u00edcie<\/strong><br \/>\nAssegurar que a superf\u00edcie \u00e0 qual a Fachada Ventilada com Estrutura Tubular de Alum\u00ednio ser\u00e1 fixada est\u00e1 limpa, plana e seca. Quaisquer irregularidades da superf\u00edcie devem ser resolvidas para garantir a ades\u00e3o e o alinhamento corretos da Fachada Ventilada com Estrutura Tubular de Alum\u00ednio.<\/li>\n<li><strong>Instalar a estrutura<\/strong><br \/>\nUtilizar uma estrutura met\u00e1lica adequada para suportar a Fachada Ventilada com Estrutura em Tubo de Alum\u00ednio. A estrutura deve ser alinhada de acordo com as medidas especificadas no projeto.<\/li>\n<li><strong>Fixa\u00e7\u00e3o do painel<\/strong><br \/>\nA fachada ventilada com estrutura tubular de alum\u00ednio pode ser instalada com clips, parafusos ou rebites. O m\u00e9todo de fixa\u00e7\u00e3o depender\u00e1 do tipo de painel e dos requisitos espec\u00edficos do seu projeto. Certifique-se de que todos os pain\u00e9is est\u00e3o bem fixos para evitar movimentos.<\/li>\n<li><strong>Controlos finais<\/strong><br \/>\nAp\u00f3s a instala\u00e7\u00e3o, efetuar uma inspe\u00e7\u00e3o final para garantir que toda a estrutura da Fachada Ventilada com Tubo de Alum\u00ednio est\u00e1 corretamente alinhada e bem fixa. Limpar a Fachada Ventilada com Estrutura Tubular de Alum\u00ednio para remover quaisquer detritos da instala\u00e7\u00e3o.<\/li>\n<\/ol>\n<p>Para obter instru\u00e7\u00f5es mais detalhadas ou servi\u00e7os de instala\u00e7\u00e3o profissional, contacte-nos.<\/p>\n<p><img loading=\"lazy\" decoding=\"async\" class=\"wp-image-17137\" src=\"https:\/\/meterny.com\/wp-content\/uploads\/2024\/09\/Hd60cc4e1bad449eb8405a223ef59338e2.jpg\" alt=\"Pain\u00e9is de alum\u00ednio personalizados a aguardar o acabamento\" width=\"1024\" height=\"1024\" srcset=\"https:\/\/meterny.com\/wp-content\/uploads\/2024\/09\/Hd60cc4e1bad449eb8405a223ef59338e2.jpg 1200w, https:\/\/meterny.com\/wp-content\/uploads\/2024\/09\/Hd60cc4e1bad449eb8405a223ef59338e2-300x300.jpg 300w, https:\/\/meterny.com\/wp-content\/uploads\/2024\/09\/Hd60cc4e1bad449eb8405a223ef59338e2-1024x1024.jpg 1024w, https:\/\/meterny.com\/wp-content\/uploads\/2024\/09\/Hd60cc4e1bad449eb8405a223ef59338e2-150x150.jpg 150w, https:\/\/meterny.com\/wp-content\/uploads\/2024\/09\/Hd60cc4e1bad449eb8405a223ef59338e2-768x768.jpg 768w, https:\/\/meterny.com\/wp-content\/uploads\/2024\/09\/Hd60cc4e1bad449eb8405a223ef59338e2-600x600.jpg 600w, https:\/\/meterny.com\/wp-content\/uploads\/2024\/09\/Hd60cc4e1bad449eb8405a223ef59338e2-100x100.jpg 100w\" sizes=\"auto, (max-width: 1024px) 100vw, 1024px\" \/><\/p>\n<div class=\"container-ncFTrL\">\n<div class=\"item-KOa3z_\">\n<div class=\"container-rBgb6B chrome70-container\">\n<div class=\"inner-LOKNYu inner-item-AQrr_W\" data-target-id=\"message-box-target-id\" data-testid=\"union_message\">\n<div class=\"message-block-container-CKPFh2\" data-testid=\"message-block-container\">\n<div class=\"message-box-y4MH8s\" data-testid=\"receive_message\">\n<div class=\"message-box-content-wrapper-fgNGpz\">\n<div class=\"message-content message-box-content-xoCEoU receive-message-box-content-bNaFpa samantha-message-box-content-gWlptz\" data-testid=\"message_content\">\n<div class=\"inner-LOKNYu inner-item-AQrr_W\" data-target-id=\"message-box-target-id\" data-testid=\"union_message\">\n<div class=\"message-block-container-CKPFh2\" data-testid=\"message-block-container\">\n<div class=\"message-box-y4MH8s\" data-testid=\"receive_message\">\n<div class=\"message-box-content-wrapper-fgNGpz\">\n<div class=\"message-content message-box-content-xoCEoU receive-message-box-content-bNaFpa samantha-message-box-content-gWlptz\" data-testid=\"message_content\">\n<div class=\"container-ZYIsnH flow-markdown-body theme-samantha-Nbr9UN\" dir=\"ltr\" data-testid=\"message_text_content\" data-show-indicator=\"false\">\n<div class=\"container-ZYIsnH flow-markdown-body theme-samantha-Nbr9UN\" dir=\"ltr\" data-testid=\"message_text_content\" data-show-indicator=\"false\">\n<h3><strong>Servi\u00e7os de personaliza\u00e7\u00e3o<\/strong><\/h3>\n<p id=\"\">Oferecemos servi\u00e7os de personaliza\u00e7\u00e3o abrangentes, incluindo, mas n\u00e3o se limitando a, design de padr\u00f5es, ajustes de tamanho e correspond\u00eancia de cores, para atender \u00e0s suas necessidades decorativas exclusivas. Basta fornecer o seu conceito criativo e a nossa equipa de design profissional criar\u00e1 uma fachada ventilada com estrutura de tubos de alum\u00ednio exclusivamente para si.<\/p>\n<\/div>\n<\/div>\n<\/div>\n<\/div>\n<\/div>\n<\/div>\n<h3 dir=\"ltr\" data-testid=\"message_text_content\" data-show-indicator=\"false\">Processo de encomenda<\/h3>\n<p>&nbsp;<\/p>\n<\/div>\n<div class=\"inner-LOKNYu inner-item-AQrr_W\" data-target-id=\"message-box-target-id\" data-testid=\"union_message\">\n<div class=\"message-block-container-CKPFh2\" data-testid=\"message-block-container\">\n<div class=\"message-box-y4MH8s\" data-testid=\"receive_message\">\n<div class=\"message-box-content-wrapper-fgNGpz\">\n<div class=\"message-content message-box-content-xoCEoU receive-message-box-content-bNaFpa samantha-message-box-content-gWlptz\" data-testid=\"message_content\">\n<div class=\"container-ZYIsnH flow-markdown-body theme-samantha-Nbr9UN\" dir=\"ltr\" data-testid=\"message_text_content\" data-show-indicator=\"false\">\n<ol>\n<li><strong>Necessidades de informa\u00e7\u00e3o<\/strong>: Contacte-nos para fornecer os seus requisitos espec\u00edficos e necessidades de personaliza\u00e7\u00e3o.<\/li>\n<li><strong>Confirma\u00e7\u00e3o de or\u00e7amento<\/strong>: Fornecemos um or\u00e7amento detalhado e um prazo de entrega em fun\u00e7\u00e3o das suas necessidades.<\/li>\n<li><strong>Assinatura do contrato<\/strong>: Depois de ambas as partes confirmarem o or\u00e7amento e o prazo de entrega, \u00e9 assinado um contrato formal.<\/li>\n<li><strong>Produ\u00e7\u00e3o e transforma\u00e7\u00e3o<\/strong>: A produ\u00e7\u00e3o e a transforma\u00e7\u00e3o s\u00e3o efectuadas de acordo com as exig\u00eancias do contrato.<\/li>\n<li><strong>Inspe\u00e7\u00e3o da qualidade<\/strong>: Inspe\u00e7\u00e3o rigorosa da qualidade dos produtos acabados para garantir a conformidade com as normas.<\/li>\n<li><strong>Embalagem e expedi\u00e7\u00e3o<\/strong>: Embalagem profissional para garantir a seguran\u00e7a do produto durante o transporte.<\/li>\n<li><strong>Servi\u00e7o p\u00f3s-venda<\/strong>: Fornecer um servi\u00e7o p\u00f3s-venda completo para responder \u00e0s suas preocupa\u00e7\u00f5es.<\/li>\n<\/ol>\n<\/div>\n<div class=\"container-ZYIsnH flow-markdown-body theme-samantha-Nbr9UN\" dir=\"ltr\" data-testid=\"message_text_content\" data-show-indicator=\"false\">\n<div>\n<h3 class=\"header-vfC6AV auto-hide-last-sibling-br\">Produ\u00e7\u00e3o e embalagem<\/h3>\n<ul class=\"auto-hide-last-sibling-br\">\n<li><strong>Processo de produ\u00e7\u00e3o<\/strong>: S\u00e3o adoptadas tecnologias avan\u00e7adas de estampagem e grava\u00e7\u00e3o CNC, tecnologias de soldadura e grava\u00e7\u00e3o a laser, bem como processos de dobragem, laminagem e tritura\u00e7\u00e3o para garantir a precis\u00e3o e a qualidade dos produtos.<\/li>\n<li><strong>M\u00e9todos de embalagem<\/strong>:\n<ul class=\"auto-hide-last-sibling-br\">\n<li><strong>Prote\u00e7\u00e3o b\u00e1sica<\/strong>: Aplique um revestimento protetor na superf\u00edcie decorativa do teto de alum\u00ednio Clip-in padr\u00e3o do M\u00e9dio Oriente e adicione uma camada de pl\u00e1stico-bolha.<\/li>\n<li><strong>Embalagem da marca da empresa<\/strong>: A superf\u00edcie decorativa da placa de alum\u00ednio tem uma pel\u00edcula com o log\u00f3tipo da empresa, sendo depois protegida com pl\u00e1stico bolha.<\/li>\n<li><strong>Embalagem personalizada<\/strong>: O log\u00f3tipo exclusivo do cliente pode ser impresso na pel\u00edcula e depois protegido com pl\u00e1stico-bolha.<\/li>\n<li><strong>Prote\u00e7\u00e3o refor\u00e7ada<\/strong>: A superf\u00edcie decorativa tem um revestimento protetor e s\u00e3o adicionados protectores de cantos azuis aos cantos da placa e o conjunto \u00e9 embrulhado com pl\u00e1stico bolha.<\/li>\n<li><strong>Embalagem segura e de alta qualidade<\/strong>: A superf\u00edcie decorativa tem uma pel\u00edcula, os cantos da placa t\u00eam protectores de cantos azuis e, depois de ser embrulhada com pl\u00e1stico bolha, \u00e9 colocada numa caixa de madeira laminada resistente.<\/li>\n<\/ul>\n<\/li>\n<\/ul>\n<div>\n<h3 class=\"header-vfC6AV auto-hide-last-sibling-br\">Certifica\u00e7\u00e3o e servi\u00e7o<\/h3>\n<ul class=\"auto-hide-last-sibling-br\">\n<li><strong>Certifica\u00e7\u00e3o<\/strong>\uff1aO produto passou por certifica\u00e7\u00f5es internacionais como CE, SGS e ISO 9001, atendendo aos padr\u00f5es de qualidade e ambientais relevantes.<\/li>\n<li><strong>Servi\u00e7o<\/strong>\uff1a Fornecemos servi\u00e7os abrangentes de pr\u00e9-venda, venda e p\u00f3s-venda, incluindo consulta de produtos, fornecimento de planos de design, orienta\u00e7\u00e3o de instala\u00e7\u00e3o e manuten\u00e7\u00e3o p\u00f3s-venda para garantir que os clientes possam usar o produto sem problemas.<\/li>\n<\/ul>\n<\/div>\n<h3 class=\"header-vfC6AV auto-hide-last-sibling-br\">Servi\u00e7o p\u00f3s-venda<\/h3>\n<ul class=\"auto-hide-last-sibling-br\">\n<li><strong>Per\u00edodo de garantia<\/strong>: Fornecer uma garantia de qualidade de [10] anos. Durante o per\u00edodo de garantia, se houver algum problema de qualidade com os produtos, forneceremos servi\u00e7os gratuitos de repara\u00e7\u00e3o ou substitui\u00e7\u00e3o.<\/li>\n<li><strong>Apoio t\u00e9cnico<\/strong>: Prestar consultoria t\u00e9cnica profissional e apoio aos clientes, ajudando-os a resolver problemas encontrados durante a instala\u00e7\u00e3o e utiliza\u00e7\u00e3o dos produtos.<\/li>\n<li><strong>Acompanhamento regular<\/strong>: Acompanhar regularmente os clientes para compreender a utiliza\u00e7\u00e3o dos produtos, recolher as suas opini\u00f5es e sugest\u00f5es e melhorar continuamente os nossos produtos e servi\u00e7os.<\/li>\n<\/ul>\n<\/div>\n<\/div>\n<\/div>\n<\/div>\n<\/div>\n<\/div>\n<\/div>\n<\/div>\n<\/div>\n<\/div>\n<\/div>\n<\/div>\n<\/div>\n<\/div>\n<\/div>\n<h2 class=\"header-vfC6AV auto-hide-last-sibling-br\" style=\"font-style: normal;\">Perguntas frequentes (FAQs)<\/h2>\n<p>&nbsp;<\/p>\n<h5 data-start=\"96\" data-end=\"159\"><strong data-start=\"100\" data-end=\"157\">1. O que \u00e9 e como funciona uma fachada ventilada com estrutura tubular de alum\u00ednio?<\/strong><\/h5>\n<p class=\"\" data-start=\"160\" data-end=\"387\"><br data-start=\"172\" data-end=\"175\" \/>A Fachada Ventilada com Estrutura em Tubo de Alum\u00ednio \u00e9 um sistema de revestimento concebido com uma caixa de ar entre a parede exterior e a fachada. Este espa\u00e7o promove o fluxo de ar, que ajuda a regular a temperatura do edif\u00edcio, melhorando a efici\u00eancia energ\u00e9tica.<\/p>\n<h5 data-start=\"465\" data-end=\"548\"><strong data-start=\"469\" data-end=\"546\">2. Como \u00e9 que a estrutura em tubo de alum\u00ednio melhora o desempenho da fachada?<\/strong><\/h5>\n<p class=\"\" data-start=\"549\" data-end=\"779\"><br data-start=\"561\" data-end=\"564\" \/>A Fachada Ventilada com Estrutura em Tubo de Alum\u00ednio melhora a durabilidade geral da fachada, proporcionando for\u00e7a e resist\u00eancia a condi\u00e7\u00f5es climat\u00e9ricas adversas. Al\u00e9m disso, confere um aspeto moderno e elegante, melhorando a est\u00e9tica do edif\u00edcio.<\/p>\n<h5 data-start=\"781\" data-end=\"850\"><strong data-start=\"861\" data-end=\"932\">3. Esta Fachada Ventilada com Estrutura em Tubo de Alum\u00ednio pode ser instalada em qualquer tipo de edif\u00edcio?<\/strong><\/h5>\n<p class=\"\" data-start=\"935\" data-end=\"1146\"><br data-start=\"947\" data-end=\"950\" \/>Sim, o sistema de Fachada Ventilada com Estrutura Tubular de Alum\u00ednio pode ser aplicado em v\u00e1rios tipos de edif\u00edcios, desde estruturas comerciais a residenciais. \u00c9 vers\u00e1til e personaliz\u00e1vel para satisfazer as necessidades \u00fanicas de qualquer projeto.<\/p>\n<h5 data-start=\"1228\" data-end=\"1302\"><strong data-start=\"1232\" data-end=\"1300\">4. A fachada ventilada com estrutura de tubos de alum\u00ednio melhora o isolamento do edif\u00edcio?<\/strong><\/h5>\n<p class=\"\" data-start=\"1303\" data-end=\"1501\"><br data-start=\"1315\" data-end=\"1318\" \/>Sim, o sistema de Fachada Ventilada com Estrutura em Tubo de Alum\u00ednio melhora o isolamento criando uma caixa de ar que ajuda a manter uma temperatura interior consistente, reduzindo a necessidade de aquecimento e arrefecimento artificiais.<\/p>\n<h5 data-start=\"1575\" data-end=\"1658\"><strong data-start=\"1579\" data-end=\"1656\">5. Que materiais s\u00e3o utilizados na estrutura tubular de alum\u00ednio da fachada?<\/strong><\/h5>\n<p class=\"\" data-start=\"1659\" data-end=\"1862\"><br data-start=\"1671\" data-end=\"1674\" \/>Os tubos de alum\u00ednio utilizados no sistema de fachada s\u00e3o feitos de alum\u00ednio de alta qualidade e resistente \u00e0 corros\u00e3o, garantindo durabilidade e desempenho duradouro em v\u00e1rias condi\u00e7\u00f5es ambientais.<\/p>\n<h3><\/h3>\n<h3><strong>Porqu\u00ea escolher uma fachada ventilada com estrutura de tubos de alum\u00ednio?<\/strong><\/h3>\n<ul>\n<li class=\"\" data-start=\"694\" data-end=\"794\">\n<p class=\"\" data-start=\"696\" data-end=\"794\"><strong data-start=\"696\" data-end=\"721\">Ventila\u00e7\u00e3o melhorada:<\/strong> O design aberto promove o fluxo de ar natural, melhorando a efici\u00eancia energ\u00e9tica.<\/p>\n<\/li>\n<li class=\"\" data-start=\"795\" data-end=\"903\">\n<p class=\"\" data-start=\"797\" data-end=\"903\"><strong data-start=\"797\" data-end=\"818\">Material duradouro:<\/strong> Fabricado em alum\u00ednio de alta qualidade e resistente \u00e0 corros\u00e3o para um desempenho duradouro.<\/p>\n<\/li>\n<li class=\"\" data-start=\"904\" data-end=\"996\">\n<p class=\"\" data-start=\"906\" data-end=\"996\"><strong data-start=\"906\" data-end=\"927\">Est\u00e9tica moderna:<\/strong> Visual elegante e contempor\u00e2neo com linhas simples e um design minimalista.<\/p>\n<\/li>\n<li class=\"\" data-start=\"997\" data-end=\"1101\">\n<p class=\"\" data-start=\"999\" data-end=\"1101\"><strong data-start=\"999\" data-end=\"1022\">Regula\u00e7\u00e3o t\u00e9rmica:<\/strong> Ajuda a reduzir a acumula\u00e7\u00e3o de calor, contribuindo para um ambiente interior confort\u00e1vel.<\/p>\n<\/li>\n<li class=\"\" data-start=\"1102\" data-end=\"1214\">\n<p class=\"\" data-start=\"1104\" data-end=\"1214\"><strong data-start=\"1104\" data-end=\"1126\">Resistente \u00e0s intemp\u00e9ries:<\/strong> Adequado para v\u00e1rios climas e condi\u00e7\u00f5es externas, requerendo uma manuten\u00e7\u00e3o m\u00ednima.<\/p>\n<\/li>\n<li class=\"\" data-start=\"1215\" data-end=\"1330\">\n<p class=\"\" data-start=\"1217\" data-end=\"1330\"><strong data-start=\"1217\" data-end=\"1234\">Personaliz\u00e1vel:<\/strong> Dispon\u00edveis em v\u00e1rios tamanhos, acabamentos e disposi\u00e7\u00f5es de tubos para projectos arquitect\u00f3nicos \u00fanicos.<\/p>\n<\/li>\n<li class=\"\" data-start=\"1331\" data-end=\"1428\">\n<p class=\"\" data-start=\"1333\" data-end=\"1428\"><strong data-start=\"1333\" data-end=\"1355\">Instala\u00e7\u00e3o f\u00e1cil:<\/strong> Pain\u00e9is leves e um design modular garantem uma instala\u00e7\u00e3o r\u00e1pida e simples.<\/p>\n<\/li>\n<\/ul>\n<div class=\"message-box-y4MH8s\" data-testid=\"receive_message\">\n<div class=\"message-box-content-wrapper-fgNGpz\">\n<h2>Contactar-nos<\/h2>\n<\/div>\n<\/div>\n<div class=\"paragraph\">Para mais informa\u00e7\u00f5es ou para efetuar uma encomenda, contacte a nossa equipa de apoio ao cliente. Estamos aqui para o ajudar a transformar a sua vis\u00e3o arquitet\u00f3nica em realidade com a nossa Fachada Ventilada com Estrutura em Tubo de Alum\u00ednio.<\/div>\n<div>\n<h3>\ud83d\udcde Whatsapp<strong>:<\/strong> <a href=\"https:\/\/api.whatsapp.com\/send\/?phone=8618566054354&amp;text\" target=\"_blank\" rel=\"noopener\">+86 18566054354<\/a><br \/>\n\ud83d\udce7 <strong>Correio eletr\u00f3nico:<\/strong> <a href=\"mailto:damon@meterny.com\">damon@meterny.com<\/a><\/h3>\n<\/div>","protected":false},"excerpt":{"rendered":"<p>A Fachada Ventilada com Estrutura em Tubo de Alum\u00ednio alia funcionalidade e design moderno. Este sistema promove a ventila\u00e7\u00e3o natural e o fluxo de ar, ajudando a regular a temperatura do edif\u00edcio e reduzindo o consumo de energia.<\/p>\n<p>Fabricado em alum\u00ednio de alta qualidade e resistente \u00e0 corros\u00e3o, oferece durabilidade e manuten\u00e7\u00e3o m\u00ednima. Ideal para edif\u00edcios comerciais e residenciais modernos, melhora a est\u00e9tica do exterior, assegurando simultaneamente o desempenho e a prote\u00e7\u00e3o contra os elementos.<\/p>","protected":false},"featured_media":23043,"comment_status":"open","ping_status":"closed","template":"","meta":{"_uag_custom_page_level_css":"","site-sidebar-layout":"default","site-content-layout":"","ast-site-content-layout":"default","site-content-style":"default","site-sidebar-style":"default","ast-global-header-display":"","ast-banner-title-visibility":"","ast-main-header-display":"","ast-hfb-above-header-display":"","ast-hfb-below-header-display":"","ast-hfb-mobile-header-display":"","site-post-title":"","ast-breadcrumbs-content":"","ast-featured-img":"","footer-sml-layout":"","theme-transparent-header-meta":"default","adv-header-id-meta":"","stick-header-meta":"default","header-above-stick-meta":"","header-main-stick-meta":"","header-below-stick-meta":"","astra-migrate-meta-layouts":"set","ast-page-background-enabled":"default","ast-page-background-meta":{"desktop":{"background-color":"var(--ast-global-color-4)","background-image":"","background-repeat":"repeat","background-position":"center center","background-size":"auto","background-attachment":"scroll","background-type":"","background-media":"","overlay-type":"","overlay-color":"","overlay-opacity":"","overlay-gradient":""},"tablet":{"background-color":"","background-image":"","background-repeat":"repeat","background-position":"center center","background-size":"auto","background-attachment":"scroll","background-type":"","background-media":"","overlay-type":"","overlay-color":"","overlay-opacity":"","overlay-gradient":""},"mobile":{"background-color":"","background-image":"","background-repeat":"repeat","background-position":"center center","background-size":"auto","background-attachment":"scroll","background-type":"","background-media":"","overlay-type":"","overlay-color":"","overlay-opacity":"","overlay-gradient":""}},"ast-content-background-meta":{"desktop":{"background-color":"var(--ast-global-color-5)","background-image":"","background-repeat":"repeat","background-position":"center center","background-size":"auto","background-attachment":"scroll","background-type":"","background-media":"","overlay-type":"","overlay-color":"","overlay-opacity":"","overlay-gradient":""},"tablet":{"background-color":"var(--ast-global-color-5)","background-image":"","background-repeat":"repeat","background-position":"center center","background-size":"auto","background-attachment":"scroll","background-type":"","background-media":"","overlay-type":"","overlay-color":"","overlay-opacity":"","overlay-gradient":""},"mobile":{"background-color":"var(--ast-global-color-5)","background-image":"","background-repeat":"repeat","background-position":"center center","background-size":"auto","background-attachment":"scroll","background-type":"","background-media":"","overlay-type":"","overlay-color":"","overlay-opacity":"","overlay-gradient":""}}},"product_brand":[],"product_cat":[228],"product_tag":[1484,1485,1481,1482,1483],"class_list":{"0":"post-23074","1":"product","2":"type-product","3":"status-publish","4":"has-post-thumbnail","6":"product_cat-aluminum-perforated-wall-panel","7":"product_tag-aluminum-tube-facades-for-enhanced-airflow-and-cooling","8":"product_tag-contemporary-building-facades-with-aluminum-tube-panels","9":"product_tag-energy-efficient-ventilated-aluminum-facade-system","10":"product_tag-high-performance-ventilated-facades-for-commercial-buildings","11":"product_tag-lightweight-aluminum-tube-structure-for-building-facades","12":"desktop-align-center","13":"tablet-align-left","14":"mobile-align-left","15":"ast-product-gallery-layout-horizontal-slider","16":"ast-product-tabs-layout-vertical","18":"first","19":"instock","20":"shipping-taxable","21":"product-type-simple"},"uagb_featured_image_src":{"full":["https:\/\/meterny.com\/wp-content\/uploads\/2025\/04\/Meterny-Aluminum-Baffle-Tubes-for-Facade-Project-1.webp",800,800,false],"thumbnail":["https:\/\/meterny.com\/wp-content\/uploads\/2025\/04\/Meterny-Aluminum-Baffle-Tubes-for-Facade-Project-1-150x150.webp",150,150,true],"medium":["https:\/\/meterny.com\/wp-content\/uploads\/2025\/04\/Meterny-Aluminum-Baffle-Tubes-for-Facade-Project-1-300x300.webp",300,300,true],"medium_large":["https:\/\/meterny.com\/wp-content\/uploads\/2025\/04\/Meterny-Aluminum-Baffle-Tubes-for-Facade-Project-1-768x768.webp",768,768,true],"large":["https:\/\/meterny.com\/wp-content\/uploads\/2025\/04\/Meterny-Aluminum-Baffle-Tubes-for-Facade-Project-1.webp",800,800,false],"1536x1536":["https:\/\/meterny.com\/wp-content\/uploads\/2025\/04\/Meterny-Aluminum-Baffle-Tubes-for-Facade-Project-1.webp",800,800,false],"2048x2048":["https:\/\/meterny.com\/wp-content\/uploads\/2025\/04\/Meterny-Aluminum-Baffle-Tubes-for-Facade-Project-1.webp",800,800,false],"trp-custom-language-flag":["https:\/\/meterny.com\/wp-content\/uploads\/2025\/04\/Meterny-Aluminum-Baffle-Tubes-for-Facade-Project-1-12x12.webp",12,12,true],"woocommerce_thumbnail":["https:\/\/meterny.com\/wp-content\/uploads\/2025\/04\/Meterny-Aluminum-Baffle-Tubes-for-Facade-Project-1-300x300.webp",300,300,true],"woocommerce_single":["https:\/\/meterny.com\/wp-content\/uploads\/2025\/04\/Meterny-Aluminum-Baffle-Tubes-for-Facade-Project-1-600x600.webp",600,600,true],"woocommerce_gallery_thumbnail":["https:\/\/meterny.com\/wp-content\/uploads\/2025\/04\/Meterny-Aluminum-Baffle-Tubes-for-Facade-Project-1-100x100.webp",100,100,true]},"uagb_author_info":{"display_name":"meterny","author_link":"https:\/\/meterny.com\/pt\/author\/"},"uagb_comment_info":0,"uagb_excerpt":"The Ventilated Facade with Aluminum Tube Structure combines functionality and modern design. This system promotes natural ventilation and airflow, helping regulate the building\u2019s temperature while reducing energy consumption. Made from high-quality, corrosion-resistant aluminum, it offers durability and minimal maintenance. Ideal for modern commercial and residential buildings, it enhances the exterior\u2019s aesthetic while ensuring performance and&hellip;","_links":{"self":[{"href":"https:\/\/meterny.com\/pt\/wp-json\/wp\/v2\/product\/23074","targetHints":{"allow":["GET"]}}],"collection":[{"href":"https:\/\/meterny.com\/pt\/wp-json\/wp\/v2\/product"}],"about":[{"href":"https:\/\/meterny.com\/pt\/wp-json\/wp\/v2\/types\/product"}],"replies":[{"embeddable":true,"href":"https:\/\/meterny.com\/pt\/wp-json\/wp\/v2\/comments?post=23074"}],"wp:featuredmedia":[{"embeddable":true,"href":"https:\/\/meterny.com\/pt\/wp-json\/wp\/v2\/media\/23043"}],"wp:attachment":[{"href":"https:\/\/meterny.com\/pt\/wp-json\/wp\/v2\/media?parent=23074"}],"wp:term":[{"taxonomy":"product_brand","embeddable":true,"href":"https:\/\/meterny.com\/pt\/wp-json\/wp\/v2\/product_brand?post=23074"},{"taxonomy":"product_cat","embeddable":true,"href":"https:\/\/meterny.com\/pt\/wp-json\/wp\/v2\/product_cat?post=23074"},{"taxonomy":"product_tag","embeddable":true,"href":"https:\/\/meterny.com\/pt\/wp-json\/wp\/v2\/product_tag?post=23074"}],"curies":[{"name":"wp","href":"https:\/\/api.w.org\/{rel}","templated":true}]}}