{"id":23136,"date":"2025-05-10T02:26:24","date_gmt":"2025-05-10T02:26:24","guid":{"rendered":"https:\/\/meterny.com\/?post_type=product&#038;p=23136"},"modified":"2025-06-07T03:07:06","modified_gmt":"2025-06-07T03:07:06","slug":"vertical-aluminum-slat-panel-for-exterior-wall","status":"publish","type":"product","link":"https:\/\/meterny.com\/pt\/produto\/vertical-aluminum-slat-panel-for-exterior-wall\/","title":{"rendered":"Painel Vertical de L\u00e2minas de Alum\u00ednio para Parede Exterior"},"content":{"rendered":"<div class=\"inner-LOKNYu inner-item-AQrr_W\" data-target-id=\"message-box-target-id\" data-testid=\"union_message\">\n<div class=\"message-block-container-CKPFh2\" data-testid=\"message-block-container\">\n<div class=\"message-box-y4MH8s\" data-testid=\"receive_message\">\n<div class=\"message-box-content-wrapper-fgNGpz\">\n<div class=\"message-content message-box-content-xoCEoU receive-message-box-content-bNaFpa samantha-message-box-content-gWlptz\" data-testid=\"message_content\">\n<h2>Painel Vertical de L\u00e2minas de Alum\u00ednio para Parede Exterior<\/h2>\n<p>&nbsp;<\/p>\n<h3 data-start=\"0\" data-end=\"28\"><strong data-start=\"0\" data-end=\"28\">Vis\u00e3o geral do produto\u00a0<\/strong><\/h3>\n<p class=\"\" data-start=\"30\" data-end=\"437\">Os pain\u00e9is verticais de l\u00e2minas de alum\u00ednio para paredes exteriores oferecem uma combina\u00e7\u00e3o perfeita de est\u00e9tica moderna e elevada durabilidade. Estes pain\u00e9is s\u00e3o ideais para melhorar a atra\u00e7\u00e3o visual e a integridade estrutural do exterior de qualquer edif\u00edcio, proporcionando benef\u00edcios funcionais e decorativos. O design elegante e as propriedades resistentes \u00e0s intemp\u00e9ries garantem um desempenho duradouro em v\u00e1rios ambientes exteriores.<\/p>\n<figure id=\"attachment_23137\" aria-describedby=\"caption-attachment-23137\" style=\"width: 1024px\" class=\"wp-caption alignnone\"><img loading=\"lazy\" decoding=\"async\" class=\"wp-image-23137\" src=\"https:\/\/meterny.com\/wp-content\/uploads\/2025\/05\/Meterny-Aluminum-Baffle-Ceiling-Project-73.webp\" alt=\"Pain\u00e9is Verticais de L\u00e2minas de Alum\u00ednio para Parede Exterior\" width=\"1024\" height=\"1024\" srcset=\"https:\/\/meterny.com\/wp-content\/uploads\/2025\/05\/Meterny-Aluminum-Baffle-Ceiling-Project-73.webp 800w, https:\/\/meterny.com\/wp-content\/uploads\/2025\/05\/Meterny-Aluminum-Baffle-Ceiling-Project-73-300x300.webp 300w, https:\/\/meterny.com\/wp-content\/uploads\/2025\/05\/Meterny-Aluminum-Baffle-Ceiling-Project-73-150x150.webp 150w, https:\/\/meterny.com\/wp-content\/uploads\/2025\/05\/Meterny-Aluminum-Baffle-Ceiling-Project-73-768x768.webp 768w, https:\/\/meterny.com\/wp-content\/uploads\/2025\/05\/Meterny-Aluminum-Baffle-Ceiling-Project-73-600x600.webp 600w, https:\/\/meterny.com\/wp-content\/uploads\/2025\/05\/Meterny-Aluminum-Baffle-Ceiling-Project-73-100x100.webp 100w\" sizes=\"auto, (max-width: 1024px) 100vw, 1024px\" \/><figcaption id=\"caption-attachment-23137\" class=\"wp-caption-text\">Melhore o exterior do seu edif\u00edcio com pain\u00e9is de ripas de alum\u00ednio verticais elegantes e modernos para um aspeto duradouro e elegante.<\/figcaption><\/figure>\n<p><span style=\"font-size: 1.5em; font-weight: bold;\">Especifica\u00e7\u00f5es t\u00e9cnicas(1)<\/span><\/p>\n<\/div>\n<\/div>\n<div class=\"message-box-content-wrapper-fgNGpz\">\n<div class=\"message-content message-box-content-xoCEoU receive-message-box-content-bNaFpa samantha-message-box-content-gWlptz\" data-testid=\"message_content\">\n<div class=\"container-ZYIsnH flow-markdown-body theme-samantha-Nbr9UN\" dir=\"ltr\" data-testid=\"message_text_content\" data-show-indicator=\"false\">\n<div class=\"container-ZYIsnH flow-markdown-body theme-samantha-Nbr9UN\" dir=\"ltr\" data-testid=\"message_text_content\" data-show-indicator=\"false\">\n<div class=\"container-ZYIsnH flow-markdown-body theme-samantha-Nbr9UN\" dir=\"ltr\" data-testid=\"message_text_content\" data-show-indicator=\"false\">\n<div class=\"container-ZYIsnH flow-markdown-body theme-samantha-Nbr9UN\" dir=\"ltr\" data-testid=\"message_text_content\" data-show-indicator=\"false\">\n<div>\n<div class=\"auto-hide-last-sibling-br table-container-GhL7Lo\">\n<table style=\"height: 575px;\" width=\"739\">\n<thead>\n<tr>\n<th>Item<\/th>\n<th>Par\u00e2metros<\/th>\n<\/tr>\n<\/thead>\n<tbody>\n<tr>\n<td>Material<\/td>\n<td>Liga de alum\u00ednio (6063\/T6, etc.)<\/td>\n<\/tr>\n<tr>\n<td>Espessura<\/td>\n<td>Normalmente 2,0 mm - 4,0 mm, personaliz\u00e1vel<\/td>\n<\/tr>\n<tr>\n<td>Taxa de perfura\u00e7\u00e3o<\/td>\n<td>10% - 50%, ajust\u00e1vel de acordo com os requisitos<\/td>\n<\/tr>\n<tr>\n<td>Di\u00e2metro do furo<\/td>\n<td>3mm - 20mm, v\u00e1rias especifica\u00e7\u00f5es dispon\u00edveis<\/td>\n<\/tr>\n<tr>\n<td>Tratamento de superf\u00edcie<\/td>\n<td>PVDF, poli\u00e9ster, anodiza\u00e7\u00e3o, revestimento em p\u00f3, tinta de fluorocarbono, etc.<\/td>\n<\/tr>\n<tr>\n<td>Cor<\/td>\n<td>Personaliz\u00e1vel de acordo com os cart\u00f5es de cores, as cores comuns incluem branco prateado, cinzento, preto, dourado, etc.<\/td>\n<\/tr>\n<tr>\n<td>Tamanho<\/td>\n<td>Os tamanhos convencionais s\u00e3o 1200mm\u00d72400mm, 1500mm\u00d73000mm, etc., tamb\u00e9m podem ser personalizados conforme necess\u00e1rio<\/td>\n<\/tr>\n<\/tbody>\n<\/table>\n<\/div>\n<\/div>\n<h3>Especifica\u00e7\u00f5es t\u00e9cnicas(2)<\/h3>\n<p>&nbsp;<\/p>\n<table style=\"height: 515px;\" width=\"347\">\n<thead>\n<tr>\n<th><strong>Especifica\u00e7\u00e3o<\/strong><\/th>\n<th><strong>Detalhes<\/strong><\/th>\n<\/tr>\n<\/thead>\n<tbody>\n<tr>\n<td><strong>Peso<\/strong><\/td>\n<td>2,5-3,5 kg por metro quadrado (consoante a espessura)<\/td>\n<\/tr>\n<tr>\n<td><strong>Op\u00e7\u00f5es de acabamento<\/strong><\/td>\n<td>Brilhante, Mate, Gr\u00e3o de madeira, Escovado e muito mais<\/td>\n<\/tr>\n<tr>\n<td><strong>Conce\u00e7\u00e3o<\/strong><\/td>\n<td>Padr\u00e3o de flores, desenho geom\u00e9trico, desenhos complexos, arte abstrata, log\u00f3tipos de texto, etc.<\/td>\n<\/tr>\n<tr>\n<td><strong>Padr\u00f5es de perfura\u00e7\u00e3o<\/strong><\/td>\n<td>Padr\u00f5es circulares, quadrados, de diamante, hexagonais e outros dispon\u00edveis.<\/td>\n<\/tr>\n<tr>\n<td><strong>Resist\u00eancia ao fogo<\/strong><\/td>\n<td>A2 Classifica\u00e7\u00e3o ao fogo (incombust\u00edvel)<\/td>\n<\/tr>\n<tr>\n<td><strong>Garantia<\/strong><\/td>\n<td>10-15 anos (consoante o acabamento e a aplica\u00e7\u00e3o)<\/td>\n<\/tr>\n<tr>\n<td><strong>Aplica\u00e7\u00f5es<\/strong><\/td>\n<td>todos os revestimentos, tectos, divis\u00f3rias, biombos decorativos, fachadas, divis\u00f3rias, veda\u00e7\u00f5es, guarda-s\u00f3is, decora\u00e7\u00e3o de interiores, etc.<\/td>\n<\/tr>\n<tr>\n<td><strong>Instala\u00e7\u00e3o<\/strong><\/td>\n<td>Fixa\u00e7\u00e3o na parede (parafusos ou fitas adesivas)\/F\u00e1cil instala\u00e7\u00e3o com v\u00e1rias op\u00e7\u00f5es de montagem (parafusos, suportes, arma\u00e7\u00f5es)\/Inclui fixa\u00e7\u00e3o direta, sistemas de arma\u00e7\u00e3o ou pain\u00e9is de encaixe, consoante a aplica\u00e7\u00e3o<\/td>\n<\/tr>\n<tr>\n<td><strong>Outros servi\u00e7os<\/strong><\/td>\n<td>Servi\u00e7os de personaliza\u00e7\u00e3o<\/td>\n<\/tr>\n<\/tbody>\n<\/table>\n<\/div>\n<div class=\"container-ZYIsnH flow-markdown-body theme-samantha-Nbr9UN\" dir=\"ltr\" data-testid=\"message_text_content\" data-show-indicator=\"false\">\n<p><strong style=\"font-size: 1.5em;\">Acabamentos e op\u00e7\u00f5es de personaliza\u00e7\u00e3o:<\/strong><\/p>\n<\/div>\n<div class=\"container-ZYIsnH flow-markdown-body theme-samantha-Nbr9UN\" dir=\"ltr\" data-testid=\"message_text_content\" data-show-indicator=\"false\">\n<ul>\n<li><strong>Acabamento anodizado:<\/strong> Proporciona um aspeto elegante e met\u00e1lico com prote\u00e7\u00e3o adicional contra a corros\u00e3o.<\/li>\n<li><strong>Acabamento revestido a p\u00f3:<\/strong> Oferece uma vasta gama de op\u00e7\u00f5es de cores com um revestimento suave e duradouro.<\/li>\n<li><strong>Alum\u00ednio escovado:<\/strong> Apresenta um acabamento elegante e mate para um aspeto contempor\u00e2neo.<\/li>\n<li><strong>Perfura\u00e7\u00f5es personalizadas:<\/strong> Adapte os tamanhos dos orif\u00edcios, os padr\u00f5es e a percentagem de \u00e1rea aberta \u00e0s suas necessidades espec\u00edficas de design e funcionais.<\/li>\n<\/ul>\n<\/div>\n<\/div>\n<\/div>\n<\/div>\n<\/div>\n<\/div>\n<\/div>\n<\/div>\n<\/div>\n<div class=\"inner-LOKNYu inner-item-AQrr_W\" data-target-id=\"message-box-target-id\" data-testid=\"union_message\">\n<div class=\"message-block-container-CKPFh2\" data-testid=\"message-block-container\">\n<div class=\"message-box-y4MH8s\" data-testid=\"receive_message\">\n<div class=\"message-box-content-wrapper-fgNGpz\">\n<div class=\"message-content message-box-content-xoCEoU receive-message-box-content-bNaFpa samantha-message-box-content-gWlptz\" data-testid=\"message_content\">\n<div class=\"container-ZYIsnH flow-markdown-body theme-samantha-Nbr9UN\" dir=\"ltr\" data-testid=\"message_text_content\" data-show-indicator=\"false\">\n<h2><strong>Galeria<\/strong><\/h2>\n<p>&nbsp;<\/p>\n<figure id=\"attachment_21839\" aria-describedby=\"caption-attachment-21839\" style=\"width: 1024px\" class=\"wp-caption alignnone\"><img loading=\"lazy\" decoding=\"async\" class=\"wp-image-21839\" src=\"https:\/\/meterny.com\/wp-content\/uploads\/2025\/03\/Meterny-Aluminum-Baffle-CeilingWall-Panel-Designs-4.jpg\" alt=\"Teto com deflector de alum\u00ednio com cores vibrantes\" width=\"1024\" height=\"1024\" srcset=\"https:\/\/meterny.com\/wp-content\/uploads\/2025\/03\/Meterny-Aluminum-Baffle-CeilingWall-Panel-Designs-4.jpg 750w, https:\/\/meterny.com\/wp-content\/uploads\/2025\/03\/Meterny-Aluminum-Baffle-CeilingWall-Panel-Designs-4-300x300.jpg 300w, https:\/\/meterny.com\/wp-content\/uploads\/2025\/03\/Meterny-Aluminum-Baffle-CeilingWall-Panel-Designs-4-150x150.jpg 150w, https:\/\/meterny.com\/wp-content\/uploads\/2025\/03\/Meterny-Aluminum-Baffle-CeilingWall-Panel-Designs-4-600x600.jpg 600w, https:\/\/meterny.com\/wp-content\/uploads\/2025\/03\/Meterny-Aluminum-Baffle-CeilingWall-Panel-Designs-4-100x100.jpg 100w\" sizes=\"auto, (max-width: 1024px) 100vw, 1024px\" \/><figcaption id=\"caption-attachment-21839\" class=\"wp-caption-text\">Teto falso em alum\u00ednio com cores vibrantes: Trazer vida e energia ao seu espa\u00e7o.<\/figcaption><\/figure>\n<figure id=\"attachment_21980\" aria-describedby=\"caption-attachment-21980\" style=\"width: 1024px\" class=\"wp-caption alignnone\"><img loading=\"lazy\" decoding=\"async\" class=\"wp-image-21980\" src=\"https:\/\/meterny.com\/wp-content\/uploads\/2025\/03\/Meterny-Aluminum-Baffle-Ceiling-Project-64.jpg\" alt=\"Hall de entrada do hospital Teto em tubo de alum\u00ednio\" width=\"1024\" height=\"1024\" srcset=\"https:\/\/meterny.com\/wp-content\/uploads\/2025\/03\/Meterny-Aluminum-Baffle-Ceiling-Project-64.jpg 800w, https:\/\/meterny.com\/wp-content\/uploads\/2025\/03\/Meterny-Aluminum-Baffle-Ceiling-Project-64-300x300.jpg 300w, https:\/\/meterny.com\/wp-content\/uploads\/2025\/03\/Meterny-Aluminum-Baffle-Ceiling-Project-64-150x150.jpg 150w, https:\/\/meterny.com\/wp-content\/uploads\/2025\/03\/Meterny-Aluminum-Baffle-Ceiling-Project-64-768x768.jpg 768w, https:\/\/meterny.com\/wp-content\/uploads\/2025\/03\/Meterny-Aluminum-Baffle-Ceiling-Project-64-600x600.jpg 600w, https:\/\/meterny.com\/wp-content\/uploads\/2025\/03\/Meterny-Aluminum-Baffle-Ceiling-Project-64-100x100.jpg 100w\" sizes=\"auto, (max-width: 1024px) 100vw, 1024px\" \/><figcaption id=\"caption-attachment-21980\" class=\"wp-caption-text\">Teto em tubo de alum\u00ednio para hall de entrada de hospital elegante: Melhorar o apelo est\u00e9tico e a funcionalidade.<\/figcaption><\/figure>\n<figure id=\"attachment_23138\" aria-describedby=\"caption-attachment-23138\" style=\"width: 1024px\" class=\"wp-caption alignnone\"><img loading=\"lazy\" decoding=\"async\" class=\"wp-image-23138\" src=\"https:\/\/meterny.com\/wp-content\/uploads\/2025\/05\/Meterny-Aluminum-Baffle-Ceiling-Project-74.webp\" alt=\"Painel de l\u00e2minas de alum\u00ednio para sistemas de fachada modernos\" width=\"1024\" height=\"1024\" srcset=\"https:\/\/meterny.com\/wp-content\/uploads\/2025\/05\/Meterny-Aluminum-Baffle-Ceiling-Project-74.webp 800w, https:\/\/meterny.com\/wp-content\/uploads\/2025\/05\/Meterny-Aluminum-Baffle-Ceiling-Project-74-300x300.webp 300w, https:\/\/meterny.com\/wp-content\/uploads\/2025\/05\/Meterny-Aluminum-Baffle-Ceiling-Project-74-150x150.webp 150w, https:\/\/meterny.com\/wp-content\/uploads\/2025\/05\/Meterny-Aluminum-Baffle-Ceiling-Project-74-768x768.webp 768w, https:\/\/meterny.com\/wp-content\/uploads\/2025\/05\/Meterny-Aluminum-Baffle-Ceiling-Project-74-600x600.webp 600w, https:\/\/meterny.com\/wp-content\/uploads\/2025\/05\/Meterny-Aluminum-Baffle-Ceiling-Project-74-100x100.webp 100w\" sizes=\"auto, (max-width: 1024px) 100vw, 1024px\" \/><figcaption id=\"caption-attachment-23138\" class=\"wp-caption-text\">Melhore a sua fachada com elegantes pain\u00e9is de ripas de alum\u00ednio, concebidos para um acabamento contempor\u00e2neo e duradouro.<\/figcaption><\/figure>\n<h2>V\u00eddeo da f\u00e1brica<\/h2>\n<p>&nbsp;<\/p>\n<p><iframe loading=\"lazy\" title=\"Leitor de v\u00eddeo do YouTube\" src=\"https:\/\/www.youtube.com\/embed\/9McvKo8wDdI?si=7NVrqfh9270yITNb&amp;autoplay=1&amp;mute=1&amp;loop=1&amp;playlist=9McvKo8wDdI\" width=\"1024\" height=\"576\" frameborder=\"0\" allowfullscreen=\"allowfullscreen\" data-mce-fragment=\"1\"><span data-mce-type=\"bookmark\" style=\"display: inline-block; width: 0px; overflow: hidden; line-height: 0;\" class=\"mce_SELRES_start\"><\/span><br \/>\n<\/iframe><\/p>\n<\/div>\n<\/div>\n<\/div>\n<\/div>\n<\/div>\n<\/div>\n<h2><strong>Contactar-nos<\/strong>:<\/h2>\n<p>Se voc\u00ea est\u00e1 interessado em nosso Painel Vertical de L\u00e2minas de Alum\u00ednio para Parede Exterior, n\u00e3o hesite em contactar-nos para obter mais informa\u00e7\u00f5es ou um or\u00e7amento gratuito!<\/p>\n<h3>\ud83d\udcde Whatsapp<strong>:<\/strong> <a href=\"https:\/\/api.whatsapp.com\/send\/?phone=8618566054354&amp;text\" target=\"_blank\" rel=\"noopener\">+86 18566054354<\/a><br \/>\n\ud83d\udce7 <strong>Correio eletr\u00f3nico:<\/strong> <a href=\"mailto:damon@meterny.com\">damon@meterny.com<\/a><\/h3>\n<h3><\/h3>\n<h3>M\u00e1quina de f\u00e1brica<\/h3>\n<hr \/>\n<figure id=\"attachment_17138\" aria-describedby=\"caption-attachment-17138\" style=\"width: 1024px\" class=\"wp-caption alignnone\"><img loading=\"lazy\" decoding=\"async\" class=\"wp-image-17138\" src=\"https:\/\/meterny.com\/wp-content\/uploads\/2024\/09\/Hfef82f3530aa4d3db8ebb2939cd54a108.jpg\" alt=\"Fluxo de trabalho da f\u00e1brica de pain\u00e9is de alum\u00ednio Meterny\" width=\"1024\" height=\"1024\" srcset=\"https:\/\/meterny.com\/wp-content\/uploads\/2024\/09\/Hfef82f3530aa4d3db8ebb2939cd54a108.jpg 1200w, https:\/\/meterny.com\/wp-content\/uploads\/2024\/09\/Hfef82f3530aa4d3db8ebb2939cd54a108-300x300.jpg 300w, https:\/\/meterny.com\/wp-content\/uploads\/2024\/09\/Hfef82f3530aa4d3db8ebb2939cd54a108-1024x1024.jpg 1024w, https:\/\/meterny.com\/wp-content\/uploads\/2024\/09\/Hfef82f3530aa4d3db8ebb2939cd54a108-150x150.jpg 150w, https:\/\/meterny.com\/wp-content\/uploads\/2024\/09\/Hfef82f3530aa4d3db8ebb2939cd54a108-768x768.jpg 768w, https:\/\/meterny.com\/wp-content\/uploads\/2024\/09\/Hfef82f3530aa4d3db8ebb2939cd54a108-600x600.jpg 600w, https:\/\/meterny.com\/wp-content\/uploads\/2024\/09\/Hfef82f3530aa4d3db8ebb2939cd54a108-100x100.jpg 100w\" sizes=\"auto, (max-width: 1024px) 100vw, 1024px\" \/><figcaption id=\"caption-attachment-17138\" class=\"wp-caption-text\">Trabalhadores da f\u00e1brica de pain\u00e9is de alum\u00ednio Meterny em a\u00e7\u00e3o: Do corte ao revestimento.<\/figcaption><\/figure>\n<h3>Guia de instala\u00e7\u00e3o<\/h3>\n<p>Instala\u00e7\u00e3o do painel vertical de l\u00e2minas de alum\u00ednio da METERNY para paredes exteriores<span style=\"font-size: 16px;\">)os pain\u00e9is de alum\u00ednio s\u00e3o simples, e fornecemos instru\u00e7\u00f5es de instala\u00e7\u00e3o detalhadas para garantir que o seu projeto \u00e9 conclu\u00eddo de forma eficiente. Aqui est\u00e1 um esbo\u00e7o b\u00e1sico do processo de instala\u00e7\u00e3o:<\/span><\/p>\n<ol>\n<li><strong>Preparar a superf\u00edcie<\/strong><br \/>\nAssegurar que a superf\u00edcie \u00e0 qual ser\u00e1 fixado o painel vertical de ripas de alum\u00ednio para paredes exteriores est\u00e1 limpa, plana e seca. Quaisquer irregularidades da superf\u00edcie devem ser tratadas para garantir a ader\u00eancia e o alinhamento corretos do painel vertical de ripas de alum\u00ednio para paredes exteriores.<\/li>\n<li><strong>Instalar a estrutura<\/strong><br \/>\nUtilize uma estrutura met\u00e1lica adequada para suportar o painel vertical de ripas de alum\u00ednio para paredes exteriores. A estrutura deve ser alinhada de acordo com as medidas especificadas no projeto.<\/li>\n<li><strong>Fixa\u00e7\u00e3o do painel<\/strong><br \/>\nO painel vertical de l\u00e2minas de alum\u00ednio para paredes exteriores pode ser instalado com clipes, parafusos ou rebites. O m\u00e9todo de fixa\u00e7\u00e3o depender\u00e1 do tipo de painel e dos requisitos espec\u00edficos do seu projeto. Assegure-se de que todas as l\u00e2minas verticais de alum\u00ednio para paredes exteriores est\u00e3o bem fixadas para evitar movimentos.<\/li>\n<li><strong>Controlos finais<\/strong><br \/>\nAp\u00f3s a instala\u00e7\u00e3o, efetuar uma inspe\u00e7\u00e3o final para garantir que todas as l\u00e2minas verticais de alum\u00ednio para paredes exteriores est\u00e3o corretamente alinhadas e bem fixadas. Limpe o painel vertical de ripas de alum\u00ednio para paredes exteriores para remover quaisquer detritos da instala\u00e7\u00e3o.<\/li>\n<\/ol>\n<p>Para obter instru\u00e7\u00f5es mais detalhadas ou servi\u00e7os de instala\u00e7\u00e3o profissional, contacte-nos.<\/p>\n<p><img loading=\"lazy\" decoding=\"async\" class=\"wp-image-17137\" src=\"https:\/\/meterny.com\/wp-content\/uploads\/2024\/09\/Hd60cc4e1bad449eb8405a223ef59338e2.jpg\" alt=\"Pain\u00e9is de alum\u00ednio personalizados a aguardar o acabamento\" width=\"1024\" height=\"1024\" srcset=\"https:\/\/meterny.com\/wp-content\/uploads\/2024\/09\/Hd60cc4e1bad449eb8405a223ef59338e2.jpg 1200w, https:\/\/meterny.com\/wp-content\/uploads\/2024\/09\/Hd60cc4e1bad449eb8405a223ef59338e2-300x300.jpg 300w, https:\/\/meterny.com\/wp-content\/uploads\/2024\/09\/Hd60cc4e1bad449eb8405a223ef59338e2-1024x1024.jpg 1024w, https:\/\/meterny.com\/wp-content\/uploads\/2024\/09\/Hd60cc4e1bad449eb8405a223ef59338e2-150x150.jpg 150w, https:\/\/meterny.com\/wp-content\/uploads\/2024\/09\/Hd60cc4e1bad449eb8405a223ef59338e2-768x768.jpg 768w, https:\/\/meterny.com\/wp-content\/uploads\/2024\/09\/Hd60cc4e1bad449eb8405a223ef59338e2-600x600.jpg 600w, https:\/\/meterny.com\/wp-content\/uploads\/2024\/09\/Hd60cc4e1bad449eb8405a223ef59338e2-100x100.jpg 100w\" sizes=\"auto, (max-width: 1024px) 100vw, 1024px\" \/><\/p>\n<div class=\"container-ncFTrL\">\n<div class=\"item-KOa3z_\">\n<div class=\"container-rBgb6B chrome70-container\">\n<div class=\"inner-LOKNYu inner-item-AQrr_W\" data-target-id=\"message-box-target-id\" data-testid=\"union_message\">\n<div class=\"message-block-container-CKPFh2\" data-testid=\"message-block-container\">\n<div class=\"message-box-y4MH8s\" data-testid=\"receive_message\">\n<div class=\"message-box-content-wrapper-fgNGpz\">\n<div class=\"message-content message-box-content-xoCEoU receive-message-box-content-bNaFpa samantha-message-box-content-gWlptz\" data-testid=\"message_content\">\n<div class=\"inner-LOKNYu inner-item-AQrr_W\" data-target-id=\"message-box-target-id\" data-testid=\"union_message\">\n<div class=\"message-block-container-CKPFh2\" data-testid=\"message-block-container\">\n<div class=\"message-box-y4MH8s\" data-testid=\"receive_message\">\n<div class=\"message-box-content-wrapper-fgNGpz\">\n<div class=\"message-content message-box-content-xoCEoU receive-message-box-content-bNaFpa samantha-message-box-content-gWlptz\" data-testid=\"message_content\">\n<div class=\"container-ZYIsnH flow-markdown-body theme-samantha-Nbr9UN\" dir=\"ltr\" data-testid=\"message_text_content\" data-show-indicator=\"false\">\n<div class=\"container-ZYIsnH flow-markdown-body theme-samantha-Nbr9UN\" dir=\"ltr\" data-testid=\"message_text_content\" data-show-indicator=\"false\">\n<h3><strong>Servi\u00e7os de personaliza\u00e7\u00e3o<\/strong><\/h3>\n<p id=\"\">Oferecemos servi\u00e7os de personaliza\u00e7\u00e3o abrangentes, incluindo, mas n\u00e3o se limitando a, design de padr\u00f5es, ajustes de tamanho e correspond\u00eancia de cores, para atender \u00e0s suas necessidades decorativas exclusivas. Basta fornecer o seu conceito criativo e a nossa equipa de design profissional criar\u00e1 um painel de ripas de alum\u00ednio vertical para parede exterior exclusivamente para si.<\/p>\n<\/div>\n<\/div>\n<\/div>\n<\/div>\n<\/div>\n<\/div>\n<h3 dir=\"ltr\" data-testid=\"message_text_content\" data-show-indicator=\"false\">Processo de encomenda<\/h3>\n<p>&nbsp;<\/p>\n<\/div>\n<div class=\"inner-LOKNYu inner-item-AQrr_W\" data-target-id=\"message-box-target-id\" data-testid=\"union_message\">\n<div class=\"message-block-container-CKPFh2\" data-testid=\"message-block-container\">\n<div class=\"message-box-y4MH8s\" data-testid=\"receive_message\">\n<div class=\"message-box-content-wrapper-fgNGpz\">\n<div class=\"message-content message-box-content-xoCEoU receive-message-box-content-bNaFpa samantha-message-box-content-gWlptz\" data-testid=\"message_content\">\n<div class=\"container-ZYIsnH flow-markdown-body theme-samantha-Nbr9UN\" dir=\"ltr\" data-testid=\"message_text_content\" data-show-indicator=\"false\">\n<ol>\n<li><strong>Necessidades de informa\u00e7\u00e3o<\/strong>: Contacte-nos para fornecer os seus requisitos espec\u00edficos e necessidades de personaliza\u00e7\u00e3o.<\/li>\n<li><strong>Confirma\u00e7\u00e3o de or\u00e7amento<\/strong>: Fornecemos um or\u00e7amento detalhado e um prazo de entrega em fun\u00e7\u00e3o das suas necessidades.<\/li>\n<li><strong>Assinatura do contrato<\/strong>: Depois de ambas as partes confirmarem o or\u00e7amento e o prazo de entrega, \u00e9 assinado um contrato formal.<\/li>\n<li><strong>Produ\u00e7\u00e3o e transforma\u00e7\u00e3o<\/strong>: A produ\u00e7\u00e3o e a transforma\u00e7\u00e3o s\u00e3o efectuadas de acordo com as exig\u00eancias do contrato.<\/li>\n<li><strong>Inspe\u00e7\u00e3o da qualidade<\/strong>: Inspe\u00e7\u00e3o rigorosa da qualidade dos produtos acabados para garantir a conformidade com as normas.<\/li>\n<li><strong>Embalagem e expedi\u00e7\u00e3o<\/strong>: Embalagem profissional para garantir a seguran\u00e7a do produto durante o transporte.<\/li>\n<li><strong>Servi\u00e7o p\u00f3s-venda<\/strong>: Fornecer um servi\u00e7o p\u00f3s-venda completo para responder \u00e0s suas preocupa\u00e7\u00f5es.<\/li>\n<\/ol>\n<\/div>\n<div class=\"container-ZYIsnH flow-markdown-body theme-samantha-Nbr9UN\" dir=\"ltr\" data-testid=\"message_text_content\" data-show-indicator=\"false\">\n<div>\n<h3 class=\"header-vfC6AV auto-hide-last-sibling-br\">Produ\u00e7\u00e3o e embalagem<\/h3>\n<ul class=\"auto-hide-last-sibling-br\">\n<li><strong>Processo de produ\u00e7\u00e3o<\/strong>: S\u00e3o adoptadas tecnologias avan\u00e7adas de estampagem e grava\u00e7\u00e3o CNC, tecnologias de soldadura e grava\u00e7\u00e3o a laser, bem como processos de dobragem, laminagem e tritura\u00e7\u00e3o para garantir a precis\u00e3o e a qualidade dos produtos.<\/li>\n<li><strong>M\u00e9todos de embalagem<\/strong>:\n<ul class=\"auto-hide-last-sibling-br\">\n<li><strong>Prote\u00e7\u00e3o b\u00e1sica<\/strong>: Aplique um revestimento protetor na superf\u00edcie decorativa da placa de alum\u00ednio e coloque uma camada de pl\u00e1stico bolha.<\/li>\n<li><strong>Embalagem da marca da empresa<\/strong>: A superf\u00edcie decorativa da placa de alum\u00ednio tem uma pel\u00edcula com o log\u00f3tipo da empresa, sendo depois protegida com pl\u00e1stico bolha.<\/li>\n<li><strong>Embalagem personalizada<\/strong>: O log\u00f3tipo exclusivo do cliente pode ser impresso na pel\u00edcula e depois protegido com pl\u00e1stico-bolha.<\/li>\n<li><strong>Prote\u00e7\u00e3o refor\u00e7ada<\/strong>: A superf\u00edcie decorativa tem um revestimento protetor e s\u00e3o adicionados protectores de cantos azuis aos cantos da placa e o conjunto \u00e9 embrulhado com pl\u00e1stico bolha.<\/li>\n<li><strong>Embalagem segura e de alta qualidade<\/strong>: A superf\u00edcie decorativa tem uma pel\u00edcula, os cantos da placa t\u00eam protectores de cantos azuis e, depois de ser embrulhada com pl\u00e1stico bolha, \u00e9 colocada numa caixa de madeira laminada resistente.<\/li>\n<\/ul>\n<\/li>\n<\/ul>\n<div>\n<h3 class=\"header-vfC6AV auto-hide-last-sibling-br\">Certifica\u00e7\u00e3o e servi\u00e7o<\/h3>\n<ul class=\"auto-hide-last-sibling-br\">\n<li><strong>Certifica\u00e7\u00e3o<\/strong>\uff1aO produto passou por certifica\u00e7\u00f5es internacionais como CE, SGS e ISO 9001, atendendo aos padr\u00f5es de qualidade e ambientais relevantes.<\/li>\n<li><strong>Servi\u00e7o<\/strong>\uff1a Fornecemos servi\u00e7os abrangentes de pr\u00e9-venda, venda e p\u00f3s-venda, incluindo consulta de produtos, fornecimento de planos de design, orienta\u00e7\u00e3o de instala\u00e7\u00e3o e manuten\u00e7\u00e3o p\u00f3s-venda para garantir que os clientes possam usar o produto sem problemas.<\/li>\n<\/ul>\n<\/div>\n<h3 class=\"header-vfC6AV auto-hide-last-sibling-br\">Servi\u00e7o p\u00f3s-venda<\/h3>\n<ul class=\"auto-hide-last-sibling-br\">\n<li><strong>Per\u00edodo de garantia<\/strong>: Fornecer uma garantia de qualidade de [10] anos. Durante o per\u00edodo de garantia, se houver algum problema de qualidade com os produtos, forneceremos servi\u00e7os gratuitos de repara\u00e7\u00e3o ou substitui\u00e7\u00e3o.<\/li>\n<li><strong>Apoio t\u00e9cnico<\/strong>: Prestar consultoria t\u00e9cnica profissional e apoio aos clientes, ajudando-os a resolver problemas encontrados durante a instala\u00e7\u00e3o e utiliza\u00e7\u00e3o dos produtos.<\/li>\n<li><strong>Acompanhamento regular<\/strong>: Acompanhar regularmente os clientes para compreender a utiliza\u00e7\u00e3o dos produtos, recolher as suas opini\u00f5es e sugest\u00f5es e melhorar continuamente os nossos produtos e servi\u00e7os.<\/li>\n<\/ul>\n<\/div>\n<\/div>\n<\/div>\n<\/div>\n<\/div>\n<\/div>\n<\/div>\n<h2 class=\"header-vfC6AV auto-hide-last-sibling-br\" style=\"font-style: normal;\">Perguntas frequentes (FAQs)<\/h2>\n<div><\/div>\n<h5 class=\"auto-hide-last-sibling-br paragraph-qzbcQC paragraph-element br-paragraph-space\">Q 1: Quais s\u00e3o os principais elementos de design estrutural do Painel Vertical de L\u00e2minas de Alum\u00ednio para Parede Exterior?<br class=\"container-eLPxqH wrapper-wt12I4 undefined\" \/><br class=\"container-eLPxqH wrapper-wt12I4 undefined\" \/><\/h5>\n<div class=\"auto-hide-last-sibling-br paragraph-qzbcQC paragraph-element br-paragraph-space\">Um Painel de L\u00e2minas de Alum\u00ednio Vertical 1:1 para Parede Exterior apresenta tipicamente uma estrutura de liga de alum\u00ednio, que assegura tanto a resist\u00eancia como a leveza. As l\u00e2minas s\u00e3o frequentemente concebidas com um \u00e2ngulo e um espa\u00e7amento espec\u00edficos. O \u00e2ngulo pode ser ajustado para otimizar a reflex\u00e3o da luz solar e os efeitos de sombreamento, enquanto o espa\u00e7amento afecta a ventila\u00e7\u00e3o e o aspeto visual geral. Al\u00e9m disso, os componentes de liga\u00e7\u00e3o, como os fechos ocultos, s\u00e3o cruciais para garantir uma instala\u00e7\u00e3o est\u00e1vel e sem falhas.<\/div>\n<div><\/div>\n<h5 class=\"auto-hide-last-sibling-br paragraph-qzbcQC paragraph-element br-paragraph-space\">Q 2: Quais s\u00e3o as vantagens relacionadas com o material do Painel Vertical de L\u00e2minas de Alum\u00ednio para Parede Exterior em compara\u00e7\u00e3o com outros materiais de revestimento de parede exterior?<br class=\"container-eLPxqH wrapper-wt12I4 undefined\" \/><br class=\"container-eLPxqH wrapper-wt12I4 undefined\" \/><\/h5>\n<div class=\"auto-hide-last-sibling-br paragraph-qzbcQC paragraph-element br-paragraph-space\">A 2:O alum\u00ednio tem excelente resist\u00eancia \u00e0 corros\u00e3o, tornando o Painel Vertical de L\u00e2minas de Alum\u00ednio para Parede Exterior adequado para v\u00e1rias condi\u00e7\u00f5es clim\u00e1ticas. Ele tamb\u00e9m \u00e9 altamente recicl\u00e1vel, o que \u00e9 ecologicamente correto. Em compara\u00e7\u00e3o com materiais como madeira ou alguns pl\u00e1sticos, o alum\u00ednio tem melhor resist\u00eancia ao fogo. Al\u00e9m disso, o alum\u00ednio pode ser facilmente formado e acabado com diferentes tratamentos de superf\u00edcie, como revestimento em p\u00f3 ou anodiza\u00e7\u00e3o, para alcan\u00e7ar uma ampla gama de cores e texturas.<\/div>\n<div><\/div>\n<h5 class=\"auto-hide-last-sibling-br paragraph-qzbcQC paragraph-element br-paragraph-space\">Q 3:O processo de instala\u00e7\u00e3o do Painel Vertical de L\u00e2minas de Alum\u00ednio para Parede Exterior \u00e9 complexo?<br class=\"container-eLPxqH wrapper-wt12I4 undefined\" \/><br class=\"container-eLPxqH wrapper-wt12I4 undefined\" \/><\/h5>\n<div class=\"auto-hide-last-sibling-br paragraph-qzbcQC paragraph-element br-paragraph-space\">A 3:O processo de instala\u00e7\u00e3o \u00e9 relativamente simples. A maioria dos pain\u00e9is verticais de l\u00e2minas de alum\u00ednio para paredes exteriores \u00e9 pr\u00e9 - fabricada na f\u00e1brica, o que reduz o tempo de constru\u00e7\u00e3o no local. Normalmente, s\u00e3o instalados utilizando um sistema modular, em que as l\u00e2minas podem ser fixadas de forma r\u00e1pida e precisa \u00e0 estrutura de suporte atrav\u00e9s de um sistema de liga\u00e7\u00e3o pr\u00e9 - concebido. No entanto, como em qualquer projeto de constru\u00e7\u00e3o, \u00e9 necess\u00e1rio um planeamento adequado e trabalhadores de instala\u00e7\u00e3o qualificados para garantir uma instala\u00e7\u00e3o de alta qualidade.<\/div>\n<div><\/div>\n<h5 class=\"auto-hide-last-sibling-br paragraph-qzbcQC paragraph-element br-paragraph-space\">Q 4:Como devemos manter o Painel Vertical de L\u00e2minas de Alum\u00ednio para Parede Exterior?<br class=\"container-eLPxqH wrapper-wt12I4 undefined\" \/><br class=\"container-eLPxqH wrapper-wt12I4 undefined\" \/><\/h5>\n<div class=\"auto-hide-last-sibling-br paragraph-qzbcQC paragraph-element br-paragraph-space\">A 4:A limpeza regular \u00e9 fundamental. Utilize uma escova de cerdas macias ou um pano macio com um produto de limpeza suave e n\u00e3o abrasivo para remover a sujidade e os detritos. Inspeccione periodicamente o painel vertical de ripas de alum\u00ednio para paredes exteriores para detetar quaisquer sinais de danos, tais como riscos ou amolgadelas. No caso de pain\u00e9is com tratamento de superf\u00edcie, verifique se o revestimento est\u00e1 intacto. Em caso de danos menores, pode ser utilizada tinta para retoques ou materiais de repara\u00e7\u00e3o adequados. Al\u00e9m disso, certifique-se de que o sistema de drenagem \u00e0 volta dos pain\u00e9is est\u00e1 desobstru\u00eddo para evitar a acumula\u00e7\u00e3o de \u00e1gua.<\/div>\n<div><\/div>\n<h5 class=\"auto-hide-last-sibling-br paragraph-qzbcQC paragraph-element br-paragraph-space\">P 5:Para que tipos de edif\u00edcios s\u00e3o mais adequados os pain\u00e9is verticais de ripas de alum\u00ednio para paredes exteriores?<br class=\"container-eLPxqH wrapper-wt12I4 undefined\" \/><br class=\"container-eLPxqH wrapper-wt12I4 undefined\" \/><\/h5>\n<div class=\"auto-hide-last-sibling-br paragraph-qzbcQC paragraph-element br-paragraph-space\">R 5:S\u00e3o altamente adequados para edif\u00edcios comerciais modernos, como centros comerciais, edif\u00edcios de escrit\u00f3rios e hot\u00e9is, onde podem melhorar o apelo est\u00e9tico do edif\u00edcio com o seu aspeto elegante e contempor\u00e2neo. Tamb\u00e9m se adequam bem a alguns edif\u00edcios p\u00fablicos, como museus e salas de exposi\u00e7\u00f5es, uma vez que podem proporcionar benef\u00edcios funcionais, como sombreamento e ventila\u00e7\u00e3o, e contribuir para o estilo arquitet\u00f3nico \u00fanico do edif\u00edcio. Al\u00e9m disso, os edif\u00edcios residenciais de luxo podem utiliz\u00e1-los para dar um toque de eleg\u00e2ncia e modernidade.<\/div>\n<p>&nbsp;<\/p>\n<p><span style=\"font-size: 1.7em; font-weight: bold;\">Por que escolher o Painel Vertical de L\u00e2minas de Alum\u00ednio para Parede Exterior?<\/span><\/p>\n<ul>\n<li class=\"\" data-start=\"599\" data-end=\"699\">\n<p class=\"\" data-start=\"602\" data-end=\"699\"><strong data-start=\"602\" data-end=\"622\">Est\u00e9tica moderna<\/strong> - Design elegante e vertical que d\u00e1 um toque contempor\u00e2neo \u00e0s paredes exteriores.<\/p>\n<\/li>\n<li class=\"\" data-start=\"700\" data-end=\"793\">\n<p class=\"\" data-start=\"703\" data-end=\"793\"><strong data-start=\"703\" data-end=\"723\">Material dur\u00e1vel<\/strong> - Fabricado em alum\u00ednio de alta qualidade, resistente \u00e0 corros\u00e3o e ao desgaste.<\/p>\n<\/li>\n<li class=\"\" data-start=\"794\" data-end=\"901\">\n<p class=\"\" data-start=\"797\" data-end=\"901\"><strong data-start=\"797\" data-end=\"818\">Resistente \u00e0s intemp\u00e9ries<\/strong> - Constru\u00eddo para resistir a condi\u00e7\u00f5es climat\u00e9ricas extremas, incluindo chuva e exposi\u00e7\u00e3o aos raios UV.<\/p>\n<\/li>\n<li class=\"\" data-start=\"902\" data-end=\"966\">\n<p class=\"\" data-start=\"905\" data-end=\"966\"><strong data-start=\"905\" data-end=\"924\">Manuten\u00e7\u00e3o reduzida<\/strong> - F\u00e1cil de limpar e manter ao longo do tempo.<\/p>\n<\/li>\n<li class=\"\" data-start=\"967\" data-end=\"1069\">\n<p class=\"\" data-start=\"970\" data-end=\"1069\"><strong data-start=\"970\" data-end=\"986\">Personaliz\u00e1vel<\/strong> - Dispon\u00edvel em v\u00e1rias cores, acabamentos e tamanhos para se adaptar a necessidades espec\u00edficas de design.<\/p>\n<\/li>\n<li class=\"\" data-start=\"1070\" data-end=\"1146\">\n<p class=\"\" data-start=\"1073\" data-end=\"1146\"><strong data-start=\"1073\" data-end=\"1093\">Efici\u00eancia energ\u00e9tica<\/strong> - Ajuda \u00e0 ventila\u00e7\u00e3o natural e \u00e0 poupan\u00e7a de energia.<\/p>\n<\/li>\n<\/ul>\n<p><span style=\"font-size: 1.7em; font-weight: bold;\">Contactar-nos<\/span><\/p>\n<\/div>\n<\/div>\n<\/div>\n<\/div>\n<\/div>\n<\/div>\n<\/div>\n<\/div>\n<div class=\"paragraph\">\n<p>Para mais informa\u00e7\u00f5es ou para efetuar uma encomenda, contacte a nossa equipa de apoio ao cliente. Estamos aqui para o ajudar a transformar a sua vis\u00e3o arquitet\u00f3nica em realidade com o nosso Painel Vertical de L\u00e2minas de Alum\u00ednio para Parede Exterior.<\/p>\n<\/div>\n<div>\n<h3>\ud83d\udcde Whatsapp<strong>:<\/strong> <a href=\"https:\/\/api.whatsapp.com\/send\/?phone=8618566054354&amp;text\" target=\"_blank\" rel=\"noopener\">+86 18566054354<\/a><br \/>\n\ud83d\udce7 <strong>Correio eletr\u00f3nico:<\/strong> <a href=\"mailto:damon@meterny.com\">damon@meterny.com<\/a><\/h3>\n<\/div>","protected":false},"excerpt":{"rendered":"<p>Os pain\u00e9is verticais de ripas de alum\u00ednio para paredes exteriores oferecem uma solu\u00e7\u00e3o elegante e duradoura para projectos arquitect\u00f3nicos modernos. Fabricados em alum\u00ednio de alta qualidade, estes pain\u00e9is s\u00e3o resistentes \u00e0s intemp\u00e9ries, \u00e0 corros\u00e3o e ao desgaste. Melhoram a atra\u00e7\u00e3o visual dos edif\u00edcios, proporcionando uma manuten\u00e7\u00e3o reduzida e uma excelente longevidade, ideal para aplica\u00e7\u00f5es residenciais e comerciais.<\/p>","protected":false},"featured_media":23137,"comment_status":"open","ping_status":"closed","template":"","meta":{"_uag_custom_page_level_css":"","site-sidebar-layout":"default","site-content-layout":"","ast-site-content-layout":"default","site-content-style":"default","site-sidebar-style":"default","ast-global-header-display":"","ast-banner-title-visibility":"","ast-main-header-display":"","ast-hfb-above-header-display":"","ast-hfb-below-header-display":"","ast-hfb-mobile-header-display":"","site-post-title":"","ast-breadcrumbs-content":"","ast-featured-img":"","footer-sml-layout":"","theme-transparent-header-meta":"default","adv-header-id-meta":"","stick-header-meta":"default","header-above-stick-meta":"","header-main-stick-meta":"","header-below-stick-meta":"","astra-migrate-meta-layouts":"set","ast-page-background-enabled":"default","ast-page-background-meta":{"desktop":{"background-color":"var(--ast-global-color-4)","background-image":"","background-repeat":"repeat","background-position":"center center","background-size":"auto","background-attachment":"scroll","background-type":"","background-media":"","overlay-type":"","overlay-color":"","overlay-opacity":"","overlay-gradient":""},"tablet":{"background-color":"","background-image":"","background-repeat":"repeat","background-position":"center center","background-size":"auto","background-attachment":"scroll","background-type":"","background-media":"","overlay-type":"","overlay-color":"","overlay-opacity":"","overlay-gradient":""},"mobile":{"background-color":"","background-image":"","background-repeat":"repeat","background-position":"center center","background-size":"auto","background-attachment":"scroll","background-type":"","background-media":"","overlay-type":"","overlay-color":"","overlay-opacity":"","overlay-gradient":""}},"ast-content-background-meta":{"desktop":{"background-color":"var(--ast-global-color-5)","background-image":"","background-repeat":"repeat","background-position":"center center","background-size":"auto","background-attachment":"scroll","background-type":"","background-media":"","overlay-type":"","overlay-color":"","overlay-opacity":"","overlay-gradient":""},"tablet":{"background-color":"var(--ast-global-color-5)","background-image":"","background-repeat":"repeat","background-position":"center center","background-size":"auto","background-attachment":"scroll","background-type":"","background-media":"","overlay-type":"","overlay-color":"","overlay-opacity":"","overlay-gradient":""},"mobile":{"background-color":"var(--ast-global-color-5)","background-image":"","background-repeat":"repeat","background-position":"center center","background-size":"auto","background-attachment":"scroll","background-type":"","background-media":"","overlay-type":"","overlay-color":"","overlay-opacity":"","overlay-gradient":""}}},"product_brand":[],"product_cat":[224],"product_tag":[1548,1551,1552,1550,1549],"class_list":{"0":"post-23136","1":"product","2":"type-product","3":"status-publish","4":"has-post-thumbnail","6":"product_cat-aluminum-baffle-ceiling","7":"product_tag-durable-aluminum-slat-panels-for-building-facades","8":"product_tag-high-quality-aluminum-slat-panels-for-exterior-wall-decoration","9":"product_tag-long-lasting-vertical-aluminum-slat-panels-for-outdoor-walls","10":"product_tag-sleek-aluminum-slat-panels-for-modern-building-exteriors","11":"product_tag-weather-resistant-aluminum-slat-panels-for-exterior-walls","12":"desktop-align-center","13":"tablet-align-left","14":"mobile-align-left","15":"ast-product-gallery-layout-horizontal-slider","16":"ast-product-single-variable","17":"ast-product-tabs-layout-vertical","19":"first","20":"instock","21":"shipping-taxable","22":"product-type-variable"},"uagb_featured_image_src":{"full":["https:\/\/meterny.com\/wp-content\/uploads\/2025\/05\/Meterny-Aluminum-Baffle-Ceiling-Project-73.webp",800,800,false],"thumbnail":["https:\/\/meterny.com\/wp-content\/uploads\/2025\/05\/Meterny-Aluminum-Baffle-Ceiling-Project-73-150x150.webp",150,150,true],"medium":["https:\/\/meterny.com\/wp-content\/uploads\/2025\/05\/Meterny-Aluminum-Baffle-Ceiling-Project-73-300x300.webp",300,300,true],"medium_large":["https:\/\/meterny.com\/wp-content\/uploads\/2025\/05\/Meterny-Aluminum-Baffle-Ceiling-Project-73-768x768.webp",768,768,true],"large":["https:\/\/meterny.com\/wp-content\/uploads\/2025\/05\/Meterny-Aluminum-Baffle-Ceiling-Project-73.webp",800,800,false],"1536x1536":["https:\/\/meterny.com\/wp-content\/uploads\/2025\/05\/Meterny-Aluminum-Baffle-Ceiling-Project-73.webp",800,800,false],"2048x2048":["https:\/\/meterny.com\/wp-content\/uploads\/2025\/05\/Meterny-Aluminum-Baffle-Ceiling-Project-73.webp",800,800,false],"trp-custom-language-flag":["https:\/\/meterny.com\/wp-content\/uploads\/2025\/05\/Meterny-Aluminum-Baffle-Ceiling-Project-73-12x12.webp",12,12,true],"woocommerce_thumbnail":["https:\/\/meterny.com\/wp-content\/uploads\/2025\/05\/Meterny-Aluminum-Baffle-Ceiling-Project-73-300x300.webp",300,300,true],"woocommerce_single":["https:\/\/meterny.com\/wp-content\/uploads\/2025\/05\/Meterny-Aluminum-Baffle-Ceiling-Project-73-600x600.webp",600,600,true],"woocommerce_gallery_thumbnail":["https:\/\/meterny.com\/wp-content\/uploads\/2025\/05\/Meterny-Aluminum-Baffle-Ceiling-Project-73-100x100.webp",100,100,true]},"uagb_author_info":{"display_name":"meterny","author_link":"https:\/\/meterny.com\/pt\/author\/"},"uagb_comment_info":0,"uagb_excerpt":"Vertical aluminum slat panels for exterior walls offer a stylish and durable solution for modern architectural designs. Made from high-quality aluminum, these panels are resistant to weathering, corrosion, and wear. They enhance the visual appeal of buildings while providing low maintenance and excellent longevity, ideal for both residential and commercial applications.","_links":{"self":[{"href":"https:\/\/meterny.com\/pt\/wp-json\/wp\/v2\/product\/23136","targetHints":{"allow":["GET"]}}],"collection":[{"href":"https:\/\/meterny.com\/pt\/wp-json\/wp\/v2\/product"}],"about":[{"href":"https:\/\/meterny.com\/pt\/wp-json\/wp\/v2\/types\/product"}],"replies":[{"embeddable":true,"href":"https:\/\/meterny.com\/pt\/wp-json\/wp\/v2\/comments?post=23136"}],"wp:featuredmedia":[{"embeddable":true,"href":"https:\/\/meterny.com\/pt\/wp-json\/wp\/v2\/media\/23137"}],"wp:attachment":[{"href":"https:\/\/meterny.com\/pt\/wp-json\/wp\/v2\/media?parent=23136"}],"wp:term":[{"taxonomy":"product_brand","embeddable":true,"href":"https:\/\/meterny.com\/pt\/wp-json\/wp\/v2\/product_brand?post=23136"},{"taxonomy":"product_cat","embeddable":true,"href":"https:\/\/meterny.com\/pt\/wp-json\/wp\/v2\/product_cat?post=23136"},{"taxonomy":"product_tag","embeddable":true,"href":"https:\/\/meterny.com\/pt\/wp-json\/wp\/v2\/product_tag?post=23136"}],"curies":[{"name":"wp","href":"https:\/\/api.w.org\/{rel}","templated":true}]}}